{"id":23524,"date":"2023-09-04T14:47:56","date_gmt":"2023-09-04T12:47:56","guid":{"rendered":"https:\/\/www.boemia-aroma.com\/boutique-boemia\/nem-kategorizalt\/lavande-aspic-bio\/"},"modified":"2026-03-13T10:07:58","modified_gmt":"2026-03-13T09:07:58","slug":"bio-levendula-aszpikos-illoolaj","status":"publish","type":"product","link":"https:\/\/www.boemia-aroma.com\/hu\/boemia-aruhaz\/illoolajok\/bio-levendula-aszpikos-illoolaj\/","title":{"rendered":"Bio levendula aszpikos ill\u00f3olaj"},"content":{"rendered":"\t\t<div data-elementor-type=\"product-post\" data-elementor-id=\"23524\" class=\"elementor elementor-23524 elementor-9415\" data-elementor-post-type=\"product\">\n\t\t\t\t\t\t<section class=\"elementor-section elementor-top-section elementor-element elementor-element-a54d7b2 elementor-reverse-mobile elementor-section-boxed elementor-section-height-default elementor-section-height-default\" data-id=\"a54d7b2\" data-element_type=\"section\" data-e-type=\"section\">\n\t\t\t\t\t\t<div class=\"elementor-container elementor-column-gap-wider\">\n\t\t\t\t\t<div class=\"elementor-column elementor-col-50 elementor-top-column elementor-element elementor-element-6815e10\" data-id=\"6815e10\" data-element_type=\"column\" data-e-type=\"column\">\n\t\t\t<div class=\"elementor-widget-wrap elementor-element-populated\">\n\t\t\t\t\t\t<div class=\"elementor-element elementor-element-2b32561 elementor-widget elementor-widget-image\" data-id=\"2b32561\" data-element_type=\"widget\" data-e-type=\"widget\" data-widget_type=\"image.default\">\n\t\t\t\t<div class=\"elementor-widget-container\">\n\t\t\t\t\t\t\t\t\t\t\t\t\t\t\t<img decoding=\"async\" src=\"https:\/\/www.boemia-aroma.com\/wp-content\/uploads\/elementor\/thumbs\/lavande-aspic-r0zerve0410qwaq7mqi0ksfldio9brcdk0tj1ujt48.jpg\" title=\"levendula-aspic\" alt=\"levendula-aspic\" loading=\"lazy\" \/>\t\t\t\t\t\t\t\t\t\t\t\t\t\t\t<\/div>\n\t\t\t\t<\/div>\n\t\t\t\t\t<\/div>\n\t\t<\/div>\n\t\t\t\t<div class=\"elementor-column elementor-col-50 elementor-top-column elementor-element elementor-element-bf0a8f8\" data-id=\"bf0a8f8\" data-element_type=\"column\" data-e-type=\"column\">\n\t\t\t<div class=\"elementor-widget-wrap elementor-element-populated\">\n\t\t\t\t\t\t<div class=\"elementor-element elementor-element-5de5b72 elementor-widget elementor-widget-heading\" data-id=\"5de5b72\" data-element_type=\"widget\" data-e-type=\"widget\" data-widget_type=\"heading.default\">\n\t\t\t\t<div class=\"elementor-widget-container\">\n\t\t\t\t\t<h2 class=\"elementor-heading-title elementor-size-default\">Levendula aszpik \u00e9s ill\u00f3olaja<\/h2>\t\t\t\t<\/div>\n\t\t\t\t<\/div>\n\t\t\t\t<div class=\"elementor-element elementor-element-8116019 elementor-widget elementor-widget-spacer\" data-id=\"8116019\" data-element_type=\"widget\" data-e-type=\"widget\" data-widget_type=\"spacer.default\">\n\t\t\t\t<div class=\"elementor-widget-container\">\n\t\t\t\t\t\t\t<div class=\"elementor-spacer\">\n\t\t\t<div class=\"elementor-spacer-inner\"><\/div>\n\t\t<\/div>\n\t\t\t\t\t\t<\/div>\n\t\t\t\t<\/div>\n\t\t\t\t<div class=\"elementor-element elementor-element-98715e2 elementor-widget elementor-widget-text-editor\" data-id=\"98715e2\" data-element_type=\"widget\" data-e-type=\"widget\" data-widget_type=\"text-editor.default\">\n\t\t\t\t<div class=\"elementor-widget-container\">\n\t\t\t\t\t\t\t\t\t<p><span style=\"font-weight: 400;\">Unokatestv\u00e9reit\u0151l elt\u00e9r\u0151en <strong>az Aspic Lavender<\/strong> jellegzetes karakterrel rendelkezik. Nev\u00e9t<strong>a<\/strong> k\u00edgy\u00f3r\u00f3l kapta, amely a legenda szerint Kleop\u00e1tr\u00e1t harapta meg. De megnyugodhat, ez a n\u00e9v t\u00e1volr\u00f3l sem vesz\u00e9lyes, hanem egyed\u00fcl\u00e1ll\u00f3 \u00e9s er\u0151teljes tulajdons\u00e1gaira utal.  <\/span><\/p><p><span style=\"font-weight: 400;\">Az augusztusban sz\u00fcretelt <strong>levendula<\/strong> nem v\u00e9letlen felfedez\u00e9s. Titkos, \u00e9rintetlen helyeken terem, a fens\u00e9ges Corbi\u00e8res sz\u00edv\u00e9ben. Ezek az \u00e9rintetlen, vad ter\u00fcletek adj\u00e1k ennek az <strong>ill\u00f3olajnak<\/strong> a p\u00e1ratlan min\u0151s\u00e9get \u00e9s kiv\u00e9teles aromakoncentr\u00e1ci\u00f3t. Vir\u00e1gos, friss, enyh\u00e9n k\u00e1mforos illata a vir\u00e1gz\u00e1s helysz\u00edn\u00e9\u00fcl szolg\u00e1l\u00f3 t\u00e1jak hiteless\u00e9g\u00e9t id\u00e9zi.   <\/span><\/p>\t\t\t\t\t\t\t\t<\/div>\n\t\t\t\t<\/div>\n\t\t\t\t<div class=\"elementor-element elementor-element-d2c9d5c elementor-widget elementor-widget-spacer\" data-id=\"d2c9d5c\" data-element_type=\"widget\" data-e-type=\"widget\" data-widget_type=\"spacer.default\">\n\t\t\t\t<div class=\"elementor-widget-container\">\n\t\t\t\t\t\t\t<div class=\"elementor-spacer\">\n\t\t\t<div class=\"elementor-spacer-inner\"><\/div>\n\t\t<\/div>\n\t\t\t\t\t\t<\/div>\n\t\t\t\t<\/div>\n\t\t\t\t\t<\/div>\n\t\t<\/div>\n\t\t\t\t\t<\/div>\n\t\t<\/section>\n\t\t\t\t<section class=\"elementor-section elementor-top-section elementor-element elementor-element-bd16ce2 elementor-reverse-mobile elementor-section-boxed elementor-section-height-default elementor-section-height-default\" data-id=\"bd16ce2\" data-element_type=\"section\" data-e-type=\"section\">\n\t\t\t\t\t\t<div class=\"elementor-container elementor-column-gap-wider\">\n\t\t\t\t\t<div class=\"elementor-column elementor-col-50 elementor-top-column elementor-element elementor-element-6ea1e80\" data-id=\"6ea1e80\" data-element_type=\"column\" data-e-type=\"column\">\n\t\t\t<div class=\"elementor-widget-wrap elementor-element-populated\">\n\t\t\t\t\t\t<div class=\"elementor-element elementor-element-e508b66 elementor-widget elementor-widget-heading\" data-id=\"e508b66\" data-element_type=\"widget\" data-e-type=\"widget\" data-widget_type=\"heading.default\">\n\t\t\t\t<div class=\"elementor-widget-container\">\n\t\t\t\t\t<h2 class=\"elementor-heading-title elementor-size-default\">A t\u00fcsk\u00e9s levendula t\u00f6rt\u00e9nete \u00e9s hagyom\u00e1nyos haszn\u00e1lata<\/h2>\t\t\t\t<\/div>\n\t\t\t\t<\/div>\n\t\t\t\t<div class=\"elementor-element elementor-element-331b617 elementor-widget elementor-widget-spacer\" data-id=\"331b617\" data-element_type=\"widget\" data-e-type=\"widget\" data-widget_type=\"spacer.default\">\n\t\t\t\t<div class=\"elementor-widget-container\">\n\t\t\t\t\t\t\t<div class=\"elementor-spacer\">\n\t\t\t<div class=\"elementor-spacer-inner\"><\/div>\n\t\t<\/div>\n\t\t\t\t\t\t<\/div>\n\t\t\t\t<\/div>\n\t\t\t\t<div class=\"elementor-element elementor-element-09b01b4 elementor-widget elementor-widget-text-editor\" data-id=\"09b01b4\" data-element_type=\"widget\" data-e-type=\"widget\" data-widget_type=\"text-editor.default\">\n\t\t\t\t<div class=\"elementor-widget-container\">\n\t\t\t\t\t\t\t\t\t<p><span style=\"font-weight: 400;\"><strong>A levendula aszpikot<\/strong>, amely rendk\u00edv\u00fcl sokoldal\u00faan felhaszn\u00e1lhat\u00f3, egykor nem csak a cs\u00edp\u00e9sek enyh\u00edt\u00e9s\u00e9re val\u00f3 k\u00e9pess\u00e9ge miatt kerest\u00e9k. A l\u00e9g\u00fati fert\u0151z\u00e9sek, a reuma \u00e9s a b\u0151rjav\u00edt\u00e1s sz\u00e1mos kiv\u00e1l\u00f3s\u00e1ga k\u00f6z\u00e9 tartozott. A <strong>levendula<\/strong> t\u00f6rt\u00e9net\u00e9ben val\u00f3 eligazod\u00e1s azonban \u00f6sszetett feladat. Az \u00f3kori szerz\u0151k b\u00f6lcsess\u00e9g\u00fckben gyakran hajlamosak voltak \u00f6sszekeverni az Igazi <strong>levendula<\/strong> \u00e9s a <strong>T\u00fcsk\u00e9s levendula<\/strong> tulajdons\u00e1gait. Hildegarde de Bingen egy <strong>levendul\u00e1r\u00f3l<\/strong>, a Spica-r\u00f3l \u00edgy besz\u00e9lt: &#8222;A <strong>levendula<\/strong> forr\u00f3 \u00e9s sz\u00e1raz, \u00e9s a forr\u00f3s\u00e1ga eg\u00e9szs\u00e9ges. Ha <strong>a levendul\u00e1t<\/strong> borral &#8211; vagy ha nincs borod, v\u00edzzel \u00e9s m\u00e9zzel &#8211; f\u0151z\u00f6d, \u00e9s gyakran, langyosan iszod, enyh\u00edted a m\u00e1j- \u00e9s t\u00fcd\u0151f\u00e1jdalmakat, valamint a mellkasi g\u0151z\u00f6ket; tiszta tud\u00e1st \u00e9s tiszta szellemet is kapsz&#8221;. Ezek a szavak j\u00f3l szeml\u00e9ltetik azt a megbecs\u00fcl\u00e9st \u00e9s tiszteletet, amelyet ennek az esszenci\u00e1nak az id\u0151k folyam\u00e1n tulajdon\u00edtottak.      <\/span><\/p><p><span style=\"font-weight: 400;\">Felismerve ezt az \u00e9rt\u00e9kes \u00f6r\u00f6ks\u00e9get, a Bo\u00e8mi\u00e1n\u00e1l <strong>a levendula aszpikot<\/strong> az \u0151t megillet\u0151 tisztelettel \u00e9s odaad\u00e1ssal sz\u00fcretelj\u00fck \u00e9s dolgozzuk fel, b\u00fcszk\u00e9n v\u00e1llalva magunkat e gazdag t\u00f6rt\u00e9nelemmel.<\/span><\/p>\t\t\t\t\t\t\t\t<\/div>\n\t\t\t\t<\/div>\n\t\t\t\t<div class=\"elementor-element elementor-element-b3bba1a elementor-widget elementor-widget-spacer\" data-id=\"b3bba1a\" data-element_type=\"widget\" data-e-type=\"widget\" data-widget_type=\"spacer.default\">\n\t\t\t\t<div class=\"elementor-widget-container\">\n\t\t\t\t\t\t\t<div class=\"elementor-spacer\">\n\t\t\t<div class=\"elementor-spacer-inner\"><\/div>\n\t\t<\/div>\n\t\t\t\t\t\t<\/div>\n\t\t\t\t<\/div>\n\t\t\t\t<div class=\"elementor-element elementor-element-5e93bbb elementor-widget elementor-widget-heading\" data-id=\"5e93bbb\" data-element_type=\"widget\" data-e-type=\"widget\" data-widget_type=\"heading.default\">\n\t\t\t\t<div class=\"elementor-widget-container\">\n\t\t\t\t\t<h3 class=\"elementor-heading-title elementor-size-default\">Felel\u0151ss\u00e9gi nyilatkozat hagyom\u00e1nyos felhaszn\u00e1l\u00e1sok<\/h3>\t\t\t\t<\/div>\n\t\t\t\t<\/div>\n\t\t\t\t<div class=\"elementor-element elementor-element-6de8230 elementor-widget elementor-widget-text-editor\" data-id=\"6de8230\" data-element_type=\"widget\" data-e-type=\"widget\" data-widget_type=\"text-editor.default\">\n\t\t\t\t<div class=\"elementor-widget-container\">\n\t\t\t\t\t\t\t\t\t<p><em>Az itt le\u00edrt hagyom\u00e1nyos felhaszn\u00e1l\u00e1si m\u00f3dok a k\u00fcl\u00f6nb\u00f6z\u0151 civiliz\u00e1ci\u00f3k t\u00f6rt\u00e9nelmi \u00e9s kultur\u00e1lis gyakorlat\u00e1n alapulnak. Ez az inform\u00e1ci\u00f3 kiz\u00e1r\u00f3lag oktat\u00e1si \u00e9s t\u00e1j\u00e9koztat\u00e1si c\u00e9lokat szolg\u00e1l. Nem c\u00e9lja semmilyen betegs\u00e9g diagnosztiz\u00e1l\u00e1sa, kezel\u00e9se, gy\u00f3gy\u00edt\u00e1sa vagy megel\u0151z\u00e9se. Ezeket a kijelent\u00e9seket semmilyen orvosi hat\u00f3s\u00e1g nem \u00e9rt\u00e9kelte.   <\/em><\/p><p><em>Mindig javasoljuk, hogy konzult\u00e1ljon szakk\u00e9pzett eg\u00e9szs\u00e9g\u00fcgyi szakemberrel, miel\u0151tt eg\u00e9szs\u00e9g\u00fcgyi okokb\u00f3l ill\u00f3olajokat haszn\u00e1lna.<\/em><\/p>\t\t\t\t\t\t\t\t<\/div>\n\t\t\t\t<\/div>\n\t\t\t\t\t<\/div>\n\t\t<\/div>\n\t\t\t\t<div class=\"elementor-column elementor-col-50 elementor-top-column elementor-element elementor-element-4c0420f\" data-id=\"4c0420f\" data-element_type=\"column\" data-e-type=\"column\">\n\t\t\t<div class=\"elementor-widget-wrap elementor-element-populated\">\n\t\t\t\t\t\t<div class=\"elementor-element elementor-element-d2b8bfe elementor-widget elementor-widget-image\" data-id=\"d2b8bfe\" data-element_type=\"widget\" data-e-type=\"widget\" data-widget_type=\"image.default\">\n\t\t\t\t<div class=\"elementor-widget-container\">\n\t\t\t\t\t\t\t\t\t\t\t\t\t\t\t<img decoding=\"async\" src=\"https:\/\/www.boemia-aroma.com\/wp-content\/uploads\/2024\/01\/Boemia-fiche-produit-ABL-2.jpg\" title=\"\" alt=\"\" loading=\"lazy\" \/>\t\t\t\t\t\t\t\t\t\t\t\t\t\t\t<\/div>\n\t\t\t\t<\/div>\n\t\t\t\t\t<\/div>\n\t\t<\/div>\n\t\t\t\t\t<\/div>\n\t\t<\/section>\n\t\t\t\t<\/div>\n\t\t","protected":false},"excerpt":{"rendered":"<p><span data-sheets-value=\"{\"1\":2,\"2\":\"Citrus limon L.\"}\" data-sheets-userformat=\"{\"2\":33567233,\"3\":{\"1\":0},\"12\":0,\"15\":\"Arial\",\"16\":9,\"28\":1}\"><span style=\"color: #ce4e2b;\"><b>A term\u00e9szetes sz\u00f6vets\u00e9ges az \u00e9let harap\u00e1sai ellen<\/b><\/span><\/span><\/p>\n<p><span data-sheets-value=\"{\"1\":2,\"2\":\"Citrus limon L.\"}\" data-sheets-userformat=\"{\"2\":33567233,\"3\":{\"1\":0},\"12\":0,\"15\":\"Arial\",\"16\":9,\"28\":1}\"><i style=\"color: #808080;\">Lavandula latifolia<\/i><\/span><\/p>\n[dt_gap height=\"10\" \/]\n<p><span data-sheets-value=\"{\"1\":2,\"2\":\"Madagascar\"}\" data-sheets-userformat=\"{\"2\":12803,\"3\":{\"1\":0},\"4\":{\"1\":2,\"2\":16773836},\"12\":0,\"15\":\"Arial\",\"16\":9}\"><span style=\"color: #ce4e2b;\">\u2192<\/span> Sz\u00e1rmaz\u00e1s : Franciaorsz\u00e1g<\/span><\/p>\n<p><span style=\"color: #ce4e2b;\" data-sheets-value=\"{\"1\":2,\"2\":\"Madagascar\"}\" data-sheets-userformat=\"{\"2\":12803,\"3\":{\"1\":0},\"4\":{\"1\":2,\"2\":16773836},\"12\":0,\"15\":\"Arial\",\"16\":9}\">\u2192 <\/span>Felhaszn\u00e1lt r\u00e9sz: <span data-sheets-value=\"{\"1\":2,\"2\":\"Sommit\u00e9s fleuries\"}\" data-sheets-userformat=\"{\"2\":33567233,\"3\":{\"1\":0},\"12\":0,\"15\":\"Arial\",\"16\":9,\"28\":1}\">Vir\u00e1gz\u00f3 cs\u00facsok<\/span><\/p>\n<p><span data-sheets-value=\"{\"1\":2,\"2\":\"Extraction \u00e0 la vapeur d'eau\"}\" data-sheets-userformat=\"{\"2\":12803,\"3\":{\"1\":0},\"4\":{\"1\":2,\"2\":16773836},\"12\":0,\"15\":\"Arial\",\"16\":9}\"><span style=\"color: #ce4e2b;\">\u2192<\/span> M\u00f3dszer: G\u0151zzel t\u00f6rt\u00e9n\u0151 extrakci\u00f3<\/span><\/p>\n<p><span data-sheets-value=\"{\"1\":2,\"2\":\"Extraction \u00e0 la vapeur d'eau\"}\" data-sheets-userformat=\"{\"2\":12803,\"3\":{\"1\":0},\"4\":{\"1\":2,\"2\":16773836},\"12\":0,\"15\":\"Arial\",\"16\":9}\"><span style=\"color: #ce4e2b;\">\u2192 Bo\u00e8mia \u00e1ltal bio vadon term\u0151 n\u00f6v\u00e9nyekb\u0151l sz\u00fcretelt ill\u00f3olaj<\/span><\/span><\/p>\n<p><span data-sheets-value=\"{\"1\":2,\"2\":\"Extraction \u00e0 la vapeur d'eau\"}\" data-sheets-userformat=\"{\"2\":12803,\"3\":{\"1\":0},\"4\":{\"1\":2,\"2\":16773836},\"12\":0,\"15\":\"Arial\",\"16\":9}\"><span style=\"color: #ce4e2b;\">\u2192<\/span> T\u00e1rol\u00e1s: 5 \u00e9v<\/span><\/p>\n<p><span data-sheets-value=\"{\"1\":2,\"2\":\"Extraction \u00e0 la vapeur d'eau\"}\" data-sheets-userformat=\"{\"2\":12803,\"3\":{\"1\":0},\"4\":{\"1\":2,\"2\":16773836},\"12\":0,\"15\":\"Arial\",\"16\":9}\"><span style=\"color: #4d6854;\">\u2205<\/span> Nincs t\u00falcsomagol\u00e1s<\/span><\/p>\n","protected":false},"featured_media":23529,"comment_status":"open","ping_status":"closed","template":"","meta":{"_acf_changed":false},"product_brand":[],"product_cat":[204],"product_tag":[],"class_list":{"0":"post-23524","1":"product","2":"type-product","3":"status-publish","4":"has-post-thumbnail","6":"product_cat-illoolajok","7":"pa_usage-anti-moosque","8":"pa_usage-legzes","10":"first","11":"instock","12":"taxable","13":"shipping-taxable","14":"purchasable","15":"product-type-variable"},"acf":[],"yoast_head":"<!-- This site is optimized with the Yoast SEO plugin v27.4 - https:\/\/yoast.com\/product\/yoast-seo-wordpress\/ -->\n<title>Bio levendula aszpikos ill\u00f3olaj | Bo\u00e8mia<\/title>\n<meta name=\"description\" content=\"A vadon szedett \u00e9s k\u00e9zzel desztill\u00e1lt levendula bio ill\u00f3olaj. \u00c9l\u00e9nk\u00edt\u0151 illat\u00fa arom\u00e1s esszencia.\" \/>\n<meta name=\"robots\" content=\"index, follow, max-snippet:-1, max-image-preview:large, max-video-preview:-1\" \/>\n<link rel=\"canonical\" href=\"https:\/\/www.boemia-aroma.com\/hu\/boemia-aruhaz\/illoolajok\/bio-levendula-aszpikos-illoolaj\/\" \/>\n<meta property=\"og:locale\" content=\"hu_HU\" \/>\n<meta property=\"og:type\" content=\"article\" \/>\n<meta property=\"og:title\" content=\"Bio levendula aszpikos ill\u00f3olaj | Bo\u00e8mia\" \/>\n<meta property=\"og:description\" content=\"A vadon szedett \u00e9s k\u00e9zzel desztill\u00e1lt levendula bio ill\u00f3olaj. \u00c9l\u00e9nk\u00edt\u0151 illat\u00fa arom\u00e1s esszencia.\" \/>\n<meta property=\"og:url\" content=\"https:\/\/www.boemia-aroma.com\/hu\/boemia-aruhaz\/illoolajok\/bio-levendula-aszpikos-illoolaj\/\" \/>\n<meta property=\"og:site_name\" content=\"Bo\u00e8mia Aroma\" \/>\n<meta property=\"article:modified_time\" content=\"2026-03-13T09:07:58+00:00\" \/>\n<meta property=\"og:image\" content=\"https:\/\/www.boemia-aroma.com\/wp-content\/uploads\/2023\/09\/lavande-aspic.webp\" \/>\n\t<meta property=\"og:image:width\" content=\"1200\" \/>\n\t<meta property=\"og:image:height\" content=\"1200\" \/>\n\t<meta property=\"og:image:type\" content=\"image\/webp\" \/>\n<meta name=\"twitter:card\" content=\"summary_large_image\" \/>\n<meta name=\"twitter:label1\" content=\"Becs\u00fclt olvas\u00e1si id\u0151\" \/>\n\t<meta name=\"twitter:data1\" content=\"2 perc\" \/>\n<script type=\"application\/ld+json\" class=\"yoast-schema-graph\">{\"@context\":\"https:\\\/\\\/schema.org\",\"@graph\":[{\"@type\":\"WebPage\",\"@id\":\"https:\\\/\\\/www.boemia-aroma.com\\\/hu\\\/boemia-aruhaz\\\/illoolajok\\\/bio-levendula-aszpikos-illoolaj\\\/\",\"url\":\"https:\\\/\\\/www.boemia-aroma.com\\\/hu\\\/boemia-aruhaz\\\/illoolajok\\\/bio-levendula-aszpikos-illoolaj\\\/\",\"name\":\"Bio levendula aszpikos ill\u00f3olaj | Bo\u00e8mia\",\"isPartOf\":{\"@id\":\"https:\\\/\\\/www.boemia-aroma.com\\\/hu\\\/#website\"},\"primaryImageOfPage\":{\"@id\":\"https:\\\/\\\/www.boemia-aroma.com\\\/hu\\\/boemia-aruhaz\\\/illoolajok\\\/bio-levendula-aszpikos-illoolaj\\\/#primaryimage\"},\"image\":{\"@id\":\"https:\\\/\\\/www.boemia-aroma.com\\\/hu\\\/boemia-aruhaz\\\/illoolajok\\\/bio-levendula-aszpikos-illoolaj\\\/#primaryimage\"},\"thumbnailUrl\":\"https:\\\/\\\/www.boemia-aroma.com\\\/wp-content\\\/uploads\\\/2023\\\/09\\\/lavande-aspic.webp\",\"datePublished\":\"2023-09-04T12:47:56+00:00\",\"dateModified\":\"2026-03-13T09:07:58+00:00\",\"description\":\"A vadon szedett \u00e9s k\u00e9zzel desztill\u00e1lt levendula bio ill\u00f3olaj. \u00c9l\u00e9nk\u00edt\u0151 illat\u00fa arom\u00e1s esszencia.\",\"breadcrumb\":{\"@id\":\"https:\\\/\\\/www.boemia-aroma.com\\\/hu\\\/boemia-aruhaz\\\/illoolajok\\\/bio-levendula-aszpikos-illoolaj\\\/#breadcrumb\"},\"inLanguage\":\"hu\",\"potentialAction\":[{\"@type\":\"ReadAction\",\"target\":[\"https:\\\/\\\/www.boemia-aroma.com\\\/hu\\\/boemia-aruhaz\\\/illoolajok\\\/bio-levendula-aszpikos-illoolaj\\\/\"]}]},{\"@type\":\"ImageObject\",\"inLanguage\":\"hu\",\"@id\":\"https:\\\/\\\/www.boemia-aroma.com\\\/hu\\\/boemia-aruhaz\\\/illoolajok\\\/bio-levendula-aszpikos-illoolaj\\\/#primaryimage\",\"url\":\"https:\\\/\\\/www.boemia-aroma.com\\\/wp-content\\\/uploads\\\/2023\\\/09\\\/lavande-aspic.webp\",\"contentUrl\":\"https:\\\/\\\/www.boemia-aroma.com\\\/wp-content\\\/uploads\\\/2023\\\/09\\\/lavande-aspic.webp\",\"width\":1200,\"height\":1200},{\"@type\":\"BreadcrumbList\",\"@id\":\"https:\\\/\\\/www.boemia-aroma.com\\\/hu\\\/boemia-aruhaz\\\/illoolajok\\\/bio-levendula-aszpikos-illoolaj\\\/#breadcrumb\",\"itemListElement\":[{\"@type\":\"ListItem\",\"position\":1,\"name\":\"Kezd\u0151lap\",\"item\":\"https:\\\/\\\/www.boemia-aroma.com\\\/hu\\\/\"},{\"@type\":\"ListItem\",\"position\":2,\"name\":\"Boemia \u00c1ruh\u00e1z\",\"item\":\"https:\\\/\\\/www.boemia-aroma.com\\\/hu\\\/boemia-aruhaz\\\/\"},{\"@type\":\"ListItem\",\"position\":3,\"name\":\"Bio levendula aszpikos ill\u00f3olaj\"}]},{\"@type\":\"WebSite\",\"@id\":\"https:\\\/\\\/www.boemia-aroma.com\\\/hu\\\/#website\",\"url\":\"https:\\\/\\\/www.boemia-aroma.com\\\/hu\\\/\",\"name\":\"Bo\u00e8mia Aroma\",\"description\":\"\",\"publisher\":{\"@id\":\"https:\\\/\\\/www.boemia-aroma.com\\\/hu\\\/#organization\"},\"alternateName\":\"Bo\u00e8mia Aroma\",\"potentialAction\":[{\"@type\":\"SearchAction\",\"target\":{\"@type\":\"EntryPoint\",\"urlTemplate\":\"https:\\\/\\\/www.boemia-aroma.com\\\/hu\\\/?s={search_term_string}\"},\"query-input\":{\"@type\":\"PropertyValueSpecification\",\"valueRequired\":true,\"valueName\":\"search_term_string\"}}],\"inLanguage\":\"hu\"},{\"@type\":\"Organization\",\"@id\":\"https:\\\/\\\/www.boemia-aroma.com\\\/hu\\\/#organization\",\"name\":\"Bo\u00e8mia Aroma\",\"url\":\"https:\\\/\\\/www.boemia-aroma.com\\\/hu\\\/\",\"logo\":{\"@type\":\"ImageObject\",\"inLanguage\":\"hu\",\"@id\":\"https:\\\/\\\/www.boemia-aroma.com\\\/hu\\\/#\\\/schema\\\/logo\\\/image\\\/\",\"url\":\"https:\\\/\\\/www.boemia-aroma.com\\\/wp-content\\\/uploads\\\/2023\\\/07\\\/logo-boemia-aroma.png\",\"contentUrl\":\"https:\\\/\\\/www.boemia-aroma.com\\\/wp-content\\\/uploads\\\/2023\\\/07\\\/logo-boemia-aroma.png\",\"width\":300,\"height\":176,\"caption\":\"Bo\u00e8mia Aroma\"},\"image\":{\"@id\":\"https:\\\/\\\/www.boemia-aroma.com\\\/hu\\\/#\\\/schema\\\/logo\\\/image\\\/\"}}]}<\/script>\n<!-- \/ Yoast SEO plugin. -->","yoast_head_json":{"title":"Bio levendula aszpikos ill\u00f3olaj | Bo\u00e8mia","description":"A vadon szedett \u00e9s k\u00e9zzel desztill\u00e1lt levendula bio ill\u00f3olaj. \u00c9l\u00e9nk\u00edt\u0151 illat\u00fa arom\u00e1s esszencia.","robots":{"index":"index","follow":"follow","max-snippet":"max-snippet:-1","max-image-preview":"max-image-preview:large","max-video-preview":"max-video-preview:-1"},"canonical":"https:\/\/www.boemia-aroma.com\/hu\/boemia-aruhaz\/illoolajok\/bio-levendula-aszpikos-illoolaj\/","og_locale":"hu_HU","og_type":"article","og_title":"Bio levendula aszpikos ill\u00f3olaj | Bo\u00e8mia","og_description":"A vadon szedett \u00e9s k\u00e9zzel desztill\u00e1lt levendula bio ill\u00f3olaj. \u00c9l\u00e9nk\u00edt\u0151 illat\u00fa arom\u00e1s esszencia.","og_url":"https:\/\/www.boemia-aroma.com\/hu\/boemia-aruhaz\/illoolajok\/bio-levendula-aszpikos-illoolaj\/","og_site_name":"Bo\u00e8mia Aroma","article_modified_time":"2026-03-13T09:07:58+00:00","og_image":[{"width":1200,"height":1200,"url":"https:\/\/www.boemia-aroma.com\/wp-content\/uploads\/2023\/09\/lavande-aspic.webp","type":"image\/webp"}],"twitter_card":"summary_large_image","twitter_misc":{"Becs\u00fclt olvas\u00e1si id\u0151":"2 perc"},"schema":{"@context":"https:\/\/schema.org","@graph":[{"@type":"WebPage","@id":"https:\/\/www.boemia-aroma.com\/hu\/boemia-aruhaz\/illoolajok\/bio-levendula-aszpikos-illoolaj\/","url":"https:\/\/www.boemia-aroma.com\/hu\/boemia-aruhaz\/illoolajok\/bio-levendula-aszpikos-illoolaj\/","name":"Bio levendula aszpikos ill\u00f3olaj | Bo\u00e8mia","isPartOf":{"@id":"https:\/\/www.boemia-aroma.com\/hu\/#website"},"primaryImageOfPage":{"@id":"https:\/\/www.boemia-aroma.com\/hu\/boemia-aruhaz\/illoolajok\/bio-levendula-aszpikos-illoolaj\/#primaryimage"},"image":{"@id":"https:\/\/www.boemia-aroma.com\/hu\/boemia-aruhaz\/illoolajok\/bio-levendula-aszpikos-illoolaj\/#primaryimage"},"thumbnailUrl":"https:\/\/www.boemia-aroma.com\/wp-content\/uploads\/2023\/09\/lavande-aspic.webp","datePublished":"2023-09-04T12:47:56+00:00","dateModified":"2026-03-13T09:07:58+00:00","description":"A vadon szedett \u00e9s k\u00e9zzel desztill\u00e1lt levendula bio ill\u00f3olaj. \u00c9l\u00e9nk\u00edt\u0151 illat\u00fa arom\u00e1s esszencia.","breadcrumb":{"@id":"https:\/\/www.boemia-aroma.com\/hu\/boemia-aruhaz\/illoolajok\/bio-levendula-aszpikos-illoolaj\/#breadcrumb"},"inLanguage":"hu","potentialAction":[{"@type":"ReadAction","target":["https:\/\/www.boemia-aroma.com\/hu\/boemia-aruhaz\/illoolajok\/bio-levendula-aszpikos-illoolaj\/"]}]},{"@type":"ImageObject","inLanguage":"hu","@id":"https:\/\/www.boemia-aroma.com\/hu\/boemia-aruhaz\/illoolajok\/bio-levendula-aszpikos-illoolaj\/#primaryimage","url":"https:\/\/www.boemia-aroma.com\/wp-content\/uploads\/2023\/09\/lavande-aspic.webp","contentUrl":"https:\/\/www.boemia-aroma.com\/wp-content\/uploads\/2023\/09\/lavande-aspic.webp","width":1200,"height":1200},{"@type":"BreadcrumbList","@id":"https:\/\/www.boemia-aroma.com\/hu\/boemia-aruhaz\/illoolajok\/bio-levendula-aszpikos-illoolaj\/#breadcrumb","itemListElement":[{"@type":"ListItem","position":1,"name":"Kezd\u0151lap","item":"https:\/\/www.boemia-aroma.com\/hu\/"},{"@type":"ListItem","position":2,"name":"Boemia \u00c1ruh\u00e1z","item":"https:\/\/www.boemia-aroma.com\/hu\/boemia-aruhaz\/"},{"@type":"ListItem","position":3,"name":"Bio levendula aszpikos ill\u00f3olaj"}]},{"@type":"WebSite","@id":"https:\/\/www.boemia-aroma.com\/hu\/#website","url":"https:\/\/www.boemia-aroma.com\/hu\/","name":"Bo\u00e8mia Aroma","description":"","publisher":{"@id":"https:\/\/www.boemia-aroma.com\/hu\/#organization"},"alternateName":"Bo\u00e8mia Aroma","potentialAction":[{"@type":"SearchAction","target":{"@type":"EntryPoint","urlTemplate":"https:\/\/www.boemia-aroma.com\/hu\/?s={search_term_string}"},"query-input":{"@type":"PropertyValueSpecification","valueRequired":true,"valueName":"search_term_string"}}],"inLanguage":"hu"},{"@type":"Organization","@id":"https:\/\/www.boemia-aroma.com\/hu\/#organization","name":"Bo\u00e8mia Aroma","url":"https:\/\/www.boemia-aroma.com\/hu\/","logo":{"@type":"ImageObject","inLanguage":"hu","@id":"https:\/\/www.boemia-aroma.com\/hu\/#\/schema\/logo\/image\/","url":"https:\/\/www.boemia-aroma.com\/wp-content\/uploads\/2023\/07\/logo-boemia-aroma.png","contentUrl":"https:\/\/www.boemia-aroma.com\/wp-content\/uploads\/2023\/07\/logo-boemia-aroma.png","width":300,"height":176,"caption":"Bo\u00e8mia Aroma"},"image":{"@id":"https:\/\/www.boemia-aroma.com\/hu\/#\/schema\/logo\/image\/"}}]}},"_links":{"self":[{"href":"https:\/\/www.boemia-aroma.com\/hu\/wp-json\/wp\/v2\/product\/23524","targetHints":{"allow":["GET"]}}],"collection":[{"href":"https:\/\/www.boemia-aroma.com\/hu\/wp-json\/wp\/v2\/product"}],"about":[{"href":"https:\/\/www.boemia-aroma.com\/hu\/wp-json\/wp\/v2\/types\/product"}],"replies":[{"embeddable":true,"href":"https:\/\/www.boemia-aroma.com\/hu\/wp-json\/wp\/v2\/comments?post=23524"}],"version-history":[{"count":0,"href":"https:\/\/www.boemia-aroma.com\/hu\/wp-json\/wp\/v2\/product\/23524\/revisions"}],"wp:featuredmedia":[{"embeddable":true,"href":"https:\/\/www.boemia-aroma.com\/hu\/wp-json\/wp\/v2\/media\/23529"}],"wp:attachment":[{"href":"https:\/\/www.boemia-aroma.com\/hu\/wp-json\/wp\/v2\/media?parent=23524"}],"wp:term":[{"taxonomy":"product_brand","embeddable":true,"href":"https:\/\/www.boemia-aroma.com\/hu\/wp-json\/wp\/v2\/product_brand?post=23524"},{"taxonomy":"product_cat","embeddable":true,"href":"https:\/\/www.boemia-aroma.com\/hu\/wp-json\/wp\/v2\/product_cat?post=23524"},{"taxonomy":"product_tag","embeddable":true,"href":"https:\/\/www.boemia-aroma.com\/hu\/wp-json\/wp\/v2\/product_tag?post=23524"}],"curies":[{"name":"wp","href":"https:\/\/api.w.org\/{rel}","templated":true}]}}