{"id":23252,"date":"2025-10-21T15:24:51","date_gmt":"2025-10-21T13:24:51","guid":{"rendered":"https:\/\/www.boemia-aroma.com\/boutique-boemia\/nem-kategorizalt\/respirea\/"},"modified":"2026-03-12T10:25:05","modified_gmt":"2026-03-12T09:25:05","slug":"respirea","status":"publish","type":"product","link":"https:\/\/www.boemia-aroma.com\/hu\/boemia-aruhaz\/hydrosol-keverek\/respirea\/","title":{"rendered":"Respir\u00e9a &#8211; K\u00e9nyelem \u00e9s term\u00e9szetes l\u00e9gz\u00e9s"},"content":{"rendered":"\t\t<div data-elementor-type=\"product-post\" data-elementor-id=\"23252\" class=\"elementor elementor-23252 elementor-19560\" data-elementor-post-type=\"product\">\n\t\t\t\t\t\t<section class=\"elementor-section elementor-top-section elementor-element elementor-element-0c9a1ba elementor-section-content-middle elementor-section-full_width elementor-section-height-default elementor-section-height-default elementor-invisible\" data-id=\"0c9a1ba\" data-element_type=\"section\" data-e-type=\"section\" data-settings=\"{&quot;background_background&quot;:&quot;classic&quot;,&quot;shape_divider_top&quot;:&quot;waves&quot;,&quot;shape_divider_top_negative&quot;:&quot;yes&quot;,&quot;animation&quot;:&quot;fadeIn&quot;}\">\n\t\t\t\t\t<div class=\"elementor-shape elementor-shape-top\" aria-hidden=\"true\" data-negative=\"true\">\n\t\t\t<svg xmlns=\"http:\/\/www.w3.org\/2000\/svg\" viewBox=\"0 0 1000 100\" preserveAspectRatio=\"none\">\n\t<path class=\"elementor-shape-fill\" d=\"M790.5,93.1c-59.3-5.3-116.8-18-192.6-50c-29.6-12.7-76.9-31-100.5-35.9c-23.6-4.9-52.6-7.8-75.5-5.3\n\tc-10.2,1.1-22.6,1.4-50.1,7.4c-27.2,6.3-58.2,16.6-79.4,24.7c-41.3,15.9-94.9,21.9-134,22.6C72,58.2,0,25.8,0,25.8V100h1000V65.3\n\tc0,0-51.5,19.4-106.2,25.7C839.5,97,814.1,95.2,790.5,93.1z\"\/>\n<\/svg>\t\t<\/div>\n\t\t\t\t\t<div class=\"elementor-container elementor-column-gap-no\">\n\t\t\t\t\t<div class=\"elementor-column elementor-col-100 elementor-top-column elementor-element elementor-element-d3cdccf\" data-id=\"d3cdccf\" data-element_type=\"column\" data-e-type=\"column\">\n\t\t\t<div class=\"elementor-widget-wrap elementor-element-populated\">\n\t\t\t\t\t\t<div class=\"elementor-element elementor-element-7afe234 animated-slow elementor-invisible elementor-widget elementor-widget-heading\" data-id=\"7afe234\" data-element_type=\"widget\" data-e-type=\"widget\" data-settings=\"{&quot;_animation&quot;:&quot;fadeIn&quot;}\" data-widget_type=\"heading.default\">\n\t\t\t\t<div class=\"elementor-widget-container\">\n\t\t\t\t\t<h2 class=\"elementor-heading-title elementor-size-default\">Respir\u00e9a - k\u00e9nyelem \u00e9s term\u00e9szetes l\u00e9gz\u00e9s<\/h2>\t\t\t\t<\/div>\n\t\t\t\t<\/div>\n\t\t\t\t<div class=\"elementor-element elementor-element-e9129e8 elementor-widget elementor-widget-spacer\" data-id=\"e9129e8\" data-element_type=\"widget\" data-e-type=\"widget\" data-widget_type=\"spacer.default\">\n\t\t\t\t<div class=\"elementor-widget-container\">\n\t\t\t\t\t\t\t<div class=\"elementor-spacer\">\n\t\t\t<div class=\"elementor-spacer-inner\"><\/div>\n\t\t<\/div>\n\t\t\t\t\t\t<\/div>\n\t\t\t\t<\/div>\n\t\t\t\t<div class=\"elementor-element elementor-element-81d9d82 animated-slow elementor-invisible elementor-widget elementor-widget-text-editor\" data-id=\"81d9d82\" data-element_type=\"widget\" data-e-type=\"widget\" data-settings=\"{&quot;_animation&quot;:&quot;fadeIn&quot;}\" data-widget_type=\"text-editor.default\">\n\t\t\t\t<div class=\"elementor-widget-container\">\n\t\t\t\t\t\t\t\t\t<p><span style=\"font-weight: 400;\">A Respir\u00e9a a mirtusz, a kakukkf\u0171 linalool \u00e9s a s\u00f3ska h\u00e1rom szerves hidrol\u00e1tum\u00e1t egyes\u00edti, amelyeket hagyom\u00e1nyosan a <strong>l\u00e9gutak t\u00e1mogat\u00e1s\u00e1ra \u00e9s az \u00e9rz\u00e9keny ny\u00e1lkah\u00e1rty\u00e1k megnyugtat\u00e1s\u00e1ra<\/strong> haszn\u00e1lnak.<\/span><\/p><p><span style=\"font-weight: 400;\">Ez a szinergia k\u00eds\u00e9ri azokat <strong>az id\u0151szakokat, amikor a l\u00e9gz\u00e9s nehezebb\u00e9 v\u00e1lik<\/strong>, amikor a hideg leveg\u0151, a f\u00e1radts\u00e1g vagy a torl\u00f3d\u00e1s gyeng\u00edti a l\u00e9gz\u00e9si komfortot.<\/span><span style=\"font-weight: 400;\">.<\/span><\/p><ul><li><span style=\"font-weight: 400;\">A szel\u00edd \u00e9s kiegyens\u00falyozott mirtusz a g\u00f6rd\u00fcl\u00e9keny, harmonikus l\u00e9gz\u00e9s el\u0151seg\u00edt\u00e9se miatt kedvelt.<\/span><\/li><li><span style=\"font-weight: 400;\">A fenolban gazdag kakukkf\u0171n\u00e9l finomabb linalool kakukkf\u0171 t\u00e1mogatja a l\u00e9gutakat, mik\u00f6zben tiszteletben tartja a ny\u00e1lkah\u00e1rty\u00e1k \u00e9rz\u00e9kenys\u00e9g\u00e9t.<\/span><\/li><li>A s\u00f3ska \u00e1ll\u00edt\u00f3lag fokozza a szervezet term\u00e9szetes ellen\u00e1ll\u00f3 k\u00e9pess\u00e9g\u00e9t.<\/li><\/ul><p><span style=\"font-weight: 400;\">Friss, kiegyens\u00falyozott \u00edze el\u0151seg\u00edti a tiszta, term\u00e9szetes l\u00e9gz\u00e9st.<\/span><\/p><p><span style=\"font-weight: 400;\">H\u00edg\u00edtson fel naponta 1-3 te\u00e1skan\u00e1lnyit egy poh\u00e1r v\u00edzben, sz\u00fcks\u00e9g szerint vagy a kellemetlens\u00e9gek intenzit\u00e1s\u00e1nak megfelel\u0151en, hogy term\u00e9szetes m\u00f3don k\u00eds\u00e9rje a l\u00e9gz\u00e9st az \u00e9vszakok sor\u00e1n.<\/span><\/p><p><span style=\"font-weight: 400;\">A friss n\u00f6v\u00e9nyekb\u0151l k\u00e9zzel desztill\u00e1lt Respir\u00e9a megtestes\u00edti a Bo\u00e8mia filoz\u00f3fi\u00e1j\u00e1t: tiszta, \u00e9l\u0151 szinergi\u00e1k, amelyek szel\u00edden \u00e9s a n\u00f6v\u00e9nyek ir\u00e1nti tisztelettel t\u00e1mogatj\u00e1k a szervezet alapvet\u0151 funkci\u00f3it.<\/span><\/p>\t\t\t\t\t\t\t\t<\/div>\n\t\t\t\t<\/div>\n\t\t\t\t\t<\/div>\n\t\t<\/div>\n\t\t\t\t\t<\/div>\n\t\t<\/section>\n\t\t\t\t<section class=\"elementor-section elementor-top-section elementor-element elementor-element-14163f9 elementor-section-boxed elementor-section-height-default elementor-section-height-default\" data-id=\"14163f9\" data-element_type=\"section\" data-e-type=\"section\">\n\t\t\t\t\t\t<div class=\"elementor-container elementor-column-gap-default\">\n\t\t\t\t\t<div class=\"elementor-column elementor-col-100 elementor-top-column elementor-element elementor-element-b537ecc\" data-id=\"b537ecc\" data-element_type=\"column\" data-e-type=\"column\">\n\t\t\t<div class=\"elementor-widget-wrap elementor-element-populated\">\n\t\t\t\t\t\t<div class=\"elementor-element elementor-element-ce5de2d arrows-relative-to-box_area slider-layout_1 slider-tablet-default slider-mobile-default slide-h-position-center bullets-small-dot-stroke elementor-widget elementor-widget-the7_content_carousel\" data-id=\"ce5de2d\" data-element_type=\"widget\" data-e-type=\"widget\" data-settings=\"{&quot;widget_columns&quot;:3,&quot;widget_columns_tablet&quot;:2,&quot;widget_columns_mobile&quot;:1,&quot;gap_between_posts&quot;:{&quot;unit&quot;:&quot;px&quot;,&quot;size&quot;:30,&quot;sizes&quot;:[]},&quot;gap_between_posts_tablet&quot;:{&quot;unit&quot;:&quot;px&quot;,&quot;size&quot;:&quot;&quot;,&quot;sizes&quot;:[]},&quot;gap_between_posts_mobile&quot;:{&quot;unit&quot;:&quot;px&quot;,&quot;size&quot;:&quot;&quot;,&quot;sizes&quot;:[]}}\" data-widget_type=\"the7_content_carousel.default\">\n\t\t\t\t<div class=\"elementor-widget-container\">\n\t\t\t\t\t<div class=\"disable-arrows-hover-bg owl-carousel text-and-icon-carousel elementor-owl-carousel-call the7-elementor-widget the7_content_carousel-ce5de2d quick-scale-img\" data-scroll-mode=\"1\" data-auto-height=\"false\" data-speed=\"600\" data-autoplay=\"false\" data-autoplay_speed=\"\"><div  class=\"dt-owl-item-wrap elements-hover elements-hover\"  ><div class=\"dt-owl-item-inner \"><a href=\"https:\/\/www.boemia-aroma.com\/ce-que-vous-devez-savoir-sur-lhydrolat-de-lavande\/\" class=\"dt-owl-item-image layzr-bg img-css-resize-wrapper\"> <img fetchpriority=\"high\" decoding=\"async\" width=\"1500\" height=\"1000\" src=\"data:image\/svg+xml,%3Csvg%20xmlns%3D&#039;http%3A%2F%2Fwww.w3.org%2F2000%2Fsvg&#039;%20viewBox%3D&#039;0%200%201500%201000&#039;%2F%3E\" class=\"attachment-full size-full preload-me aspect lazy lazy-load\" alt=\"hydrolat lavande\" sizes=\"(max-width: 1500px) 100vw, 1500px\" style=\"--ratio: 1500 \/ 1000;\" data-src=\"https:\/\/www.boemia-aroma.com\/wp-content\/uploads\/2023\/11\/ce-que-vous-devez-savoir-sur-lhydrolat-de-Lavande.png\" loading=\"eager\" data-srcset=\"https:\/\/www.boemia-aroma.com\/wp-content\/uploads\/2023\/11\/ce-que-vous-devez-savoir-sur-lhydrolat-de-Lavande.png 1500w, https:\/\/www.boemia-aroma.com\/wp-content\/uploads\/2023\/11\/ce-que-vous-devez-savoir-sur-lhydrolat-de-Lavande-300x200.png 300w, https:\/\/www.boemia-aroma.com\/wp-content\/uploads\/2023\/11\/ce-que-vous-devez-savoir-sur-lhydrolat-de-Lavande-1024x683.png 1024w, https:\/\/www.boemia-aroma.com\/wp-content\/uploads\/2023\/11\/ce-que-vous-devez-savoir-sur-lhydrolat-de-Lavande-768x512.png 768w\" \/><\/a><h4  class=\"dt-owl-item-heading\"><a href=\"https:\/\/www.boemia-aroma.com\/ce-que-vous-devez-savoir-sur-lhydrolat-de-lavande\/\">Amit a levendulahidrol\u00e1tr\u00f3l tudni kell  <\/a><\/h4><a href=\"https:\/\/www.boemia-aroma.com\/ce-que-vous-devez-savoir-sur-lhydrolat-de-lavande\/\" class=\"dt-slide-button box-button elementor-button elementor-size-sm\">B\u0151vebben<\/a><\/div><\/div><div  class=\"dt-owl-item-wrap elements-hover elements-hover\"  ><div class=\"dt-owl-item-inner \"><a href=\"https:\/\/www.boemia-aroma.com\/hydrolat-cheveux-soin-naturel-cuir-chevelu\/\" class=\"dt-owl-item-image layzr-bg img-css-resize-wrapper\"> <img decoding=\"async\" width=\"1500\" height=\"1000\" src=\"data:image\/svg+xml,%3Csvg%20xmlns%3D&#039;http%3A%2F%2Fwww.w3.org%2F2000%2Fsvg&#039;%20viewBox%3D&#039;0%200%201500%201000&#039;%2F%3E\" class=\"attachment-full size-full preload-me aspect lazy lazy-load\" alt=\"\" style=\"--ratio: 1500 \/ 1000;\" data-src=\"https:\/\/www.boemia-aroma.com\/wp-content\/uploads\/2025\/03\/hydrolat-cheveux.jpg\" loading=\"eager\" \/><\/a><h4  class=\"dt-owl-item-heading\"><a href=\"https:\/\/www.boemia-aroma.com\/hydrolat-cheveux-soin-naturel-cuir-chevelu\/\">Hajhidrol\u00e1tum: term\u00e9szetes \u00e1pol\u00e1s az eg\u00e9szs\u00e9ges fejb\u0151r\u00e9rt \u00e9s a revitaliz\u00e1lt haj\u00e9rt  <\/a><\/h4><a href=\"https:\/\/www.boemia-aroma.com\/hydrolat-cheveux-soin-naturel-cuir-chevelu\/\" class=\"dt-slide-button box-button elementor-button elementor-size-sm\">B\u0151vebben<\/a><\/div><\/div><div  class=\"dt-owl-item-wrap elements-hover elements-hover\"  ><div class=\"dt-owl-item-inner \"><a href=\"https:\/\/www.boemia-aroma.com\/lutter-contre-le-stress-avec-les-huiles-essentielles-et-hydrolats\/\" class=\"dt-owl-item-image layzr-bg img-css-resize-wrapper\"> <img decoding=\"async\" width=\"1500\" height=\"1000\" src=\"data:image\/svg+xml,%3Csvg%20xmlns%3D&#039;http%3A%2F%2Fwww.w3.org%2F2000%2Fsvg&#039;%20viewBox%3D&#039;0%200%201500%201000&#039;%2F%3E\" class=\"attachment-full size-full preload-me aspect lazy lazy-load\" alt=\"huile essentielle stress\" sizes=\"(max-width: 1500px) 100vw, 1500px\" style=\"--ratio: 1500 \/ 1000;\" data-src=\"https:\/\/www.boemia-aroma.com\/wp-content\/uploads\/2024\/09\/Lutter-contre-le-stress-avec-les-huiles-essentielles-et-hydrolats.jpg\" loading=\"eager\" data-srcset=\"https:\/\/www.boemia-aroma.com\/wp-content\/uploads\/2024\/09\/Lutter-contre-le-stress-avec-les-huiles-essentielles-et-hydrolats.jpg 1500w, https:\/\/www.boemia-aroma.com\/wp-content\/uploads\/2024\/09\/Lutter-contre-le-stress-avec-les-huiles-essentielles-et-hydrolats-300x200.jpg 300w, https:\/\/www.boemia-aroma.com\/wp-content\/uploads\/2024\/09\/Lutter-contre-le-stress-avec-les-huiles-essentielles-et-hydrolats-1024x683.jpg 1024w, https:\/\/www.boemia-aroma.com\/wp-content\/uploads\/2024\/09\/Lutter-contre-le-stress-avec-les-huiles-essentielles-et-hydrolats-768x512.jpg 768w\" \/><\/a><h4  class=\"dt-owl-item-heading\"><a href=\"https:\/\/www.boemia-aroma.com\/lutter-contre-le-stress-avec-les-huiles-essentielles-et-hydrolats\/\">A stressz elleni k\u00fczdelem ill\u00f3olajokkal \u00e9s hidrol\u00e1tumokkal<\/a><\/h4><a href=\"https:\/\/www.boemia-aroma.com\/lutter-contre-le-stress-avec-les-huiles-essentielles-et-hydrolats\/\" class=\"dt-slide-button box-button elementor-button elementor-size-sm\">B\u0151vebben<\/a><\/div><\/div><\/div><div class=\"owl-nav disabled\"><div class=\"owl-prev\" role=\"button\" tabindex=\"0\" aria-label=\"Prev slide\"><i class=\"fas fa-chevron-left\"><\/i><\/div><div class=\"owl-next\" role=\"button\" tabindex=\"0\" aria-label=\"Next slide\"><i class=\"fas fa-chevron-right\"><\/i><\/div><\/div>\t\t\t\t<\/div>\n\t\t\t\t<\/div>\n\t\t\t\t\t<\/div>\n\t\t<\/div>\n\t\t\t\t\t<\/div>\n\t\t<\/section>\n\t\t\t\t<\/div>\n\t\t","protected":false},"excerpt":{"rendered":"<p><span style=\"font-weight: 400;\">A Respir\u00e9a enyh\u00edti <\/span><b>l\u00e9gutak<\/b><span style=\"font-weight: 400;\"> \u00e9s megnyugtat, amikor a l\u00e9gz\u00e9s nehezebb\u00e9 v\u00e1lik.<\/span><\/p>\n<p><span style=\"font-weight: 400;\">A mirtusz, a linalool kakukkf\u0171 \u00e9s a hegyi s\u00f3ska kiegyens\u00falyozott aromatikus t\u00e1mogat\u00e1st ny\u00fajt, hogy seg\u00edtsen \u00d6nnek <\/span><b>seg\u00edt, hogy j\u00f3l \u00e9rezze mag\u00e1t a mindennapi \u00e9letben.<\/b><span style=\"font-weight: 400;\">.<\/span><\/p>\n<p><span style=\"font-weight: 400;\">Egyszer\u0171, v\u00edzzel h\u00edg\u00edtand\u00f3 oldat, a k\u00f6vetkez\u0151kh\u00f6z <\/span><b>jobban \u00e9rzi mag\u00e1t<\/b><span style=\"font-weight: 400;\"> nap mint nap.<\/span><\/p>\n<p>&nbsp;<\/p>\n<p><span data-sheets-value=\"{\"1\":2,\"2\":\"Madagascar\"}\" data-sheets-userformat=\"{\"2\":12803,\"3\":{\"1\":0},\"4\":{\"1\":2,\"2\":16773836},\"12\":0,\"15\":\"Arial\",\"16\":9}\"><span style=\"color: #ce4e2b;\">\u2192 <\/span><strong>Tan\u00fas\u00edt\u00e1s:<\/strong> biogazd\u00e1lkod\u00e1s &#8211; FR-BIO-01 tan\u00fas\u00edtv\u00e1nnyal &#8211; 100% tisztas\u00e1g \u00e9s term\u00e9szetess\u00e9g.<\/span><\/p>\n<p><span data-sheets-value=\"{\"1\":2,\"2\":\"Extraction \u00e0 la vapeur d'eau\"}\" data-sheets-userformat=\"{\"2\":12803,\"3\":{\"1\":0},\"4\":{\"1\":2,\"2\":16773836},\"12\":0,\"15\":\"Arial\",\"16\":9}\"><span style=\"color: #ce4e2b;\">\u2192 <\/span><strong>\u00d6sszet\u00e9tel:<\/strong> bio mirtusz, bio linalool kakukkf\u0171, bio hegyi s\u00f3ska.<\/span><\/p>\n<p><span data-sheets-value=\"{\"1\":2,\"2\":\"Extraction \u00e0 la vapeur d'eau\"}\" data-sheets-userformat=\"{\"2\":12803,\"3\":{\"1\":0},\"4\":{\"1\":2,\"2\":16773836},\"12\":0,\"15\":\"Arial\",\"16\":9}\"><span style=\"color: #ce4e2b;\">\u2192 <\/span><strong>Mennyis\u00e9g: <\/strong>210 ml<\/span><\/p>\n<p><span data-sheets-value=\"{\"1\":2,\"2\":\"Extraction \u00e0 la vapeur d'eau\"}\" data-sheets-userformat=\"{\"2\":12803,\"3\":{\"1\":0},\"4\":{\"1\":2,\"2\":16773836},\"12\":0,\"15\":\"Arial\",\"16\":9}\">Nincs t\u00falcsomagol\u00e1s <span style=\"color: #4d6854;\">\u2205<\/span><\/span><\/p>\n<p>&nbsp;<\/p>\n<hr>\n<p>&nbsp;<\/p>\n","protected":false},"featured_media":23253,"comment_status":"closed","ping_status":"closed","template":"","meta":{"_acf_changed":false},"product_brand":[],"product_cat":[228,227],"product_tag":[],"class_list":{"0":"post-23252","1":"product","2":"type-product","3":"status-publish","4":"has-post-thumbnail","6":"product_cat-hirek","7":"product_cat-hydrosol-keverek","9":"first","10":"instock","11":"taxable","12":"shipping-taxable","13":"purchasable","14":"product-type-simple"},"acf":[],"yoast_head":"<!-- This site is optimized with the Yoast SEO plugin v27.4 - https:\/\/yoast.com\/product\/yoast-seo-wordpress\/ -->\n<title>Respir\u00e9a: a hidrol\u00e1tok szinergi\u00e1ja az egyenletes, nyugodt l\u00e9gz\u00e9s\u00e9rt<\/title>\n<meta name=\"description\" content=\"A feny\u0151, a mirtusz \u00e9s a linalool kakukkf\u0171 szerves kombin\u00e1ci\u00f3ja, amely term\u00e9szetes m\u00f3don felszabad\u00edtja a leheletet \u00e9s megnyugtatja a l\u00e9gutakat.\" \/>\n<meta name=\"robots\" content=\"index, follow, max-snippet:-1, max-image-preview:large, max-video-preview:-1\" \/>\n<link rel=\"canonical\" href=\"https:\/\/www.boemia-aroma.com\/hu\/boemia-aruhaz\/hydrosol-keverek\/respirea\/\" \/>\n<meta property=\"og:locale\" content=\"hu_HU\" \/>\n<meta property=\"og:type\" content=\"article\" \/>\n<meta property=\"og:title\" content=\"Respir\u00e9a: a hidrol\u00e1tok szinergi\u00e1ja az egyenletes, nyugodt l\u00e9gz\u00e9s\u00e9rt\" \/>\n<meta property=\"og:description\" content=\"A feny\u0151, a mirtusz \u00e9s a linalool kakukkf\u0171 szerves kombin\u00e1ci\u00f3ja, amely term\u00e9szetes m\u00f3don felszabad\u00edtja a leheletet \u00e9s megnyugtatja a l\u00e9gutakat.\" \/>\n<meta property=\"og:url\" content=\"https:\/\/www.boemia-aroma.com\/hu\/boemia-aruhaz\/hydrosol-keverek\/respirea\/\" \/>\n<meta property=\"og:site_name\" content=\"Bo\u00e8mia Aroma\" \/>\n<meta property=\"article:modified_time\" content=\"2026-03-12T09:25:05+00:00\" \/>\n<meta property=\"og:image\" content=\"https:\/\/www.boemia-aroma.com\/wp-content\/uploads\/2025\/10\/respirea-melanges-hydrolats-bio.jpg\" \/>\n\t<meta property=\"og:image:width\" content=\"1200\" \/>\n\t<meta property=\"og:image:height\" content=\"1200\" \/>\n\t<meta property=\"og:image:type\" content=\"image\/jpeg\" \/>\n<meta name=\"twitter:card\" content=\"summary_large_image\" \/>\n<meta name=\"twitter:label1\" content=\"Becs\u00fclt olvas\u00e1si id\u0151\" \/>\n\t<meta name=\"twitter:data1\" content=\"2 perc\" \/>\n<script type=\"application\/ld+json\" class=\"yoast-schema-graph\">{\"@context\":\"https:\\\/\\\/schema.org\",\"@graph\":[{\"@type\":\"WebPage\",\"@id\":\"https:\\\/\\\/www.boemia-aroma.com\\\/hu\\\/boemia-aruhaz\\\/hydrosol-keverek\\\/respirea\\\/\",\"url\":\"https:\\\/\\\/www.boemia-aroma.com\\\/hu\\\/boemia-aruhaz\\\/hydrosol-keverek\\\/respirea\\\/\",\"name\":\"Respir\u00e9a: a hidrol\u00e1tok szinergi\u00e1ja az egyenletes, nyugodt l\u00e9gz\u00e9s\u00e9rt\",\"isPartOf\":{\"@id\":\"https:\\\/\\\/www.boemia-aroma.com\\\/hu\\\/#website\"},\"primaryImageOfPage\":{\"@id\":\"https:\\\/\\\/www.boemia-aroma.com\\\/hu\\\/boemia-aruhaz\\\/hydrosol-keverek\\\/respirea\\\/#primaryimage\"},\"image\":{\"@id\":\"https:\\\/\\\/www.boemia-aroma.com\\\/hu\\\/boemia-aruhaz\\\/hydrosol-keverek\\\/respirea\\\/#primaryimage\"},\"thumbnailUrl\":\"https:\\\/\\\/www.boemia-aroma.com\\\/wp-content\\\/uploads\\\/2025\\\/10\\\/respirea-melanges-hydrolats-bio.jpg\",\"datePublished\":\"2025-10-21T13:24:51+00:00\",\"dateModified\":\"2026-03-12T09:25:05+00:00\",\"description\":\"A feny\u0151, a mirtusz \u00e9s a linalool kakukkf\u0171 szerves kombin\u00e1ci\u00f3ja, amely term\u00e9szetes m\u00f3don felszabad\u00edtja a leheletet \u00e9s megnyugtatja a l\u00e9gutakat.\",\"breadcrumb\":{\"@id\":\"https:\\\/\\\/www.boemia-aroma.com\\\/hu\\\/boemia-aruhaz\\\/hydrosol-keverek\\\/respirea\\\/#breadcrumb\"},\"inLanguage\":\"hu\",\"potentialAction\":[{\"@type\":\"ReadAction\",\"target\":[\"https:\\\/\\\/www.boemia-aroma.com\\\/hu\\\/boemia-aruhaz\\\/hydrosol-keverek\\\/respirea\\\/\"]}]},{\"@type\":\"ImageObject\",\"inLanguage\":\"hu\",\"@id\":\"https:\\\/\\\/www.boemia-aroma.com\\\/hu\\\/boemia-aruhaz\\\/hydrosol-keverek\\\/respirea\\\/#primaryimage\",\"url\":\"https:\\\/\\\/www.boemia-aroma.com\\\/wp-content\\\/uploads\\\/2025\\\/10\\\/respirea-melanges-hydrolats-bio.jpg\",\"contentUrl\":\"https:\\\/\\\/www.boemia-aroma.com\\\/wp-content\\\/uploads\\\/2025\\\/10\\\/respirea-melanges-hydrolats-bio.jpg\",\"width\":1200,\"height\":1200},{\"@type\":\"BreadcrumbList\",\"@id\":\"https:\\\/\\\/www.boemia-aroma.com\\\/hu\\\/boemia-aruhaz\\\/hydrosol-keverek\\\/respirea\\\/#breadcrumb\",\"itemListElement\":[{\"@type\":\"ListItem\",\"position\":1,\"name\":\"Kezd\u0151lap\",\"item\":\"https:\\\/\\\/www.boemia-aroma.com\\\/hu\\\/\"},{\"@type\":\"ListItem\",\"position\":2,\"name\":\"Boemia \u00c1ruh\u00e1z\",\"item\":\"https:\\\/\\\/www.boemia-aroma.com\\\/hu\\\/boemia-aruhaz\\\/\"},{\"@type\":\"ListItem\",\"position\":3,\"name\":\"Respir\u00e9a &#8211; K\u00e9nyelem \u00e9s term\u00e9szetes l\u00e9gz\u00e9s\"}]},{\"@type\":\"WebSite\",\"@id\":\"https:\\\/\\\/www.boemia-aroma.com\\\/hu\\\/#website\",\"url\":\"https:\\\/\\\/www.boemia-aroma.com\\\/hu\\\/\",\"name\":\"Bo\u00e8mia Aroma\",\"description\":\"\",\"publisher\":{\"@id\":\"https:\\\/\\\/www.boemia-aroma.com\\\/hu\\\/#organization\"},\"alternateName\":\"Bo\u00e8mia Aroma\",\"potentialAction\":[{\"@type\":\"SearchAction\",\"target\":{\"@type\":\"EntryPoint\",\"urlTemplate\":\"https:\\\/\\\/www.boemia-aroma.com\\\/hu\\\/?s={search_term_string}\"},\"query-input\":{\"@type\":\"PropertyValueSpecification\",\"valueRequired\":true,\"valueName\":\"search_term_string\"}}],\"inLanguage\":\"hu\"},{\"@type\":\"Organization\",\"@id\":\"https:\\\/\\\/www.boemia-aroma.com\\\/hu\\\/#organization\",\"name\":\"Bo\u00e8mia Aroma\",\"url\":\"https:\\\/\\\/www.boemia-aroma.com\\\/hu\\\/\",\"logo\":{\"@type\":\"ImageObject\",\"inLanguage\":\"hu\",\"@id\":\"https:\\\/\\\/www.boemia-aroma.com\\\/hu\\\/#\\\/schema\\\/logo\\\/image\\\/\",\"url\":\"https:\\\/\\\/www.boemia-aroma.com\\\/wp-content\\\/uploads\\\/2023\\\/07\\\/logo-boemia-aroma.png\",\"contentUrl\":\"https:\\\/\\\/www.boemia-aroma.com\\\/wp-content\\\/uploads\\\/2023\\\/07\\\/logo-boemia-aroma.png\",\"width\":300,\"height\":176,\"caption\":\"Bo\u00e8mia Aroma\"},\"image\":{\"@id\":\"https:\\\/\\\/www.boemia-aroma.com\\\/hu\\\/#\\\/schema\\\/logo\\\/image\\\/\"}}]}<\/script>\n<!-- \/ Yoast SEO plugin. -->","yoast_head_json":{"title":"Respir\u00e9a: a hidrol\u00e1tok szinergi\u00e1ja az egyenletes, nyugodt l\u00e9gz\u00e9s\u00e9rt","description":"A feny\u0151, a mirtusz \u00e9s a linalool kakukkf\u0171 szerves kombin\u00e1ci\u00f3ja, amely term\u00e9szetes m\u00f3don felszabad\u00edtja a leheletet \u00e9s megnyugtatja a l\u00e9gutakat.","robots":{"index":"index","follow":"follow","max-snippet":"max-snippet:-1","max-image-preview":"max-image-preview:large","max-video-preview":"max-video-preview:-1"},"canonical":"https:\/\/www.boemia-aroma.com\/hu\/boemia-aruhaz\/hydrosol-keverek\/respirea\/","og_locale":"hu_HU","og_type":"article","og_title":"Respir\u00e9a: a hidrol\u00e1tok szinergi\u00e1ja az egyenletes, nyugodt l\u00e9gz\u00e9s\u00e9rt","og_description":"A feny\u0151, a mirtusz \u00e9s a linalool kakukkf\u0171 szerves kombin\u00e1ci\u00f3ja, amely term\u00e9szetes m\u00f3don felszabad\u00edtja a leheletet \u00e9s megnyugtatja a l\u00e9gutakat.","og_url":"https:\/\/www.boemia-aroma.com\/hu\/boemia-aruhaz\/hydrosol-keverek\/respirea\/","og_site_name":"Bo\u00e8mia Aroma","article_modified_time":"2026-03-12T09:25:05+00:00","og_image":[{"width":1200,"height":1200,"url":"https:\/\/www.boemia-aroma.com\/wp-content\/uploads\/2025\/10\/respirea-melanges-hydrolats-bio.jpg","type":"image\/jpeg"}],"twitter_card":"summary_large_image","twitter_misc":{"Becs\u00fclt olvas\u00e1si id\u0151":"2 perc"},"schema":{"@context":"https:\/\/schema.org","@graph":[{"@type":"WebPage","@id":"https:\/\/www.boemia-aroma.com\/hu\/boemia-aruhaz\/hydrosol-keverek\/respirea\/","url":"https:\/\/www.boemia-aroma.com\/hu\/boemia-aruhaz\/hydrosol-keverek\/respirea\/","name":"Respir\u00e9a: a hidrol\u00e1tok szinergi\u00e1ja az egyenletes, nyugodt l\u00e9gz\u00e9s\u00e9rt","isPartOf":{"@id":"https:\/\/www.boemia-aroma.com\/hu\/#website"},"primaryImageOfPage":{"@id":"https:\/\/www.boemia-aroma.com\/hu\/boemia-aruhaz\/hydrosol-keverek\/respirea\/#primaryimage"},"image":{"@id":"https:\/\/www.boemia-aroma.com\/hu\/boemia-aruhaz\/hydrosol-keverek\/respirea\/#primaryimage"},"thumbnailUrl":"https:\/\/www.boemia-aroma.com\/wp-content\/uploads\/2025\/10\/respirea-melanges-hydrolats-bio.jpg","datePublished":"2025-10-21T13:24:51+00:00","dateModified":"2026-03-12T09:25:05+00:00","description":"A feny\u0151, a mirtusz \u00e9s a linalool kakukkf\u0171 szerves kombin\u00e1ci\u00f3ja, amely term\u00e9szetes m\u00f3don felszabad\u00edtja a leheletet \u00e9s megnyugtatja a l\u00e9gutakat.","breadcrumb":{"@id":"https:\/\/www.boemia-aroma.com\/hu\/boemia-aruhaz\/hydrosol-keverek\/respirea\/#breadcrumb"},"inLanguage":"hu","potentialAction":[{"@type":"ReadAction","target":["https:\/\/www.boemia-aroma.com\/hu\/boemia-aruhaz\/hydrosol-keverek\/respirea\/"]}]},{"@type":"ImageObject","inLanguage":"hu","@id":"https:\/\/www.boemia-aroma.com\/hu\/boemia-aruhaz\/hydrosol-keverek\/respirea\/#primaryimage","url":"https:\/\/www.boemia-aroma.com\/wp-content\/uploads\/2025\/10\/respirea-melanges-hydrolats-bio.jpg","contentUrl":"https:\/\/www.boemia-aroma.com\/wp-content\/uploads\/2025\/10\/respirea-melanges-hydrolats-bio.jpg","width":1200,"height":1200},{"@type":"BreadcrumbList","@id":"https:\/\/www.boemia-aroma.com\/hu\/boemia-aruhaz\/hydrosol-keverek\/respirea\/#breadcrumb","itemListElement":[{"@type":"ListItem","position":1,"name":"Kezd\u0151lap","item":"https:\/\/www.boemia-aroma.com\/hu\/"},{"@type":"ListItem","position":2,"name":"Boemia \u00c1ruh\u00e1z","item":"https:\/\/www.boemia-aroma.com\/hu\/boemia-aruhaz\/"},{"@type":"ListItem","position":3,"name":"Respir\u00e9a &#8211; K\u00e9nyelem \u00e9s term\u00e9szetes l\u00e9gz\u00e9s"}]},{"@type":"WebSite","@id":"https:\/\/www.boemia-aroma.com\/hu\/#website","url":"https:\/\/www.boemia-aroma.com\/hu\/","name":"Bo\u00e8mia Aroma","description":"","publisher":{"@id":"https:\/\/www.boemia-aroma.com\/hu\/#organization"},"alternateName":"Bo\u00e8mia Aroma","potentialAction":[{"@type":"SearchAction","target":{"@type":"EntryPoint","urlTemplate":"https:\/\/www.boemia-aroma.com\/hu\/?s={search_term_string}"},"query-input":{"@type":"PropertyValueSpecification","valueRequired":true,"valueName":"search_term_string"}}],"inLanguage":"hu"},{"@type":"Organization","@id":"https:\/\/www.boemia-aroma.com\/hu\/#organization","name":"Bo\u00e8mia Aroma","url":"https:\/\/www.boemia-aroma.com\/hu\/","logo":{"@type":"ImageObject","inLanguage":"hu","@id":"https:\/\/www.boemia-aroma.com\/hu\/#\/schema\/logo\/image\/","url":"https:\/\/www.boemia-aroma.com\/wp-content\/uploads\/2023\/07\/logo-boemia-aroma.png","contentUrl":"https:\/\/www.boemia-aroma.com\/wp-content\/uploads\/2023\/07\/logo-boemia-aroma.png","width":300,"height":176,"caption":"Bo\u00e8mia Aroma"},"image":{"@id":"https:\/\/www.boemia-aroma.com\/hu\/#\/schema\/logo\/image\/"}}]}},"_links":{"self":[{"href":"https:\/\/www.boemia-aroma.com\/hu\/wp-json\/wp\/v2\/product\/23252","targetHints":{"allow":["GET"]}}],"collection":[{"href":"https:\/\/www.boemia-aroma.com\/hu\/wp-json\/wp\/v2\/product"}],"about":[{"href":"https:\/\/www.boemia-aroma.com\/hu\/wp-json\/wp\/v2\/types\/product"}],"replies":[{"embeddable":true,"href":"https:\/\/www.boemia-aroma.com\/hu\/wp-json\/wp\/v2\/comments?post=23252"}],"version-history":[{"count":0,"href":"https:\/\/www.boemia-aroma.com\/hu\/wp-json\/wp\/v2\/product\/23252\/revisions"}],"wp:featuredmedia":[{"embeddable":true,"href":"https:\/\/www.boemia-aroma.com\/hu\/wp-json\/wp\/v2\/media\/23253"}],"wp:attachment":[{"href":"https:\/\/www.boemia-aroma.com\/hu\/wp-json\/wp\/v2\/media?parent=23252"}],"wp:term":[{"taxonomy":"product_brand","embeddable":true,"href":"https:\/\/www.boemia-aroma.com\/hu\/wp-json\/wp\/v2\/product_brand?post=23252"},{"taxonomy":"product_cat","embeddable":true,"href":"https:\/\/www.boemia-aroma.com\/hu\/wp-json\/wp\/v2\/product_cat?post=23252"},{"taxonomy":"product_tag","embeddable":true,"href":"https:\/\/www.boemia-aroma.com\/hu\/wp-json\/wp\/v2\/product_tag?post=23252"}],"curies":[{"name":"wp","href":"https:\/\/api.w.org\/{rel}","templated":true}]}}