{"id":23245,"date":"2025-07-30T09:00:53","date_gmt":"2025-07-30T07:00:53","guid":{"rendered":"https:\/\/www.boemia-aroma.com\/boutique-boemia\/nem-kategorizalt\/verveine-biologique\/"},"modified":"2026-03-13T09:29:11","modified_gmt":"2026-03-13T08:29:11","slug":"bio-verbena","status":"publish","type":"product","link":"https:\/\/www.boemia-aroma.com\/hu\/boemia-aruhaz\/hidrolatumok-es-viragvizek\/bio-verbena\/","title":{"rendered":"Szerves citrom verbena hidrol\u00e1t"},"content":{"rendered":"\t\t<div data-elementor-type=\"product-post\" data-elementor-id=\"23245\" class=\"elementor elementor-23245 elementor-15264\" data-elementor-post-type=\"product\">\n\t\t\t\t\t\t<section class=\"elementor-section elementor-top-section elementor-element elementor-element-ca564b2 elementor-section-content-middle elementor-section-full_width elementor-section-height-default elementor-section-height-default elementor-invisible\" data-id=\"ca564b2\" data-element_type=\"section\" data-e-type=\"section\" data-settings=\"{&quot;background_background&quot;:&quot;classic&quot;,&quot;shape_divider_top&quot;:&quot;waves&quot;,&quot;shape_divider_top_negative&quot;:&quot;yes&quot;,&quot;animation&quot;:&quot;fadeIn&quot;}\">\n\t\t\t\t\t<div class=\"elementor-shape elementor-shape-top\" aria-hidden=\"true\" data-negative=\"true\">\n\t\t\t<svg xmlns=\"http:\/\/www.w3.org\/2000\/svg\" viewBox=\"0 0 1000 100\" preserveAspectRatio=\"none\">\n\t<path class=\"elementor-shape-fill\" d=\"M790.5,93.1c-59.3-5.3-116.8-18-192.6-50c-29.6-12.7-76.9-31-100.5-35.9c-23.6-4.9-52.6-7.8-75.5-5.3\n\tc-10.2,1.1-22.6,1.4-50.1,7.4c-27.2,6.3-58.2,16.6-79.4,24.7c-41.3,15.9-94.9,21.9-134,22.6C72,58.2,0,25.8,0,25.8V100h1000V65.3\n\tc0,0-51.5,19.4-106.2,25.7C839.5,97,814.1,95.2,790.5,93.1z\"\/>\n<\/svg>\t\t<\/div>\n\t\t\t\t\t<div class=\"elementor-container elementor-column-gap-no\">\n\t\t\t\t\t<div class=\"elementor-column elementor-col-100 elementor-top-column elementor-element elementor-element-caa6287\" data-id=\"caa6287\" data-element_type=\"column\" data-e-type=\"column\">\n\t\t\t<div class=\"elementor-widget-wrap elementor-element-populated\">\n\t\t\t\t\t\t<div class=\"elementor-element elementor-element-c7ec738 animated-slow elementor-invisible elementor-widget elementor-widget-heading\" data-id=\"c7ec738\" data-element_type=\"widget\" data-e-type=\"widget\" data-settings=\"{&quot;_animation&quot;:&quot;fadeIn&quot;}\" data-widget_type=\"heading.default\">\n\t\t\t\t<div class=\"elementor-widget-container\">\n\t\t\t\t\t<h2 class=\"elementor-heading-title elementor-size-default\">Inform\u00e1ci\u00f3k a citromverb\u00e9na-hidrol\u00e1tr\u00f3l<\/h2>\t\t\t\t<\/div>\n\t\t\t\t<\/div>\n\t\t\t\t<div class=\"elementor-element elementor-element-2395605 elementor-widget elementor-widget-spacer\" data-id=\"2395605\" data-element_type=\"widget\" data-e-type=\"widget\" data-widget_type=\"spacer.default\">\n\t\t\t\t<div class=\"elementor-widget-container\">\n\t\t\t\t\t\t\t<div class=\"elementor-spacer\">\n\t\t\t<div class=\"elementor-spacer-inner\"><\/div>\n\t\t<\/div>\n\t\t\t\t\t\t<\/div>\n\t\t\t\t<\/div>\n\t\t\t\t<div class=\"elementor-element elementor-element-3bc099b animated-slow elementor-invisible elementor-widget elementor-widget-text-editor\" data-id=\"3bc099b\" data-element_type=\"widget\" data-e-type=\"widget\" data-settings=\"{&quot;_animation&quot;:&quot;fadeIn&quot;}\" data-widget_type=\"text-editor.default\">\n\t\t\t\t<div class=\"elementor-widget-container\">\n\t\t\t\t\t\t\t\t\t<p>Szab\u00e1lyoz\u00e1si okokb\u00f3l a<strong>Citrom Verbena hidrol\u00e1t <\/strong> <strong data-start=\"151\" data-end=\"189\">tulajdons\u00e1gait \u00e9s hagyom\u00e1nyos felhaszn\u00e1l\u00e1si m\u00f3djait<\/strong> <strong data-start=\"233\" data-end=\"241\">blogunkban<\/strong>, t\u00f6bb k\u00fcl\u00f6n cikkben mutatjuk be. Az al\u00e1bbi linkre kattintva \u00f6n\u00e1ll\u00f3an is megtekintheti \u0151ket.  <span style=\"text-decoration: underline;\">A cikk hamarosan el\u00e9rhet\u0151<\/span><\/p><p>Tov\u00e1bbi cikkek az oldal alj\u00e1n tal\u00e1lhat\u00f3k.<\/p>\t\t\t\t\t\t\t\t<\/div>\n\t\t\t\t<\/div>\n\t\t\t\t\t<\/div>\n\t\t<\/div>\n\t\t\t\t\t<\/div>\n\t\t<\/section>\n\t\t\t\t<section class=\"elementor-section elementor-top-section elementor-element elementor-element-4dda66f elementor-section-content-middle elementor-section-full_width elementor-section-height-default elementor-section-height-default elementor-invisible\" data-id=\"4dda66f\" data-element_type=\"section\" data-e-type=\"section\" data-settings=\"{&quot;background_background&quot;:&quot;classic&quot;,&quot;shape_divider_top&quot;:&quot;waves&quot;,&quot;shape_divider_top_negative&quot;:&quot;yes&quot;,&quot;animation&quot;:&quot;fadeIn&quot;,&quot;shape_divider_bottom&quot;:&quot;waves&quot;}\">\n\t\t\t\t\t<div class=\"elementor-shape elementor-shape-top\" aria-hidden=\"true\" data-negative=\"true\">\n\t\t\t<svg xmlns=\"http:\/\/www.w3.org\/2000\/svg\" viewBox=\"0 0 1000 100\" preserveAspectRatio=\"none\">\n\t<path class=\"elementor-shape-fill\" d=\"M790.5,93.1c-59.3-5.3-116.8-18-192.6-50c-29.6-12.7-76.9-31-100.5-35.9c-23.6-4.9-52.6-7.8-75.5-5.3\n\tc-10.2,1.1-22.6,1.4-50.1,7.4c-27.2,6.3-58.2,16.6-79.4,24.7c-41.3,15.9-94.9,21.9-134,22.6C72,58.2,0,25.8,0,25.8V100h1000V65.3\n\tc0,0-51.5,19.4-106.2,25.7C839.5,97,814.1,95.2,790.5,93.1z\"\/>\n<\/svg>\t\t<\/div>\n\t\t\t\t<div class=\"elementor-shape elementor-shape-bottom\" aria-hidden=\"true\" data-negative=\"false\">\n\t\t\t<svg xmlns=\"http:\/\/www.w3.org\/2000\/svg\" viewBox=\"0 0 1000 100\" preserveAspectRatio=\"none\">\n\t<path class=\"elementor-shape-fill\" d=\"M421.9,6.5c22.6-2.5,51.5,0.4,75.5,5.3c23.6,4.9,70.9,23.5,100.5,35.7c75.8,32.2,133.7,44.5,192.6,49.7\n\tc23.6,2.1,48.7,3.5,103.4-2.5c54.7-6,106.2-25.6,106.2-25.6V0H0v30.3c0,0,72,32.6,158.4,30.5c39.2-0.7,92.8-6.7,134-22.4\n\tc21.2-8.1,52.2-18.2,79.7-24.2C399.3,7.9,411.6,7.5,421.9,6.5z\"\/>\n<\/svg>\t\t<\/div>\n\t\t\t\t\t<div class=\"elementor-container elementor-column-gap-no\">\n\t\t\t\t\t<div class=\"elementor-column elementor-col-100 elementor-top-column elementor-element elementor-element-e8d8475\" data-id=\"e8d8475\" data-element_type=\"column\" data-e-type=\"column\">\n\t\t\t<div class=\"elementor-widget-wrap elementor-element-populated\">\n\t\t\t\t\t\t<div class=\"elementor-element elementor-element-0375994 elementor-widget elementor-widget-toggle\" data-id=\"0375994\" data-element_type=\"widget\" data-e-type=\"widget\" data-widget_type=\"toggle.default\">\n\t\t\t\t<div class=\"elementor-widget-container\">\n\t\t\t\t\t\t\t<div class=\"elementor-toggle\">\n\t\t\t\t\t\t\t<div class=\"elementor-toggle-item\">\n\t\t\t\t\t<h2 id=\"elementor-tab-title-3621\" class=\"elementor-tab-title\" data-tab=\"1\" role=\"button\" aria-controls=\"elementor-tab-content-3621\" aria-expanded=\"false\">\n\t\t\t\t\t\t\t\t\t\t\t\t<span class=\"elementor-toggle-icon elementor-toggle-icon-right\" aria-hidden=\"true\">\n\t\t\t\t\t\t\t\t\t\t\t\t\t\t\t<span class=\"elementor-toggle-icon-closed\"><i class=\"far fa-caret-square-down\"><\/i><\/span>\n\t\t\t\t\t\t\t\t<span class=\"elementor-toggle-icon-opened\"><i class=\"elementor-toggle-icon-opened fas fa-caret-up\"><\/i><\/span>\n\t\t\t\t\t\t\t\t\t\t\t\t\t<\/span>\n\t\t\t\t\t\t\t\t\t\t\t\t<a class=\"elementor-toggle-title\" tabindex=\"0\">A Lemon Verbena hydrolate le\u00edr\u00e1sa<\/a>\n\t\t\t\t\t<\/h2>\n\n\t\t\t\t\t<div id=\"elementor-tab-content-3621\" class=\"elementor-tab-content elementor-clearfix\" data-tab=\"1\" role=\"region\" aria-labelledby=\"elementor-tab-title-3621\"><p data-start=\"240\" data-end=\"632\"><strong>A citromos verb\u00e9na hidrol<\/strong> (Aloysia citriodora) egy <strong>k\u00f6nny\u0171, l\u00e9gies vir\u00e1gos v\u00edz<\/strong>, amely friss, termesztett verb\u00e9nalevelek lass\u00fa lep\u00e1rl\u00e1s\u00e1b\u00f3l k\u00e9sz\u00fcl. L\u00e1gy, enyh\u00e9n \u00e9des, citromos illata az es\u0151 ut\u00e1ni ny\u00e1ri kert frissess\u00e9g\u00e9t id\u00e9zi, \u00e9s <strong>nyugodt pihen\u00e9sre invit\u00e1l<\/strong>. <\/p>\n<p data-start=\"634\" data-end=\"1024\">Nyugtat\u00f3 k\u00f6dk\u00e9nt vagy tonikk\u00e9nt, illetve egy f\u0151zet vagy desszert illatos\u00edt\u00e1s\u00e1ra haszn\u00e1lva finom jelenl\u00e9te minden pillanatot feldob. A Bo\u00e8mi\u00e1n\u00e1l a verb\u00e9n\u00e1t alacsony nyom\u00e1son \u00e9s alacsony h\u0151m\u00e9rs\u00e9kleten desztill\u00e1ljuk, hogy meg\u0151rizz\u00fck a legfinomabb ill\u00f3anyagokat. <strong>Ez egy ritka hidrol, amely egyszerre \u00e9rz\u00e9kletes \u00e9s hiteles.<\/strong> <\/p>\n<p data-start=\"292\" data-end=\"641\"><a href=\"https:\/\/www.boemia-aroma.com\/boutique\/eaux-florales-hydrolats\/\">Bio hidrolitjainkat<\/a> megtal\u00e1lja \u00fczlet\u00fcnkben<\/p>\n<\/div>\n\t\t\t\t<\/div>\n\t\t\t\t\t\t\t<div class=\"elementor-toggle-item\">\n\t\t\t\t\t<h2 id=\"elementor-tab-title-3622\" class=\"elementor-tab-title\" data-tab=\"2\" role=\"button\" aria-controls=\"elementor-tab-content-3622\" aria-expanded=\"false\">\n\t\t\t\t\t\t\t\t\t\t\t\t<span class=\"elementor-toggle-icon elementor-toggle-icon-right\" aria-hidden=\"true\">\n\t\t\t\t\t\t\t\t\t\t\t\t\t\t\t<span class=\"elementor-toggle-icon-closed\"><i class=\"far fa-caret-square-down\"><\/i><\/span>\n\t\t\t\t\t\t\t\t<span class=\"elementor-toggle-icon-opened\"><i class=\"elementor-toggle-icon-opened fas fa-caret-up\"><\/i><\/span>\n\t\t\t\t\t\t\t\t\t\t\t\t\t<\/span>\n\t\t\t\t\t\t\t\t\t\t\t\t<a class=\"elementor-toggle-title\" tabindex=\"0\">A citromverb\u00e9na n\u00f6v\u00e9nyszer\u0171 eleganci\u00e1ja<\/a>\n\t\t\t\t\t<\/h2>\n\n\t\t\t\t\t<div id=\"elementor-tab-content-3622\" class=\"elementor-tab-content elementor-clearfix\" data-tab=\"2\" role=\"region\" aria-labelledby=\"elementor-tab-title-3622\"><p data-start=\"1026\" data-end=\"1400\">A nyugalom \u00e9s a frissess\u00e9g szimb\u00f3luma, a <strong>citromverb\u00e9na<\/strong> \u00e9rt\u00e9kes n\u00f6v\u00e9ny, amelyet \u00e9vsz\u00e1zadok \u00f3ta becs\u00fclnek egyed\u00fcl\u00e1ll\u00f3 citromos illata \u00e9s nyugtat\u00f3 tulajdons\u00e1gai miatt. Az ill\u00f3olajokkal \u00f6sszehasonl\u00edtva gyakran figyelmen k\u00edv\u00fcl hagyott <strong>hidrolja<\/strong> finom <strong>, gazdag illat\u00fa<\/strong>, k\u00f6nny\u0171, szinte selymes jegyekkel. <\/p>\n<p data-start=\"1402\" data-end=\"1661\">A Bo\u00e8mi\u00e1n\u00e1l minden egyes t\u00e9tel verb\u00e9n\u00e1t a term\u00e9szetes ciklusoknak megfelel\u0151en desztill\u00e1lnak. Ez a k\u00e9zm\u0171ves megk\u00f6zel\u00edt\u00e9s adja <strong>hidroszolunk vibr\u00e1l\u00f3 min\u0151s\u00e9g\u00e9t<\/strong>, amely h\u0171en reproduk\u00e1lja a n\u00f6v\u00e9ny napf\u00e9nyes frissess\u00e9g\u00e9t. <\/p>\n<\/div>\n\t\t\t\t<\/div>\n\t\t\t\t\t\t\t<div class=\"elementor-toggle-item\">\n\t\t\t\t\t<h2 id=\"elementor-tab-title-3623\" class=\"elementor-tab-title\" data-tab=\"3\" role=\"button\" aria-controls=\"elementor-tab-content-3623\" aria-expanded=\"false\">\n\t\t\t\t\t\t\t\t\t\t\t\t<span class=\"elementor-toggle-icon elementor-toggle-icon-right\" aria-hidden=\"true\">\n\t\t\t\t\t\t\t\t\t\t\t\t\t\t\t<span class=\"elementor-toggle-icon-closed\"><i class=\"far fa-caret-square-down\"><\/i><\/span>\n\t\t\t\t\t\t\t\t<span class=\"elementor-toggle-icon-opened\"><i class=\"elementor-toggle-icon-opened fas fa-caret-up\"><\/i><\/span>\n\t\t\t\t\t\t\t\t\t\t\t\t\t<\/span>\n\t\t\t\t\t\t\t\t\t\t\t\t<a class=\"elementor-toggle-title\" tabindex=\"0\">Sokoldal\u00fa, \u00e9rz\u00e9ki citrom verb\u00e9na hidroszol<\/a>\n\t\t\t\t\t<\/h2>\n\n\t\t\t\t\t<div id=\"elementor-tab-content-3623\" class=\"elementor-tab-content elementor-clearfix\" data-tab=\"3\" role=\"region\" aria-labelledby=\"elementor-tab-title-3623\"><p data-start=\"1663\" data-end=\"2134\">A hagyom\u00e1nyosan az elme megnyugtat\u00e1s\u00e1ra \u00e9s a b\u0151r felfriss\u00edt\u00e9s\u00e9re haszn\u00e1lt<strong>citromverb\u00e9na-hidroszol<\/strong> felhaszn\u00e1lhat\u00f3 kozmetikumokban, a f\u0151z\u00e9sben \u00e9s a csal\u00e1di aromater\u00e1pi\u00e1ban. Haszn\u00e1lja p\u00e1rnap\u00e1r\u00e1s\u00edt\u00f3k\u00e9nt, hogy seg\u00edtsen elaludni. A b\u0151rre f\u00fajva toniz\u00e1lja \u00e9s felfriss\u00edti a f\u00e1radt vagy \u00e9rz\u00e9keny b\u0151rt. A konyh\u00e1ban n\u00e9h\u00e1ny csepp el\u00e9g a friss v\u00edz, a gy\u00fcm\u00f6lcssal\u00e1ta vagy a s\u00fctem\u00e9nyek illatos\u00edt\u00e1s\u00e1hoz.   <\/p>\n<p data-start=\"2136\" data-end=\"2258\"><strong>Ez egy olyan vir\u00e1gos v\u00edz, amely egyes\u00edti az \u00e9rz\u00e9kek \u00e9lvezet\u00e9t \u00e9s a n\u00f6v\u00e9ny ir\u00e1nti tiszteletet, megtestes\u00edtve a n\u00f6v\u00e9nyi szel\u00edds\u00e9g l\u00e9nyeg\u00e9t<\/strong>.<\/p>\n<\/div>\n\t\t\t\t<\/div>\n\t\t\t\t\t\t\t<div class=\"elementor-toggle-item\">\n\t\t\t\t\t<h2 id=\"elementor-tab-title-3624\" class=\"elementor-tab-title\" data-tab=\"4\" role=\"button\" aria-controls=\"elementor-tab-content-3624\" aria-expanded=\"false\">\n\t\t\t\t\t\t\t\t\t\t\t\t<span class=\"elementor-toggle-icon elementor-toggle-icon-right\" aria-hidden=\"true\">\n\t\t\t\t\t\t\t\t\t\t\t\t\t\t\t<span class=\"elementor-toggle-icon-closed\"><i class=\"far fa-caret-square-down\"><\/i><\/span>\n\t\t\t\t\t\t\t\t<span class=\"elementor-toggle-icon-opened\"><i class=\"elementor-toggle-icon-opened fas fa-caret-up\"><\/i><\/span>\n\t\t\t\t\t\t\t\t\t\t\t\t\t<\/span>\n\t\t\t\t\t\t\t\t\t\t\t\t<a class=\"elementor-toggle-title\" tabindex=\"0\">\u00d3vint\u00e9zked\u00e9sek a citromverb\u00e9na-hidrol\u00e1t alkalmaz\u00e1s\u00e1val kapcsolatban<\/a>\n\t\t\t\t\t<\/h2>\n\n\t\t\t\t\t<div id=\"elementor-tab-content-3624\" class=\"elementor-tab-content elementor-clearfix\" data-tab=\"4\" role=\"region\" aria-labelledby=\"elementor-tab-title-3624\"><ul>\n<li>Tartsa az \u00fcveget szorosan lez\u00e1rva, f\u00e9nyt\u0151l \u00e9s h\u0151t\u0151l t\u00e1vol.<\/li>\n<li>Gyermekek el\u0151l elz\u00e1rva tartand\u00f3.<\/li>\n<\/ul>\n<\/div>\n\t\t\t\t<\/div>\n\t\t\t\t\t\t\t\t<\/div>\n\t\t\t\t\t\t<\/div>\n\t\t\t\t<\/div>\n\t\t\t\t\t<\/div>\n\t\t<\/div>\n\t\t\t\t\t<\/div>\n\t\t<\/section>\n\t\t\t\t<section class=\"elementor-section elementor-top-section elementor-element elementor-element-08d8410 elementor-section-content-middle elementor-section-full_width elementor-section-height-default elementor-section-height-default elementor-invisible\" data-id=\"08d8410\" data-element_type=\"section\" data-e-type=\"section\" data-settings=\"{&quot;background_background&quot;:&quot;classic&quot;,&quot;shape_divider_top&quot;:&quot;waves&quot;,&quot;shape_divider_top_negative&quot;:&quot;yes&quot;,&quot;animation&quot;:&quot;fadeIn&quot;}\">\n\t\t\t\t\t<div class=\"elementor-shape elementor-shape-top\" aria-hidden=\"true\" data-negative=\"true\">\n\t\t\t<svg xmlns=\"http:\/\/www.w3.org\/2000\/svg\" viewBox=\"0 0 1000 100\" preserveAspectRatio=\"none\">\n\t<path class=\"elementor-shape-fill\" d=\"M790.5,93.1c-59.3-5.3-116.8-18-192.6-50c-29.6-12.7-76.9-31-100.5-35.9c-23.6-4.9-52.6-7.8-75.5-5.3\n\tc-10.2,1.1-22.6,1.4-50.1,7.4c-27.2,6.3-58.2,16.6-79.4,24.7c-41.3,15.9-94.9,21.9-134,22.6C72,58.2,0,25.8,0,25.8V100h1000V65.3\n\tc0,0-51.5,19.4-106.2,25.7C839.5,97,814.1,95.2,790.5,93.1z\"\/>\n<\/svg>\t\t<\/div>\n\t\t\t\t\t<div class=\"elementor-container elementor-column-gap-no\">\n\t\t\t\t\t<div class=\"elementor-column elementor-col-100 elementor-top-column elementor-element elementor-element-2124a3b\" data-id=\"2124a3b\" data-element_type=\"column\" data-e-type=\"column\">\n\t\t\t<div class=\"elementor-widget-wrap elementor-element-populated\">\n\t\t\t\t\t\t<div class=\"elementor-element elementor-element-27f5241 elementor-widget elementor-widget-spacer\" data-id=\"27f5241\" data-element_type=\"widget\" data-e-type=\"widget\" data-widget_type=\"spacer.default\">\n\t\t\t\t<div class=\"elementor-widget-container\">\n\t\t\t\t\t\t\t<div class=\"elementor-spacer\">\n\t\t\t<div class=\"elementor-spacer-inner\"><\/div>\n\t\t<\/div>\n\t\t\t\t\t\t<\/div>\n\t\t\t\t<\/div>\n\t\t\t\t<div class=\"elementor-element elementor-element-2256be4 elementor-widget elementor-widget-heading\" data-id=\"2256be4\" data-element_type=\"widget\" data-e-type=\"widget\" data-widget_type=\"heading.default\">\n\t\t\t\t<div class=\"elementor-widget-container\">\n\t\t\t\t\t<h3 class=\"elementor-heading-title elementor-size-default\">Felel\u0151ss\u00e9gi nyilatkozat A citromverb\u00e9na hagyom\u00e1nyos felhaszn\u00e1l\u00e1sa<\/h3>\t\t\t\t<\/div>\n\t\t\t\t<\/div>\n\t\t\t\t<div class=\"elementor-element elementor-element-4131448 elementor-widget elementor-widget-text-editor\" data-id=\"4131448\" data-element_type=\"widget\" data-e-type=\"widget\" data-widget_type=\"text-editor.default\">\n\t\t\t\t<div class=\"elementor-widget-container\">\n\t\t\t\t\t\t\t\t\t<p><em>Az itt le\u00edrt hagyom\u00e1nyos felhaszn\u00e1l\u00e1si m\u00f3dok a k\u00fcl\u00f6nb\u00f6z\u0151 civiliz\u00e1ci\u00f3k t\u00f6rt\u00e9nelmi \u00e9s kultur\u00e1lis gyakorlat\u00e1n alapulnak. Ez az inform\u00e1ci\u00f3 kiz\u00e1r\u00f3lag oktat\u00e1si \u00e9s t\u00e1j\u00e9koztat\u00e1si c\u00e9lokat szolg\u00e1l. Nem c\u00e9lja semmilyen betegs\u00e9g diagnosztiz\u00e1l\u00e1sa, kezel\u00e9se, gy\u00f3gy\u00edt\u00e1sa vagy megel\u0151z\u00e9se. Ezeket a kijelent\u00e9seket semmilyen orvosi hat\u00f3s\u00e1g nem \u00e9rt\u00e9kelte. <\/em><em>Mindig javasoljuk, hogy konzult\u00e1ljon k\u00e9pzett eg\u00e9szs\u00e9g\u00fcgyi szakemberrel, miel\u0151tt eg\u00e9szs\u00e9g\u00fcgyi okokb\u00f3l ill\u00f3olajokat haszn\u00e1lna.<\/em><\/p>\t\t\t\t\t\t\t\t<\/div>\n\t\t\t\t<\/div>\n\t\t\t\t<div class=\"elementor-element elementor-element-af3b9d9 elementor-widget elementor-widget-spacer\" data-id=\"af3b9d9\" data-element_type=\"widget\" data-e-type=\"widget\" data-widget_type=\"spacer.default\">\n\t\t\t\t<div class=\"elementor-widget-container\">\n\t\t\t\t\t\t\t<div class=\"elementor-spacer\">\n\t\t\t<div class=\"elementor-spacer-inner\"><\/div>\n\t\t<\/div>\n\t\t\t\t\t\t<\/div>\n\t\t\t\t<\/div>\n\t\t\t\t\t<\/div>\n\t\t<\/div>\n\t\t\t\t\t<\/div>\n\t\t<\/section>\n\t\t\t\t<section class=\"elementor-section elementor-top-section elementor-element elementor-element-415e52b elementor-section-boxed elementor-section-height-default elementor-section-height-default\" data-id=\"415e52b\" data-element_type=\"section\" data-e-type=\"section\">\n\t\t\t\t\t\t<div class=\"elementor-container elementor-column-gap-default\">\n\t\t\t\t\t<div class=\"elementor-column elementor-col-100 elementor-top-column elementor-element elementor-element-163c4fc\" data-id=\"163c4fc\" data-element_type=\"column\" data-e-type=\"column\">\n\t\t\t<div class=\"elementor-widget-wrap elementor-element-populated\">\n\t\t\t\t\t\t<div class=\"elementor-element elementor-element-b06c2bc arrows-relative-to-box_area slider-layout_1 slider-tablet-default slider-mobile-default slide-h-position-center bullets-small-dot-stroke elementor-widget elementor-widget-the7_content_carousel\" data-id=\"b06c2bc\" data-element_type=\"widget\" data-e-type=\"widget\" data-settings=\"{&quot;widget_columns&quot;:3,&quot;widget_columns_tablet&quot;:2,&quot;widget_columns_mobile&quot;:1,&quot;gap_between_posts&quot;:{&quot;unit&quot;:&quot;px&quot;,&quot;size&quot;:30,&quot;sizes&quot;:[]},&quot;gap_between_posts_tablet&quot;:{&quot;unit&quot;:&quot;px&quot;,&quot;size&quot;:&quot;&quot;,&quot;sizes&quot;:[]},&quot;gap_between_posts_mobile&quot;:{&quot;unit&quot;:&quot;px&quot;,&quot;size&quot;:&quot;&quot;,&quot;sizes&quot;:[]}}\" data-widget_type=\"the7_content_carousel.default\">\n\t\t\t\t<div class=\"elementor-widget-container\">\n\t\t\t\t\t<div class=\"disable-arrows-hover-bg owl-carousel text-and-icon-carousel elementor-owl-carousel-call the7-elementor-widget the7_content_carousel-b06c2bc quick-scale-img\" data-scroll-mode=\"1\" data-auto-height=\"false\" data-speed=\"600\" data-autoplay=\"false\" data-autoplay_speed=\"\"><div  class=\"dt-owl-item-wrap elements-hover elements-hover\"  ><div class=\"dt-owl-item-inner \"><a href=\"https:\/\/www.boemia-aroma.com\/synergie-huile-essentielle\/\" class=\"dt-owl-item-image layzr-bg img-css-resize-wrapper\"> <img fetchpriority=\"high\" decoding=\"async\" width=\"1500\" height=\"1000\" src=\"data:image\/svg+xml,%3Csvg%20xmlns%3D&#039;http%3A%2F%2Fwww.w3.org%2F2000%2Fsvg&#039;%20viewBox%3D&#039;0%200%201500%201000&#039;%2F%3E\" class=\"attachment-full size-full preload-me aspect lazy lazy-load\" alt=\"ill\u00f3olaj szinergia\" style=\"--ratio: 1500 \/ 1000;\" data-src=\"https:\/\/www.boemia-aroma.com\/wp-content\/uploads\/2025\/06\/Design-sans-titre-23.jpg\" loading=\"eager\" \/><\/a><h4  class=\"dt-owl-item-heading\"><a href=\"https:\/\/www.boemia-aroma.com\/synergie-huile-essentielle\/\">Ill\u00f3olaj szinergi\u00e1k: hogyan haszn\u00e1ljuk \u0151ket megfelel\u0151en, hogyan tervezz\u00fck meg \u00e9s v\u00e1lasszuk ki \u0151ket<\/a><\/h4><a href=\"https:\/\/www.boemia-aroma.com\/synergie-huile-essentielle\/\" class=\"dt-slide-button box-button elementor-button elementor-size-sm\">B\u0151vebben<\/a><\/div><\/div><div  class=\"dt-owl-item-wrap elements-hover elements-hover\"  ><div class=\"dt-owl-item-inner \"><a href=\"https:\/\/www.boemia-aroma.com\/hydrolat-cheveux-soin-naturel-cuir-chevelu\/\" class=\"dt-owl-item-image layzr-bg img-css-resize-wrapper\"> <img decoding=\"async\" width=\"1500\" height=\"1000\" src=\"data:image\/svg+xml,%3Csvg%20xmlns%3D&#039;http%3A%2F%2Fwww.w3.org%2F2000%2Fsvg&#039;%20viewBox%3D&#039;0%200%201500%201000&#039;%2F%3E\" class=\"attachment-full size-full preload-me aspect lazy lazy-load\" alt=\"\" style=\"--ratio: 1500 \/ 1000;\" data-src=\"https:\/\/www.boemia-aroma.com\/wp-content\/uploads\/2025\/03\/hydrolat-cheveux.jpg\" loading=\"eager\" \/><\/a><h4  class=\"dt-owl-item-heading\"><a href=\"https:\/\/www.boemia-aroma.com\/hydrolat-cheveux-soin-naturel-cuir-chevelu\/\">Hajhidrol\u00e1tum: term\u00e9szetes \u00e1pol\u00e1s az eg\u00e9szs\u00e9ges fejb\u0151r\u00e9rt \u00e9s a revitaliz\u00e1lt haj\u00e9rt  <\/a><\/h4><a href=\"https:\/\/www.boemia-aroma.com\/hydrolat-cheveux-soin-naturel-cuir-chevelu\/\" class=\"dt-slide-button box-button elementor-button elementor-size-sm\">B\u0151vebben<\/a><\/div><\/div><div  class=\"dt-owl-item-wrap elements-hover elements-hover\"  ><div class=\"dt-owl-item-inner \"><a href=\"https:\/\/www.boemia-aroma.com\/hydrolat-definition\/\" class=\"dt-owl-item-image layzr-bg img-css-resize-wrapper\"> <img decoding=\"async\" width=\"1536\" height=\"1024\" src=\"data:image\/svg+xml,%3Csvg%20xmlns%3D&#039;http%3A%2F%2Fwww.w3.org%2F2000%2Fsvg&#039;%20viewBox%3D&#039;0%200%201536%201024&#039;%2F%3E\" class=\"attachment-full size-full preload-me aspect lazy lazy-load\" alt=\"meghat\u00e1roz\u00e1s hydrolat\" style=\"--ratio: 1536 \/ 1024;\" data-src=\"https:\/\/www.boemia-aroma.com\/wp-content\/uploads\/2025\/06\/distilaltion-boemia.jpg\" loading=\"eager\" \/><\/a><h4  class=\"dt-owl-item-heading\"><a href=\"https:\/\/www.boemia-aroma.com\/hydrolat-definition\/\">Mi az a hidrol\u00e1t \u00e9s hogyan kell haszn\u00e1lni?  <\/a><\/h4><a href=\"https:\/\/www.boemia-aroma.com\/hydrolat-definition\/\" class=\"dt-slide-button box-button elementor-button elementor-size-sm\">B\u0151vebben<\/a><\/div><\/div><\/div><div class=\"owl-nav disabled\"><div class=\"owl-prev\" role=\"button\" tabindex=\"0\" aria-label=\"Prev slide\"><i class=\"fas fa-chevron-left\"><\/i><\/div><div class=\"owl-next\" role=\"button\" tabindex=\"0\" aria-label=\"Next slide\"><i class=\"fas fa-chevron-right\"><\/i><\/div><\/div>\t\t\t\t<\/div>\n\t\t\t\t<\/div>\n\t\t\t\t\t<\/div>\n\t\t<\/div>\n\t\t\t\t\t<\/div>\n\t\t<\/section>\n\t\t\t\t<\/div>\n\t\t","protected":false},"excerpt":{"rendered":"<p><span data-sheets-value=\"{\"1\":2,\"2\":\"Citrus limon L.\"}\" data-sheets-userformat=\"{\"2\":33567233,\"3\":{\"1\":0},\"12\":0,\"15\":\"Arial\",\"16\":9,\"28\":1}\"><span style=\"color: #ce4e2b;\"><b>Egy vibr\u00e1l\u00f3 illat, amely fel\u00e9breszti az \u00e9rz\u00e9keket \u00e9s megnyugtatja az elm\u00e9t.  <\/b><\/span><\/span><\/p>\n<p><span data-sheets-value=\"{\"1\":2,\"2\":\"Citrus limon L.\"}\" data-sheets-userformat=\"{\"2\":33567233,\"3\":{\"1\":0},\"12\":0,\"15\":\"Arial\",\"16\":9,\"28\":1}\"><i style=\"color: #808080;\">Aloysia citrodora  <\/i><\/span><\/p>\n[dt_gap height=\"10\" \/]\n<p><span style=\"color: #ce4e2b;\">\u2192<\/span> Sz\u00e1rmaz\u00e1s : Franciaorsz\u00e1g<\/p>\n<p><span style=\"color: #ce4e2b;\" data-sheets-value=\"{\"1\":2,\"2\":\"Madagascar\"}\" data-sheets-userformat=\"{\"2\":12803,\"3\":{\"1\":0},\"4\":{\"1\":2,\"2\":16773836},\"12\":0,\"15\":\"Arial\",\"16\":9}\">\u2192 <\/span>Felhaszn\u00e1lt alkatr\u00e9sz: L\u00e9gi alkatr\u00e9szek<\/p>\n<p><span style=\"color: #ce4e2b;\">\u2192<\/span> M\u00f3dszer: G\u0151zzel t\u00f6rt\u00e9n\u0151 extrakci\u00f3<\/p>\n<p><span style=\"color: #ce4e2b;\">\u2192 <\/span>Koncentr\u00e1ci\u00f3: Legal\u00e1bb 1 kg\/1 liter<\/p>\n<p><span style=\"color: #ce4e2b;\">\u2192 Citrom verb\u00e9na hidrol\u00e1tum a Bo\u00e8mia desztill\u00e1ci\u00f3inkb\u00f3l<\/span><\/p>\n<p><span data-sheets-value=\"{\"1\":2,\"2\":\"Extraction \u00e0 la vapeur d'eau\"}\" data-sheets-userformat=\"{\"2\":12803,\"3\":{\"1\":0},\"4\":{\"1\":2,\"2\":16773836},\"12\":0,\"15\":\"Arial\",\"16\":9}\"><span style=\"color: #ce4e2b;\">\u2192 <\/span>Mennyis\u00e9g: 210 ml<\/span><\/p>\n<p><span data-sheets-value=\"{\"1\":2,\"2\":\"Extraction \u00e0 la vapeur d'eau\"}\" data-sheets-userformat=\"{\"2\":12803,\"3\":{\"1\":0},\"4\":{\"1\":2,\"2\":16773836},\"12\":0,\"15\":\"Arial\",\"16\":9}\">Nincs t\u00falcsomagol\u00e1s <span style=\"color: #4d6854;\">\u2205<\/span><\/span><\/p>\n","protected":false},"featured_media":23248,"comment_status":"open","ping_status":"closed","template":"","meta":{"_acf_changed":false},"product_brand":[],"product_cat":[212],"product_tag":[],"class_list":{"0":"post-23245","1":"product","2":"type-product","3":"status-publish","4":"has-post-thumbnail","6":"product_cat-hidrolatumok-es-viragvizek","7":"pa_usage-stressz-es-alvas","9":"first","10":"instock","11":"taxable","12":"shipping-taxable","13":"purchasable","14":"product-type-simple"},"acf":[],"yoast_head":"<!-- This site is optimized with the Yoast SEO plugin v27.4 - https:\/\/yoast.com\/product\/yoast-seo-wordpress\/ -->\n<title>Citrom Verbena Organic Hydrolat 100% k\u00e9zzel k\u00e9sz\u00edtett<\/title>\n<meta name=\"description\" content=\"Ritka bio hidrol, l\u00e1gy, friss citromos arom\u00e1val. K\u00e9zzel desztill\u00e1lt, ide\u00e1lis a nyugalom \u00e9s a szellemi tisztas\u00e1g helyre\u00e1ll\u00edt\u00e1s\u00e1ra.\" \/>\n<meta name=\"robots\" content=\"index, follow, max-snippet:-1, max-image-preview:large, max-video-preview:-1\" \/>\n<link rel=\"canonical\" href=\"https:\/\/www.boemia-aroma.com\/hu\/boemia-aruhaz\/hidrolatumok-es-viragvizek\/bio-verbena\/\" \/>\n<meta property=\"og:locale\" content=\"hu_HU\" \/>\n<meta property=\"og:type\" content=\"article\" \/>\n<meta property=\"og:title\" content=\"Citrom Verbena Organic Hydrolat 100% k\u00e9zzel k\u00e9sz\u00edtett\" \/>\n<meta property=\"og:description\" content=\"Ritka bio hidrol, l\u00e1gy, friss citromos arom\u00e1val. K\u00e9zzel desztill\u00e1lt, ide\u00e1lis a nyugalom \u00e9s a szellemi tisztas\u00e1g helyre\u00e1ll\u00edt\u00e1s\u00e1ra.\" \/>\n<meta property=\"og:url\" content=\"https:\/\/www.boemia-aroma.com\/hu\/boemia-aruhaz\/hidrolatumok-es-viragvizek\/bio-verbena\/\" \/>\n<meta property=\"og:site_name\" content=\"Bo\u00e8mia Aroma\" \/>\n<meta property=\"article:modified_time\" content=\"2026-03-13T08:29:11+00:00\" \/>\n<meta property=\"og:image\" content=\"https:\/\/www.boemia-aroma.com\/wp-content\/uploads\/2024\/10\/verveine-citronnee-1.webp\" \/>\n\t<meta property=\"og:image:width\" content=\"1200\" \/>\n\t<meta property=\"og:image:height\" content=\"1200\" \/>\n\t<meta property=\"og:image:type\" content=\"image\/webp\" \/>\n<meta name=\"twitter:card\" content=\"summary_large_image\" \/>\n<meta name=\"twitter:label1\" content=\"Becs\u00fclt olvas\u00e1si id\u0151\" \/>\n\t<meta name=\"twitter:data1\" content=\"3 perc\" \/>\n<script type=\"application\/ld+json\" class=\"yoast-schema-graph\">{\"@context\":\"https:\\\/\\\/schema.org\",\"@graph\":[{\"@type\":\"WebPage\",\"@id\":\"https:\\\/\\\/www.boemia-aroma.com\\\/hu\\\/boemia-aruhaz\\\/hidrolatumok-es-viragvizek\\\/bio-verbena\\\/\",\"url\":\"https:\\\/\\\/www.boemia-aroma.com\\\/hu\\\/boemia-aruhaz\\\/hidrolatumok-es-viragvizek\\\/bio-verbena\\\/\",\"name\":\"Citrom Verbena Organic Hydrolat 100% k\u00e9zzel k\u00e9sz\u00edtett\",\"isPartOf\":{\"@id\":\"https:\\\/\\\/www.boemia-aroma.com\\\/hu\\\/#website\"},\"primaryImageOfPage\":{\"@id\":\"https:\\\/\\\/www.boemia-aroma.com\\\/hu\\\/boemia-aruhaz\\\/hidrolatumok-es-viragvizek\\\/bio-verbena\\\/#primaryimage\"},\"image\":{\"@id\":\"https:\\\/\\\/www.boemia-aroma.com\\\/hu\\\/boemia-aruhaz\\\/hidrolatumok-es-viragvizek\\\/bio-verbena\\\/#primaryimage\"},\"thumbnailUrl\":\"https:\\\/\\\/www.boemia-aroma.com\\\/wp-content\\\/uploads\\\/2024\\\/10\\\/verveine-citronnee-1.webp\",\"datePublished\":\"2025-07-30T07:00:53+00:00\",\"dateModified\":\"2026-03-13T08:29:11+00:00\",\"description\":\"Ritka bio hidrol, l\u00e1gy, friss citromos arom\u00e1val. K\u00e9zzel desztill\u00e1lt, ide\u00e1lis a nyugalom \u00e9s a szellemi tisztas\u00e1g helyre\u00e1ll\u00edt\u00e1s\u00e1ra.\",\"breadcrumb\":{\"@id\":\"https:\\\/\\\/www.boemia-aroma.com\\\/hu\\\/boemia-aruhaz\\\/hidrolatumok-es-viragvizek\\\/bio-verbena\\\/#breadcrumb\"},\"inLanguage\":\"hu\",\"potentialAction\":[{\"@type\":\"ReadAction\",\"target\":[\"https:\\\/\\\/www.boemia-aroma.com\\\/hu\\\/boemia-aruhaz\\\/hidrolatumok-es-viragvizek\\\/bio-verbena\\\/\"]}]},{\"@type\":\"ImageObject\",\"inLanguage\":\"hu\",\"@id\":\"https:\\\/\\\/www.boemia-aroma.com\\\/hu\\\/boemia-aruhaz\\\/hidrolatumok-es-viragvizek\\\/bio-verbena\\\/#primaryimage\",\"url\":\"https:\\\/\\\/www.boemia-aroma.com\\\/wp-content\\\/uploads\\\/2024\\\/10\\\/verveine-citronnee-1.webp\",\"contentUrl\":\"https:\\\/\\\/www.boemia-aroma.com\\\/wp-content\\\/uploads\\\/2024\\\/10\\\/verveine-citronnee-1.webp\",\"width\":1200,\"height\":1200,\"caption\":\"citrom verb\u00e9na hidroszol\"},{\"@type\":\"BreadcrumbList\",\"@id\":\"https:\\\/\\\/www.boemia-aroma.com\\\/hu\\\/boemia-aruhaz\\\/hidrolatumok-es-viragvizek\\\/bio-verbena\\\/#breadcrumb\",\"itemListElement\":[{\"@type\":\"ListItem\",\"position\":1,\"name\":\"Kezd\u0151lap\",\"item\":\"https:\\\/\\\/www.boemia-aroma.com\\\/hu\\\/\"},{\"@type\":\"ListItem\",\"position\":2,\"name\":\"Boemia \u00c1ruh\u00e1z\",\"item\":\"https:\\\/\\\/www.boemia-aroma.com\\\/hu\\\/boemia-aruhaz\\\/\"},{\"@type\":\"ListItem\",\"position\":3,\"name\":\"Szerves citrom verbena hidrol\u00e1t\"}]},{\"@type\":\"WebSite\",\"@id\":\"https:\\\/\\\/www.boemia-aroma.com\\\/hu\\\/#website\",\"url\":\"https:\\\/\\\/www.boemia-aroma.com\\\/hu\\\/\",\"name\":\"Bo\u00e8mia Aroma\",\"description\":\"\",\"publisher\":{\"@id\":\"https:\\\/\\\/www.boemia-aroma.com\\\/hu\\\/#organization\"},\"alternateName\":\"Bo\u00e8mia Aroma\",\"potentialAction\":[{\"@type\":\"SearchAction\",\"target\":{\"@type\":\"EntryPoint\",\"urlTemplate\":\"https:\\\/\\\/www.boemia-aroma.com\\\/hu\\\/?s={search_term_string}\"},\"query-input\":{\"@type\":\"PropertyValueSpecification\",\"valueRequired\":true,\"valueName\":\"search_term_string\"}}],\"inLanguage\":\"hu\"},{\"@type\":\"Organization\",\"@id\":\"https:\\\/\\\/www.boemia-aroma.com\\\/hu\\\/#organization\",\"name\":\"Bo\u00e8mia Aroma\",\"url\":\"https:\\\/\\\/www.boemia-aroma.com\\\/hu\\\/\",\"logo\":{\"@type\":\"ImageObject\",\"inLanguage\":\"hu\",\"@id\":\"https:\\\/\\\/www.boemia-aroma.com\\\/hu\\\/#\\\/schema\\\/logo\\\/image\\\/\",\"url\":\"https:\\\/\\\/www.boemia-aroma.com\\\/wp-content\\\/uploads\\\/2023\\\/07\\\/logo-boemia-aroma.png\",\"contentUrl\":\"https:\\\/\\\/www.boemia-aroma.com\\\/wp-content\\\/uploads\\\/2023\\\/07\\\/logo-boemia-aroma.png\",\"width\":300,\"height\":176,\"caption\":\"Bo\u00e8mia Aroma\"},\"image\":{\"@id\":\"https:\\\/\\\/www.boemia-aroma.com\\\/hu\\\/#\\\/schema\\\/logo\\\/image\\\/\"}}]}<\/script>\n<!-- \/ Yoast SEO plugin. -->","yoast_head_json":{"title":"Citrom Verbena Organic Hydrolat 100% k\u00e9zzel k\u00e9sz\u00edtett","description":"Ritka bio hidrol, l\u00e1gy, friss citromos arom\u00e1val. K\u00e9zzel desztill\u00e1lt, ide\u00e1lis a nyugalom \u00e9s a szellemi tisztas\u00e1g helyre\u00e1ll\u00edt\u00e1s\u00e1ra.","robots":{"index":"index","follow":"follow","max-snippet":"max-snippet:-1","max-image-preview":"max-image-preview:large","max-video-preview":"max-video-preview:-1"},"canonical":"https:\/\/www.boemia-aroma.com\/hu\/boemia-aruhaz\/hidrolatumok-es-viragvizek\/bio-verbena\/","og_locale":"hu_HU","og_type":"article","og_title":"Citrom Verbena Organic Hydrolat 100% k\u00e9zzel k\u00e9sz\u00edtett","og_description":"Ritka bio hidrol, l\u00e1gy, friss citromos arom\u00e1val. K\u00e9zzel desztill\u00e1lt, ide\u00e1lis a nyugalom \u00e9s a szellemi tisztas\u00e1g helyre\u00e1ll\u00edt\u00e1s\u00e1ra.","og_url":"https:\/\/www.boemia-aroma.com\/hu\/boemia-aruhaz\/hidrolatumok-es-viragvizek\/bio-verbena\/","og_site_name":"Bo\u00e8mia Aroma","article_modified_time":"2026-03-13T08:29:11+00:00","og_image":[{"width":1200,"height":1200,"url":"https:\/\/www.boemia-aroma.com\/wp-content\/uploads\/2024\/10\/verveine-citronnee-1.webp","type":"image\/webp"}],"twitter_card":"summary_large_image","twitter_misc":{"Becs\u00fclt olvas\u00e1si id\u0151":"3 perc"},"schema":{"@context":"https:\/\/schema.org","@graph":[{"@type":"WebPage","@id":"https:\/\/www.boemia-aroma.com\/hu\/boemia-aruhaz\/hidrolatumok-es-viragvizek\/bio-verbena\/","url":"https:\/\/www.boemia-aroma.com\/hu\/boemia-aruhaz\/hidrolatumok-es-viragvizek\/bio-verbena\/","name":"Citrom Verbena Organic Hydrolat 100% k\u00e9zzel k\u00e9sz\u00edtett","isPartOf":{"@id":"https:\/\/www.boemia-aroma.com\/hu\/#website"},"primaryImageOfPage":{"@id":"https:\/\/www.boemia-aroma.com\/hu\/boemia-aruhaz\/hidrolatumok-es-viragvizek\/bio-verbena\/#primaryimage"},"image":{"@id":"https:\/\/www.boemia-aroma.com\/hu\/boemia-aruhaz\/hidrolatumok-es-viragvizek\/bio-verbena\/#primaryimage"},"thumbnailUrl":"https:\/\/www.boemia-aroma.com\/wp-content\/uploads\/2024\/10\/verveine-citronnee-1.webp","datePublished":"2025-07-30T07:00:53+00:00","dateModified":"2026-03-13T08:29:11+00:00","description":"Ritka bio hidrol, l\u00e1gy, friss citromos arom\u00e1val. K\u00e9zzel desztill\u00e1lt, ide\u00e1lis a nyugalom \u00e9s a szellemi tisztas\u00e1g helyre\u00e1ll\u00edt\u00e1s\u00e1ra.","breadcrumb":{"@id":"https:\/\/www.boemia-aroma.com\/hu\/boemia-aruhaz\/hidrolatumok-es-viragvizek\/bio-verbena\/#breadcrumb"},"inLanguage":"hu","potentialAction":[{"@type":"ReadAction","target":["https:\/\/www.boemia-aroma.com\/hu\/boemia-aruhaz\/hidrolatumok-es-viragvizek\/bio-verbena\/"]}]},{"@type":"ImageObject","inLanguage":"hu","@id":"https:\/\/www.boemia-aroma.com\/hu\/boemia-aruhaz\/hidrolatumok-es-viragvizek\/bio-verbena\/#primaryimage","url":"https:\/\/www.boemia-aroma.com\/wp-content\/uploads\/2024\/10\/verveine-citronnee-1.webp","contentUrl":"https:\/\/www.boemia-aroma.com\/wp-content\/uploads\/2024\/10\/verveine-citronnee-1.webp","width":1200,"height":1200,"caption":"citrom verb\u00e9na hidroszol"},{"@type":"BreadcrumbList","@id":"https:\/\/www.boemia-aroma.com\/hu\/boemia-aruhaz\/hidrolatumok-es-viragvizek\/bio-verbena\/#breadcrumb","itemListElement":[{"@type":"ListItem","position":1,"name":"Kezd\u0151lap","item":"https:\/\/www.boemia-aroma.com\/hu\/"},{"@type":"ListItem","position":2,"name":"Boemia \u00c1ruh\u00e1z","item":"https:\/\/www.boemia-aroma.com\/hu\/boemia-aruhaz\/"},{"@type":"ListItem","position":3,"name":"Szerves citrom verbena hidrol\u00e1t"}]},{"@type":"WebSite","@id":"https:\/\/www.boemia-aroma.com\/hu\/#website","url":"https:\/\/www.boemia-aroma.com\/hu\/","name":"Bo\u00e8mia Aroma","description":"","publisher":{"@id":"https:\/\/www.boemia-aroma.com\/hu\/#organization"},"alternateName":"Bo\u00e8mia Aroma","potentialAction":[{"@type":"SearchAction","target":{"@type":"EntryPoint","urlTemplate":"https:\/\/www.boemia-aroma.com\/hu\/?s={search_term_string}"},"query-input":{"@type":"PropertyValueSpecification","valueRequired":true,"valueName":"search_term_string"}}],"inLanguage":"hu"},{"@type":"Organization","@id":"https:\/\/www.boemia-aroma.com\/hu\/#organization","name":"Bo\u00e8mia Aroma","url":"https:\/\/www.boemia-aroma.com\/hu\/","logo":{"@type":"ImageObject","inLanguage":"hu","@id":"https:\/\/www.boemia-aroma.com\/hu\/#\/schema\/logo\/image\/","url":"https:\/\/www.boemia-aroma.com\/wp-content\/uploads\/2023\/07\/logo-boemia-aroma.png","contentUrl":"https:\/\/www.boemia-aroma.com\/wp-content\/uploads\/2023\/07\/logo-boemia-aroma.png","width":300,"height":176,"caption":"Bo\u00e8mia Aroma"},"image":{"@id":"https:\/\/www.boemia-aroma.com\/hu\/#\/schema\/logo\/image\/"}}]}},"_links":{"self":[{"href":"https:\/\/www.boemia-aroma.com\/hu\/wp-json\/wp\/v2\/product\/23245","targetHints":{"allow":["GET"]}}],"collection":[{"href":"https:\/\/www.boemia-aroma.com\/hu\/wp-json\/wp\/v2\/product"}],"about":[{"href":"https:\/\/www.boemia-aroma.com\/hu\/wp-json\/wp\/v2\/types\/product"}],"replies":[{"embeddable":true,"href":"https:\/\/www.boemia-aroma.com\/hu\/wp-json\/wp\/v2\/comments?post=23245"}],"version-history":[{"count":0,"href":"https:\/\/www.boemia-aroma.com\/hu\/wp-json\/wp\/v2\/product\/23245\/revisions"}],"wp:featuredmedia":[{"embeddable":true,"href":"https:\/\/www.boemia-aroma.com\/hu\/wp-json\/wp\/v2\/media\/23248"}],"wp:attachment":[{"href":"https:\/\/www.boemia-aroma.com\/hu\/wp-json\/wp\/v2\/media?parent=23245"}],"wp:term":[{"taxonomy":"product_brand","embeddable":true,"href":"https:\/\/www.boemia-aroma.com\/hu\/wp-json\/wp\/v2\/product_brand?post=23245"},{"taxonomy":"product_cat","embeddable":true,"href":"https:\/\/www.boemia-aroma.com\/hu\/wp-json\/wp\/v2\/product_cat?post=23245"},{"taxonomy":"product_tag","embeddable":true,"href":"https:\/\/www.boemia-aroma.com\/hu\/wp-json\/wp\/v2\/product_tag?post=23245"}],"curies":[{"name":"wp","href":"https:\/\/api.w.org\/{rel}","templated":true}]}}