{"id":23218,"date":"2025-04-28T19:34:16","date_gmt":"2025-04-28T17:34:16","guid":{"rendered":"https:\/\/www.boemia-aroma.com\/boutique-boemia\/nem-kategorizalt\/devenez-distillateur-le-temps-dune-journee-chez-boemia\/"},"modified":"2026-03-12T20:24:31","modified_gmt":"2026-03-12T19:24:31","slug":"legyen-szeszfozo-egy-napra-boemiaban","status":"publish","type":"product","link":"https:\/\/www.boemia-aroma.com\/hu\/boemia-aruhaz\/muhelyek-es-kepzes\/legyen-szeszfozo-egy-napra-boemiaban\/","title":{"rendered":"Legyen szeszf\u0151z\u0151 egy napra Bo\u00e8mi\u00e1ban"},"content":{"rendered":"\t\t<div data-elementor-type=\"product-post\" data-elementor-id=\"23218\" class=\"elementor elementor-23218 elementor-17468\" data-elementor-post-type=\"product\">\n\t\t\t\t\t\t<section class=\"elementor-section elementor-top-section elementor-element elementor-element-90b3397 elementor-reverse-mobile elementor-section-full_width elementor-section-height-default elementor-section-height-default\" data-id=\"90b3397\" data-element_type=\"section\" data-e-type=\"section\" data-settings=\"{&quot;background_background&quot;:&quot;classic&quot;}\">\n\t\t\t\t\t\t\t<div class=\"elementor-background-overlay\"><\/div>\n\t\t\t\t\t\t\t<div class=\"elementor-container elementor-column-gap-wider\">\n\t\t\t\t\t<div class=\"elementor-column elementor-col-50 elementor-top-column elementor-element elementor-element-17a4baf\" data-id=\"17a4baf\" data-element_type=\"column\" data-e-type=\"column\">\n\t\t\t<div class=\"elementor-widget-wrap elementor-element-populated\">\n\t\t\t\t\t\t<div class=\"elementor-element elementor-element-9d7e5c3 animated-slow elementor-invisible elementor-widget elementor-widget-heading\" data-id=\"9d7e5c3\" data-element_type=\"widget\" data-e-type=\"widget\" data-settings=\"{&quot;_animation&quot;:&quot;fadeInUp&quot;}\" data-widget_type=\"heading.default\">\n\t\t\t\t<div class=\"elementor-widget-container\">\n\t\t\t\t\t<h2 class=\"elementor-heading-title elementor-size-default\">\ud83c\udf3f Egyed\u00fcl\u00e1ll\u00f3 nap a lep\u00e1rl\u00e1s m\u0171v\u00e9szet\u00e9nek felfedez\u00e9s\u00e9re a Bo\u00e8mia lep\u00e1rl\u00f3\u00fczem sz\u00edv\u00e9ben.<\/h2>\t\t\t\t<\/div>\n\t\t\t\t<\/div>\n\t\t\t\t<div class=\"elementor-element elementor-element-63b25dd elementor-widget elementor-widget-spacer\" data-id=\"63b25dd\" data-element_type=\"widget\" data-e-type=\"widget\" data-widget_type=\"spacer.default\">\n\t\t\t\t<div class=\"elementor-widget-container\">\n\t\t\t\t\t\t\t<div class=\"elementor-spacer\">\n\t\t\t<div class=\"elementor-spacer-inner\"><\/div>\n\t\t<\/div>\n\t\t\t\t\t\t<\/div>\n\t\t\t\t<\/div>\n\t\t\t\t<div class=\"elementor-element elementor-element-466c717 elementor-widget elementor-widget-text-editor\" data-id=\"466c717\" data-element_type=\"widget\" data-e-type=\"widget\" data-widget_type=\"text-editor.default\">\n\t\t\t\t<div class=\"elementor-widget-container\">\n\t\t\t\t\t\t\t\t\t<p>Ismerje meg az aroman\u00f6v\u00e9nyek lep\u00e1rl\u00e1s\u00e1nak m\u0171v\u00e9szet\u00e9t, \u00e9s ismerje meg az ill\u00f3olajok el\u0151\u00e1ll\u00edt\u00e1s\u00e1nak l\u00e9nyeg\u00e9t Julien-nel, az <strong>aroman\u00f6v\u00e9nyek \u00e9s gy\u00f3gyn\u00f6v\u00e9nyek<\/strong> sz\u00fcretel\u00e9s\u00e9nek \u00e9s <strong>lep\u00e1rl\u00e1s\u00e1nak<\/strong> szak\u00e9rt\u0151j\u00e9vel.<\/p><p data-start=\"886\" data-end=\"1092\">\u00d6tletet keres egy<strong data-start=\"886\" data-end=\"1090\">Aude-i tev\u00e9kenys\u00e9gre <\/strong>, vagy azon gondolkodik<strong data-start=\"886\" data-end=\"1090\">, hogy mit csin\u00e1ljon ma Aude-ban? <\/strong>Ez a ritka \u00e9s autentikus workshop t\u00f6k\u00e9letes tev\u00e9kenys\u00e9g \u00d6nnek, a partner\u00e9nek vagy a csal\u00e1dj\u00e1nak.<\/p><p data-start=\"1099\" data-end=\"1305\">A term\u00e9szet, a gy\u00f3gyn\u00f6v\u00e9nyek \u00e9s a helyi \u00e9lm\u00e9nyek kedvel\u0151inek aj\u00e1nljuk ezt az \u00e9lm\u00e9nyt, amely t\u00f6k\u00e9letesen kieg\u00e9sz\u00edti <strong data-start=\"1242\" data-end=\"1266\">az Aude-i turizmust<\/strong>, \u00f6tv\u00f6zve a know-how-t \u00e9s az emberi megoszt\u00e1st.<\/p><p>6 \u00f3r\u00e1n kereszt\u00fcl Julien megosztja \u00d6nnel a <strong>lep\u00e1rl\u00e1ssal<\/strong> kapcsolatos ismereteit egy meleg, term\u00e9szetes k\u00f6rnyezetben, elmer\u00fclve az <strong>Aude r\u00e9gi\u00f3ban tal\u00e1lhat\u00f3 lep\u00e1rl\u00f3\u00fczem<\/strong> sz\u00edv\u00e9ben.<\/p><p>A d\u00e9lel\u0151tt egy <strong>vezetett botanikai s\u00e9t\u00e1val<\/strong> kezd\u0151dik: felh\u00edv\u00e1s a k\u00f6rnyezet\u00fcnkben tal\u00e1lhat\u00f3 n\u00f6v\u00e9nyek felismer\u00e9s\u00e9re, szed\u00e9s\u00e9re \u00e9s tisztelet\u00e9re.<\/p><p>Ezut\u00e1n a <strong>lep\u00e1rl\u00e1st<\/strong> a nagy, <strong>k\u00e9zzel k\u00e9sz\u00edtett<\/strong>, kifejezetten a professzion\u00e1lis lep\u00e1rl\u00e1shoz tervezett <strong>r\u00e9zp\u00e1rlatunkkal<\/strong> k\u00e9sz\u00edtj\u00fck el. A lep\u00e1rl\u00e1s elind\u00edt\u00e1sa k\u00fcl\u00f6nleges pillanatot jelent, amikor az els\u0151 \u00e9rt\u00e9kes cseppek az \u00d6n szeme l\u00e1tt\u00e1ra ker\u00fclnek el\u0151. <\/p><p>Am\u00edg az alembic folytatja a munk\u00e1j\u00e1t, egy egyszer\u0171, bar\u00e1ti \u00e9tkez\u00e9st szervez\u00fcnk, hogy meghosszabb\u00edtsuk a hiteles eszmecser\u00e9t.<\/p><p class=\"\" data-start=\"963\" data-end=\"1476\">A d\u00e9lut\u00e1nt a<strong>lep\u00e1rl\u00e1s t\u00f6rt\u00e9net\u00e9nek \u00e9s titkainak<\/strong> szentelj\u00fck: <strong>hidrol\u00e1tumok, ill\u00f3olajok, hagyom\u00e1nyos technik\u00e1k \u00e9s \u0151si know-how<\/strong>.<\/p><p class=\"\" data-start=\"963\" data-end=\"1476\">Az els\u0151 kivonatokat \u00e9rz\u00e9kszervi k\u00f3stol\u00e1ssal fedezz\u00fck fel, majd felfedez\u00e9seinket \u00e9s \u00e9rz\u00e9seinket egy szem\u00e9lyre szabott n\u00f6v\u00e9nylapon r\u00f6gz\u00edtj\u00fck.<\/p><p class=\"\" data-start=\"963\" data-end=\"1476\">A nap szel\u00edden z\u00e1rul a lep\u00e1rolt palackok \u00e9s egy szimbolikus oklev\u00e9l \u00e1tad\u00e1s\u00e1val, amely diszkr\u00e9t eml\u00e9ket \u00e1ll\u00edt a cs\u00facsmin\u0151s\u00e9g\u0171 lep\u00e1rl\u00e1s m\u0171v\u00e9szet\u00e9vel val\u00f3 bens\u0151s\u00e9ges tal\u00e1lkoz\u00e1sr\u00f3l.<\/p>\t\t\t\t\t\t\t\t<\/div>\n\t\t\t\t<\/div>\n\t\t\t\t<div class=\"elementor-element elementor-element-67a9568 elementor-widget elementor-widget-spacer\" data-id=\"67a9568\" data-element_type=\"widget\" data-e-type=\"widget\" data-widget_type=\"spacer.default\">\n\t\t\t\t<div class=\"elementor-widget-container\">\n\t\t\t\t\t\t\t<div class=\"elementor-spacer\">\n\t\t\t<div class=\"elementor-spacer-inner\"><\/div>\n\t\t<\/div>\n\t\t\t\t\t\t<\/div>\n\t\t\t\t<\/div>\n\t\t\t\t<div class=\"elementor-element elementor-element-8d32f95 animated-slow elementor-invisible elementor-widget elementor-widget-heading\" data-id=\"8d32f95\" data-element_type=\"widget\" data-e-type=\"widget\" data-settings=\"{&quot;_animation&quot;:&quot;fadeInUp&quot;}\" data-widget_type=\"heading.default\">\n\t\t\t\t<div class=\"elementor-widget-container\">\n\t\t\t\t\t<h2 class=\"elementor-heading-title elementor-size-default\">\ud83d\udcda Mit fogsz tanulni a workshop sor\u00e1n?<\/h2>\t\t\t\t<\/div>\n\t\t\t\t<\/div>\n\t\t\t\t<div class=\"elementor-element elementor-element-15a5cff elementor-widget elementor-widget-spacer\" data-id=\"15a5cff\" data-element_type=\"widget\" data-e-type=\"widget\" data-widget_type=\"spacer.default\">\n\t\t\t\t<div class=\"elementor-widget-container\">\n\t\t\t\t\t\t\t<div class=\"elementor-spacer\">\n\t\t\t<div class=\"elementor-spacer-inner\"><\/div>\n\t\t<\/div>\n\t\t\t\t\t\t<\/div>\n\t\t\t\t<\/div>\n\t\t\t\t<div class=\"elementor-element elementor-element-b653625 elementor-widget elementor-widget-text-editor\" data-id=\"b653625\" data-element_type=\"widget\" data-e-type=\"widget\" data-widget_type=\"text-editor.default\">\n\t\t\t\t<div class=\"elementor-widget-container\">\n\t\t\t\t\t\t\t\t\t<p class=\"\" data-start=\"350\" data-end=\"686\">Ez a <strong>felfedez\u0151 workshop<\/strong> megismertet a k\u00fcl\u00f6nb\u00f6z\u0151 lep\u00e1rl\u00e1si technik\u00e1kkal. Besz\u00e9l\u00fcnk a lep\u00e1rl\u00e1s t\u00f6rt\u00e9net\u00e9r\u0151l \u00e9s a k\u00fcl\u00f6nb\u00f6z\u0151 lep\u00e1rl\u00f3kr\u00f3l. Ezut\u00e1n Julien vezet\u00e9s\u00e9vel bele\u00e9lheti mag\u00e1t a lep\u00e1rl\u00f3 b\u0151r\u00e9be, \u00e9s a lep\u00e1rl\u00f3 felt\u00f6lt\u00e9s\u00e9t\u0151l az ill\u00f3olaj kinyer\u00e9s\u00e9ig minden l\u00e9p\u00e9st elv\u00e9gezhet.  <\/p>\t\t\t\t\t\t\t\t<\/div>\n\t\t\t\t<\/div>\n\t\t\t\t<div class=\"elementor-element elementor-element-e3f7808 elementor-widget elementor-widget-spacer\" data-id=\"e3f7808\" data-element_type=\"widget\" data-e-type=\"widget\" data-widget_type=\"spacer.default\">\n\t\t\t\t<div class=\"elementor-widget-container\">\n\t\t\t\t\t\t\t<div class=\"elementor-spacer\">\n\t\t\t<div class=\"elementor-spacer-inner\"><\/div>\n\t\t<\/div>\n\t\t\t\t\t\t<\/div>\n\t\t\t\t<\/div>\n\t\t\t\t<div class=\"elementor-element elementor-element-84a2d1a animated-slow elementor-invisible elementor-widget elementor-widget-heading\" data-id=\"84a2d1a\" data-element_type=\"widget\" data-e-type=\"widget\" data-settings=\"{&quot;_animation&quot;:&quot;fadeInUp&quot;}\" data-widget_type=\"heading.default\">\n\t\t\t\t<div class=\"elementor-widget-container\">\n\t\t\t\t\t<h2 class=\"elementor-heading-title elementor-size-default\">\ud83e\uddd9\u200d\u2642\ufe0f Elm\u00e9ly\u00fcl\u00e9s a lep\u00e1rl\u00e1s m\u0171v\u00e9szet\u00e9ben<\/h2>\t\t\t\t<\/div>\n\t\t\t\t<\/div>\n\t\t\t\t<div class=\"elementor-element elementor-element-ab5af79 elementor-widget elementor-widget-spacer\" data-id=\"ab5af79\" data-element_type=\"widget\" data-e-type=\"widget\" data-widget_type=\"spacer.default\">\n\t\t\t\t<div class=\"elementor-widget-container\">\n\t\t\t\t\t\t\t<div class=\"elementor-spacer\">\n\t\t\t<div class=\"elementor-spacer-inner\"><\/div>\n\t\t<\/div>\n\t\t\t\t\t\t<\/div>\n\t\t\t\t<\/div>\n\t\t\t\t<div class=\"elementor-element elementor-element-69f6988 elementor-widget elementor-widget-text-editor\" data-id=\"69f6988\" data-element_type=\"widget\" data-e-type=\"widget\" data-widget_type=\"text-editor.default\">\n\t\t\t\t<div class=\"elementor-widget-container\">\n\t\t\t\t\t\t\t\t\t<p class=\"\" data-start=\"350\" data-end=\"686\">Ez a <strong>felfedez\u0151 workshop<\/strong> megismertet a k\u00fcl\u00f6nb\u00f6z\u0151 lep\u00e1rl\u00e1si technik\u00e1kkal. Besz\u00e9l\u00fcnk a lep\u00e1rl\u00e1s t\u00f6rt\u00e9net\u00e9r\u0151l \u00e9s a k\u00fcl\u00f6nb\u00f6z\u0151 lep\u00e1rl\u00f3kr\u00f3l. Ezut\u00e1n Julien vezet\u00e9s\u00e9vel bele\u00e9lheti mag\u00e1t a lep\u00e1rl\u00f3 b\u0151r\u00e9be, \u00e9s a lep\u00e1rl\u00f3 felt\u00f6lt\u00e9s\u00e9t\u0151l az ill\u00f3olaj kinyer\u00e9s\u00e9ig minden l\u00e9p\u00e9st elv\u00e9gezhet.  <\/p>\t\t\t\t\t\t\t\t<\/div>\n\t\t\t\t<\/div>\n\t\t\t\t<div class=\"elementor-element elementor-element-41ebf70 elementor-widget elementor-widget-spacer\" data-id=\"41ebf70\" data-element_type=\"widget\" data-e-type=\"widget\" data-widget_type=\"spacer.default\">\n\t\t\t\t<div class=\"elementor-widget-container\">\n\t\t\t\t\t\t\t<div class=\"elementor-spacer\">\n\t\t\t<div class=\"elementor-spacer-inner\"><\/div>\n\t\t<\/div>\n\t\t\t\t\t\t<\/div>\n\t\t\t\t<\/div>\n\t\t\t\t<div class=\"elementor-element elementor-element-07f6305 elementor-widget elementor-widget-spacer\" data-id=\"07f6305\" data-element_type=\"widget\" data-e-type=\"widget\" data-widget_type=\"spacer.default\">\n\t\t\t\t<div class=\"elementor-widget-container\">\n\t\t\t\t\t\t\t<div class=\"elementor-spacer\">\n\t\t\t<div class=\"elementor-spacer-inner\"><\/div>\n\t\t<\/div>\n\t\t\t\t\t\t<\/div>\n\t\t\t\t<\/div>\n\t\t\t\t\t<\/div>\n\t\t<\/div>\n\t\t\t\t<div class=\"elementor-column elementor-col-50 elementor-top-column elementor-element elementor-element-e8a9855\" data-id=\"e8a9855\" data-element_type=\"column\" data-e-type=\"column\">\n\t\t\t<div class=\"elementor-widget-wrap elementor-element-populated\">\n\t\t\t\t\t\t<div class=\"elementor-element elementor-element-7fc2bd2 elementor-widget elementor-widget-image\" data-id=\"7fc2bd2\" data-element_type=\"widget\" data-e-type=\"widget\" data-widget_type=\"image.default\">\n\t\t\t\t<div class=\"elementor-widget-container\">\n\t\t\t\t\t\t\t\t\t\t\t\t\t\t\t<img fetchpriority=\"high\" decoding=\"async\" width=\"683\" height=\"1024\" src=\"https:\/\/www.boemia-aroma.com\/wp-content\/uploads\/2024\/01\/Boemia-HD-3.jpg\" class=\"attachment-large size-large wp-image-23223\" alt=\"\" \/>\t\t\t\t\t\t\t\t\t\t\t\t\t\t\t<\/div>\n\t\t\t\t<\/div>\n\t\t\t\t\t<\/div>\n\t\t<\/div>\n\t\t\t\t\t<\/div>\n\t\t<\/section>\n\t\t\t\t<section class=\"elementor-section elementor-top-section elementor-element elementor-element-8f4e938 elementor-reverse-mobile elementor-section-full_width elementor-section-height-default elementor-section-height-default\" data-id=\"8f4e938\" data-element_type=\"section\" data-e-type=\"section\" data-settings=\"{&quot;background_background&quot;:&quot;classic&quot;}\">\n\t\t\t\t\t\t\t<div class=\"elementor-background-overlay\"><\/div>\n\t\t\t\t\t\t\t<div class=\"elementor-container elementor-column-gap-wider\">\n\t\t\t\t\t<div class=\"elementor-column elementor-col-50 elementor-top-column elementor-element elementor-element-28db4d2\" data-id=\"28db4d2\" data-element_type=\"column\" data-e-type=\"column\">\n\t\t\t<div class=\"elementor-widget-wrap elementor-element-populated\">\n\t\t\t\t\t\t<div class=\"elementor-element elementor-element-2a3e371 elementor-widget elementor-widget-image\" data-id=\"2a3e371\" data-element_type=\"widget\" data-e-type=\"widget\" data-widget_type=\"image.default\">\n\t\t\t\t<div class=\"elementor-widget-container\">\n\t\t\t\t\t\t\t\t\t\t\t\t\t\t\t<img decoding=\"async\" width=\"768\" height=\"1024\" src=\"https:\/\/www.boemia-aroma.com\/wp-content\/uploads\/2023\/12\/TEST6_QUI_SOMMES_NOUS.jpg\" class=\"attachment-large size-large wp-image-23176\" alt=\"ill\u00f3olaj\" \/>\t\t\t\t\t\t\t\t\t\t\t\t\t\t\t<\/div>\n\t\t\t\t<\/div>\n\t\t\t\t\t<\/div>\n\t\t<\/div>\n\t\t\t\t<div class=\"elementor-column elementor-col-50 elementor-top-column elementor-element elementor-element-545edaa\" data-id=\"545edaa\" data-element_type=\"column\" data-e-type=\"column\">\n\t\t\t<div class=\"elementor-widget-wrap elementor-element-populated\">\n\t\t\t\t\t\t<div class=\"elementor-element elementor-element-3f35f68 animated-slow elementor-invisible elementor-widget elementor-widget-heading\" data-id=\"3f35f68\" data-element_type=\"widget\" data-e-type=\"widget\" data-settings=\"{&quot;_animation&quot;:&quot;fadeInUp&quot;}\" data-widget_type=\"heading.default\">\n\t\t\t\t<div class=\"elementor-widget-container\">\n\t\t\t\t\t<h2 class=\"elementor-heading-title elementor-size-default\">Az \u00d6n idegenvezet\u0151je: Julien Martre<\/h2>\t\t\t\t<\/div>\n\t\t\t\t<\/div>\n\t\t\t\t<div class=\"elementor-element elementor-element-81dc07d elementor-widget elementor-widget-spacer\" data-id=\"81dc07d\" data-element_type=\"widget\" data-e-type=\"widget\" data-widget_type=\"spacer.default\">\n\t\t\t\t<div class=\"elementor-widget-container\">\n\t\t\t\t\t\t\t<div class=\"elementor-spacer\">\n\t\t\t<div class=\"elementor-spacer-inner\"><\/div>\n\t\t<\/div>\n\t\t\t\t\t\t<\/div>\n\t\t\t\t<\/div>\n\t\t\t\t<div class=\"elementor-element elementor-element-8600d47 elementor-widget elementor-widget-text-editor\" data-id=\"8600d47\" data-element_type=\"widget\" data-e-type=\"widget\" data-widget_type=\"text-editor.default\">\n\t\t\t\t<div class=\"elementor-widget-container\">\n\t\t\t\t\t\t\t\t\t<p><strong>Julien Martre a Bo\u00e8mia alap\u00edt\u00f3ja.<\/strong><\/p><p>Szenved\u00e9lyesen szereti a term\u00e9szetet \u00e9s a n\u00f6v\u00e9nyeket, gondosan szedi, desztill\u00e1lja \u00e9s \u00e1talak\u00edtja \u0151ket, hogy elhozza \u00d6nnek minden kincs\u00fcket.<\/p><p>T\u00f6bb mint 15 \u00e9ve osztja meg tud\u00e1s\u00e1t botanikai s\u00e9t\u00e1kon \u00e9s tanfolyamokon, amelyeket lelkesen tart.<\/p>\t\t\t\t\t\t\t\t<\/div>\n\t\t\t\t<\/div>\n\t\t\t\t\t<\/div>\n\t\t<\/div>\n\t\t\t\t\t<\/div>\n\t\t<\/section>\n\t\t\t\t<section class=\"elementor-section elementor-top-section elementor-element elementor-element-8df86e1 elementor-reverse-mobile elementor-section-full_width elementor-section-height-default elementor-section-height-default\" data-id=\"8df86e1\" data-element_type=\"section\" data-e-type=\"section\" data-settings=\"{&quot;background_background&quot;:&quot;classic&quot;}\">\n\t\t\t\t\t\t\t<div class=\"elementor-background-overlay\"><\/div>\n\t\t\t\t\t\t\t<div class=\"elementor-container elementor-column-gap-wider\">\n\t\t\t\t\t<div class=\"elementor-column elementor-col-50 elementor-top-column elementor-element elementor-element-66bb13d\" data-id=\"66bb13d\" data-element_type=\"column\" data-e-type=\"column\">\n\t\t\t<div class=\"elementor-widget-wrap elementor-element-populated\">\n\t\t\t\t\t\t<div class=\"elementor-element elementor-element-fbc0762 animated-slow elementor-invisible elementor-widget elementor-widget-heading\" data-id=\"fbc0762\" data-element_type=\"widget\" data-e-type=\"widget\" data-settings=\"{&quot;_animation&quot;:&quot;fadeInUp&quot;}\" data-widget_type=\"heading.default\">\n\t\t\t\t<div class=\"elementor-widget-container\">\n\t\t\t\t\t<h2 class=\"elementor-heading-title elementor-size-default\">A m\u0171helybesz\u00e9lget\u00e9s z\u00e1r\u00e1sak\u00e9nt egy sz\u00edv\u00e9lyes cserepillanat<\/h2>\t\t\t\t<\/div>\n\t\t\t\t<\/div>\n\t\t\t\t<div class=\"elementor-element elementor-element-7d4349c elementor-widget elementor-widget-spacer\" data-id=\"7d4349c\" data-element_type=\"widget\" data-e-type=\"widget\" data-widget_type=\"spacer.default\">\n\t\t\t\t<div class=\"elementor-widget-container\">\n\t\t\t\t\t\t\t<div class=\"elementor-spacer\">\n\t\t\t<div class=\"elementor-spacer-inner\"><\/div>\n\t\t<\/div>\n\t\t\t\t\t\t<\/div>\n\t\t\t\t<\/div>\n\t\t\t\t<div class=\"elementor-element elementor-element-c6e9268 elementor-widget elementor-widget-text-editor\" data-id=\"c6e9268\" data-element_type=\"widget\" data-e-type=\"widget\" data-widget_type=\"text-editor.default\">\n\t\t\t\t<div class=\"elementor-widget-container\">\n\t\t\t\t\t\t\t\t\t<p class=\"\" data-start=\"350\" data-end=\"686\">A workshop v\u00e9g\u00e9n mindig sz\u00e1nunk egy kis id\u0151t arra, hogy egy egyszer\u0171 \u00e9s gondoskod\u00f3 l\u00e9gk\u00f6rben, egy inf\u00fazi\u00f3 vagy egy term\u00e9szetes ital mellett egy\u00fctt legy\u00fcnk.<\/p><p class=\"\" data-start=\"350\" data-end=\"686\">Ez egy lehet\u0151s\u00e9g arra, hogy szabadon besz\u00e9lgessen, feltegye utols\u00f3 k\u00e9rd\u00e9seit, megossza \u00e9rz\u00e9seit, vagy egyszer\u0171en csak \u00e9lvezze a pillanatot.<\/p><p class=\"\" data-start=\"350\" data-end=\"686\">Egy pillanatnyi egy\u00fcttl\u00e9t, k\u00f6t\u0151d\u00e9s \u00e9s hallgat\u00e1s, hogy ez a n\u00f6v\u00e9nyi alap\u00fa intermezzo szel\u00edden z\u00e1ruljon.<\/p>\t\t\t\t\t\t\t\t<\/div>\n\t\t\t\t<\/div>\n\t\t\t\t<div class=\"elementor-element elementor-element-4275c7f elementor-widget elementor-widget-spacer\" data-id=\"4275c7f\" data-element_type=\"widget\" data-e-type=\"widget\" data-widget_type=\"spacer.default\">\n\t\t\t\t<div class=\"elementor-widget-container\">\n\t\t\t\t\t\t\t<div class=\"elementor-spacer\">\n\t\t\t<div class=\"elementor-spacer-inner\"><\/div>\n\t\t<\/div>\n\t\t\t\t\t\t<\/div>\n\t\t\t\t<\/div>\n\t\t\t\t<div class=\"elementor-element elementor-element-6df9ffd elementor-widget elementor-widget-spacer\" data-id=\"6df9ffd\" data-element_type=\"widget\" data-e-type=\"widget\" data-widget_type=\"spacer.default\">\n\t\t\t\t<div class=\"elementor-widget-container\">\n\t\t\t\t\t\t\t<div class=\"elementor-spacer\">\n\t\t\t<div class=\"elementor-spacer-inner\"><\/div>\n\t\t<\/div>\n\t\t\t\t\t\t<\/div>\n\t\t\t\t<\/div>\n\t\t\t\t<div class=\"elementor-element elementor-element-7b5e46a elementor-widget elementor-widget-spacer\" data-id=\"7b5e46a\" data-element_type=\"widget\" data-e-type=\"widget\" data-widget_type=\"spacer.default\">\n\t\t\t\t<div class=\"elementor-widget-container\">\n\t\t\t\t\t\t\t<div class=\"elementor-spacer\">\n\t\t\t<div class=\"elementor-spacer-inner\"><\/div>\n\t\t<\/div>\n\t\t\t\t\t\t<\/div>\n\t\t\t\t<\/div>\n\t\t\t\t\t<\/div>\n\t\t<\/div>\n\t\t\t\t<div class=\"elementor-column elementor-col-50 elementor-top-column elementor-element elementor-element-7e7b02d\" data-id=\"7e7b02d\" data-element_type=\"column\" data-e-type=\"column\">\n\t\t\t<div class=\"elementor-widget-wrap elementor-element-populated\">\n\t\t\t\t\t\t<div class=\"elementor-element elementor-element-2f9f025 animated-slow elementor-invisible elementor-widget elementor-widget-heading\" data-id=\"2f9f025\" data-element_type=\"widget\" data-e-type=\"widget\" data-settings=\"{&quot;_animation&quot;:&quot;fadeInUp&quot;}\" data-widget_type=\"heading.default\">\n\t\t\t\t<div class=\"elementor-widget-container\">\n\t\t\t\t\t<h2 class=\"elementor-heading-title elementor-size-default\">\ud83d\udcda Gyakorlati inform\u00e1ci\u00f3k<\/h2>\t\t\t\t<\/div>\n\t\t\t\t<\/div>\n\t\t\t\t<div class=\"elementor-element elementor-element-ce28233 elementor-widget elementor-widget-spacer\" data-id=\"ce28233\" data-element_type=\"widget\" data-e-type=\"widget\" data-widget_type=\"spacer.default\">\n\t\t\t\t<div class=\"elementor-widget-container\">\n\t\t\t\t\t\t\t<div class=\"elementor-spacer\">\n\t\t\t<div class=\"elementor-spacer-inner\"><\/div>\n\t\t<\/div>\n\t\t\t\t\t\t<\/div>\n\t\t\t\t<\/div>\n\t\t\t\t<div class=\"elementor-element elementor-element-bb9a7ab elementor-widget elementor-widget-text-editor\" data-id=\"bb9a7ab\" data-element_type=\"widget\" data-e-type=\"widget\" data-widget_type=\"text-editor.default\">\n\t\t\t\t<div class=\"elementor-widget-container\">\n\t\t\t\t\t\t\t\t\t<h3><span style=\"font-size: 12pt;\">\u2139\ufe0f Gyakorlati inform\u00e1ci\u00f3k  <\/span><\/h3><div><span style=\"font-size: 12pt;\">17 hameau de r\u00e9qui, 11 220 Montlaur &#8211; Val de Dagne<\/span><\/div>\t\t\t\t\t\t\t\t<\/div>\n\t\t\t\t<\/div>\n\t\t\t\t\t<\/div>\n\t\t<\/div>\n\t\t\t\t\t<\/div>\n\t\t<\/section>\n\t\t\t\t<\/div>\n\t\t","protected":false},"excerpt":{"rendered":"<p><strong>Id\u0151tartam:<\/strong> kb. 6 \u00f3ra<\/p>\n<p><strong>Helysz\u00edn:<\/strong> Distillerie Bo\u00e8mia &#8211; Aude (11)<\/p>\n<p><strong>Vezeti: :<\/strong> Julien Martre, alap\u00edt\u00f3<\/p>\n<p><span style=\"color: #000000;\">Foglaljon most, csak 10 hely \u00e1ll rendelkez\u00e9sre tanfolyamonk\u00e9nt.<\/span><\/p>\n","protected":false},"featured_media":23221,"comment_status":"open","ping_status":"closed","template":"","meta":{"_acf_changed":false},"product_brand":[],"product_cat":[224],"product_tag":[],"class_list":{"0":"post-23218","1":"product","2":"type-product","3":"status-publish","4":"has-post-thumbnail","6":"product_cat-muhelyek-es-kepzes","7":"product_shipping_class-muhelyek","8":"pa_usage-kepzes","10":"first","11":"instock","12":"taxable","13":"shipping-taxable","14":"purchasable","15":"product-type-variable"},"acf":[],"yoast_head":"<!-- This site is optimized with the Yoast SEO plugin v27.4 - https:\/\/yoast.com\/product\/yoast-seo-wordpress\/ -->\n<title>Legyen szeszf\u0151z\u0151 egy napra Bo\u00e8mi\u00e1ban - Bo\u00e8mia Aroma<\/title>\n<meta name=\"description\" content=\"Fedezze fel desztill\u00e1ci\u00f3s k\u00e9pz\u00e9s\u00fcnket. \u00c9lvezze az egyed\u00fcl\u00e1ll\u00f3 \u00e9lm\u00e9nyt egy napra, bar\u00e1taival vagy csal\u00e1dj\u00e1val az Aude r\u00e9gi\u00f3ban. Julien Martre.\" \/>\n<meta name=\"robots\" content=\"index, follow, max-snippet:-1, max-image-preview:large, max-video-preview:-1\" \/>\n<link rel=\"canonical\" href=\"https:\/\/www.boemia-aroma.com\/hu\/boemia-aruhaz\/muhelyek-es-kepzes\/legyen-szeszfozo-egy-napra-boemiaban\/\" \/>\n<meta property=\"og:locale\" content=\"hu_HU\" \/>\n<meta property=\"og:type\" content=\"article\" \/>\n<meta property=\"og:title\" content=\"Legyen szeszf\u0151z\u0151 egy napra Bo\u00e8mi\u00e1ban - Bo\u00e8mia Aroma\" \/>\n<meta property=\"og:description\" content=\"Fedezze fel desztill\u00e1ci\u00f3s k\u00e9pz\u00e9s\u00fcnket. \u00c9lvezze az egyed\u00fcl\u00e1ll\u00f3 \u00e9lm\u00e9nyt egy napra, bar\u00e1taival vagy csal\u00e1dj\u00e1val az Aude r\u00e9gi\u00f3ban. Julien Martre.\" \/>\n<meta property=\"og:url\" content=\"https:\/\/www.boemia-aroma.com\/hu\/boemia-aruhaz\/muhelyek-es-kepzes\/legyen-szeszfozo-egy-napra-boemiaban\/\" \/>\n<meta property=\"og:site_name\" content=\"Bo\u00e8mia Aroma\" \/>\n<meta property=\"article:modified_time\" content=\"2026-03-12T19:24:31+00:00\" \/>\n<meta property=\"og:image\" content=\"https:\/\/www.boemia-aroma.com\/wp-content\/uploads\/2025\/04\/2.jpg\" \/>\n\t<meta property=\"og:image:width\" content=\"1000\" \/>\n\t<meta property=\"og:image:height\" content=\"1000\" \/>\n\t<meta property=\"og:image:type\" content=\"image\/jpeg\" \/>\n<meta name=\"twitter:card\" content=\"summary_large_image\" \/>\n<meta name=\"twitter:label1\" content=\"Becs\u00fclt olvas\u00e1si id\u0151\" \/>\n\t<meta name=\"twitter:data1\" content=\"4 perc\" \/>\n<script type=\"application\/ld+json\" class=\"yoast-schema-graph\">{\"@context\":\"https:\\\/\\\/schema.org\",\"@graph\":[{\"@type\":\"WebPage\",\"@id\":\"https:\\\/\\\/www.boemia-aroma.com\\\/hu\\\/boemia-aruhaz\\\/muhelyek-es-kepzes\\\/legyen-szeszfozo-egy-napra-boemiaban\\\/\",\"url\":\"https:\\\/\\\/www.boemia-aroma.com\\\/hu\\\/boemia-aruhaz\\\/muhelyek-es-kepzes\\\/legyen-szeszfozo-egy-napra-boemiaban\\\/\",\"name\":\"Legyen szeszf\u0151z\u0151 egy napra Bo\u00e8mi\u00e1ban - Bo\u00e8mia Aroma\",\"isPartOf\":{\"@id\":\"https:\\\/\\\/www.boemia-aroma.com\\\/hu\\\/#website\"},\"primaryImageOfPage\":{\"@id\":\"https:\\\/\\\/www.boemia-aroma.com\\\/hu\\\/boemia-aruhaz\\\/muhelyek-es-kepzes\\\/legyen-szeszfozo-egy-napra-boemiaban\\\/#primaryimage\"},\"image\":{\"@id\":\"https:\\\/\\\/www.boemia-aroma.com\\\/hu\\\/boemia-aruhaz\\\/muhelyek-es-kepzes\\\/legyen-szeszfozo-egy-napra-boemiaban\\\/#primaryimage\"},\"thumbnailUrl\":\"https:\\\/\\\/www.boemia-aroma.com\\\/wp-content\\\/uploads\\\/2025\\\/04\\\/2.jpg\",\"datePublished\":\"2025-04-28T17:34:16+00:00\",\"dateModified\":\"2026-03-12T19:24:31+00:00\",\"description\":\"Fedezze fel desztill\u00e1ci\u00f3s k\u00e9pz\u00e9s\u00fcnket. \u00c9lvezze az egyed\u00fcl\u00e1ll\u00f3 \u00e9lm\u00e9nyt egy napra, bar\u00e1taival vagy csal\u00e1dj\u00e1val az Aude r\u00e9gi\u00f3ban. Julien Martre.\",\"breadcrumb\":{\"@id\":\"https:\\\/\\\/www.boemia-aroma.com\\\/hu\\\/boemia-aruhaz\\\/muhelyek-es-kepzes\\\/legyen-szeszfozo-egy-napra-boemiaban\\\/#breadcrumb\"},\"inLanguage\":\"hu\",\"potentialAction\":[{\"@type\":\"ReadAction\",\"target\":[\"https:\\\/\\\/www.boemia-aroma.com\\\/hu\\\/boemia-aruhaz\\\/muhelyek-es-kepzes\\\/legyen-szeszfozo-egy-napra-boemiaban\\\/\"]}]},{\"@type\":\"ImageObject\",\"inLanguage\":\"hu\",\"@id\":\"https:\\\/\\\/www.boemia-aroma.com\\\/hu\\\/boemia-aruhaz\\\/muhelyek-es-kepzes\\\/legyen-szeszfozo-egy-napra-boemiaban\\\/#primaryimage\",\"url\":\"https:\\\/\\\/www.boemia-aroma.com\\\/wp-content\\\/uploads\\\/2025\\\/04\\\/2.jpg\",\"contentUrl\":\"https:\\\/\\\/www.boemia-aroma.com\\\/wp-content\\\/uploads\\\/2025\\\/04\\\/2.jpg\",\"width\":1000,\"height\":1000},{\"@type\":\"BreadcrumbList\",\"@id\":\"https:\\\/\\\/www.boemia-aroma.com\\\/hu\\\/boemia-aruhaz\\\/muhelyek-es-kepzes\\\/legyen-szeszfozo-egy-napra-boemiaban\\\/#breadcrumb\",\"itemListElement\":[{\"@type\":\"ListItem\",\"position\":1,\"name\":\"Kezd\u0151lap\",\"item\":\"https:\\\/\\\/www.boemia-aroma.com\\\/hu\\\/\"},{\"@type\":\"ListItem\",\"position\":2,\"name\":\"Boemia \u00c1ruh\u00e1z\",\"item\":\"https:\\\/\\\/www.boemia-aroma.com\\\/hu\\\/boemia-aruhaz\\\/\"},{\"@type\":\"ListItem\",\"position\":3,\"name\":\"Legyen szeszf\u0151z\u0151 egy napra Bo\u00e8mi\u00e1ban\"}]},{\"@type\":\"WebSite\",\"@id\":\"https:\\\/\\\/www.boemia-aroma.com\\\/hu\\\/#website\",\"url\":\"https:\\\/\\\/www.boemia-aroma.com\\\/hu\\\/\",\"name\":\"Bo\u00e8mia Aroma\",\"description\":\"\",\"publisher\":{\"@id\":\"https:\\\/\\\/www.boemia-aroma.com\\\/hu\\\/#organization\"},\"alternateName\":\"Bo\u00e8mia Aroma\",\"potentialAction\":[{\"@type\":\"SearchAction\",\"target\":{\"@type\":\"EntryPoint\",\"urlTemplate\":\"https:\\\/\\\/www.boemia-aroma.com\\\/hu\\\/?s={search_term_string}\"},\"query-input\":{\"@type\":\"PropertyValueSpecification\",\"valueRequired\":true,\"valueName\":\"search_term_string\"}}],\"inLanguage\":\"hu\"},{\"@type\":\"Organization\",\"@id\":\"https:\\\/\\\/www.boemia-aroma.com\\\/hu\\\/#organization\",\"name\":\"Bo\u00e8mia Aroma\",\"url\":\"https:\\\/\\\/www.boemia-aroma.com\\\/hu\\\/\",\"logo\":{\"@type\":\"ImageObject\",\"inLanguage\":\"hu\",\"@id\":\"https:\\\/\\\/www.boemia-aroma.com\\\/hu\\\/#\\\/schema\\\/logo\\\/image\\\/\",\"url\":\"https:\\\/\\\/www.boemia-aroma.com\\\/wp-content\\\/uploads\\\/2023\\\/07\\\/logo-boemia-aroma.png\",\"contentUrl\":\"https:\\\/\\\/www.boemia-aroma.com\\\/wp-content\\\/uploads\\\/2023\\\/07\\\/logo-boemia-aroma.png\",\"width\":300,\"height\":176,\"caption\":\"Bo\u00e8mia Aroma\"},\"image\":{\"@id\":\"https:\\\/\\\/www.boemia-aroma.com\\\/hu\\\/#\\\/schema\\\/logo\\\/image\\\/\"}}]}<\/script>\n<!-- \/ Yoast SEO plugin. -->","yoast_head_json":{"title":"Legyen szeszf\u0151z\u0151 egy napra Bo\u00e8mi\u00e1ban - Bo\u00e8mia Aroma","description":"Fedezze fel desztill\u00e1ci\u00f3s k\u00e9pz\u00e9s\u00fcnket. \u00c9lvezze az egyed\u00fcl\u00e1ll\u00f3 \u00e9lm\u00e9nyt egy napra, bar\u00e1taival vagy csal\u00e1dj\u00e1val az Aude r\u00e9gi\u00f3ban. Julien Martre.","robots":{"index":"index","follow":"follow","max-snippet":"max-snippet:-1","max-image-preview":"max-image-preview:large","max-video-preview":"max-video-preview:-1"},"canonical":"https:\/\/www.boemia-aroma.com\/hu\/boemia-aruhaz\/muhelyek-es-kepzes\/legyen-szeszfozo-egy-napra-boemiaban\/","og_locale":"hu_HU","og_type":"article","og_title":"Legyen szeszf\u0151z\u0151 egy napra Bo\u00e8mi\u00e1ban - Bo\u00e8mia Aroma","og_description":"Fedezze fel desztill\u00e1ci\u00f3s k\u00e9pz\u00e9s\u00fcnket. \u00c9lvezze az egyed\u00fcl\u00e1ll\u00f3 \u00e9lm\u00e9nyt egy napra, bar\u00e1taival vagy csal\u00e1dj\u00e1val az Aude r\u00e9gi\u00f3ban. Julien Martre.","og_url":"https:\/\/www.boemia-aroma.com\/hu\/boemia-aruhaz\/muhelyek-es-kepzes\/legyen-szeszfozo-egy-napra-boemiaban\/","og_site_name":"Bo\u00e8mia Aroma","article_modified_time":"2026-03-12T19:24:31+00:00","og_image":[{"width":1000,"height":1000,"url":"https:\/\/www.boemia-aroma.com\/wp-content\/uploads\/2025\/04\/2.jpg","type":"image\/jpeg"}],"twitter_card":"summary_large_image","twitter_misc":{"Becs\u00fclt olvas\u00e1si id\u0151":"4 perc"},"schema":{"@context":"https:\/\/schema.org","@graph":[{"@type":"WebPage","@id":"https:\/\/www.boemia-aroma.com\/hu\/boemia-aruhaz\/muhelyek-es-kepzes\/legyen-szeszfozo-egy-napra-boemiaban\/","url":"https:\/\/www.boemia-aroma.com\/hu\/boemia-aruhaz\/muhelyek-es-kepzes\/legyen-szeszfozo-egy-napra-boemiaban\/","name":"Legyen szeszf\u0151z\u0151 egy napra Bo\u00e8mi\u00e1ban - Bo\u00e8mia Aroma","isPartOf":{"@id":"https:\/\/www.boemia-aroma.com\/hu\/#website"},"primaryImageOfPage":{"@id":"https:\/\/www.boemia-aroma.com\/hu\/boemia-aruhaz\/muhelyek-es-kepzes\/legyen-szeszfozo-egy-napra-boemiaban\/#primaryimage"},"image":{"@id":"https:\/\/www.boemia-aroma.com\/hu\/boemia-aruhaz\/muhelyek-es-kepzes\/legyen-szeszfozo-egy-napra-boemiaban\/#primaryimage"},"thumbnailUrl":"https:\/\/www.boemia-aroma.com\/wp-content\/uploads\/2025\/04\/2.jpg","datePublished":"2025-04-28T17:34:16+00:00","dateModified":"2026-03-12T19:24:31+00:00","description":"Fedezze fel desztill\u00e1ci\u00f3s k\u00e9pz\u00e9s\u00fcnket. \u00c9lvezze az egyed\u00fcl\u00e1ll\u00f3 \u00e9lm\u00e9nyt egy napra, bar\u00e1taival vagy csal\u00e1dj\u00e1val az Aude r\u00e9gi\u00f3ban. Julien Martre.","breadcrumb":{"@id":"https:\/\/www.boemia-aroma.com\/hu\/boemia-aruhaz\/muhelyek-es-kepzes\/legyen-szeszfozo-egy-napra-boemiaban\/#breadcrumb"},"inLanguage":"hu","potentialAction":[{"@type":"ReadAction","target":["https:\/\/www.boemia-aroma.com\/hu\/boemia-aruhaz\/muhelyek-es-kepzes\/legyen-szeszfozo-egy-napra-boemiaban\/"]}]},{"@type":"ImageObject","inLanguage":"hu","@id":"https:\/\/www.boemia-aroma.com\/hu\/boemia-aruhaz\/muhelyek-es-kepzes\/legyen-szeszfozo-egy-napra-boemiaban\/#primaryimage","url":"https:\/\/www.boemia-aroma.com\/wp-content\/uploads\/2025\/04\/2.jpg","contentUrl":"https:\/\/www.boemia-aroma.com\/wp-content\/uploads\/2025\/04\/2.jpg","width":1000,"height":1000},{"@type":"BreadcrumbList","@id":"https:\/\/www.boemia-aroma.com\/hu\/boemia-aruhaz\/muhelyek-es-kepzes\/legyen-szeszfozo-egy-napra-boemiaban\/#breadcrumb","itemListElement":[{"@type":"ListItem","position":1,"name":"Kezd\u0151lap","item":"https:\/\/www.boemia-aroma.com\/hu\/"},{"@type":"ListItem","position":2,"name":"Boemia \u00c1ruh\u00e1z","item":"https:\/\/www.boemia-aroma.com\/hu\/boemia-aruhaz\/"},{"@type":"ListItem","position":3,"name":"Legyen szeszf\u0151z\u0151 egy napra Bo\u00e8mi\u00e1ban"}]},{"@type":"WebSite","@id":"https:\/\/www.boemia-aroma.com\/hu\/#website","url":"https:\/\/www.boemia-aroma.com\/hu\/","name":"Bo\u00e8mia Aroma","description":"","publisher":{"@id":"https:\/\/www.boemia-aroma.com\/hu\/#organization"},"alternateName":"Bo\u00e8mia Aroma","potentialAction":[{"@type":"SearchAction","target":{"@type":"EntryPoint","urlTemplate":"https:\/\/www.boemia-aroma.com\/hu\/?s={search_term_string}"},"query-input":{"@type":"PropertyValueSpecification","valueRequired":true,"valueName":"search_term_string"}}],"inLanguage":"hu"},{"@type":"Organization","@id":"https:\/\/www.boemia-aroma.com\/hu\/#organization","name":"Bo\u00e8mia Aroma","url":"https:\/\/www.boemia-aroma.com\/hu\/","logo":{"@type":"ImageObject","inLanguage":"hu","@id":"https:\/\/www.boemia-aroma.com\/hu\/#\/schema\/logo\/image\/","url":"https:\/\/www.boemia-aroma.com\/wp-content\/uploads\/2023\/07\/logo-boemia-aroma.png","contentUrl":"https:\/\/www.boemia-aroma.com\/wp-content\/uploads\/2023\/07\/logo-boemia-aroma.png","width":300,"height":176,"caption":"Bo\u00e8mia Aroma"},"image":{"@id":"https:\/\/www.boemia-aroma.com\/hu\/#\/schema\/logo\/image\/"}}]}},"_links":{"self":[{"href":"https:\/\/www.boemia-aroma.com\/hu\/wp-json\/wp\/v2\/product\/23218","targetHints":{"allow":["GET"]}}],"collection":[{"href":"https:\/\/www.boemia-aroma.com\/hu\/wp-json\/wp\/v2\/product"}],"about":[{"href":"https:\/\/www.boemia-aroma.com\/hu\/wp-json\/wp\/v2\/types\/product"}],"replies":[{"embeddable":true,"href":"https:\/\/www.boemia-aroma.com\/hu\/wp-json\/wp\/v2\/comments?post=23218"}],"version-history":[{"count":0,"href":"https:\/\/www.boemia-aroma.com\/hu\/wp-json\/wp\/v2\/product\/23218\/revisions"}],"wp:featuredmedia":[{"embeddable":true,"href":"https:\/\/www.boemia-aroma.com\/hu\/wp-json\/wp\/v2\/media\/23221"}],"wp:attachment":[{"href":"https:\/\/www.boemia-aroma.com\/hu\/wp-json\/wp\/v2\/media?parent=23218"}],"wp:term":[{"taxonomy":"product_brand","embeddable":true,"href":"https:\/\/www.boemia-aroma.com\/hu\/wp-json\/wp\/v2\/product_brand?post=23218"},{"taxonomy":"product_cat","embeddable":true,"href":"https:\/\/www.boemia-aroma.com\/hu\/wp-json\/wp\/v2\/product_cat?post=23218"},{"taxonomy":"product_tag","embeddable":true,"href":"https:\/\/www.boemia-aroma.com\/hu\/wp-json\/wp\/v2\/product_tag?post=23218"}],"curies":[{"name":"wp","href":"https:\/\/api.w.org\/{rel}","templated":true}]}}