{"id":23202,"date":"2024-10-24T12:34:35","date_gmt":"2024-10-24T10:34:35","guid":{"rendered":"https:\/\/www.boemia-aroma.com\/boutique-boemia\/nem-kategorizalt\/verveine-citronnee-biologique\/"},"modified":"2026-03-12T10:24:30","modified_gmt":"2026-03-12T09:24:30","slug":"verveine-citronnee-biologique","status":"publish","type":"product","link":"https:\/\/www.boemia-aroma.com\/hu\/boemia-aruhaz\/illoolajok\/verveine-citronnee-biologique\/","title":{"rendered":"Citrom Verbena bio ill\u00f3olaj &#8211; 2.5 ml"},"content":{"rendered":"\t\t<div data-elementor-type=\"product-post\" data-elementor-id=\"23202\" class=\"elementor elementor-23202 elementor-15286\" data-elementor-post-type=\"product\">\n\t\t\t\t\t\t<section class=\"elementor-section elementor-top-section elementor-element elementor-element-a624202 elementor-section-boxed elementor-section-height-default elementor-section-height-default\" data-id=\"a624202\" data-element_type=\"section\" data-e-type=\"section\">\n\t\t\t\t\t\t<div class=\"elementor-container elementor-column-gap-wider\">\n\t\t\t\t\t<div class=\"elementor-column elementor-col-50 elementor-top-column elementor-element elementor-element-3b20906\" data-id=\"3b20906\" data-element_type=\"column\" data-e-type=\"column\">\n\t\t\t<div class=\"elementor-widget-wrap elementor-element-populated\">\n\t\t\t\t\t\t<div class=\"elementor-element elementor-element-fbeb34c elementor-widget elementor-widget-image\" data-id=\"fbeb34c\" data-element_type=\"widget\" data-e-type=\"widget\" data-widget_type=\"image.default\">\n\t\t\t\t<div class=\"elementor-widget-container\">\n\t\t\t\t\t\t\t\t\t\t\t\t\t\t\t<img decoding=\"async\" src=\"https:\/\/www.boemia-aroma.com\/wp-content\/uploads\/elementor\/thumbs\/verveine-citronnee-qxs0fimoxdn9lhodp6g59tc48ywpewzessnt8z8x0o.jpg\" title=\"citromos verb\u00e9na\" alt=\"citromos verb\u00e9na\" loading=\"lazy\" \/>\t\t\t\t\t\t\t\t\t\t\t\t\t\t\t<\/div>\n\t\t\t\t<\/div>\n\t\t\t\t\t<\/div>\n\t\t<\/div>\n\t\t\t\t<div class=\"elementor-column elementor-col-50 elementor-top-column elementor-element elementor-element-0374dd8\" data-id=\"0374dd8\" data-element_type=\"column\" data-e-type=\"column\">\n\t\t\t<div class=\"elementor-widget-wrap elementor-element-populated\">\n\t\t\t\t\t\t<div class=\"elementor-element elementor-element-ac675ca elementor-widget elementor-widget-heading\" data-id=\"ac675ca\" data-element_type=\"widget\" data-e-type=\"widget\" data-widget_type=\"heading.default\">\n\t\t\t\t<div class=\"elementor-widget-container\">\n\t\t\t\t\t<h2 class=\"elementor-heading-title elementor-size-default\">Citromverbena \u00e9s ill\u00f3olaja<\/h2>\t\t\t\t<\/div>\n\t\t\t\t<\/div>\n\t\t\t\t<div class=\"elementor-element elementor-element-c7fe0ed elementor-widget elementor-widget-spacer\" data-id=\"c7fe0ed\" data-element_type=\"widget\" data-e-type=\"widget\" data-widget_type=\"spacer.default\">\n\t\t\t\t<div class=\"elementor-widget-container\">\n\t\t\t\t\t\t\t<div class=\"elementor-spacer\">\n\t\t\t<div class=\"elementor-spacer-inner\"><\/div>\n\t\t<\/div>\n\t\t\t\t\t\t<\/div>\n\t\t\t\t<\/div>\n\t\t\t\t<div class=\"elementor-element elementor-element-100b16f elementor-widget elementor-widget-text-editor\" data-id=\"100b16f\" data-element_type=\"widget\" data-e-type=\"widget\" data-widget_type=\"text-editor.default\">\n\t\t\t\t<div class=\"elementor-widget-container\">\n\t\t\t\t\t\t\t\t\t<p><span style=\"font-weight: 400;\">A Franciaorsz\u00e1g Occitanie r\u00e9gi\u00f3j\u00e1ban termesztett <strong>citromverb\u00e9na<\/strong> \u00f6sszetett, finom illat\u00e1val a kifinomult arom\u00e1s illatok kedvel\u0151i \u00e1ltal j\u00f3l ismert n\u00f6v\u00e9ny. Helyi \u00e9s \u00f6kol\u00f3giai termeszt\u00e9sb\u0151l ritka <strong>ill\u00f3olajat<\/strong> \u00e1ll\u00edt el\u0151, amelyet egyed\u00fcl\u00e1ll\u00f3 arom\u00e1s \u00f6sszetetts\u00e9ge miatt becs\u00fclnek.   <\/span><\/p><p><span style=\"font-weight: 400;\">A Bo\u00e8mi\u00e1n\u00e1l a <strong>citromverb\u00e9n\u00e1t<\/strong> gondosan desztill\u00e1ljuk, hogy megragadjuk a levelek esszenci\u00e1j\u00e1t, \u00e9s egy figyelemre m\u00e9lt\u00f3 tisztas\u00e1g\u00fa <strong>ill\u00f3olajat<\/strong> \u00e1ll\u00edtunk el\u0151, amely a citromos frissess\u00e9get enyh\u00e9n \u00e9des jegyekkel \u00f6tv\u00f6zi.<\/span><\/p><p><span style=\"font-weight: 400;\">B\u00e1r a<strong>citromverb\u00e9na ill\u00f3olaj<\/strong> desztill\u00e1l\u00e1sa ig\u00e9nyes \u00e9s a hozam alacsony, a jutalom meg\u00e9ri: vibr\u00e1l\u00f3, finom illat, amely ide\u00e1lis a nyugalom pillanataihoz vagy a mindennapok finom illatos\u00edt\u00e1s\u00e1hoz.<\/span><\/p>\t\t\t\t\t\t\t\t<\/div>\n\t\t\t\t<\/div>\n\t\t\t\t<div class=\"elementor-element elementor-element-cbd84e3 elementor-widget elementor-widget-spacer\" data-id=\"cbd84e3\" data-element_type=\"widget\" data-e-type=\"widget\" data-widget_type=\"spacer.default\">\n\t\t\t\t<div class=\"elementor-widget-container\">\n\t\t\t\t\t\t\t<div class=\"elementor-spacer\">\n\t\t\t<div class=\"elementor-spacer-inner\"><\/div>\n\t\t<\/div>\n\t\t\t\t\t\t<\/div>\n\t\t\t\t<\/div>\n\t\t\t\t\t<\/div>\n\t\t<\/div>\n\t\t\t\t\t<\/div>\n\t\t<\/section>\n\t\t\t\t<section class=\"elementor-section elementor-top-section elementor-element elementor-element-bd16ce2 elementor-reverse-mobile elementor-section-boxed elementor-section-height-default elementor-section-height-default\" data-id=\"bd16ce2\" data-element_type=\"section\" data-e-type=\"section\">\n\t\t\t\t\t\t<div class=\"elementor-container elementor-column-gap-wider\">\n\t\t\t\t\t<div class=\"elementor-column elementor-col-50 elementor-top-column elementor-element elementor-element-6ea1e80\" data-id=\"6ea1e80\" data-element_type=\"column\" data-e-type=\"column\">\n\t\t\t<div class=\"elementor-widget-wrap elementor-element-populated\">\n\t\t\t\t\t\t<div class=\"elementor-element elementor-element-37de95f elementor-widget elementor-widget-heading\" data-id=\"37de95f\" data-element_type=\"widget\" data-e-type=\"widget\" data-widget_type=\"heading.default\">\n\t\t\t\t<div class=\"elementor-widget-container\">\n\t\t\t\t\t<h2 class=\"elementor-heading-title elementor-size-default\">A citromverb\u00e9na t\u00f6rt\u00e9nete \u00e9s hagyom\u00e1nyos haszn\u00e1lata<\/h2>\t\t\t\t<\/div>\n\t\t\t\t<\/div>\n\t\t\t\t<div class=\"elementor-element elementor-element-331b617 elementor-widget elementor-widget-spacer\" data-id=\"331b617\" data-element_type=\"widget\" data-e-type=\"widget\" data-widget_type=\"spacer.default\">\n\t\t\t\t<div class=\"elementor-widget-container\">\n\t\t\t\t\t\t\t<div class=\"elementor-spacer\">\n\t\t\t<div class=\"elementor-spacer-inner\"><\/div>\n\t\t<\/div>\n\t\t\t\t\t\t<\/div>\n\t\t\t\t<\/div>\n\t\t\t\t<div class=\"elementor-element elementor-element-92676e2 elementor-widget elementor-widget-text-editor\" data-id=\"92676e2\" data-element_type=\"widget\" data-e-type=\"widget\" data-widget_type=\"text-editor.default\">\n\t\t\t\t<div class=\"elementor-widget-container\">\n\t\t\t\t\t\t\t\t\t<p><span style=\"font-weight: 400;\"><strong>A citromverb\u00e9na<\/strong> r\u00e9g\u00f3ta ismert nyugtat\u00f3 hat\u00e1s\u00e1r\u00f3l. Gyakran haszn\u00e1lt\u00e1k f\u0151zetk\u00e9nt a relax\u00e1ci\u00f3 el\u0151seg\u00edt\u00e9s\u00e9re \u00e9s a fesz\u00fclts\u00e9g enyh\u00edt\u00e9s\u00e9re. <strong>Ill\u00f3olajk\u00e9nt<\/strong> is meg\u0151rzi ezt a megnyugtat\u00f3 er\u00e9nyt, \u00e9s intenz\u00edv, m\u00e9gis gyeng\u00e9d illata ide\u00e1lis sz\u00f6vets\u00e9ges\u00e9v\u00e9 teszi a relax\u00e1ci\u00f3 \u00e9s a fiatal\u00edt\u00e1s pillanatainak. Mi t\u00f6bb, arom\u00e1s \u00f6sszetetts\u00e9ge t\u00f6k\u00e9letess\u00e9 teszi finom parf\u00fcm\u00f6k \u00e9s sz\u00e9ps\u00e9g\u00e1pol\u00e1si kezel\u00e9sek sz\u00e1m\u00e1ra.   <\/span><\/p>\t\t\t\t\t\t\t\t<\/div>\n\t\t\t\t<\/div>\n\t\t\t\t<div class=\"elementor-element elementor-element-b3bba1a elementor-widget elementor-widget-spacer\" data-id=\"b3bba1a\" data-element_type=\"widget\" data-e-type=\"widget\" data-widget_type=\"spacer.default\">\n\t\t\t\t<div class=\"elementor-widget-container\">\n\t\t\t\t\t\t\t<div class=\"elementor-spacer\">\n\t\t\t<div class=\"elementor-spacer-inner\"><\/div>\n\t\t<\/div>\n\t\t\t\t\t\t<\/div>\n\t\t\t\t<\/div>\n\t\t\t\t<div class=\"elementor-element elementor-element-5e93bbb elementor-widget elementor-widget-heading\" data-id=\"5e93bbb\" data-element_type=\"widget\" data-e-type=\"widget\" data-widget_type=\"heading.default\">\n\t\t\t\t<div class=\"elementor-widget-container\">\n\t\t\t\t\t<h3 class=\"elementor-heading-title elementor-size-default\">Felel\u0151ss\u00e9gi nyilatkozat hagyom\u00e1nyos felhaszn\u00e1l\u00e1sok<\/h3>\t\t\t\t<\/div>\n\t\t\t\t<\/div>\n\t\t\t\t<div class=\"elementor-element elementor-element-6de8230 elementor-widget elementor-widget-text-editor\" data-id=\"6de8230\" data-element_type=\"widget\" data-e-type=\"widget\" data-widget_type=\"text-editor.default\">\n\t\t\t\t<div class=\"elementor-widget-container\">\n\t\t\t\t\t\t\t\t\t<p><em>Az itt le\u00edrt hagyom\u00e1nyos felhaszn\u00e1l\u00e1si m\u00f3dok a k\u00fcl\u00f6nb\u00f6z\u0151 civiliz\u00e1ci\u00f3k t\u00f6rt\u00e9nelmi \u00e9s kultur\u00e1lis gyakorlat\u00e1n alapulnak. Ez az inform\u00e1ci\u00f3 kiz\u00e1r\u00f3lag oktat\u00e1si \u00e9s t\u00e1j\u00e9koztat\u00e1si c\u00e9lokat szolg\u00e1l.  Ezek nem szolg\u00e1lnak betegs\u00e9gek diagnosztiz\u00e1l\u00e1s\u00e1ra, kezel\u00e9s\u00e9re, gy\u00f3gy\u00edt\u00e1s\u00e1ra vagy megel\u0151z\u00e9s\u00e9re. Ezeket a kijelent\u00e9seket semmilyen orvosi hat\u00f3s\u00e1g nem \u00e9rt\u00e9kelte. <\/em><\/p><p><em>Mindig javasoljuk, hogy konzult\u00e1ljon szakk\u00e9pzett eg\u00e9szs\u00e9g\u00fcgyi szakemberrel, miel\u0151tt eg\u00e9szs\u00e9g\u00fcgyi okokb\u00f3l ill\u00f3olajokat haszn\u00e1lna.<\/em><\/p>\t\t\t\t\t\t\t\t<\/div>\n\t\t\t\t<\/div>\n\t\t\t\t\t<\/div>\n\t\t<\/div>\n\t\t\t\t<div class=\"elementor-column elementor-col-50 elementor-top-column elementor-element elementor-element-4c0420f\" data-id=\"4c0420f\" data-element_type=\"column\" data-e-type=\"column\">\n\t\t\t<div class=\"elementor-widget-wrap elementor-element-populated\">\n\t\t\t\t\t\t<div class=\"elementor-element elementor-element-d2b8bfe elementor-widget elementor-widget-image\" data-id=\"d2b8bfe\" data-element_type=\"widget\" data-e-type=\"widget\" data-widget_type=\"image.default\">\n\t\t\t\t<div class=\"elementor-widget-container\">\n\t\t\t\t\t\t\t\t\t\t\t\t\t\t\t<img decoding=\"async\" src=\"https:\/\/www.boemia-aroma.com\/wp-content\/uploads\/2024\/01\/Boemia-fiche-produit-ABL-2.jpg\" title=\"\" alt=\"\" loading=\"lazy\" \/>\t\t\t\t\t\t\t\t\t\t\t\t\t\t\t<\/div>\n\t\t\t\t<\/div>\n\t\t\t\t\t<\/div>\n\t\t<\/div>\n\t\t\t\t\t<\/div>\n\t\t<\/section>\n\t\t\t\t<\/div>\n\t\t","protected":false},"excerpt":{"rendered":"<p><span style=\"color: #ce4e2b;\"><strong><span data-sheets-value=\"{\"1\":2,\"2\":\"Un havre de douceur pour apaiser vos sens \"}\" data-sheets-userformat=\"{\"2\":12803,\"3\":{\"1\":0},\"4\":{\"1\":2,\"2\":16773836},\"12\":0,\"15\":\"Arial\",\"16\":10}\"><b>Ritka \u00e9s \u00e9rt\u00e9kes olaj, melyet Occit\u00e1nia sz\u00edv\u00e9ben desztill\u00e1ltak.<\/b><\/span><\/strong><\/span><\/p>\n<p><span style=\"color: #808080;\" data-sheets-value=\"{\"1\":2,\"2\":\"Ocimum basilicum L.\"}\" data-sheets-userformat=\"{\"2\":12803,\"3\":{\"1\":0},\"4\":{\"1\":2,\"2\":16773836},\"12\":0,\"15\":\"Arial\",\"16\":9}\"><em>Aloysia citrodora  <\/em><\/span><\/p>\n[dt_gap height=\"10\" \/]\n<p><span data-sheets-value=\"{\"1\":2,\"2\":\"Madagascar\"}\" data-sheets-userformat=\"{\"2\":12803,\"3\":{\"1\":0},\"4\":{\"1\":2,\"2\":16773836},\"12\":0,\"15\":\"Arial\",\"16\":9}\"><span style=\"color: #ce4e2b;\">\u2192 <\/span><\/span>Mennyis\u00e9g: 2,5 ml<\/p>\n<p><span data-sheets-value=\"{\"1\":2,\"2\":\"Madagascar\"}\" data-sheets-userformat=\"{\"2\":12803,\"3\":{\"1\":0},\"4\":{\"1\":2,\"2\":16773836},\"12\":0,\"15\":\"Arial\",\"16\":9}\"><span style=\"color: #ce4e2b;\">\u2192<\/span> Sz\u00e1rmaz\u00e1s : Franciaorsz\u00e1g<\/span><\/p>\n<p><span style=\"color: #ce4e2b;\" data-sheets-value=\"{\"1\":2,\"2\":\"Madagascar\"}\" data-sheets-userformat=\"{\"2\":12803,\"3\":{\"1\":0},\"4\":{\"1\":2,\"2\":16773836},\"12\":0,\"15\":\"Arial\",\"16\":9}\">\u2192 <\/span>Felhaszn\u00e1lt alkatr\u00e9sz: <span data-sheets-value=\"{\"1\":2,\"2\":\"Sommit\u00e9s fleuris\"}\" data-sheets-userformat=\"{\"2\":12803,\"3\":{\"1\":0},\"4\":{\"1\":2,\"2\":16773836},\"12\":0,\"15\":\"Arial\",\"16\":9}\">l\u00e9gi alkatr\u00e9szek<\/span><\/p>\n<p><span data-sheets-value=\"{\"1\":2,\"2\":\"Extraction \u00e0 la vapeur d'eau\"}\" data-sheets-userformat=\"{\"2\":12803,\"3\":{\"1\":0},\"4\":{\"1\":2,\"2\":16773836},\"12\":0,\"15\":\"Arial\",\"16\":9}\"><span style=\"color: #ce4e2b;\">\u2192<\/span> M\u00f3dszer: G\u0151zzel t\u00f6rt\u00e9n\u0151 extrakci\u00f3<\/span><\/p>\n<p><span data-sheets-value=\"{\"1\":2,\"2\":\"Extraction \u00e0 la vapeur d'eau\"}\" data-sheets-userformat=\"{\"2\":12803,\"3\":{\"1\":0},\"4\":{\"1\":2,\"2\":16773836},\"12\":0,\"15\":\"Arial\",\"16\":9}\"><span style=\"color: #ce4e2b;\">\u2192 Bo\u00e8mia desztill\u00e1ci\u00f3b\u00f3l sz\u00e1rmaz\u00f3 ill\u00f3olaj<\/span><\/span><\/p>\n<p><span data-sheets-value=\"{\"1\":2,\"2\":\"Extraction \u00e0 la vapeur d'eau\"}\" data-sheets-userformat=\"{\"2\":12803,\"3\":{\"1\":0},\"4\":{\"1\":2,\"2\":16773836},\"12\":0,\"15\":\"Arial\",\"16\":9}\"><span style=\"color: #ce4e2b;\">\u2192<\/span> T\u00e1rol\u00e1s: 5 \u00e9v<\/span><\/p>\n<p><span data-sheets-value=\"{\"1\":2,\"2\":\"Extraction \u00e0 la vapeur d'eau\"}\" data-sheets-userformat=\"{\"2\":12803,\"3\":{\"1\":0},\"4\":{\"1\":2,\"2\":16773836},\"12\":0,\"15\":\"Arial\",\"16\":9}\"><span style=\"color: #4d6854;\">\u2205<\/span> Nincs t\u00falcsomagol\u00e1s<\/span><\/p>\n","protected":false},"featured_media":16628,"comment_status":"open","ping_status":"closed","template":"","meta":{"_acf_changed":false},"product_brand":[],"product_cat":[204],"product_tag":[],"class_list":{"0":"post-23202","1":"product","2":"type-product","3":"status-publish","4":"has-post-thumbnail","6":"product_cat-illoolajok","7":"pa_usage-stressz-es-alvas","9":"first","10":"instock","11":"taxable","12":"shipping-taxable","13":"purchasable","14":"product-type-simple"},"acf":[],"yoast_head":"<!-- This site is optimized with the Yoast SEO plugin v27.4 - https:\/\/yoast.com\/product\/yoast-seo-wordpress\/ -->\n<title>Citrom verb\u00e9na bio ill\u00f3olaj | Bo\u00e8mia<\/title>\n<meta name=\"description\" content=\"Bio citromverb\u00e9na ill\u00f3olaj, hagyom\u00e1nyosan a Bo\u00e8mia \u00e1ltal desztill\u00e1lva. Kis t\u00e9telben el\u0151\u00e1ll\u00edtott friss, citromos esszencia.\" \/>\n<meta name=\"robots\" content=\"index, follow, max-snippet:-1, max-image-preview:large, max-video-preview:-1\" \/>\n<link rel=\"canonical\" href=\"https:\/\/www.boemia-aroma.com\/hu\/boemia-aruhaz\/illoolajok\/verveine-citronnee-biologique\/\" \/>\n<meta property=\"og:locale\" content=\"hu_HU\" \/>\n<meta property=\"og:type\" content=\"article\" \/>\n<meta property=\"og:title\" content=\"Citrom verb\u00e9na bio ill\u00f3olaj | Bo\u00e8mia\" \/>\n<meta property=\"og:description\" content=\"Bio citromverb\u00e9na ill\u00f3olaj, hagyom\u00e1nyosan a Bo\u00e8mia \u00e1ltal desztill\u00e1lva. Kis t\u00e9telben el\u0151\u00e1ll\u00edtott friss, citromos esszencia.\" \/>\n<meta property=\"og:url\" content=\"https:\/\/www.boemia-aroma.com\/hu\/boemia-aruhaz\/illoolajok\/verveine-citronnee-biologique\/\" \/>\n<meta property=\"og:site_name\" content=\"Bo\u00e8mia Aroma\" \/>\n<meta property=\"article:modified_time\" content=\"2026-03-12T09:24:30+00:00\" \/>\n<meta property=\"og:image\" content=\"https:\/\/www.boemia-aroma.com\/wp-content\/uploads\/2024\/10\/verveine-citronnee.webp\" \/>\n\t<meta property=\"og:image:width\" content=\"1200\" \/>\n\t<meta property=\"og:image:height\" content=\"1200\" \/>\n\t<meta property=\"og:image:type\" content=\"image\/webp\" \/>\n<meta name=\"twitter:card\" content=\"summary_large_image\" \/>\n<meta name=\"twitter:label1\" content=\"Becs\u00fclt olvas\u00e1si id\u0151\" \/>\n\t<meta name=\"twitter:data1\" content=\"2 perc\" \/>\n<script type=\"application\/ld+json\" class=\"yoast-schema-graph\">{\"@context\":\"https:\\\/\\\/schema.org\",\"@graph\":[{\"@type\":\"WebPage\",\"@id\":\"https:\\\/\\\/www.boemia-aroma.com\\\/hu\\\/boemia-aruhaz\\\/illoolajok\\\/verveine-citronnee-biologique\\\/\",\"url\":\"https:\\\/\\\/www.boemia-aroma.com\\\/hu\\\/boemia-aruhaz\\\/illoolajok\\\/verveine-citronnee-biologique\\\/\",\"name\":\"Citrom verb\u00e9na bio ill\u00f3olaj | Bo\u00e8mia\",\"isPartOf\":{\"@id\":\"https:\\\/\\\/www.boemia-aroma.com\\\/hu\\\/#website\"},\"primaryImageOfPage\":{\"@id\":\"https:\\\/\\\/www.boemia-aroma.com\\\/hu\\\/boemia-aruhaz\\\/illoolajok\\\/verveine-citronnee-biologique\\\/#primaryimage\"},\"image\":{\"@id\":\"https:\\\/\\\/www.boemia-aroma.com\\\/hu\\\/boemia-aruhaz\\\/illoolajok\\\/verveine-citronnee-biologique\\\/#primaryimage\"},\"thumbnailUrl\":\"https:\\\/\\\/www.boemia-aroma.com\\\/wp-content\\\/uploads\\\/2024\\\/10\\\/verveine-citronnee.webp\",\"datePublished\":\"2024-10-24T10:34:35+00:00\",\"dateModified\":\"2026-03-12T09:24:30+00:00\",\"description\":\"Bio citromverb\u00e9na ill\u00f3olaj, hagyom\u00e1nyosan a Bo\u00e8mia \u00e1ltal desztill\u00e1lva. Kis t\u00e9telben el\u0151\u00e1ll\u00edtott friss, citromos esszencia.\",\"breadcrumb\":{\"@id\":\"https:\\\/\\\/www.boemia-aroma.com\\\/hu\\\/boemia-aruhaz\\\/illoolajok\\\/verveine-citronnee-biologique\\\/#breadcrumb\"},\"inLanguage\":\"hu\",\"potentialAction\":[{\"@type\":\"ReadAction\",\"target\":[\"https:\\\/\\\/www.boemia-aroma.com\\\/hu\\\/boemia-aruhaz\\\/illoolajok\\\/verveine-citronnee-biologique\\\/\"]}]},{\"@type\":\"ImageObject\",\"inLanguage\":\"hu\",\"@id\":\"https:\\\/\\\/www.boemia-aroma.com\\\/hu\\\/boemia-aruhaz\\\/illoolajok\\\/verveine-citronnee-biologique\\\/#primaryimage\",\"url\":\"https:\\\/\\\/www.boemia-aroma.com\\\/wp-content\\\/uploads\\\/2024\\\/10\\\/verveine-citronnee.webp\",\"contentUrl\":\"https:\\\/\\\/www.boemia-aroma.com\\\/wp-content\\\/uploads\\\/2024\\\/10\\\/verveine-citronnee.webp\",\"width\":1200,\"height\":1200},{\"@type\":\"BreadcrumbList\",\"@id\":\"https:\\\/\\\/www.boemia-aroma.com\\\/hu\\\/boemia-aruhaz\\\/illoolajok\\\/verveine-citronnee-biologique\\\/#breadcrumb\",\"itemListElement\":[{\"@type\":\"ListItem\",\"position\":1,\"name\":\"Kezd\u0151lap\",\"item\":\"https:\\\/\\\/www.boemia-aroma.com\\\/hu\\\/\"},{\"@type\":\"ListItem\",\"position\":2,\"name\":\"Boemia \u00c1ruh\u00e1z\",\"item\":\"https:\\\/\\\/www.boemia-aroma.com\\\/hu\\\/boemia-aruhaz\\\/\"},{\"@type\":\"ListItem\",\"position\":3,\"name\":\"Citrom Verbena bio ill\u00f3olaj &#8211; 2.5 ml\"}]},{\"@type\":\"WebSite\",\"@id\":\"https:\\\/\\\/www.boemia-aroma.com\\\/hu\\\/#website\",\"url\":\"https:\\\/\\\/www.boemia-aroma.com\\\/hu\\\/\",\"name\":\"Bo\u00e8mia Aroma\",\"description\":\"\",\"publisher\":{\"@id\":\"https:\\\/\\\/www.boemia-aroma.com\\\/hu\\\/#organization\"},\"alternateName\":\"Bo\u00e8mia Aroma\",\"potentialAction\":[{\"@type\":\"SearchAction\",\"target\":{\"@type\":\"EntryPoint\",\"urlTemplate\":\"https:\\\/\\\/www.boemia-aroma.com\\\/hu\\\/?s={search_term_string}\"},\"query-input\":{\"@type\":\"PropertyValueSpecification\",\"valueRequired\":true,\"valueName\":\"search_term_string\"}}],\"inLanguage\":\"hu\"},{\"@type\":\"Organization\",\"@id\":\"https:\\\/\\\/www.boemia-aroma.com\\\/hu\\\/#organization\",\"name\":\"Bo\u00e8mia Aroma\",\"url\":\"https:\\\/\\\/www.boemia-aroma.com\\\/hu\\\/\",\"logo\":{\"@type\":\"ImageObject\",\"inLanguage\":\"hu\",\"@id\":\"https:\\\/\\\/www.boemia-aroma.com\\\/hu\\\/#\\\/schema\\\/logo\\\/image\\\/\",\"url\":\"https:\\\/\\\/www.boemia-aroma.com\\\/wp-content\\\/uploads\\\/2023\\\/07\\\/logo-boemia-aroma.png\",\"contentUrl\":\"https:\\\/\\\/www.boemia-aroma.com\\\/wp-content\\\/uploads\\\/2023\\\/07\\\/logo-boemia-aroma.png\",\"width\":300,\"height\":176,\"caption\":\"Bo\u00e8mia Aroma\"},\"image\":{\"@id\":\"https:\\\/\\\/www.boemia-aroma.com\\\/hu\\\/#\\\/schema\\\/logo\\\/image\\\/\"}}]}<\/script>\n<!-- \/ Yoast SEO plugin. -->","yoast_head_json":{"title":"Citrom verb\u00e9na bio ill\u00f3olaj | Bo\u00e8mia","description":"Bio citromverb\u00e9na ill\u00f3olaj, hagyom\u00e1nyosan a Bo\u00e8mia \u00e1ltal desztill\u00e1lva. Kis t\u00e9telben el\u0151\u00e1ll\u00edtott friss, citromos esszencia.","robots":{"index":"index","follow":"follow","max-snippet":"max-snippet:-1","max-image-preview":"max-image-preview:large","max-video-preview":"max-video-preview:-1"},"canonical":"https:\/\/www.boemia-aroma.com\/hu\/boemia-aruhaz\/illoolajok\/verveine-citronnee-biologique\/","og_locale":"hu_HU","og_type":"article","og_title":"Citrom verb\u00e9na bio ill\u00f3olaj | Bo\u00e8mia","og_description":"Bio citromverb\u00e9na ill\u00f3olaj, hagyom\u00e1nyosan a Bo\u00e8mia \u00e1ltal desztill\u00e1lva. Kis t\u00e9telben el\u0151\u00e1ll\u00edtott friss, citromos esszencia.","og_url":"https:\/\/www.boemia-aroma.com\/hu\/boemia-aruhaz\/illoolajok\/verveine-citronnee-biologique\/","og_site_name":"Bo\u00e8mia Aroma","article_modified_time":"2026-03-12T09:24:30+00:00","og_image":[{"width":1200,"height":1200,"url":"https:\/\/www.boemia-aroma.com\/wp-content\/uploads\/2024\/10\/verveine-citronnee.webp","type":"image\/webp"}],"twitter_card":"summary_large_image","twitter_misc":{"Becs\u00fclt olvas\u00e1si id\u0151":"2 perc"},"schema":{"@context":"https:\/\/schema.org","@graph":[{"@type":"WebPage","@id":"https:\/\/www.boemia-aroma.com\/hu\/boemia-aruhaz\/illoolajok\/verveine-citronnee-biologique\/","url":"https:\/\/www.boemia-aroma.com\/hu\/boemia-aruhaz\/illoolajok\/verveine-citronnee-biologique\/","name":"Citrom verb\u00e9na bio ill\u00f3olaj | Bo\u00e8mia","isPartOf":{"@id":"https:\/\/www.boemia-aroma.com\/hu\/#website"},"primaryImageOfPage":{"@id":"https:\/\/www.boemia-aroma.com\/hu\/boemia-aruhaz\/illoolajok\/verveine-citronnee-biologique\/#primaryimage"},"image":{"@id":"https:\/\/www.boemia-aroma.com\/hu\/boemia-aruhaz\/illoolajok\/verveine-citronnee-biologique\/#primaryimage"},"thumbnailUrl":"https:\/\/www.boemia-aroma.com\/wp-content\/uploads\/2024\/10\/verveine-citronnee.webp","datePublished":"2024-10-24T10:34:35+00:00","dateModified":"2026-03-12T09:24:30+00:00","description":"Bio citromverb\u00e9na ill\u00f3olaj, hagyom\u00e1nyosan a Bo\u00e8mia \u00e1ltal desztill\u00e1lva. Kis t\u00e9telben el\u0151\u00e1ll\u00edtott friss, citromos esszencia.","breadcrumb":{"@id":"https:\/\/www.boemia-aroma.com\/hu\/boemia-aruhaz\/illoolajok\/verveine-citronnee-biologique\/#breadcrumb"},"inLanguage":"hu","potentialAction":[{"@type":"ReadAction","target":["https:\/\/www.boemia-aroma.com\/hu\/boemia-aruhaz\/illoolajok\/verveine-citronnee-biologique\/"]}]},{"@type":"ImageObject","inLanguage":"hu","@id":"https:\/\/www.boemia-aroma.com\/hu\/boemia-aruhaz\/illoolajok\/verveine-citronnee-biologique\/#primaryimage","url":"https:\/\/www.boemia-aroma.com\/wp-content\/uploads\/2024\/10\/verveine-citronnee.webp","contentUrl":"https:\/\/www.boemia-aroma.com\/wp-content\/uploads\/2024\/10\/verveine-citronnee.webp","width":1200,"height":1200},{"@type":"BreadcrumbList","@id":"https:\/\/www.boemia-aroma.com\/hu\/boemia-aruhaz\/illoolajok\/verveine-citronnee-biologique\/#breadcrumb","itemListElement":[{"@type":"ListItem","position":1,"name":"Kezd\u0151lap","item":"https:\/\/www.boemia-aroma.com\/hu\/"},{"@type":"ListItem","position":2,"name":"Boemia \u00c1ruh\u00e1z","item":"https:\/\/www.boemia-aroma.com\/hu\/boemia-aruhaz\/"},{"@type":"ListItem","position":3,"name":"Citrom Verbena bio ill\u00f3olaj &#8211; 2.5 ml"}]},{"@type":"WebSite","@id":"https:\/\/www.boemia-aroma.com\/hu\/#website","url":"https:\/\/www.boemia-aroma.com\/hu\/","name":"Bo\u00e8mia Aroma","description":"","publisher":{"@id":"https:\/\/www.boemia-aroma.com\/hu\/#organization"},"alternateName":"Bo\u00e8mia Aroma","potentialAction":[{"@type":"SearchAction","target":{"@type":"EntryPoint","urlTemplate":"https:\/\/www.boemia-aroma.com\/hu\/?s={search_term_string}"},"query-input":{"@type":"PropertyValueSpecification","valueRequired":true,"valueName":"search_term_string"}}],"inLanguage":"hu"},{"@type":"Organization","@id":"https:\/\/www.boemia-aroma.com\/hu\/#organization","name":"Bo\u00e8mia Aroma","url":"https:\/\/www.boemia-aroma.com\/hu\/","logo":{"@type":"ImageObject","inLanguage":"hu","@id":"https:\/\/www.boemia-aroma.com\/hu\/#\/schema\/logo\/image\/","url":"https:\/\/www.boemia-aroma.com\/wp-content\/uploads\/2023\/07\/logo-boemia-aroma.png","contentUrl":"https:\/\/www.boemia-aroma.com\/wp-content\/uploads\/2023\/07\/logo-boemia-aroma.png","width":300,"height":176,"caption":"Bo\u00e8mia Aroma"},"image":{"@id":"https:\/\/www.boemia-aroma.com\/hu\/#\/schema\/logo\/image\/"}}]}},"_links":{"self":[{"href":"https:\/\/www.boemia-aroma.com\/hu\/wp-json\/wp\/v2\/product\/23202","targetHints":{"allow":["GET"]}}],"collection":[{"href":"https:\/\/www.boemia-aroma.com\/hu\/wp-json\/wp\/v2\/product"}],"about":[{"href":"https:\/\/www.boemia-aroma.com\/hu\/wp-json\/wp\/v2\/types\/product"}],"replies":[{"embeddable":true,"href":"https:\/\/www.boemia-aroma.com\/hu\/wp-json\/wp\/v2\/comments?post=23202"}],"version-history":[{"count":0,"href":"https:\/\/www.boemia-aroma.com\/hu\/wp-json\/wp\/v2\/product\/23202\/revisions"}],"wp:featuredmedia":[{"embeddable":true,"href":"https:\/\/www.boemia-aroma.com\/hu\/wp-json\/wp\/v2\/media\/16628"}],"wp:attachment":[{"href":"https:\/\/www.boemia-aroma.com\/hu\/wp-json\/wp\/v2\/media?parent=23202"}],"wp:term":[{"taxonomy":"product_brand","embeddable":true,"href":"https:\/\/www.boemia-aroma.com\/hu\/wp-json\/wp\/v2\/product_brand?post=23202"},{"taxonomy":"product_cat","embeddable":true,"href":"https:\/\/www.boemia-aroma.com\/hu\/wp-json\/wp\/v2\/product_cat?post=23202"},{"taxonomy":"product_tag","embeddable":true,"href":"https:\/\/www.boemia-aroma.com\/hu\/wp-json\/wp\/v2\/product_tag?post=23202"}],"curies":[{"name":"wp","href":"https:\/\/api.w.org\/{rel}","templated":true}]}}