{"id":23156,"date":"2024-07-25T15:23:50","date_gmt":"2024-07-25T13:23:50","guid":{"rendered":"https:\/\/www.boemia-aroma.com\/boutique-boemia\/nem-kategorizalt\/je-fabrique-mes-cosmetiques\/"},"modified":"2026-03-13T09:21:48","modified_gmt":"2026-03-13T08:21:48","slug":"sajat-kozmetikumokat-keszitek","status":"publish","type":"product","link":"https:\/\/www.boemia-aroma.com\/hu\/boemia-aruhaz\/karacsonyi-kincsek\/sajat-kozmetikumokat-keszitek\/","title":{"rendered":"Saj\u00e1t kozmetikumokat k\u00e9sz\u00edtek"},"content":{"rendered":"","protected":false},"excerpt":{"rendered":"<p><span style=\"color: #808080;\"><span style=\"color: #ce4e2b;\"><b><span data-sheets-value=\"{\"1\":2,\"2\":\"Entre aisance articulaire et bien-\u00eatre int\u00e9rieur\"}\" data-sheets-userformat=\"{\"2\":4227,\"3\":{\"1\":0},\"4\":{\"1\":2,\"2\":13228792},\"10\":2,\"15\":\"Arial\"}\">Minden p\u00e9nzt\u00e1rc\u00e1nak megfelel\u0151 receptek, 15 \u00f6sszetev\u0151, 36 biokozmetikum recept!<\/span><\/b><\/span><\/span><\/p>\n<hr>\n<div><\/div>\n<div>\n<p>A legjobb m\u00f3dja a 100%-ban eg\u00e9szs\u00e9ges, term\u00e9szetes kozmetikumok haszn\u00e1lat\u00e1nak, ha magad k\u00e9sz\u00edted el \u0151ket!<\/p>\n<p>K\u00f6vesse Sylvie Hampikian 36 receptj\u00e9t. Gyorsan \u00e9s egyszer\u0171en elk\u00e9sz\u00edthet\u0151, az eg\u00e9sz csal\u00e1d sz\u00e1m\u00e1ra sz\u00e9ps\u00e9g- \u00e9s wellness-kezel\u00e9seket k\u00edn\u00e1lnak.<br \/>\nK\u00f6r\u00fclbel\u00fcl tizen\u00f6t megfizethet\u0151 \u00e9s hat\u00e9kony alapanyagb\u00f3l k\u00e9sz\u00fclnek samponok, maszkok, hidrat\u00e1l\u00f3 kr\u00e9mek, ifj\u00fas\u00e1gi olajok, tiszt\u00edt\u00f3tejek \u00e9s tusf\u00fcrd\u0151k. <\/p>\n<p>Ha megtanulta a kifog\u00e1stalan higi\u00e9nia \u00e9s tart\u00f3s\u00edt\u00e1s alapvet\u0151 szab\u00e1lyait, akkor ezeket a fogyaszt\u00e1sra k\u00e9sz recepteket kevesebb mint 5 perc alatt, mindenf\u00e9le neh\u00e9zs\u00e9g \u00e9s eszk\u00f6zberuh\u00e1z\u00e1s n\u00e9lk\u00fcl maga is elk\u00e9sz\u00edtheti.<\/p>\n<div class=\"description-items\">\n<div>\n<div class=\"description-item\"><span class=\"description-item-title\"><span data-sheets-value=\"{\"1\":2,\"2\":\"Madagascar\"}\" data-sheets-userformat=\"{\"2\":12803,\"3\":{\"1\":0},\"4\":{\"1\":2,\"2\":16773836},\"12\":0,\"15\":\"Arial\",\"16\":9}\"><span style=\"color: #ce4e2b;\">\u2192 <\/span><\/span>Szerz\u0151: <\/span><span class=\"description-item-content\">Sylvie Hampikian<\/span><\/div>\n<div class=\"description-item\"><span class=\"description-item-title\"><span data-sheets-value=\"{\"1\":2,\"2\":\"Madagascar\"}\" data-sheets-userformat=\"{\"2\":12803,\"3\":{\"1\":0},\"4\":{\"1\":2,\"2\":16773836},\"12\":0,\"15\":\"Arial\",\"16\":9}\"><span style=\"color: #ce4e2b;\">\u2192 <\/span><\/span>Oldalak sz\u00e1ma: <\/span><span class=\"description-item-content\">96<\/span><\/div>\n<div class=\"description-item\"><span class=\"description-item-title\"><span data-sheets-value=\"{\"1\":2,\"2\":\"Madagascar\"}\" data-sheets-userformat=\"{\"2\":12803,\"3\":{\"1\":0},\"4\":{\"1\":2,\"2\":16773836},\"12\":0,\"15\":\"Arial\",\"16\":9}\"><span style=\"color: #ce4e2b;\">\u2192 <\/span><\/span>Megjelen\u00e9s d\u00e1tuma: <\/span><span class=\"description-item-content\">31\/08\/2012<\/span><\/div>\n<div class=\"description-item\"><span class=\"description-item-title\"><span data-sheets-value=\"{\"1\":2,\"2\":\"Madagascar\"}\" data-sheets-userformat=\"{\"2\":12803,\"3\":{\"1\":0},\"4\":{\"1\":2,\"2\":16773836},\"12\":0,\"15\":\"Arial\",\"16\":9}\"><span style=\"color: #ce4e2b;\">\u2192 <\/span><\/span>T\u00e9ma: <\/span><span class=\"description-item-content\">Term\u00e9szetes gondoskod\u00e1s<\/span><\/div>\n<div class=\"description-item\"><span class=\"description-item-title\"><span data-sheets-value=\"{\"1\":2,\"2\":\"Madagascar\"}\" data-sheets-userformat=\"{\"2\":12803,\"3\":{\"1\":0},\"4\":{\"1\":2,\"2\":16773836},\"12\":0,\"15\":\"Arial\",\"16\":9}\"><span style=\"color: #ce4e2b;\">\u2192 <\/span><\/span>Alt\u00e9ma : <\/span><span class=\"description-item-content\">Sz\u00e9ps\u00e9g \u00e9s j\u00f3l\u00e9t<\/span><\/div>\n<div class=\"description-item\"><span class=\"description-item-title\"><span data-sheets-value=\"{\"1\":2,\"2\":\"Madagascar\"}\" data-sheets-userformat=\"{\"2\":12803,\"3\":{\"1\":0},\"4\":{\"1\":2,\"2\":16773836},\"12\":0,\"15\":\"Arial\",\"16\":9}\"><span style=\"color: #ce4e2b;\">\u2192 <\/span><\/span>Gy\u0171jtem\u00e9ny: <\/span><span class=\"description-item-content\">K\u00f6nny\u0171 \u00e9s organikus<\/span><\/div>\n<\/div>\n<\/div>\n<\/div>\n<p>&nbsp;<\/p>\n<hr>\n<p>&nbsp;<\/p>\n","protected":false},"featured_media":23161,"comment_status":"open","ping_status":"closed","template":"","meta":{"_acf_changed":false},"product_brand":[],"product_cat":[220,223],"product_tag":[],"class_list":{"0":"post-23156","1":"product","2":"type-product","3":"status-publish","4":"has-post-thumbnail","6":"product_cat-karacsonyi-kincsek","7":"product_cat-konyvek","8":"pa_usage-borapolas","9":"pa_usage-kepzes","11":"first","12":"instock","13":"taxable","14":"shipping-taxable","15":"purchasable","16":"product-type-simple"},"acf":[],"yoast_head":"<!-- This site is optimized with the Yoast SEO plugin v27.4 - https:\/\/yoast.com\/product\/yoast-seo-wordpress\/ -->\n<title>Saj\u00e1t kozmetikumokat k\u00e9sz\u00edtek - Bo\u00e8mia Aroma<\/title>\n<meta name=\"description\" content=\"Saj\u00e1t kozmetikumokat k\u00e9sz\u00edtek en vente en ligne sur Bo\u00e8mia Aroma.\" \/>\n<meta name=\"robots\" content=\"index, follow, max-snippet:-1, max-image-preview:large, max-video-preview:-1\" \/>\n<link rel=\"canonical\" href=\"https:\/\/www.boemia-aroma.com\/hu\/boemia-aruhaz\/karacsonyi-kincsek\/sajat-kozmetikumokat-keszitek\/\" \/>\n<meta property=\"og:locale\" content=\"hu_HU\" \/>\n<meta property=\"og:type\" content=\"article\" \/>\n<meta property=\"og:title\" content=\"Saj\u00e1t kozmetikumokat k\u00e9sz\u00edtek - Bo\u00e8mia Aroma\" \/>\n<meta property=\"og:description\" content=\"Saj\u00e1t kozmetikumokat k\u00e9sz\u00edtek en vente en ligne sur Bo\u00e8mia Aroma.\" \/>\n<meta property=\"og:url\" content=\"https:\/\/www.boemia-aroma.com\/hu\/boemia-aruhaz\/karacsonyi-kincsek\/sajat-kozmetikumokat-keszitek\/\" \/>\n<meta property=\"og:site_name\" content=\"Bo\u00e8mia Aroma\" \/>\n<meta property=\"article:modified_time\" content=\"2026-03-13T08:21:48+00:00\" \/>\n<meta property=\"og:image\" content=\"https:\/\/www.boemia-aroma.com\/wp-content\/uploads\/2024\/07\/je-fabrique-mes-cosmetiques-P1.png\" \/>\n\t<meta property=\"og:image:width\" content=\"900\" \/>\n\t<meta property=\"og:image:height\" content=\"1200\" \/>\n\t<meta property=\"og:image:type\" content=\"image\/png\" \/>\n<meta name=\"twitter:card\" content=\"summary_large_image\" \/>\n<script type=\"application\/ld+json\" class=\"yoast-schema-graph\">{\"@context\":\"https:\\\/\\\/schema.org\",\"@graph\":[{\"@type\":\"WebPage\",\"@id\":\"https:\\\/\\\/www.boemia-aroma.com\\\/hu\\\/boemia-aruhaz\\\/karacsonyi-kincsek\\\/sajat-kozmetikumokat-keszitek\\\/\",\"url\":\"https:\\\/\\\/www.boemia-aroma.com\\\/hu\\\/boemia-aruhaz\\\/karacsonyi-kincsek\\\/sajat-kozmetikumokat-keszitek\\\/\",\"name\":\"Saj\u00e1t kozmetikumokat k\u00e9sz\u00edtek - Bo\u00e8mia Aroma\",\"isPartOf\":{\"@id\":\"https:\\\/\\\/www.boemia-aroma.com\\\/hu\\\/#website\"},\"primaryImageOfPage\":{\"@id\":\"https:\\\/\\\/www.boemia-aroma.com\\\/hu\\\/boemia-aruhaz\\\/karacsonyi-kincsek\\\/sajat-kozmetikumokat-keszitek\\\/#primaryimage\"},\"image\":{\"@id\":\"https:\\\/\\\/www.boemia-aroma.com\\\/hu\\\/boemia-aruhaz\\\/karacsonyi-kincsek\\\/sajat-kozmetikumokat-keszitek\\\/#primaryimage\"},\"thumbnailUrl\":\"https:\\\/\\\/www.boemia-aroma.com\\\/wp-content\\\/uploads\\\/2024\\\/07\\\/je-fabrique-mes-cosmetiques-P1.png\",\"datePublished\":\"2024-07-25T13:23:50+00:00\",\"dateModified\":\"2026-03-13T08:21:48+00:00\",\"description\":\"Saj\u00e1t kozmetikumokat k\u00e9sz\u00edtek en vente en ligne sur Bo\u00e8mia Aroma.\",\"breadcrumb\":{\"@id\":\"https:\\\/\\\/www.boemia-aroma.com\\\/hu\\\/boemia-aruhaz\\\/karacsonyi-kincsek\\\/sajat-kozmetikumokat-keszitek\\\/#breadcrumb\"},\"inLanguage\":\"hu\",\"potentialAction\":[{\"@type\":\"ReadAction\",\"target\":[\"https:\\\/\\\/www.boemia-aroma.com\\\/hu\\\/boemia-aruhaz\\\/karacsonyi-kincsek\\\/sajat-kozmetikumokat-keszitek\\\/\"]}]},{\"@type\":\"ImageObject\",\"inLanguage\":\"hu\",\"@id\":\"https:\\\/\\\/www.boemia-aroma.com\\\/hu\\\/boemia-aruhaz\\\/karacsonyi-kincsek\\\/sajat-kozmetikumokat-keszitek\\\/#primaryimage\",\"url\":\"https:\\\/\\\/www.boemia-aroma.com\\\/wp-content\\\/uploads\\\/2024\\\/07\\\/je-fabrique-mes-cosmetiques-P1.png\",\"contentUrl\":\"https:\\\/\\\/www.boemia-aroma.com\\\/wp-content\\\/uploads\\\/2024\\\/07\\\/je-fabrique-mes-cosmetiques-P1.png\",\"width\":900,\"height\":1200},{\"@type\":\"BreadcrumbList\",\"@id\":\"https:\\\/\\\/www.boemia-aroma.com\\\/hu\\\/boemia-aruhaz\\\/karacsonyi-kincsek\\\/sajat-kozmetikumokat-keszitek\\\/#breadcrumb\",\"itemListElement\":[{\"@type\":\"ListItem\",\"position\":1,\"name\":\"Kezd\u0151lap\",\"item\":\"https:\\\/\\\/www.boemia-aroma.com\\\/hu\\\/\"},{\"@type\":\"ListItem\",\"position\":2,\"name\":\"Boemia \u00c1ruh\u00e1z\",\"item\":\"https:\\\/\\\/www.boemia-aroma.com\\\/hu\\\/boemia-aruhaz\\\/\"},{\"@type\":\"ListItem\",\"position\":3,\"name\":\"Saj\u00e1t kozmetikumokat k\u00e9sz\u00edtek\"}]},{\"@type\":\"WebSite\",\"@id\":\"https:\\\/\\\/www.boemia-aroma.com\\\/hu\\\/#website\",\"url\":\"https:\\\/\\\/www.boemia-aroma.com\\\/hu\\\/\",\"name\":\"Bo\u00e8mia Aroma\",\"description\":\"\",\"publisher\":{\"@id\":\"https:\\\/\\\/www.boemia-aroma.com\\\/hu\\\/#organization\"},\"alternateName\":\"Bo\u00e8mia Aroma\",\"potentialAction\":[{\"@type\":\"SearchAction\",\"target\":{\"@type\":\"EntryPoint\",\"urlTemplate\":\"https:\\\/\\\/www.boemia-aroma.com\\\/hu\\\/?s={search_term_string}\"},\"query-input\":{\"@type\":\"PropertyValueSpecification\",\"valueRequired\":true,\"valueName\":\"search_term_string\"}}],\"inLanguage\":\"hu\"},{\"@type\":\"Organization\",\"@id\":\"https:\\\/\\\/www.boemia-aroma.com\\\/hu\\\/#organization\",\"name\":\"Bo\u00e8mia Aroma\",\"url\":\"https:\\\/\\\/www.boemia-aroma.com\\\/hu\\\/\",\"logo\":{\"@type\":\"ImageObject\",\"inLanguage\":\"hu\",\"@id\":\"https:\\\/\\\/www.boemia-aroma.com\\\/hu\\\/#\\\/schema\\\/logo\\\/image\\\/\",\"url\":\"https:\\\/\\\/www.boemia-aroma.com\\\/wp-content\\\/uploads\\\/2023\\\/07\\\/logo-boemia-aroma.png\",\"contentUrl\":\"https:\\\/\\\/www.boemia-aroma.com\\\/wp-content\\\/uploads\\\/2023\\\/07\\\/logo-boemia-aroma.png\",\"width\":300,\"height\":176,\"caption\":\"Bo\u00e8mia Aroma\"},\"image\":{\"@id\":\"https:\\\/\\\/www.boemia-aroma.com\\\/hu\\\/#\\\/schema\\\/logo\\\/image\\\/\"}}]}<\/script>\n<!-- \/ Yoast SEO plugin. -->","yoast_head_json":{"title":"Saj\u00e1t kozmetikumokat k\u00e9sz\u00edtek - Bo\u00e8mia Aroma","description":"Saj\u00e1t kozmetikumokat k\u00e9sz\u00edtek en vente en ligne sur Bo\u00e8mia Aroma.","robots":{"index":"index","follow":"follow","max-snippet":"max-snippet:-1","max-image-preview":"max-image-preview:large","max-video-preview":"max-video-preview:-1"},"canonical":"https:\/\/www.boemia-aroma.com\/hu\/boemia-aruhaz\/karacsonyi-kincsek\/sajat-kozmetikumokat-keszitek\/","og_locale":"hu_HU","og_type":"article","og_title":"Saj\u00e1t kozmetikumokat k\u00e9sz\u00edtek - Bo\u00e8mia Aroma","og_description":"Saj\u00e1t kozmetikumokat k\u00e9sz\u00edtek en vente en ligne sur Bo\u00e8mia Aroma.","og_url":"https:\/\/www.boemia-aroma.com\/hu\/boemia-aruhaz\/karacsonyi-kincsek\/sajat-kozmetikumokat-keszitek\/","og_site_name":"Bo\u00e8mia Aroma","article_modified_time":"2026-03-13T08:21:48+00:00","og_image":[{"width":900,"height":1200,"url":"https:\/\/www.boemia-aroma.com\/wp-content\/uploads\/2024\/07\/je-fabrique-mes-cosmetiques-P1.png","type":"image\/png"}],"twitter_card":"summary_large_image","schema":{"@context":"https:\/\/schema.org","@graph":[{"@type":"WebPage","@id":"https:\/\/www.boemia-aroma.com\/hu\/boemia-aruhaz\/karacsonyi-kincsek\/sajat-kozmetikumokat-keszitek\/","url":"https:\/\/www.boemia-aroma.com\/hu\/boemia-aruhaz\/karacsonyi-kincsek\/sajat-kozmetikumokat-keszitek\/","name":"Saj\u00e1t kozmetikumokat k\u00e9sz\u00edtek - Bo\u00e8mia Aroma","isPartOf":{"@id":"https:\/\/www.boemia-aroma.com\/hu\/#website"},"primaryImageOfPage":{"@id":"https:\/\/www.boemia-aroma.com\/hu\/boemia-aruhaz\/karacsonyi-kincsek\/sajat-kozmetikumokat-keszitek\/#primaryimage"},"image":{"@id":"https:\/\/www.boemia-aroma.com\/hu\/boemia-aruhaz\/karacsonyi-kincsek\/sajat-kozmetikumokat-keszitek\/#primaryimage"},"thumbnailUrl":"https:\/\/www.boemia-aroma.com\/wp-content\/uploads\/2024\/07\/je-fabrique-mes-cosmetiques-P1.png","datePublished":"2024-07-25T13:23:50+00:00","dateModified":"2026-03-13T08:21:48+00:00","description":"Saj\u00e1t kozmetikumokat k\u00e9sz\u00edtek en vente en ligne sur Bo\u00e8mia Aroma.","breadcrumb":{"@id":"https:\/\/www.boemia-aroma.com\/hu\/boemia-aruhaz\/karacsonyi-kincsek\/sajat-kozmetikumokat-keszitek\/#breadcrumb"},"inLanguage":"hu","potentialAction":[{"@type":"ReadAction","target":["https:\/\/www.boemia-aroma.com\/hu\/boemia-aruhaz\/karacsonyi-kincsek\/sajat-kozmetikumokat-keszitek\/"]}]},{"@type":"ImageObject","inLanguage":"hu","@id":"https:\/\/www.boemia-aroma.com\/hu\/boemia-aruhaz\/karacsonyi-kincsek\/sajat-kozmetikumokat-keszitek\/#primaryimage","url":"https:\/\/www.boemia-aroma.com\/wp-content\/uploads\/2024\/07\/je-fabrique-mes-cosmetiques-P1.png","contentUrl":"https:\/\/www.boemia-aroma.com\/wp-content\/uploads\/2024\/07\/je-fabrique-mes-cosmetiques-P1.png","width":900,"height":1200},{"@type":"BreadcrumbList","@id":"https:\/\/www.boemia-aroma.com\/hu\/boemia-aruhaz\/karacsonyi-kincsek\/sajat-kozmetikumokat-keszitek\/#breadcrumb","itemListElement":[{"@type":"ListItem","position":1,"name":"Kezd\u0151lap","item":"https:\/\/www.boemia-aroma.com\/hu\/"},{"@type":"ListItem","position":2,"name":"Boemia \u00c1ruh\u00e1z","item":"https:\/\/www.boemia-aroma.com\/hu\/boemia-aruhaz\/"},{"@type":"ListItem","position":3,"name":"Saj\u00e1t kozmetikumokat k\u00e9sz\u00edtek"}]},{"@type":"WebSite","@id":"https:\/\/www.boemia-aroma.com\/hu\/#website","url":"https:\/\/www.boemia-aroma.com\/hu\/","name":"Bo\u00e8mia Aroma","description":"","publisher":{"@id":"https:\/\/www.boemia-aroma.com\/hu\/#organization"},"alternateName":"Bo\u00e8mia Aroma","potentialAction":[{"@type":"SearchAction","target":{"@type":"EntryPoint","urlTemplate":"https:\/\/www.boemia-aroma.com\/hu\/?s={search_term_string}"},"query-input":{"@type":"PropertyValueSpecification","valueRequired":true,"valueName":"search_term_string"}}],"inLanguage":"hu"},{"@type":"Organization","@id":"https:\/\/www.boemia-aroma.com\/hu\/#organization","name":"Bo\u00e8mia Aroma","url":"https:\/\/www.boemia-aroma.com\/hu\/","logo":{"@type":"ImageObject","inLanguage":"hu","@id":"https:\/\/www.boemia-aroma.com\/hu\/#\/schema\/logo\/image\/","url":"https:\/\/www.boemia-aroma.com\/wp-content\/uploads\/2023\/07\/logo-boemia-aroma.png","contentUrl":"https:\/\/www.boemia-aroma.com\/wp-content\/uploads\/2023\/07\/logo-boemia-aroma.png","width":300,"height":176,"caption":"Bo\u00e8mia Aroma"},"image":{"@id":"https:\/\/www.boemia-aroma.com\/hu\/#\/schema\/logo\/image\/"}}]}},"_links":{"self":[{"href":"https:\/\/www.boemia-aroma.com\/hu\/wp-json\/wp\/v2\/product\/23156","targetHints":{"allow":["GET"]}}],"collection":[{"href":"https:\/\/www.boemia-aroma.com\/hu\/wp-json\/wp\/v2\/product"}],"about":[{"href":"https:\/\/www.boemia-aroma.com\/hu\/wp-json\/wp\/v2\/types\/product"}],"replies":[{"embeddable":true,"href":"https:\/\/www.boemia-aroma.com\/hu\/wp-json\/wp\/v2\/comments?post=23156"}],"version-history":[{"count":0,"href":"https:\/\/www.boemia-aroma.com\/hu\/wp-json\/wp\/v2\/product\/23156\/revisions"}],"wp:featuredmedia":[{"embeddable":true,"href":"https:\/\/www.boemia-aroma.com\/hu\/wp-json\/wp\/v2\/media\/23161"}],"wp:attachment":[{"href":"https:\/\/www.boemia-aroma.com\/hu\/wp-json\/wp\/v2\/media?parent=23156"}],"wp:term":[{"taxonomy":"product_brand","embeddable":true,"href":"https:\/\/www.boemia-aroma.com\/hu\/wp-json\/wp\/v2\/product_brand?post=23156"},{"taxonomy":"product_cat","embeddable":true,"href":"https:\/\/www.boemia-aroma.com\/hu\/wp-json\/wp\/v2\/product_cat?post=23156"},{"taxonomy":"product_tag","embeddable":true,"href":"https:\/\/www.boemia-aroma.com\/hu\/wp-json\/wp\/v2\/product_tag?post=23156"}],"curies":[{"name":"wp","href":"https:\/\/api.w.org\/{rel}","templated":true}]}}