{"id":23155,"date":"2024-01-15T15:19:31","date_gmt":"2024-01-15T14:19:31","guid":{"rendered":"https:\/\/www.boemia-aroma.com\/boutique-boemia\/nem-kategorizalt\/aroma-enfants\/"},"modified":"2026-03-12T20:00:44","modified_gmt":"2026-03-12T19:00:44","slug":"aroma-gyerekek","status":"publish","type":"product","link":"https:\/\/www.boemia-aroma.com\/hu\/boemia-aruhaz\/karacsonyi-kincsek\/aroma-gyerekek\/","title":{"rendered":"Aroma-gyerekek"},"content":{"rendered":"","protected":false},"excerpt":{"rendered":"<p><span style=\"color: #808080;\"><span style=\"color: #ce4e2b;\"><b><span data-sheets-value=\"{\"1\":2,\"2\":\"Entre aisance articulaire et bien-\u00eatre int\u00e9rieur\"}\" data-sheets-userformat=\"{\"2\":4227,\"3\":{\"1\":0},\"4\":{\"1\":2,\"2\":13228792},\"10\":2,\"15\":\"Arial\"}\">Biztons\u00e1gos \u00e9s hat\u00e9kony ill\u00f3olajok \u00e9s hidrol\u00e1tok<\/span><\/b><\/span><\/span><\/p>\n<hr>\n<div><\/div>\n<div>\n<p><em>&#8222;Ez a gyermekeknek sz\u00f3l\u00f3 k\u00f6nyv, amelyet k\u00e9t neves gy\u00f3gyszer\u00e9szdoktor \u00e9s aromaterapeuta \u00edrt, minden olyan inform\u00e1ci\u00f3t megad a sz\u00fcl\u0151knek, amelyre sz\u00fcks\u00e9g\u00fck van ahhoz, hogy meg\u00e9rts\u00e9k ezt a megk\u00f6zel\u00edt\u00e9st, \u00e9s a mindennapokban maguk\u00e9v\u00e1 tegy\u00e9k.<\/em><br \/>\n<em>Az aromater\u00e1pia tudom\u00e1nyos alapjait, a f\u0151bb ill\u00f3olajok \u00e9s hidrol\u00e1tok tulajdons\u00e1gait \u00e9s javallatait, valamint felhaszn\u00e1l\u00e1si lehet\u0151s\u00e9geiket r\u00e9szletesen ismerteti, mik\u00f6zben k\u00f6z\u00e9rthet\u0151 marad: a korcsoportonk\u00e9nti \u00f6sszefoglal\u00f3 t\u00e1bl\u00e1zatok (3 h\u00f3nap, 30 h\u00f3nap, 6 \u00e9v, 12 \u00e9v), a vil\u00e1gos \u00e9s k\u00f6nnyen alkalmazhat\u00f3 &#8222;receptek&#8221; az egyes k\u00f3rk\u00e9pekhez lehet\u0151v\u00e9 teszik a sz\u00fcl\u0151k sz\u00e1m\u00e1ra, hogy k\u00f6nnyen megtal\u00e1lj\u00e1k a szinergi\u00e1t, amelyet teljes biztons\u00e1ggal v\u00e1laszthatnak gyermek\u00fck sz\u00e1m\u00e1ra.<\/em>&#8221;<br \/>\nDr. Carole Cose.<\/p>\n<p>Az aromater\u00e1pi\u00e1s \u00e9s hidroter\u00e1pi\u00e1s megk\u00f6zel\u00edt\u00e9s az eg\u00e9sz emberre \u00f6sszpontos\u00edt. <strong>Szorong\u00e1s, stressz, em\u00e9szt\u00e9si probl\u00e9m\u00e1k, alv\u00e1szavarok<\/strong> stb. &#8211; vannak <strong>alternat\u00edv gy\u00f3gy\u00e1szati<\/strong> megold\u00e1sok, amelyekkel jav\u00edthatunk fiatalok \u00e9s id\u0151sek mindennapjain egyar\u00e1nt.<\/p>\n<p>Sok <strong>sz\u00fcl\u0151<\/strong> szeretne<strong>aromater\u00e1pi\u00e1t<\/strong> vagy <strong>gy\u00f3gyn\u00f6v\u00e9nyeket<\/strong> haszn\u00e1lni gyermeke sz\u00e1m\u00e1ra. Az inform\u00e1ci\u00f3forr\u00e1sok azonban v\u00e1ltozatosak \u00e9s n\u00e9ha ellentmond\u00e1sosak, ami le\u00e9rt\u00e9keli a term\u00e9szetes megk\u00f6zel\u00edt\u00e9st.<strong> Neh\u00e9z lehet mindennek \u00e9rtelmet adni<\/strong>. <\/p>\n<p><strong>Ravinstara<\/strong>, Bergamot, Neroli bigarade, Cypress evergreen, Eucalyptus globuleux, <strong>hogyan lehet elsaj\u00e1t\u00edtani ezeket a &#8222;foly\u00e9kony kincseket&#8221;<\/strong>?<br \/>\nAz ill\u00f3olajok \u00e9s hidrol\u00e1tok biztons\u00e1gos haszn\u00e1lata az ellenjavallatok elsaj\u00e1t\u00edt\u00e1s\u00e1t \u00e9s <strong>a haszn\u00e1latra vonatkoz\u00f3 \u00f3vint\u00e9zked\u00e9sek betart\u00e1s\u00e1t<\/strong> jelenti (az ill\u00f3olajok \u00f6sszet\u00e9tele, az alkalmaz\u00e1s m\u00f3dja &#8211; bels\u0151 vagy k\u00fcls\u0151leg -, a gyermek \u00e9letkora).<\/p>\n<p>Az aromater\u00e1pia szak\u00e9rt\u0151i,<strong> Dr. Fran\u00e7oise Couic Marinier<\/strong> gy\u00f3gyszer\u00e9szdoktor \u00e9s <strong>Dr. Carole Minker, a<\/strong> fitoter\u00e1pia \u00e9s aromater\u00e1pia oktat\u00f3i \u00fagy tervezt\u00e9k meg ezt a k\u00f6nyvet, hogy egyszerre legyen aktu\u00e1lis \u00e9s gyakorlatias.<strong> Olyan inform\u00e1ci\u00f3kkal szolg\u00e1l, amelyek seg\u00edtenek megfelelni a sz\u00fcl\u0151k elv\u00e1r\u00e1sainak \u00e9s k\u00e9rd\u00e9seinek <\/strong>, valamint a p\u00e1cienseiknek tan\u00e1csot adni k\u00edv\u00e1n\u00f3 <strong>eg\u00e9szs\u00e9g\u00fcgyi szakembereknek<\/strong>. <\/p>\n<p><strong><em>Az Aroma enfants-nak<\/em> k\u00f6sz\u00f6nhet\u0151en megtudhatja, hogyan enyh\u00edthet egy s\u00falyos betegs\u00e9get a kieg\u00e9sz\u00edt\u0151 megk\u00f6zel\u00edt\u00e9s r\u00e9szek\u00e9nt, vagy megtudhatja, hogyan kezelheti a mindennapi betegs\u00e9geket. <\/strong><strong>Sz\u00fcl\u0151k, tegy\u00e9k azt, ami gyermek\u00fck eg\u00e9szs\u00e9g\u00e9nek \u00e9s alv\u00e1s\u00e1nak j\u00f3t tesz!<\/strong><\/p>\n<div class=\"description-items\">\n<div class=\"description-item\"><span class=\"description-item-title\"><span data-sheets-value=\"{\"1\":2,\"2\":\"Madagascar\"}\" data-sheets-userformat=\"{\"2\":12803,\"3\":{\"1\":0},\"4\":{\"1\":2,\"2\":16773836},\"12\":0,\"15\":\"Arial\",\"16\":9}\"><span style=\"color: #ce4e2b;\">\u2192<\/span> <\/span>Szerz\u0151: <\/span><span class=\"description-item-content\">Dr. Fran\u00e7oise Couic Marinier<\/span><\/div>\n<div class=\"description-item\"><span class=\"description-item-title\"><span data-sheets-value=\"{\"1\":2,\"2\":\"Madagascar\"}\" data-sheets-userformat=\"{\"2\":12803,\"3\":{\"1\":0},\"4\":{\"1\":2,\"2\":16773836},\"12\":0,\"15\":\"Arial\",\"16\":9}\"><span style=\"color: #ce4e2b;\">\u2192<\/span> <\/span>Szerz\u0151: <\/span><span class=\"description-item-content\">Minker<\/span><\/div>\n<div class=\"description-item\"><span class=\"description-item-title\"><span data-sheets-value=\"{\"1\":2,\"2\":\"Madagascar\"}\" data-sheets-userformat=\"{\"2\":12803,\"3\":{\"1\":0},\"4\":{\"1\":2,\"2\":16773836},\"12\":0,\"15\":\"Arial\",\"16\":9}\"><span style=\"color: #ce4e2b;\">\u2192<\/span> <\/span>Oldalak sz\u00e1ma: <\/span><span class=\"description-item-content\">240<\/span><\/div>\n<div class=\"description-item\"><span class=\"description-item-title\"><span data-sheets-value=\"{\"1\":2,\"2\":\"Madagascar\"}\" data-sheets-userformat=\"{\"2\":12803,\"3\":{\"1\":0},\"4\":{\"1\":2,\"2\":16773836},\"12\":0,\"15\":\"Arial\",\"16\":9}\"><span style=\"color: #ce4e2b;\">\u2192<\/span> <\/span>Megjelen\u00e9s d\u00e1tuma: <\/span><span class=\"description-item-content\">24\/10\/2023<\/span><\/div>\n<div class=\"description-item\"><span class=\"description-item-title\"><span data-sheets-value=\"{\"1\":2,\"2\":\"Madagascar\"}\" data-sheets-userformat=\"{\"2\":12803,\"3\":{\"1\":0},\"4\":{\"1\":2,\"2\":16773836},\"12\":0,\"15\":\"Arial\",\"16\":9}\"><span style=\"color: #ce4e2b;\">\u2192<\/span> <\/span>T\u00e9ma: <\/span><span class=\"description-item-content\">Term\u00e9szetes gondoskod\u00e1s<\/span><\/div>\n<div class=\"description-item\"><span class=\"description-item-title\"><span data-sheets-value=\"{\"1\":2,\"2\":\"Madagascar\"}\" data-sheets-userformat=\"{\"2\":12803,\"3\":{\"1\":0},\"4\":{\"1\":2,\"2\":16773836},\"12\":0,\"15\":\"Arial\",\"16\":9}\"><span style=\"color: #ce4e2b;\">\u2192<\/span> <\/span>Al-t\u00e9ma: <\/span><span class=\"description-item-content\">Alternat\u00edv gy\u00f3gy\u00e1szat<\/span><\/div>\n<div class=\"description-item\"><span class=\"description-item-title\"><span data-sheets-value=\"{\"1\":2,\"2\":\"Madagascar\"}\" data-sheets-userformat=\"{\"2\":12803,\"3\":{\"1\":0},\"4\":{\"1\":2,\"2\":16773836},\"12\":0,\"15\":\"Arial\",\"16\":9}\"><span style=\"color: #ce4e2b;\">\u2192<\/span> <\/span>Gy\u0171jtem\u00e9ny: <\/span><span class=\"description-item-content\">Szak\u00e9rt\u0151i tan\u00e1csad\u00e1s<\/span><\/div>\n<\/div>\n<\/div>\n<p>&nbsp;<\/p>\n<hr>\n<p>&nbsp;<\/p>\n","protected":false},"featured_media":23157,"comment_status":"open","ping_status":"closed","template":"","meta":{"_acf_changed":false},"product_brand":[],"product_cat":[220,223],"product_tag":[],"class_list":{"0":"post-23155","1":"product","2":"type-product","3":"status-publish","4":"has-post-thumbnail","6":"product_cat-karacsonyi-kincsek","7":"product_cat-konyvek","8":"pa_usage-gyermekek","9":"pa_usage-kepzes","11":"first","12":"instock","13":"taxable","14":"shipping-taxable","15":"purchasable","16":"product-type-simple"},"acf":[],"yoast_head":"<!-- This site is optimized with the Yoast SEO plugin v27.4 - https:\/\/yoast.com\/product\/yoast-seo-wordpress\/ -->\n<title>Aroma-gyerekek - Bo\u00e8mia Aroma<\/title>\n<meta name=\"description\" content=\"Aroma-gyerekek en vente en ligne sur Bo\u00e8mia Aroma.\" \/>\n<meta name=\"robots\" content=\"index, follow, max-snippet:-1, max-image-preview:large, max-video-preview:-1\" \/>\n<link rel=\"canonical\" href=\"https:\/\/www.boemia-aroma.com\/hu\/boemia-aruhaz\/karacsonyi-kincsek\/aroma-gyerekek\/\" \/>\n<meta property=\"og:locale\" content=\"hu_HU\" \/>\n<meta property=\"og:type\" content=\"article\" \/>\n<meta property=\"og:title\" content=\"Aroma-gyerekek - Bo\u00e8mia Aroma\" \/>\n<meta property=\"og:description\" content=\"Aroma-gyerekek en vente en ligne sur Bo\u00e8mia Aroma.\" \/>\n<meta property=\"og:url\" content=\"https:\/\/www.boemia-aroma.com\/hu\/boemia-aruhaz\/karacsonyi-kincsek\/aroma-gyerekek\/\" \/>\n<meta property=\"og:site_name\" content=\"Bo\u00e8mia Aroma\" \/>\n<meta property=\"article:modified_time\" content=\"2026-03-12T19:00:44+00:00\" \/>\n<meta property=\"og:image\" content=\"https:\/\/www.boemia-aroma.com\/wp-content\/uploads\/2024\/01\/aroma-enfants-1.png\" \/>\n\t<meta property=\"og:image:width\" content=\"900\" \/>\n\t<meta property=\"og:image:height\" content=\"1200\" \/>\n\t<meta property=\"og:image:type\" content=\"image\/png\" \/>\n<meta name=\"twitter:card\" content=\"summary_large_image\" \/>\n<script type=\"application\/ld+json\" class=\"yoast-schema-graph\">{\"@context\":\"https:\\\/\\\/schema.org\",\"@graph\":[{\"@type\":\"WebPage\",\"@id\":\"https:\\\/\\\/www.boemia-aroma.com\\\/hu\\\/boemia-aruhaz\\\/karacsonyi-kincsek\\\/aroma-gyerekek\\\/\",\"url\":\"https:\\\/\\\/www.boemia-aroma.com\\\/hu\\\/boemia-aruhaz\\\/karacsonyi-kincsek\\\/aroma-gyerekek\\\/\",\"name\":\"Aroma-gyerekek - Bo\u00e8mia Aroma\",\"isPartOf\":{\"@id\":\"https:\\\/\\\/www.boemia-aroma.com\\\/hu\\\/#website\"},\"primaryImageOfPage\":{\"@id\":\"https:\\\/\\\/www.boemia-aroma.com\\\/hu\\\/boemia-aruhaz\\\/karacsonyi-kincsek\\\/aroma-gyerekek\\\/#primaryimage\"},\"image\":{\"@id\":\"https:\\\/\\\/www.boemia-aroma.com\\\/hu\\\/boemia-aruhaz\\\/karacsonyi-kincsek\\\/aroma-gyerekek\\\/#primaryimage\"},\"thumbnailUrl\":\"https:\\\/\\\/www.boemia-aroma.com\\\/wp-content\\\/uploads\\\/2024\\\/01\\\/aroma-enfants-1.png\",\"datePublished\":\"2024-01-15T14:19:31+00:00\",\"dateModified\":\"2026-03-12T19:00:44+00:00\",\"description\":\"Aroma-gyerekek en vente en ligne sur Bo\u00e8mia Aroma.\",\"breadcrumb\":{\"@id\":\"https:\\\/\\\/www.boemia-aroma.com\\\/hu\\\/boemia-aruhaz\\\/karacsonyi-kincsek\\\/aroma-gyerekek\\\/#breadcrumb\"},\"inLanguage\":\"hu\",\"potentialAction\":[{\"@type\":\"ReadAction\",\"target\":[\"https:\\\/\\\/www.boemia-aroma.com\\\/hu\\\/boemia-aruhaz\\\/karacsonyi-kincsek\\\/aroma-gyerekek\\\/\"]}]},{\"@type\":\"ImageObject\",\"inLanguage\":\"hu\",\"@id\":\"https:\\\/\\\/www.boemia-aroma.com\\\/hu\\\/boemia-aruhaz\\\/karacsonyi-kincsek\\\/aroma-gyerekek\\\/#primaryimage\",\"url\":\"https:\\\/\\\/www.boemia-aroma.com\\\/wp-content\\\/uploads\\\/2024\\\/01\\\/aroma-enfants-1.png\",\"contentUrl\":\"https:\\\/\\\/www.boemia-aroma.com\\\/wp-content\\\/uploads\\\/2024\\\/01\\\/aroma-enfants-1.png\",\"width\":900,\"height\":1200},{\"@type\":\"BreadcrumbList\",\"@id\":\"https:\\\/\\\/www.boemia-aroma.com\\\/hu\\\/boemia-aruhaz\\\/karacsonyi-kincsek\\\/aroma-gyerekek\\\/#breadcrumb\",\"itemListElement\":[{\"@type\":\"ListItem\",\"position\":1,\"name\":\"Kezd\u0151lap\",\"item\":\"https:\\\/\\\/www.boemia-aroma.com\\\/hu\\\/\"},{\"@type\":\"ListItem\",\"position\":2,\"name\":\"Boemia \u00c1ruh\u00e1z\",\"item\":\"https:\\\/\\\/www.boemia-aroma.com\\\/hu\\\/boemia-aruhaz\\\/\"},{\"@type\":\"ListItem\",\"position\":3,\"name\":\"Aroma-gyerekek\"}]},{\"@type\":\"WebSite\",\"@id\":\"https:\\\/\\\/www.boemia-aroma.com\\\/hu\\\/#website\",\"url\":\"https:\\\/\\\/www.boemia-aroma.com\\\/hu\\\/\",\"name\":\"Bo\u00e8mia Aroma\",\"description\":\"\",\"publisher\":{\"@id\":\"https:\\\/\\\/www.boemia-aroma.com\\\/hu\\\/#organization\"},\"alternateName\":\"Bo\u00e8mia Aroma\",\"potentialAction\":[{\"@type\":\"SearchAction\",\"target\":{\"@type\":\"EntryPoint\",\"urlTemplate\":\"https:\\\/\\\/www.boemia-aroma.com\\\/hu\\\/?s={search_term_string}\"},\"query-input\":{\"@type\":\"PropertyValueSpecification\",\"valueRequired\":true,\"valueName\":\"search_term_string\"}}],\"inLanguage\":\"hu\"},{\"@type\":\"Organization\",\"@id\":\"https:\\\/\\\/www.boemia-aroma.com\\\/hu\\\/#organization\",\"name\":\"Bo\u00e8mia Aroma\",\"url\":\"https:\\\/\\\/www.boemia-aroma.com\\\/hu\\\/\",\"logo\":{\"@type\":\"ImageObject\",\"inLanguage\":\"hu\",\"@id\":\"https:\\\/\\\/www.boemia-aroma.com\\\/hu\\\/#\\\/schema\\\/logo\\\/image\\\/\",\"url\":\"https:\\\/\\\/www.boemia-aroma.com\\\/wp-content\\\/uploads\\\/2023\\\/07\\\/logo-boemia-aroma.png\",\"contentUrl\":\"https:\\\/\\\/www.boemia-aroma.com\\\/wp-content\\\/uploads\\\/2023\\\/07\\\/logo-boemia-aroma.png\",\"width\":300,\"height\":176,\"caption\":\"Bo\u00e8mia Aroma\"},\"image\":{\"@id\":\"https:\\\/\\\/www.boemia-aroma.com\\\/hu\\\/#\\\/schema\\\/logo\\\/image\\\/\"}}]}<\/script>\n<!-- \/ Yoast SEO plugin. -->","yoast_head_json":{"title":"Aroma-gyerekek - Bo\u00e8mia Aroma","description":"Aroma-gyerekek en vente en ligne sur Bo\u00e8mia Aroma.","robots":{"index":"index","follow":"follow","max-snippet":"max-snippet:-1","max-image-preview":"max-image-preview:large","max-video-preview":"max-video-preview:-1"},"canonical":"https:\/\/www.boemia-aroma.com\/hu\/boemia-aruhaz\/karacsonyi-kincsek\/aroma-gyerekek\/","og_locale":"hu_HU","og_type":"article","og_title":"Aroma-gyerekek - Bo\u00e8mia Aroma","og_description":"Aroma-gyerekek en vente en ligne sur Bo\u00e8mia Aroma.","og_url":"https:\/\/www.boemia-aroma.com\/hu\/boemia-aruhaz\/karacsonyi-kincsek\/aroma-gyerekek\/","og_site_name":"Bo\u00e8mia Aroma","article_modified_time":"2026-03-12T19:00:44+00:00","og_image":[{"width":900,"height":1200,"url":"https:\/\/www.boemia-aroma.com\/wp-content\/uploads\/2024\/01\/aroma-enfants-1.png","type":"image\/png"}],"twitter_card":"summary_large_image","schema":{"@context":"https:\/\/schema.org","@graph":[{"@type":"WebPage","@id":"https:\/\/www.boemia-aroma.com\/hu\/boemia-aruhaz\/karacsonyi-kincsek\/aroma-gyerekek\/","url":"https:\/\/www.boemia-aroma.com\/hu\/boemia-aruhaz\/karacsonyi-kincsek\/aroma-gyerekek\/","name":"Aroma-gyerekek - Bo\u00e8mia Aroma","isPartOf":{"@id":"https:\/\/www.boemia-aroma.com\/hu\/#website"},"primaryImageOfPage":{"@id":"https:\/\/www.boemia-aroma.com\/hu\/boemia-aruhaz\/karacsonyi-kincsek\/aroma-gyerekek\/#primaryimage"},"image":{"@id":"https:\/\/www.boemia-aroma.com\/hu\/boemia-aruhaz\/karacsonyi-kincsek\/aroma-gyerekek\/#primaryimage"},"thumbnailUrl":"https:\/\/www.boemia-aroma.com\/wp-content\/uploads\/2024\/01\/aroma-enfants-1.png","datePublished":"2024-01-15T14:19:31+00:00","dateModified":"2026-03-12T19:00:44+00:00","description":"Aroma-gyerekek en vente en ligne sur Bo\u00e8mia Aroma.","breadcrumb":{"@id":"https:\/\/www.boemia-aroma.com\/hu\/boemia-aruhaz\/karacsonyi-kincsek\/aroma-gyerekek\/#breadcrumb"},"inLanguage":"hu","potentialAction":[{"@type":"ReadAction","target":["https:\/\/www.boemia-aroma.com\/hu\/boemia-aruhaz\/karacsonyi-kincsek\/aroma-gyerekek\/"]}]},{"@type":"ImageObject","inLanguage":"hu","@id":"https:\/\/www.boemia-aroma.com\/hu\/boemia-aruhaz\/karacsonyi-kincsek\/aroma-gyerekek\/#primaryimage","url":"https:\/\/www.boemia-aroma.com\/wp-content\/uploads\/2024\/01\/aroma-enfants-1.png","contentUrl":"https:\/\/www.boemia-aroma.com\/wp-content\/uploads\/2024\/01\/aroma-enfants-1.png","width":900,"height":1200},{"@type":"BreadcrumbList","@id":"https:\/\/www.boemia-aroma.com\/hu\/boemia-aruhaz\/karacsonyi-kincsek\/aroma-gyerekek\/#breadcrumb","itemListElement":[{"@type":"ListItem","position":1,"name":"Kezd\u0151lap","item":"https:\/\/www.boemia-aroma.com\/hu\/"},{"@type":"ListItem","position":2,"name":"Boemia \u00c1ruh\u00e1z","item":"https:\/\/www.boemia-aroma.com\/hu\/boemia-aruhaz\/"},{"@type":"ListItem","position":3,"name":"Aroma-gyerekek"}]},{"@type":"WebSite","@id":"https:\/\/www.boemia-aroma.com\/hu\/#website","url":"https:\/\/www.boemia-aroma.com\/hu\/","name":"Bo\u00e8mia Aroma","description":"","publisher":{"@id":"https:\/\/www.boemia-aroma.com\/hu\/#organization"},"alternateName":"Bo\u00e8mia Aroma","potentialAction":[{"@type":"SearchAction","target":{"@type":"EntryPoint","urlTemplate":"https:\/\/www.boemia-aroma.com\/hu\/?s={search_term_string}"},"query-input":{"@type":"PropertyValueSpecification","valueRequired":true,"valueName":"search_term_string"}}],"inLanguage":"hu"},{"@type":"Organization","@id":"https:\/\/www.boemia-aroma.com\/hu\/#organization","name":"Bo\u00e8mia Aroma","url":"https:\/\/www.boemia-aroma.com\/hu\/","logo":{"@type":"ImageObject","inLanguage":"hu","@id":"https:\/\/www.boemia-aroma.com\/hu\/#\/schema\/logo\/image\/","url":"https:\/\/www.boemia-aroma.com\/wp-content\/uploads\/2023\/07\/logo-boemia-aroma.png","contentUrl":"https:\/\/www.boemia-aroma.com\/wp-content\/uploads\/2023\/07\/logo-boemia-aroma.png","width":300,"height":176,"caption":"Bo\u00e8mia Aroma"},"image":{"@id":"https:\/\/www.boemia-aroma.com\/hu\/#\/schema\/logo\/image\/"}}]}},"_links":{"self":[{"href":"https:\/\/www.boemia-aroma.com\/hu\/wp-json\/wp\/v2\/product\/23155","targetHints":{"allow":["GET"]}}],"collection":[{"href":"https:\/\/www.boemia-aroma.com\/hu\/wp-json\/wp\/v2\/product"}],"about":[{"href":"https:\/\/www.boemia-aroma.com\/hu\/wp-json\/wp\/v2\/types\/product"}],"replies":[{"embeddable":true,"href":"https:\/\/www.boemia-aroma.com\/hu\/wp-json\/wp\/v2\/comments?post=23155"}],"version-history":[{"count":0,"href":"https:\/\/www.boemia-aroma.com\/hu\/wp-json\/wp\/v2\/product\/23155\/revisions"}],"wp:featuredmedia":[{"embeddable":true,"href":"https:\/\/www.boemia-aroma.com\/hu\/wp-json\/wp\/v2\/media\/23157"}],"wp:attachment":[{"href":"https:\/\/www.boemia-aroma.com\/hu\/wp-json\/wp\/v2\/media?parent=23155"}],"wp:term":[{"taxonomy":"product_brand","embeddable":true,"href":"https:\/\/www.boemia-aroma.com\/hu\/wp-json\/wp\/v2\/product_brand?post=23155"},{"taxonomy":"product_cat","embeddable":true,"href":"https:\/\/www.boemia-aroma.com\/hu\/wp-json\/wp\/v2\/product_cat?post=23155"},{"taxonomy":"product_tag","embeddable":true,"href":"https:\/\/www.boemia-aroma.com\/hu\/wp-json\/wp\/v2\/product_tag?post=23155"}],"curies":[{"name":"wp","href":"https:\/\/api.w.org\/{rel}","templated":true}]}}