{"id":22994,"date":"2023-10-24T11:43:54","date_gmt":"2023-10-24T09:43:54","guid":{"rendered":"https:\/\/www.boemia-aroma.com\/boutique-boemia\/nem-kategorizalt\/lavande-aspic-biologique\/"},"modified":"2026-03-13T09:34:41","modified_gmt":"2026-03-13T08:34:41","slug":"szerves-levendula-aszpikos-hidrolatum","status":"publish","type":"product","link":"https:\/\/www.boemia-aroma.com\/hu\/boemia-aruhaz\/hidrolatumok-es-viragvizek\/szerves-levendula-aszpikos-hidrolatum\/","title":{"rendered":"Szerves levendula aszpikos hidrol\u00e1tum"},"content":{"rendered":"\t\t<div data-elementor-type=\"product-post\" data-elementor-id=\"22994\" class=\"elementor elementor-22994 elementor-11472\" data-elementor-post-type=\"product\">\n\t\t\t\t\t\t<section class=\"elementor-section elementor-top-section elementor-element elementor-element-a99ed1f elementor-reverse-mobile elementor-section-boxed elementor-section-height-default elementor-section-height-default\" data-id=\"a99ed1f\" data-element_type=\"section\" data-e-type=\"section\">\n\t\t\t\t\t\t<div class=\"elementor-container elementor-column-gap-wider\">\n\t\t\t\t\t<div class=\"elementor-column elementor-col-50 elementor-top-column elementor-element elementor-element-c3e0573\" data-id=\"c3e0573\" data-element_type=\"column\" data-e-type=\"column\">\n\t\t\t<div class=\"elementor-widget-wrap elementor-element-populated\">\n\t\t\t\t\t\t<div class=\"elementor-element elementor-element-bd46a3a elementor-widget elementor-widget-image\" data-id=\"bd46a3a\" data-element_type=\"widget\" data-e-type=\"widget\" data-widget_type=\"image.default\">\n\t\t\t\t<div class=\"elementor-widget-container\">\n\t\t\t\t\t\t\t\t\t\t\t\t\t\t\t<img decoding=\"async\" src=\"https:\/\/www.boemia-aroma.com\/wp-content\/uploads\/elementor\/thumbs\/lavande-aspic-1-r0zes1yvfv9r5kgnkbcek8rtj7rttn2hwxdxesa1wo.jpg\" title=\"levendula-aspic\" alt=\"levendula-aspic\" loading=\"lazy\" \/>\t\t\t\t\t\t\t\t\t\t\t\t\t\t\t<\/div>\n\t\t\t\t<\/div>\n\t\t\t\t\t<\/div>\n\t\t<\/div>\n\t\t\t\t<div class=\"elementor-column elementor-col-50 elementor-top-column elementor-element elementor-element-6aa82a2\" data-id=\"6aa82a2\" data-element_type=\"column\" data-e-type=\"column\">\n\t\t\t<div class=\"elementor-widget-wrap elementor-element-populated\">\n\t\t\t\t\t\t<div class=\"elementor-element elementor-element-e0948c6 elementor-widget elementor-widget-heading\" data-id=\"e0948c6\" data-element_type=\"widget\" data-e-type=\"widget\" data-widget_type=\"heading.default\">\n\t\t\t\t<div class=\"elementor-widget-container\">\n\t\t\t\t\t<h2 class=\"elementor-heading-title elementor-size-default\">T\u00fcsk\u00e9s levendula \u00e9s hidrolja<\/h2>\t\t\t\t<\/div>\n\t\t\t\t<\/div>\n\t\t\t\t<div class=\"elementor-element elementor-element-0e75a50 elementor-widget elementor-widget-spacer\" data-id=\"0e75a50\" data-element_type=\"widget\" data-e-type=\"widget\" data-widget_type=\"spacer.default\">\n\t\t\t\t<div class=\"elementor-widget-container\">\n\t\t\t\t\t\t\t<div class=\"elementor-spacer\">\n\t\t\t<div class=\"elementor-spacer-inner\"><\/div>\n\t\t<\/div>\n\t\t\t\t\t\t<\/div>\n\t\t\t\t<\/div>\n\t\t\t\t<div class=\"elementor-element elementor-element-28f2878 elementor-widget elementor-widget-text-editor\" data-id=\"28f2878\" data-element_type=\"widget\" data-e-type=\"widget\" data-widget_type=\"text-editor.default\">\n\t\t\t\t<div class=\"elementor-widget-container\">\n\t\t\t\t\t\t\t\t\t<p><span style=\"font-weight: 400;\">Unokatestv\u00e9reit\u0151l elt\u00e9r\u0151en <strong>az Aspic Lavender<\/strong> jellegzetes karakterrel rendelkezik. Nev\u00e9t<strong>a<\/strong> k\u00edgy\u00f3r\u00f3l kapta, amely a legenda szerint Kleop\u00e1tr\u00e1t harapta meg. De megnyugodhat, ez a n\u00e9v t\u00e1volr\u00f3l sem vesz\u00e9lyes, hanem egyed\u00fcl\u00e1ll\u00f3 \u00e9s er\u0151teljes tulajdons\u00e1gaira utal.  <\/span><\/p><p><span style=\"font-weight: 400;\">Az augusztusban sz\u00fcretelt <strong>levendula<\/strong> nem v\u00e9letlen felfedez\u00e9s. Titkos, \u00e9rintetlen helyeken terem, a fens\u00e9ges Corbi\u00e8res sz\u00edv\u00e9ben. Ezek az \u00e9rintetlen, vad ter\u00fcletek adj\u00e1k ennek a <strong>hidrolnak<\/strong> a p\u00e1ratlan min\u0151s\u00e9get \u00e9s kiv\u00e9teles koncentr\u00e1ci\u00f3t. Vir\u00e1gos, friss, enyh\u00e9n k\u00e1mforos illata a vir\u00e1gz\u00e1s helysz\u00edn\u00e9\u00fcl szolg\u00e1l\u00f3 t\u00e1jak hiteless\u00e9g\u00e9t id\u00e9zi.   <\/span><\/p>\t\t\t\t\t\t\t\t<\/div>\n\t\t\t\t<\/div>\n\t\t\t\t<div class=\"elementor-element elementor-element-e24c8d8 elementor-widget elementor-widget-spacer\" data-id=\"e24c8d8\" data-element_type=\"widget\" data-e-type=\"widget\" data-widget_type=\"spacer.default\">\n\t\t\t\t<div class=\"elementor-widget-container\">\n\t\t\t\t\t\t\t<div class=\"elementor-spacer\">\n\t\t\t<div class=\"elementor-spacer-inner\"><\/div>\n\t\t<\/div>\n\t\t\t\t\t\t<\/div>\n\t\t\t\t<\/div>\n\t\t\t\t<div class=\"elementor-element elementor-element-372a72d elementor-widget elementor-widget-spacer\" data-id=\"372a72d\" data-element_type=\"widget\" data-e-type=\"widget\" data-widget_type=\"spacer.default\">\n\t\t\t\t<div class=\"elementor-widget-container\">\n\t\t\t\t\t\t\t<div class=\"elementor-spacer\">\n\t\t\t<div class=\"elementor-spacer-inner\"><\/div>\n\t\t<\/div>\n\t\t\t\t\t\t<\/div>\n\t\t\t\t<\/div>\n\t\t\t\t\t<\/div>\n\t\t<\/div>\n\t\t\t\t\t<\/div>\n\t\t<\/section>\n\t\t\t\t<section class=\"elementor-section elementor-top-section elementor-element elementor-element-71eec5e elementor-reverse-mobile elementor-section-boxed elementor-section-height-default elementor-section-height-default\" data-id=\"71eec5e\" data-element_type=\"section\" data-e-type=\"section\">\n\t\t\t\t\t\t<div class=\"elementor-container elementor-column-gap-wider\">\n\t\t\t\t\t<div class=\"elementor-column elementor-col-50 elementor-top-column elementor-element elementor-element-e59e8a4\" data-id=\"e59e8a4\" data-element_type=\"column\" data-e-type=\"column\">\n\t\t\t<div class=\"elementor-widget-wrap elementor-element-populated\">\n\t\t\t\t\t\t<div class=\"elementor-element elementor-element-83dc662 elementor-widget elementor-widget-heading\" data-id=\"83dc662\" data-element_type=\"widget\" data-e-type=\"widget\" data-widget_type=\"heading.default\">\n\t\t\t\t<div class=\"elementor-widget-container\">\n\t\t\t\t\t<h2 class=\"elementor-heading-title elementor-size-default\">A t\u00fcsk\u00e9s levendula t\u00f6rt\u00e9nete \u00e9s hagyom\u00e1nyos felhaszn\u00e1l\u00e1sa<br><\/h2>\t\t\t\t<\/div>\n\t\t\t\t<\/div>\n\t\t\t\t<div class=\"elementor-element elementor-element-3f99d8b elementor-widget elementor-widget-spacer\" data-id=\"3f99d8b\" data-element_type=\"widget\" data-e-type=\"widget\" data-widget_type=\"spacer.default\">\n\t\t\t\t<div class=\"elementor-widget-container\">\n\t\t\t\t\t\t\t<div class=\"elementor-spacer\">\n\t\t\t<div class=\"elementor-spacer-inner\"><\/div>\n\t\t<\/div>\n\t\t\t\t\t\t<\/div>\n\t\t\t\t<\/div>\n\t\t\t\t<div class=\"elementor-element elementor-element-7878d38 elementor-widget elementor-widget-text-editor\" data-id=\"7878d38\" data-element_type=\"widget\" data-e-type=\"widget\" data-widget_type=\"text-editor.default\">\n\t\t\t\t<div class=\"elementor-widget-container\">\n\t\t\t\t\t\t\t\t\t<p><span style=\"font-weight: 400;\"><strong>A levendula aszpikot<\/strong>, amely rendk\u00edv\u00fcl sokoldal\u00faan felhaszn\u00e1lhat\u00f3, egykor nem csak a cs\u00edp\u00e9sek csillap\u00edt\u00e1s\u00e1ra val\u00f3 k\u00e9pess\u00e9ge miatt kerest\u00e9k. A l\u00e9g\u00fati fert\u0151z\u00e9sek, a reuma \u00e9s a b\u0151rjav\u00edt\u00e1s sz\u00e1mos kiv\u00e1l\u00f3s\u00e1ga k\u00f6z\u00e9 tartozott. A <strong>levendula<\/strong> t\u00f6rt\u00e9net\u00e9ben val\u00f3 eligazod\u00e1s azonban \u00f6sszetett feladat. Az \u00f3kori szerz\u0151k b\u00f6lcsess\u00e9g\u00fckben gyakran hajlamosak voltak \u00f6sszekeverni a val\u00f3di <strong>levendula<\/strong> \u00e9s a <strong>t\u00fcsk\u00e9s levendula<\/strong> tulajdons\u00e1gait. Hildegarde de Bingen egy <strong>levendul\u00e1r\u00f3l<\/strong>, a Spica-r\u00f3l \u00edgy besz\u00e9lt: &#8222;A <strong>levendula<\/strong> forr\u00f3 \u00e9s sz\u00e1raz, \u00e9s a forr\u00f3s\u00e1ga eg\u00e9szs\u00e9ges. Ha a levendul\u00e1t borral &#8211; vagy ha nincs borod, v\u00edzzel \u00e9s m\u00e9zzel &#8211; f\u0151z\u00f6d, \u00e9s gyakran, langyosan iszod, enyh\u00edted a m\u00e1j- \u00e9s t\u00fcd\u0151f\u00e1jdalmakat, valamint a mellkasi g\u0151z\u00f6ket; tiszta tud\u00e1st \u00e9s tiszta szellemet is kapsz&#8221;. Ezek a szavak j\u00f3l szeml\u00e9ltetik azt a megbecs\u00fcl\u00e9st \u00e9s tiszteletet, amelyet ennek az esszenci\u00e1nak az id\u0151k folyam\u00e1n tulajdon\u00edtottak.      <\/span><\/p><p><span style=\"font-weight: 400;\">Felismerve ezt az \u00e9rt\u00e9kes \u00f6r\u00f6ks\u00e9get, a Bo\u00e8mi\u00e1n\u00e1l <strong>a levendula aszpikot<\/strong> az \u0151t megillet\u0151 tisztelettel \u00e9s odaad\u00e1ssal sz\u00fcretelj\u00fck \u00e9s dolgozzuk fel, b\u00fcszk\u00e9n v\u00e1llalva magunkat e gazdag t\u00f6rt\u00e9nelemmel.<\/span><\/p>\t\t\t\t\t\t\t\t<\/div>\n\t\t\t\t<\/div>\n\t\t\t\t<div class=\"elementor-element elementor-element-cc8ef31 elementor-widget elementor-widget-spacer\" data-id=\"cc8ef31\" data-element_type=\"widget\" data-e-type=\"widget\" data-widget_type=\"spacer.default\">\n\t\t\t\t<div class=\"elementor-widget-container\">\n\t\t\t\t\t\t\t<div class=\"elementor-spacer\">\n\t\t\t<div class=\"elementor-spacer-inner\"><\/div>\n\t\t<\/div>\n\t\t\t\t\t\t<\/div>\n\t\t\t\t<\/div>\n\t\t\t\t<div class=\"elementor-element elementor-element-44ab79e elementor-widget elementor-widget-heading\" data-id=\"44ab79e\" data-element_type=\"widget\" data-e-type=\"widget\" data-widget_type=\"heading.default\">\n\t\t\t\t<div class=\"elementor-widget-container\">\n\t\t\t\t\t<h3 class=\"elementor-heading-title elementor-size-default\">Felel\u0151ss\u00e9gi nyilatkozat hagyom\u00e1nyos felhaszn\u00e1l\u00e1sok<\/h3>\t\t\t\t<\/div>\n\t\t\t\t<\/div>\n\t\t\t\t<div class=\"elementor-element elementor-element-a334845 elementor-widget elementor-widget-text-editor\" data-id=\"a334845\" data-element_type=\"widget\" data-e-type=\"widget\" data-widget_type=\"text-editor.default\">\n\t\t\t\t<div class=\"elementor-widget-container\">\n\t\t\t\t\t\t\t\t\t<p><i><span style=\"font-weight: 400;\">Az itt le\u00edrt hagyom\u00e1nyos felhaszn\u00e1l\u00e1si m\u00f3dok a k\u00fcl\u00f6nb\u00f6z\u0151 civiliz\u00e1ci\u00f3k t\u00f6rt\u00e9nelmi \u00e9s kultur\u00e1lis gyakorlat\u00e1n alapulnak. Ez az inform\u00e1ci\u00f3 kiz\u00e1r\u00f3lag oktat\u00e1si \u00e9s t\u00e1j\u00e9koztat\u00e1si c\u00e9lokat szolg\u00e1l.  Ezek nem szolg\u00e1lnak betegs\u00e9gek diagnosztiz\u00e1l\u00e1s\u00e1ra, kezel\u00e9s\u00e9re, gy\u00f3gy\u00edt\u00e1s\u00e1ra vagy megel\u0151z\u00e9s\u00e9re. Ezeket a kijelent\u00e9seket semmilyen orvosi hat\u00f3s\u00e1g nem \u00e9rt\u00e9kelte. <\/span><\/i><\/p><p><i><span style=\"font-weight: 400;\">Mindig javasoljuk, hogy eg\u00e9szs\u00e9g\u00fcgyi okokb\u00f3l mindig konzult\u00e1ljon szakk\u00e9pzett eg\u00e9szs\u00e9g\u00fcgyi szakemberrel, miel\u0151tt a hidrolatokat haszn\u00e1ln\u00e1.<\/span><\/i><\/p>\t\t\t\t\t\t\t\t<\/div>\n\t\t\t\t<\/div>\n\t\t\t\t\t<\/div>\n\t\t<\/div>\n\t\t\t\t<div class=\"elementor-column elementor-col-50 elementor-top-column elementor-element elementor-element-72a2432\" data-id=\"72a2432\" data-element_type=\"column\" data-e-type=\"column\">\n\t\t\t<div class=\"elementor-widget-wrap elementor-element-populated\">\n\t\t\t\t\t\t<div class=\"elementor-element elementor-element-ae1a8af elementor-widget elementor-widget-image\" data-id=\"ae1a8af\" data-element_type=\"widget\" data-e-type=\"widget\" data-widget_type=\"image.default\">\n\t\t\t\t<div class=\"elementor-widget-container\">\n\t\t\t\t\t\t\t\t\t\t\t\t\t\t\t<img decoding=\"async\" src=\"https:\/\/www.boemia-aroma.com\/wp-content\/uploads\/2024\/01\/Boemia-fiche-produit-ABL-2.jpg\" title=\"\" alt=\"\" loading=\"lazy\" \/>\t\t\t\t\t\t\t\t\t\t\t\t\t\t\t<\/div>\n\t\t\t\t<\/div>\n\t\t\t\t\t<\/div>\n\t\t<\/div>\n\t\t\t\t\t<\/div>\n\t\t<\/section>\n\t\t\t\t<\/div>\n\t\t","protected":false},"excerpt":{"rendered":"<p><span style=\"color: #808080;\"><span style=\"color: #ce4e2b;\"><b><span data-sheets-value=\"{\"1\":2,\"2\":\"Entre aisance articulaire et bien-\u00eatre int\u00e9rieur\"}\" data-sheets-userformat=\"{\"2\":4227,\"3\":{\"1\":0},\"4\":{\"1\":2,\"2\":13228792},\"10\":2,\"15\":\"Arial\"}\">A term\u00e9szetes sz\u00f6vets\u00e9ges az \u00e9let harap\u00e1sai ellen<\/span><\/b><\/span><\/span><\/p>\n<p><i style=\"color: #808080;\"><span data-sheets-value=\"{\"1\":2,\"2\":\"Daucus carota\"}\" data-sheets-userformat=\"{\"2\":12801,\"3\":{\"1\":0},\"12\":0,\"15\":\"Arial\",\"16\":9}\">Lavandula latifolia<\/span><\/i><\/p>\n[dt_gap height=\"10\" \/]\n<p><span data-sheets-value=\"{\"1\":2,\"2\":\"Madagascar\"}\" data-sheets-userformat=\"{\"2\":12803,\"3\":{\"1\":0},\"4\":{\"1\":2,\"2\":16773836},\"12\":0,\"15\":\"Arial\",\"16\":9}\"><span style=\"color: #ce4e2b;\">\u2192<\/span> Sz\u00e1rmaz\u00e1s : Franciaorsz\u00e1g<\/span><\/p>\n<p><span style=\"color: #ce4e2b;\" data-sheets-value=\"{\"1\":2,\"2\":\"Madagascar\"}\" data-sheets-userformat=\"{\"2\":12803,\"3\":{\"1\":0},\"4\":{\"1\":2,\"2\":16773836},\"12\":0,\"15\":\"Arial\",\"16\":9}\">\u2192 <\/span>Felhaszn\u00e1lt r\u00e9sz: <span data-sheets-value=\"{\"1\":2,\"2\":\"Sommit\u00e9s fleuries\"}\" data-sheets-userformat=\"{\"2\":12803,\"3\":{\"1\":0},\"4\":{\"1\":2,\"2\":13228792},\"12\":0,\"15\":\"Arial\",\"16\":9}\">Vir\u00e1gz\u00f3 cs\u00facsok<\/span><\/p>\n<p><span data-sheets-value=\"{\"1\":2,\"2\":\"Extraction \u00e0 la vapeur d'eau\"}\" data-sheets-userformat=\"{\"2\":12803,\"3\":{\"1\":0},\"4\":{\"1\":2,\"2\":16773836},\"12\":0,\"15\":\"Arial\",\"16\":9}\"><span style=\"color: #ce4e2b;\">\u2192<\/span> M\u00f3dszer: G\u0151zzel t\u00f6rt\u00e9n\u0151 extrakci\u00f3<\/span><\/p>\n<p><span data-sheets-value=\"{\"1\":2,\"2\":\"Extraction \u00e0 la vapeur d'eau\"}\" data-sheets-userformat=\"{\"2\":12803,\"3\":{\"1\":0},\"4\":{\"1\":2,\"2\":16773836},\"12\":0,\"15\":\"Arial\",\"16\":9}\"><span style=\"color: #ce4e2b;\">\u2192<\/span> Koncentr\u00e1ci\u00f3: 1 kg\/ 1 liter vagy ann\u00e1l nagyobb  <\/span><\/p>\n<p><span data-sheets-value=\"{\"1\":2,\"2\":\"Extraction \u00e0 la vapeur d'eau\"}\" data-sheets-userformat=\"{\"2\":12803,\"3\":{\"1\":0},\"4\":{\"1\":2,\"2\":16773836},\"12\":0,\"15\":\"Arial\",\"16\":9}\"><span style=\"color: #ce4e2b;\">\u2192 Hydrolat a Bo\u00e8mia \u00e1ltal biotermesztett vadon term\u0151 n\u00f6v\u00e9nyek betakar\u00edt\u00e1s\u00e1b\u00f3l<\/span><\/span><\/p>\n<p><span data-sheets-value=\"{\"1\":2,\"2\":\"Extraction \u00e0 la vapeur d'eau\"}\" data-sheets-userformat=\"{\"2\":12803,\"3\":{\"1\":0},\"4\":{\"1\":2,\"2\":16773836},\"12\":0,\"15\":\"Arial\",\"16\":9}\"><span style=\"color: #ce4e2b;\">\u2192<\/span> T\u00e1rol\u00e1s: a gy\u00e1rt\u00e1st\u00f3l sz\u00e1m\u00edtott 24 h\u00f3nap<\/span><\/p>\n<p><span data-sheets-value=\"{\"1\":2,\"2\":\"Extraction \u00e0 la vapeur d'eau\"}\" data-sheets-userformat=\"{\"2\":12803,\"3\":{\"1\":0},\"4\":{\"1\":2,\"2\":16773836},\"12\":0,\"15\":\"Arial\",\"16\":9}\"><span style=\"color: #ce4e2b;\">\u2192<\/span> Mennyis\u00e9g: 210 ml<\/span><\/p>\n<p><span data-sheets-value=\"{\"1\":2,\"2\":\"Extraction \u00e0 la vapeur d'eau\"}\" data-sheets-userformat=\"{\"2\":12803,\"3\":{\"1\":0},\"4\":{\"1\":2,\"2\":16773836},\"12\":0,\"15\":\"Arial\",\"16\":9}\"><span style=\"color: #4d6854;\">\u2205<\/span> Nincs t\u00falcsomagol\u00e1s<\/span><\/p>\n","protected":false},"featured_media":22996,"comment_status":"open","ping_status":"closed","template":"","meta":{"_acf_changed":false},"product_brand":[],"product_cat":[212],"product_tag":[],"class_list":{"0":"post-22994","1":"product","2":"type-product","3":"status-publish","4":"has-post-thumbnail","6":"product_cat-hidrolatumok-es-viragvizek","7":"pa_usage-anti-moosque","8":"pa_usage-legzes","10":"first","11":"instock","12":"taxable","13":"shipping-taxable","14":"purchasable","15":"product-type-simple"},"acf":[],"yoast_head":"<!-- This site is optimized with the Yoast SEO plugin v27.4 - https:\/\/yoast.com\/product\/yoast-seo-wordpress\/ -->\n<title>Bio levendula aszpikos hidrol\u00e1tum | Bo\u00e8mia<\/title>\n<meta name=\"description\" content=\"Organikus t\u00fcsk\u00e9s levendula hidrol\u00e1tum, vadon szedett \u00e9s hagyom\u00e1nyosan desztill\u00e1lt. 100%-ban tiszta vir\u00e1gv\u00edz, adal\u00e9kanyagok \u00e9s tart\u00f3s\u00edt\u00f3szerek n\u00e9lk\u00fcl.\" \/>\n<meta name=\"robots\" content=\"index, follow, max-snippet:-1, max-image-preview:large, max-video-preview:-1\" \/>\n<link rel=\"canonical\" href=\"https:\/\/www.boemia-aroma.com\/hu\/boemia-aruhaz\/hidrolatumok-es-viragvizek\/szerves-levendula-aszpikos-hidrolatum\/\" \/>\n<meta property=\"og:locale\" content=\"hu_HU\" \/>\n<meta property=\"og:type\" content=\"article\" \/>\n<meta property=\"og:title\" content=\"Bio levendula aszpikos hidrol\u00e1tum | Bo\u00e8mia\" \/>\n<meta property=\"og:description\" content=\"Organikus t\u00fcsk\u00e9s levendula hidrol\u00e1tum, vadon szedett \u00e9s hagyom\u00e1nyosan desztill\u00e1lt. 100%-ban tiszta vir\u00e1gv\u00edz, adal\u00e9kanyagok \u00e9s tart\u00f3s\u00edt\u00f3szerek n\u00e9lk\u00fcl.\" \/>\n<meta property=\"og:url\" content=\"https:\/\/www.boemia-aroma.com\/hu\/boemia-aruhaz\/hidrolatumok-es-viragvizek\/szerves-levendula-aszpikos-hidrolatum\/\" \/>\n<meta property=\"og:site_name\" content=\"Bo\u00e8mia Aroma\" \/>\n<meta property=\"article:modified_time\" content=\"2026-03-13T08:34:41+00:00\" \/>\n<meta property=\"og:image\" content=\"https:\/\/www.boemia-aroma.com\/wp-content\/uploads\/2023\/10\/lavande-aspic.webp\" \/>\n\t<meta property=\"og:image:width\" content=\"1200\" \/>\n\t<meta property=\"og:image:height\" content=\"1200\" \/>\n\t<meta property=\"og:image:type\" content=\"image\/webp\" \/>\n<meta name=\"twitter:card\" content=\"summary_large_image\" \/>\n<meta name=\"twitter:label1\" content=\"Becs\u00fclt olvas\u00e1si id\u0151\" \/>\n\t<meta name=\"twitter:data1\" content=\"2 perc\" \/>\n<script type=\"application\/ld+json\" class=\"yoast-schema-graph\">{\"@context\":\"https:\\\/\\\/schema.org\",\"@graph\":[{\"@type\":\"WebPage\",\"@id\":\"https:\\\/\\\/www.boemia-aroma.com\\\/hu\\\/boemia-aruhaz\\\/hidrolatumok-es-viragvizek\\\/szerves-levendula-aszpikos-hidrolatum\\\/\",\"url\":\"https:\\\/\\\/www.boemia-aroma.com\\\/hu\\\/boemia-aruhaz\\\/hidrolatumok-es-viragvizek\\\/szerves-levendula-aszpikos-hidrolatum\\\/\",\"name\":\"Bio levendula aszpikos hidrol\u00e1tum | Bo\u00e8mia\",\"isPartOf\":{\"@id\":\"https:\\\/\\\/www.boemia-aroma.com\\\/hu\\\/#website\"},\"primaryImageOfPage\":{\"@id\":\"https:\\\/\\\/www.boemia-aroma.com\\\/hu\\\/boemia-aruhaz\\\/hidrolatumok-es-viragvizek\\\/szerves-levendula-aszpikos-hidrolatum\\\/#primaryimage\"},\"image\":{\"@id\":\"https:\\\/\\\/www.boemia-aroma.com\\\/hu\\\/boemia-aruhaz\\\/hidrolatumok-es-viragvizek\\\/szerves-levendula-aszpikos-hidrolatum\\\/#primaryimage\"},\"thumbnailUrl\":\"https:\\\/\\\/www.boemia-aroma.com\\\/wp-content\\\/uploads\\\/2023\\\/10\\\/lavande-aspic.webp\",\"datePublished\":\"2023-10-24T09:43:54+00:00\",\"dateModified\":\"2026-03-13T08:34:41+00:00\",\"description\":\"Organikus t\u00fcsk\u00e9s levendula hidrol\u00e1tum, vadon szedett \u00e9s hagyom\u00e1nyosan desztill\u00e1lt. 100%-ban tiszta vir\u00e1gv\u00edz, adal\u00e9kanyagok \u00e9s tart\u00f3s\u00edt\u00f3szerek n\u00e9lk\u00fcl.\",\"breadcrumb\":{\"@id\":\"https:\\\/\\\/www.boemia-aroma.com\\\/hu\\\/boemia-aruhaz\\\/hidrolatumok-es-viragvizek\\\/szerves-levendula-aszpikos-hidrolatum\\\/#breadcrumb\"},\"inLanguage\":\"hu\",\"potentialAction\":[{\"@type\":\"ReadAction\",\"target\":[\"https:\\\/\\\/www.boemia-aroma.com\\\/hu\\\/boemia-aruhaz\\\/hidrolatumok-es-viragvizek\\\/szerves-levendula-aszpikos-hidrolatum\\\/\"]}]},{\"@type\":\"ImageObject\",\"inLanguage\":\"hu\",\"@id\":\"https:\\\/\\\/www.boemia-aroma.com\\\/hu\\\/boemia-aruhaz\\\/hidrolatumok-es-viragvizek\\\/szerves-levendula-aszpikos-hidrolatum\\\/#primaryimage\",\"url\":\"https:\\\/\\\/www.boemia-aroma.com\\\/wp-content\\\/uploads\\\/2023\\\/10\\\/lavande-aspic.webp\",\"contentUrl\":\"https:\\\/\\\/www.boemia-aroma.com\\\/wp-content\\\/uploads\\\/2023\\\/10\\\/lavande-aspic.webp\",\"width\":1200,\"height\":1200},{\"@type\":\"BreadcrumbList\",\"@id\":\"https:\\\/\\\/www.boemia-aroma.com\\\/hu\\\/boemia-aruhaz\\\/hidrolatumok-es-viragvizek\\\/szerves-levendula-aszpikos-hidrolatum\\\/#breadcrumb\",\"itemListElement\":[{\"@type\":\"ListItem\",\"position\":1,\"name\":\"Kezd\u0151lap\",\"item\":\"https:\\\/\\\/www.boemia-aroma.com\\\/hu\\\/\"},{\"@type\":\"ListItem\",\"position\":2,\"name\":\"Boemia \u00c1ruh\u00e1z\",\"item\":\"https:\\\/\\\/www.boemia-aroma.com\\\/hu\\\/boemia-aruhaz\\\/\"},{\"@type\":\"ListItem\",\"position\":3,\"name\":\"Szerves levendula aszpikos hidrol\u00e1tum\"}]},{\"@type\":\"WebSite\",\"@id\":\"https:\\\/\\\/www.boemia-aroma.com\\\/hu\\\/#website\",\"url\":\"https:\\\/\\\/www.boemia-aroma.com\\\/hu\\\/\",\"name\":\"Bo\u00e8mia Aroma\",\"description\":\"\",\"publisher\":{\"@id\":\"https:\\\/\\\/www.boemia-aroma.com\\\/hu\\\/#organization\"},\"alternateName\":\"Bo\u00e8mia Aroma\",\"potentialAction\":[{\"@type\":\"SearchAction\",\"target\":{\"@type\":\"EntryPoint\",\"urlTemplate\":\"https:\\\/\\\/www.boemia-aroma.com\\\/hu\\\/?s={search_term_string}\"},\"query-input\":{\"@type\":\"PropertyValueSpecification\",\"valueRequired\":true,\"valueName\":\"search_term_string\"}}],\"inLanguage\":\"hu\"},{\"@type\":\"Organization\",\"@id\":\"https:\\\/\\\/www.boemia-aroma.com\\\/hu\\\/#organization\",\"name\":\"Bo\u00e8mia Aroma\",\"url\":\"https:\\\/\\\/www.boemia-aroma.com\\\/hu\\\/\",\"logo\":{\"@type\":\"ImageObject\",\"inLanguage\":\"hu\",\"@id\":\"https:\\\/\\\/www.boemia-aroma.com\\\/hu\\\/#\\\/schema\\\/logo\\\/image\\\/\",\"url\":\"https:\\\/\\\/www.boemia-aroma.com\\\/wp-content\\\/uploads\\\/2023\\\/07\\\/logo-boemia-aroma.png\",\"contentUrl\":\"https:\\\/\\\/www.boemia-aroma.com\\\/wp-content\\\/uploads\\\/2023\\\/07\\\/logo-boemia-aroma.png\",\"width\":300,\"height\":176,\"caption\":\"Bo\u00e8mia Aroma\"},\"image\":{\"@id\":\"https:\\\/\\\/www.boemia-aroma.com\\\/hu\\\/#\\\/schema\\\/logo\\\/image\\\/\"}}]}<\/script>\n<!-- \/ Yoast SEO plugin. -->","yoast_head_json":{"title":"Bio levendula aszpikos hidrol\u00e1tum | Bo\u00e8mia","description":"Organikus t\u00fcsk\u00e9s levendula hidrol\u00e1tum, vadon szedett \u00e9s hagyom\u00e1nyosan desztill\u00e1lt. 100%-ban tiszta vir\u00e1gv\u00edz, adal\u00e9kanyagok \u00e9s tart\u00f3s\u00edt\u00f3szerek n\u00e9lk\u00fcl.","robots":{"index":"index","follow":"follow","max-snippet":"max-snippet:-1","max-image-preview":"max-image-preview:large","max-video-preview":"max-video-preview:-1"},"canonical":"https:\/\/www.boemia-aroma.com\/hu\/boemia-aruhaz\/hidrolatumok-es-viragvizek\/szerves-levendula-aszpikos-hidrolatum\/","og_locale":"hu_HU","og_type":"article","og_title":"Bio levendula aszpikos hidrol\u00e1tum | Bo\u00e8mia","og_description":"Organikus t\u00fcsk\u00e9s levendula hidrol\u00e1tum, vadon szedett \u00e9s hagyom\u00e1nyosan desztill\u00e1lt. 100%-ban tiszta vir\u00e1gv\u00edz, adal\u00e9kanyagok \u00e9s tart\u00f3s\u00edt\u00f3szerek n\u00e9lk\u00fcl.","og_url":"https:\/\/www.boemia-aroma.com\/hu\/boemia-aruhaz\/hidrolatumok-es-viragvizek\/szerves-levendula-aszpikos-hidrolatum\/","og_site_name":"Bo\u00e8mia Aroma","article_modified_time":"2026-03-13T08:34:41+00:00","og_image":[{"width":1200,"height":1200,"url":"https:\/\/www.boemia-aroma.com\/wp-content\/uploads\/2023\/10\/lavande-aspic.webp","type":"image\/webp"}],"twitter_card":"summary_large_image","twitter_misc":{"Becs\u00fclt olvas\u00e1si id\u0151":"2 perc"},"schema":{"@context":"https:\/\/schema.org","@graph":[{"@type":"WebPage","@id":"https:\/\/www.boemia-aroma.com\/hu\/boemia-aruhaz\/hidrolatumok-es-viragvizek\/szerves-levendula-aszpikos-hidrolatum\/","url":"https:\/\/www.boemia-aroma.com\/hu\/boemia-aruhaz\/hidrolatumok-es-viragvizek\/szerves-levendula-aszpikos-hidrolatum\/","name":"Bio levendula aszpikos hidrol\u00e1tum | Bo\u00e8mia","isPartOf":{"@id":"https:\/\/www.boemia-aroma.com\/hu\/#website"},"primaryImageOfPage":{"@id":"https:\/\/www.boemia-aroma.com\/hu\/boemia-aruhaz\/hidrolatumok-es-viragvizek\/szerves-levendula-aszpikos-hidrolatum\/#primaryimage"},"image":{"@id":"https:\/\/www.boemia-aroma.com\/hu\/boemia-aruhaz\/hidrolatumok-es-viragvizek\/szerves-levendula-aszpikos-hidrolatum\/#primaryimage"},"thumbnailUrl":"https:\/\/www.boemia-aroma.com\/wp-content\/uploads\/2023\/10\/lavande-aspic.webp","datePublished":"2023-10-24T09:43:54+00:00","dateModified":"2026-03-13T08:34:41+00:00","description":"Organikus t\u00fcsk\u00e9s levendula hidrol\u00e1tum, vadon szedett \u00e9s hagyom\u00e1nyosan desztill\u00e1lt. 100%-ban tiszta vir\u00e1gv\u00edz, adal\u00e9kanyagok \u00e9s tart\u00f3s\u00edt\u00f3szerek n\u00e9lk\u00fcl.","breadcrumb":{"@id":"https:\/\/www.boemia-aroma.com\/hu\/boemia-aruhaz\/hidrolatumok-es-viragvizek\/szerves-levendula-aszpikos-hidrolatum\/#breadcrumb"},"inLanguage":"hu","potentialAction":[{"@type":"ReadAction","target":["https:\/\/www.boemia-aroma.com\/hu\/boemia-aruhaz\/hidrolatumok-es-viragvizek\/szerves-levendula-aszpikos-hidrolatum\/"]}]},{"@type":"ImageObject","inLanguage":"hu","@id":"https:\/\/www.boemia-aroma.com\/hu\/boemia-aruhaz\/hidrolatumok-es-viragvizek\/szerves-levendula-aszpikos-hidrolatum\/#primaryimage","url":"https:\/\/www.boemia-aroma.com\/wp-content\/uploads\/2023\/10\/lavande-aspic.webp","contentUrl":"https:\/\/www.boemia-aroma.com\/wp-content\/uploads\/2023\/10\/lavande-aspic.webp","width":1200,"height":1200},{"@type":"BreadcrumbList","@id":"https:\/\/www.boemia-aroma.com\/hu\/boemia-aruhaz\/hidrolatumok-es-viragvizek\/szerves-levendula-aszpikos-hidrolatum\/#breadcrumb","itemListElement":[{"@type":"ListItem","position":1,"name":"Kezd\u0151lap","item":"https:\/\/www.boemia-aroma.com\/hu\/"},{"@type":"ListItem","position":2,"name":"Boemia \u00c1ruh\u00e1z","item":"https:\/\/www.boemia-aroma.com\/hu\/boemia-aruhaz\/"},{"@type":"ListItem","position":3,"name":"Szerves levendula aszpikos hidrol\u00e1tum"}]},{"@type":"WebSite","@id":"https:\/\/www.boemia-aroma.com\/hu\/#website","url":"https:\/\/www.boemia-aroma.com\/hu\/","name":"Bo\u00e8mia Aroma","description":"","publisher":{"@id":"https:\/\/www.boemia-aroma.com\/hu\/#organization"},"alternateName":"Bo\u00e8mia Aroma","potentialAction":[{"@type":"SearchAction","target":{"@type":"EntryPoint","urlTemplate":"https:\/\/www.boemia-aroma.com\/hu\/?s={search_term_string}"},"query-input":{"@type":"PropertyValueSpecification","valueRequired":true,"valueName":"search_term_string"}}],"inLanguage":"hu"},{"@type":"Organization","@id":"https:\/\/www.boemia-aroma.com\/hu\/#organization","name":"Bo\u00e8mia Aroma","url":"https:\/\/www.boemia-aroma.com\/hu\/","logo":{"@type":"ImageObject","inLanguage":"hu","@id":"https:\/\/www.boemia-aroma.com\/hu\/#\/schema\/logo\/image\/","url":"https:\/\/www.boemia-aroma.com\/wp-content\/uploads\/2023\/07\/logo-boemia-aroma.png","contentUrl":"https:\/\/www.boemia-aroma.com\/wp-content\/uploads\/2023\/07\/logo-boemia-aroma.png","width":300,"height":176,"caption":"Bo\u00e8mia Aroma"},"image":{"@id":"https:\/\/www.boemia-aroma.com\/hu\/#\/schema\/logo\/image\/"}}]}},"_links":{"self":[{"href":"https:\/\/www.boemia-aroma.com\/hu\/wp-json\/wp\/v2\/product\/22994","targetHints":{"allow":["GET"]}}],"collection":[{"href":"https:\/\/www.boemia-aroma.com\/hu\/wp-json\/wp\/v2\/product"}],"about":[{"href":"https:\/\/www.boemia-aroma.com\/hu\/wp-json\/wp\/v2\/types\/product"}],"replies":[{"embeddable":true,"href":"https:\/\/www.boemia-aroma.com\/hu\/wp-json\/wp\/v2\/comments?post=22994"}],"version-history":[{"count":0,"href":"https:\/\/www.boemia-aroma.com\/hu\/wp-json\/wp\/v2\/product\/22994\/revisions"}],"wp:featuredmedia":[{"embeddable":true,"href":"https:\/\/www.boemia-aroma.com\/hu\/wp-json\/wp\/v2\/media\/22996"}],"wp:attachment":[{"href":"https:\/\/www.boemia-aroma.com\/hu\/wp-json\/wp\/v2\/media?parent=22994"}],"wp:term":[{"taxonomy":"product_brand","embeddable":true,"href":"https:\/\/www.boemia-aroma.com\/hu\/wp-json\/wp\/v2\/product_brand?post=22994"},{"taxonomy":"product_cat","embeddable":true,"href":"https:\/\/www.boemia-aroma.com\/hu\/wp-json\/wp\/v2\/product_cat?post=22994"},{"taxonomy":"product_tag","embeddable":true,"href":"https:\/\/www.boemia-aroma.com\/hu\/wp-json\/wp\/v2\/product_tag?post=22994"}],"curies":[{"name":"wp","href":"https:\/\/api.w.org\/{rel}","templated":true}]}}