{"id":22890,"date":"2023-09-04T16:25:26","date_gmt":"2023-09-04T14:25:26","guid":{"rendered":"https:\/\/www.boemia-aroma.com\/boutique-boemia\/nem-kategorizalt\/pin-dalep-bio\/"},"modified":"2026-03-13T09:54:48","modified_gmt":"2026-03-13T08:54:48","slug":"organikus-aleppo-fenyo-illoolaj","status":"publish","type":"product","link":"https:\/\/www.boemia-aroma.com\/hu\/boemia-aruhaz\/illoolajok\/organikus-aleppo-fenyo-illoolaj\/","title":{"rendered":"Organikus Aleppo feny\u0151 ill\u00f3olaj &#8211; 5 ml"},"content":{"rendered":"\t\t<div data-elementor-type=\"product-post\" data-elementor-id=\"22890\" class=\"elementor elementor-22890 elementor-9515\" data-elementor-post-type=\"product\">\n\t\t\t\t\t\t<section class=\"elementor-section elementor-top-section elementor-element elementor-element-a54d7b2 elementor-reverse-mobile elementor-section-boxed elementor-section-height-default elementor-section-height-default\" data-id=\"a54d7b2\" data-element_type=\"section\" data-e-type=\"section\">\n\t\t\t\t\t\t<div class=\"elementor-container elementor-column-gap-wider\">\n\t\t\t\t\t<div class=\"elementor-column elementor-col-100 elementor-top-column elementor-element elementor-element-bf0a8f8\" data-id=\"bf0a8f8\" data-element_type=\"column\" data-e-type=\"column\">\n\t\t\t<div class=\"elementor-widget-wrap elementor-element-populated\">\n\t\t\t\t\t\t<div class=\"elementor-element elementor-element-a351e52 elementor-widget elementor-widget-toggle\" data-id=\"a351e52\" data-element_type=\"widget\" data-e-type=\"widget\" data-widget_type=\"toggle.default\">\n\t\t\t\t<div class=\"elementor-widget-container\">\n\t\t\t\t\t\t\t<div class=\"elementor-toggle\">\n\t\t\t\t\t\t\t<div class=\"elementor-toggle-item\">\n\t\t\t\t\t<h2 id=\"elementor-tab-title-1711\" class=\"elementor-tab-title\" data-tab=\"1\" role=\"button\" aria-controls=\"elementor-tab-content-1711\" aria-expanded=\"false\">\n\t\t\t\t\t\t\t\t\t\t\t\t<span class=\"elementor-toggle-icon elementor-toggle-icon-left\" aria-hidden=\"true\">\n\t\t\t\t\t\t\t\t\t\t\t\t\t\t\t<span class=\"elementor-toggle-icon-closed\"><i class=\"fas fa-arrow-alt-circle-right\"><\/i><\/span>\n\t\t\t\t\t\t\t\t<span class=\"elementor-toggle-icon-opened\"><i class=\"elementor-toggle-icon-opened fas fa-arrow-alt-circle-down\"><\/i><\/span>\n\t\t\t\t\t\t\t\t\t\t\t\t\t<\/span>\n\t\t\t\t\t\t\t\t\t\t\t\t<a class=\"elementor-toggle-title\" tabindex=\"0\">Bio Aleppo feny\u0151 ill\u00f3olaj: Egy rejtett kincs mediterr\u00e1n jegyekkel<\/a>\n\t\t\t\t\t<\/h2>\n\n\t\t\t\t\t<div id=\"elementor-tab-content-1711\" class=\"elementor-tab-content elementor-clearfix\" data-tab=\"1\" role=\"region\" aria-labelledby=\"elementor-tab-title-1711\"><p><span style=\"font-weight: 400;\">Ha bizonyos illatoknak megvan az ereje, hogy azonnal mag\u00e1val ragadjanak minket, akkor <strong>az alepp\u00f3i feny\u0151nek<\/strong> megvan ez a var\u00e1zsa. A m\u0171hely\u00fcnk k\u00f6zel\u00e9ben b\u0151s\u00e9gesen megtal\u00e1lhat\u00f3 <strong>vadfeny\u0151<\/strong> furcsa m\u00f3don elhanyagolva maradt a legt\u00f6bb lep\u00e1rl\u00f3 \u00e1ltal. A Bo\u00e8mi\u00e1n\u00e1l azonban mer\u00e9szs\u00e9g\u00fcnk \u00e9s felfedez\u0151szomjunk arra k\u00e9sztetett minket, hogy felfedezz\u00fck a benne rejl\u0151 lehet\u0151s\u00e9geket. A frissen szedett t\u0171levelek lep\u00e1rl\u00e1s\u00e1val egy v\u00e1ratlan illat\u00fa <strong>ill\u00f3olaj<\/strong> j\u00f6tt l\u00e9tre: a <strong>sk\u00f3t feny\u0151<\/strong> robusztus kever\u00e9ke, jellegzetes mediterr\u00e1n be\u00fct\u00e9ssel. Gyant\u00e1s illat, amely a d\u00e9li erd\u0151kben tett naps\u00fct\u00e9ses s\u00e9t\u00e1kat id\u00e9zi, a tengeri leveg\u0151vel fl\u00f6rt\u00f6l\u0151 f\u00e1s jegyekkel. B\u00fcszk\u00e9k vagyunk erre az egyed\u00fcl\u00e1ll\u00f3 <strong>ill\u00f3olajra<\/strong>, amely megragadja a terroirunk l\u00e9nyeg\u00e9t.     <\/span><\/p>\n<\/div>\n\t\t\t\t<\/div>\n\t\t\t\t\t\t\t<div class=\"elementor-toggle-item\">\n\t\t\t\t\t<h2 id=\"elementor-tab-title-1712\" class=\"elementor-tab-title\" data-tab=\"2\" role=\"button\" aria-controls=\"elementor-tab-content-1712\" aria-expanded=\"false\">\n\t\t\t\t\t\t\t\t\t\t\t\t<span class=\"elementor-toggle-icon elementor-toggle-icon-left\" aria-hidden=\"true\">\n\t\t\t\t\t\t\t\t\t\t\t\t\t\t\t<span class=\"elementor-toggle-icon-closed\"><i class=\"fas fa-arrow-alt-circle-right\"><\/i><\/span>\n\t\t\t\t\t\t\t\t<span class=\"elementor-toggle-icon-opened\"><i class=\"elementor-toggle-icon-opened fas fa-arrow-alt-circle-down\"><\/i><\/span>\n\t\t\t\t\t\t\t\t\t\t\t\t\t<\/span>\n\t\t\t\t\t\t\t\t\t\t\t\t<a class=\"elementor-toggle-title\" tabindex=\"0\">Az alepp\u00f3i feny\u0151 hagyom\u00e1nyos felhaszn\u00e1l\u00e1sa<\/a>\n\t\t\t\t\t<\/h2>\n\n\t\t\t\t\t<div id=\"elementor-tab-content-1712\" class=\"elementor-tab-content elementor-clearfix\" data-tab=\"2\" role=\"region\" aria-labelledby=\"elementor-tab-title-1712\"><p><span style=\"font-weight: 400;\">B\u00e1r nincs ismert hagyom\u00e1nyos felhaszn\u00e1l\u00e1sa,<strong>az alepp\u00f3i feny\u0151 ill\u00f3olaj<\/strong> \u00f6nmag\u00e1ban is csoda. Az erdeifeny\u0151 aromaprofilj\u00e1ra eml\u00e9keztet, de hangs\u00falyosabb mediterr\u00e1n identit\u00e1sa megk\u00fcl\u00f6nb\u00f6zteti. Ritka \u00e9s \u00e9rt\u00e9kes \u00fajdons\u00e1g, amely m\u00e1r most az aromater\u00e1pia szerelmesei sz\u00e1m\u00e1ra etalonnak sz\u00e1m\u00edt.  <\/span><\/p>\n<p><span style=\"font-weight: 400;\"><strong>Az Aleppo-feny\u0151<\/strong>, egy kev\u00e9ss\u00e9 ismert, de D\u00e9l-Franciaorsz\u00e1gban minden\u00fctt jelen l\u00e9v\u0151 faj, a hat\u00e1rok visszaszor\u00edt\u00e1s\u00e1ra ir\u00e1nyul\u00f3 b\u00e1tors\u00e1gunk \u00e9s elt\u00f6k\u00e9lts\u00e9g\u00fcnk gy\u00fcm\u00f6lcse. A Bo\u00e8mi\u00e1n\u00e1l nem csak k\u00f6vetj\u00fck a hagyom\u00e1nyt, hanem meg is teremtj\u00fck azt. Vegyen r\u00e9szt vel\u00fcnk ebben a szagl\u00f3 kalandban.  <\/span><\/p>\n<\/div>\n\t\t\t\t<\/div>\n\t\t\t\t\t\t\t<div class=\"elementor-toggle-item\">\n\t\t\t\t\t<h2 id=\"elementor-tab-title-1713\" class=\"elementor-tab-title\" data-tab=\"3\" role=\"button\" aria-controls=\"elementor-tab-content-1713\" aria-expanded=\"false\">\n\t\t\t\t\t\t\t\t\t\t\t\t<span class=\"elementor-toggle-icon elementor-toggle-icon-left\" aria-hidden=\"true\">\n\t\t\t\t\t\t\t\t\t\t\t\t\t\t\t<span class=\"elementor-toggle-icon-closed\"><i class=\"fas fa-arrow-alt-circle-right\"><\/i><\/span>\n\t\t\t\t\t\t\t\t<span class=\"elementor-toggle-icon-opened\"><i class=\"elementor-toggle-icon-opened fas fa-arrow-alt-circle-down\"><\/i><\/span>\n\t\t\t\t\t\t\t\t\t\t\t\t\t<\/span>\n\t\t\t\t\t\t\t\t\t\t\t\t<a class=\"elementor-toggle-title\" tabindex=\"0\">Felel\u0151ss\u00e9gi nyilatkozat hagyom\u00e1nyos felhaszn\u00e1l\u00e1sok<\/a>\n\t\t\t\t\t<\/h2>\n\n\t\t\t\t\t<div id=\"elementor-tab-content-1713\" class=\"elementor-tab-content elementor-clearfix\" data-tab=\"3\" role=\"region\" aria-labelledby=\"elementor-tab-title-1713\"><p><em>Az itt le\u00edrt hagyom\u00e1nyos felhaszn\u00e1l\u00e1si m\u00f3dok a k\u00fcl\u00f6nb\u00f6z\u0151 civiliz\u00e1ci\u00f3k t\u00f6rt\u00e9nelmi \u00e9s kultur\u00e1lis gyakorlat\u00e1n alapulnak. Ez az inform\u00e1ci\u00f3 kiz\u00e1r\u00f3lag oktat\u00e1si \u00e9s t\u00e1j\u00e9koztat\u00e1si c\u00e9lokat szolg\u00e1l. Nem c\u00e9lja semmilyen betegs\u00e9g diagnosztiz\u00e1l\u00e1sa, kezel\u00e9se, gy\u00f3gy\u00edt\u00e1sa vagy megel\u0151z\u00e9se. Ezeket a kijelent\u00e9seket semmilyen orvosi hat\u00f3s\u00e1g nem \u00e9rt\u00e9kelte.   <\/em><\/p>\n<p><em>Mindig javasoljuk, hogy konzult\u00e1ljon szakk\u00e9pzett eg\u00e9szs\u00e9g\u00fcgyi szakemberrel, miel\u0151tt eg\u00e9szs\u00e9g\u00fcgyi okokb\u00f3l ill\u00f3olajokat haszn\u00e1lna.<\/em><\/p>\n<\/div>\n\t\t\t\t<\/div>\n\t\t\t\t\t\t\t\t<\/div>\n\t\t\t\t\t\t<\/div>\n\t\t\t\t<\/div>\n\t\t\t\t<div class=\"elementor-element elementor-element-d2c9d5c elementor-widget elementor-widget-spacer\" data-id=\"d2c9d5c\" data-element_type=\"widget\" data-e-type=\"widget\" data-widget_type=\"spacer.default\">\n\t\t\t\t<div class=\"elementor-widget-container\">\n\t\t\t\t\t\t\t<div class=\"elementor-spacer\">\n\t\t\t<div class=\"elementor-spacer-inner\"><\/div>\n\t\t<\/div>\n\t\t\t\t\t\t<\/div>\n\t\t\t\t<\/div>\n\t\t\t\t\t<\/div>\n\t\t<\/div>\n\t\t\t\t\t<\/div>\n\t\t<\/section>\n\t\t\t\t<\/div>\n\t\t","protected":false},"excerpt":{"rendered":"<p><span data-sheets-value=\"{\"1\":2,\"2\":\"Citrus limon L.\"}\" data-sheets-userformat=\"{\"2\":33567233,\"3\":{\"1\":0},\"12\":0,\"15\":\"Arial\",\"16\":9,\"28\":1}\"><span style=\"color: #ce4e2b;\"><b>Amikor a gyanta tal\u00e1lkozik a F\u00f6ldk\u00f6zi-tengerrel  <\/b><\/span><\/span><\/p>\n<p><span data-sheets-value=\"{\"1\":2,\"2\":\"Citrus limon L.\"}\" data-sheets-userformat=\"{\"2\":33567233,\"3\":{\"1\":0},\"12\":0,\"15\":\"Arial\",\"16\":9,\"28\":1}\"><i style=\"color: #808080;\">Pinus halepensis<\/i><\/span><\/p>\n[dt_gap height=\"10\" \/]\n<p><span data-sheets-value=\"{\"1\":2,\"2\":\"Madagascar\"}\" data-sheets-userformat=\"{\"2\":12803,\"3\":{\"1\":0},\"4\":{\"1\":2,\"2\":16773836},\"12\":0,\"15\":\"Arial\",\"16\":9}\"><span style=\"color: #ce4e2b;\">\u2192 <\/span><\/span><strong>Mennyis\u00e9g :<\/strong> 5 ml<\/p>\n<p><span data-sheets-value=\"{\"1\":2,\"2\":\"Madagascar\"}\" data-sheets-userformat=\"{\"2\":12803,\"3\":{\"1\":0},\"4\":{\"1\":2,\"2\":16773836},\"12\":0,\"15\":\"Arial\",\"16\":9}\"><span style=\"color: #ce4e2b;\">\u2192<\/span> 100% tisztas\u00e1g\u00fa \u00e9s term\u00e9szetes ill\u00f3olaj<\/span><\/p>\n<p><span data-sheets-value=\"{\"1\":2,\"2\":\"Madagascar\"}\" data-sheets-userformat=\"{\"2\":12803,\"3\":{\"1\":0},\"4\":{\"1\":2,\"2\":16773836},\"12\":0,\"15\":\"Arial\",\"16\":9}\"><span style=\"color: #ce4e2b;\">\u2192<\/span> <strong>Sz\u00e1rmaz\u00e1s :<\/strong> Franciaorsz\u00e1g<\/span><\/p>\n<p><span style=\"color: #ce4e2b;\" data-sheets-value=\"{\"1\":2,\"2\":\"Madagascar\"}\" data-sheets-userformat=\"{\"2\":12803,\"3\":{\"1\":0},\"4\":{\"1\":2,\"2\":16773836},\"12\":0,\"15\":\"Arial\",\"16\":9}\">\u2192 <\/span><strong>Haszn\u00e1lt alkatr\u00e9sz:<\/strong> <span data-sheets-value=\"{\"1\":2,\"2\":\"Rameaux \u00e0 aiguilles\"}\" data-sheets-userformat=\"{\"2\":33567233,\"3\":{\"1\":0},\"12\":0,\"15\":\"Arial\",\"16\":9,\"28\":1}\">T\u0171gallyak<\/span><\/p>\n<p><span data-sheets-value=\"{\"1\":2,\"2\":\"Extraction \u00e0 la vapeur d'eau\"}\" data-sheets-userformat=\"{\"2\":12803,\"3\":{\"1\":0},\"4\":{\"1\":2,\"2\":16773836},\"12\":0,\"15\":\"Arial\",\"16\":9}\"><span style=\"color: #ce4e2b;\">\u2192<\/span> <strong>M\u00f3dszer:<\/strong> G\u0151zzel t\u00f6rt\u00e9n\u0151 extrakci\u00f3<\/span><\/p>\n<p><span data-sheets-value=\"{\"1\":2,\"2\":\"Extraction \u00e0 la vapeur d'eau\"}\" data-sheets-userformat=\"{\"2\":12803,\"3\":{\"1\":0},\"4\":{\"1\":2,\"2\":16773836},\"12\":0,\"15\":\"Arial\",\"16\":9}\"><span style=\"color: #ce4e2b;\">\u2192 Bo\u00e8mia \u00e1ltal bio vadon term\u0151 n\u00f6v\u00e9nyekb\u0151l sz\u00fcretelt ill\u00f3olaj<\/span><\/span><\/p>\n<p><span data-sheets-value=\"{\"1\":2,\"2\":\"Extraction \u00e0 la vapeur d'eau\"}\" data-sheets-userformat=\"{\"2\":12803,\"3\":{\"1\":0},\"4\":{\"1\":2,\"2\":16773836},\"12\":0,\"15\":\"Arial\",\"16\":9}\"><span style=\"color: #ce4e2b;\">\u2192<\/span> <strong>T\u00e1rol\u00e1s:<\/strong> 5 \u00e9v<\/span><\/p>\n<p><span data-sheets-value=\"{\"1\":2,\"2\":\"Extraction \u00e0 la vapeur d'eau\"}\" data-sheets-userformat=\"{\"2\":12803,\"3\":{\"1\":0},\"4\":{\"1\":2,\"2\":16773836},\"12\":0,\"15\":\"Arial\",\"16\":9}\"><span style=\"color: #4d6854;\">\u2205<\/span> Nincs t\u00falcsomagol\u00e1s<\/span><\/p>\n","protected":false},"featured_media":22893,"comment_status":"open","ping_status":"closed","template":"","meta":{"_acf_changed":false},"product_brand":[],"product_cat":[204],"product_tag":[210],"class_list":{"0":"post-22890","1":"product","2":"type-product","3":"status-publish","4":"has-post-thumbnail","6":"product_cat-illoolajok","7":"product_tag-vad-szedes","8":"pa_usage-izuletek-izmok-es-sportolok","9":"pa_usage-legzes","10":"pa_usage-tonus-es-energia","12":"first","13":"instock","14":"featured","15":"taxable","16":"shipping-taxable","17":"purchasable","18":"product-type-simple"},"acf":[],"yoast_head":"<!-- This site is optimized with the Yoast SEO plugin v27.4 - https:\/\/yoast.com\/product\/yoast-seo-wordpress\/ -->\n<title>Bio Aleppo feny\u0151 ill\u00f3olaj | Bo\u00e8mia<\/title>\n<meta name=\"description\" content=\"Vadon sz\u00fcretelt \u00e9s k\u00e9zzel desztill\u00e1lt bio alepp\u00f3i feny\u0151 ill\u00f3olaj. Gyant\u00e1s esszencia friss, f\u00e1s illattal.\" \/>\n<meta name=\"robots\" content=\"index, follow, max-snippet:-1, max-image-preview:large, max-video-preview:-1\" \/>\n<link rel=\"canonical\" href=\"https:\/\/www.boemia-aroma.com\/hu\/boemia-aruhaz\/illoolajok\/organikus-aleppo-fenyo-illoolaj\/\" \/>\n<meta property=\"og:locale\" content=\"hu_HU\" \/>\n<meta property=\"og:type\" content=\"article\" \/>\n<meta property=\"og:title\" content=\"Bio Aleppo feny\u0151 ill\u00f3olaj | Bo\u00e8mia\" \/>\n<meta property=\"og:description\" content=\"Vadon sz\u00fcretelt \u00e9s k\u00e9zzel desztill\u00e1lt bio alepp\u00f3i feny\u0151 ill\u00f3olaj. Gyant\u00e1s esszencia friss, f\u00e1s illattal.\" \/>\n<meta property=\"og:url\" content=\"https:\/\/www.boemia-aroma.com\/hu\/boemia-aruhaz\/illoolajok\/organikus-aleppo-fenyo-illoolaj\/\" \/>\n<meta property=\"og:site_name\" content=\"Bo\u00e8mia Aroma\" \/>\n<meta property=\"article:modified_time\" content=\"2026-03-13T08:54:48+00:00\" \/>\n<meta property=\"og:image\" content=\"https:\/\/www.boemia-aroma.com\/wp-content\/uploads\/2023\/09\/pin-alep.webp\" \/>\n\t<meta property=\"og:image:width\" content=\"1200\" \/>\n\t<meta property=\"og:image:height\" content=\"1200\" \/>\n\t<meta property=\"og:image:type\" content=\"image\/webp\" \/>\n<meta name=\"twitter:card\" content=\"summary_large_image\" \/>\n<meta name=\"twitter:label1\" content=\"Becs\u00fclt olvas\u00e1si id\u0151\" \/>\n\t<meta name=\"twitter:data1\" content=\"2 perc\" \/>\n<script type=\"application\/ld+json\" class=\"yoast-schema-graph\">{\"@context\":\"https:\\\/\\\/schema.org\",\"@graph\":[{\"@type\":\"WebPage\",\"@id\":\"https:\\\/\\\/www.boemia-aroma.com\\\/hu\\\/boemia-aruhaz\\\/illoolajok\\\/organikus-aleppo-fenyo-illoolaj\\\/\",\"url\":\"https:\\\/\\\/www.boemia-aroma.com\\\/hu\\\/boemia-aruhaz\\\/illoolajok\\\/organikus-aleppo-fenyo-illoolaj\\\/\",\"name\":\"Bio Aleppo feny\u0151 ill\u00f3olaj | Bo\u00e8mia\",\"isPartOf\":{\"@id\":\"https:\\\/\\\/www.boemia-aroma.com\\\/hu\\\/#website\"},\"primaryImageOfPage\":{\"@id\":\"https:\\\/\\\/www.boemia-aroma.com\\\/hu\\\/boemia-aruhaz\\\/illoolajok\\\/organikus-aleppo-fenyo-illoolaj\\\/#primaryimage\"},\"image\":{\"@id\":\"https:\\\/\\\/www.boemia-aroma.com\\\/hu\\\/boemia-aruhaz\\\/illoolajok\\\/organikus-aleppo-fenyo-illoolaj\\\/#primaryimage\"},\"thumbnailUrl\":\"https:\\\/\\\/www.boemia-aroma.com\\\/wp-content\\\/uploads\\\/2023\\\/09\\\/pin-alep.webp\",\"datePublished\":\"2023-09-04T14:25:26+00:00\",\"dateModified\":\"2026-03-13T08:54:48+00:00\",\"description\":\"Vadon sz\u00fcretelt \u00e9s k\u00e9zzel desztill\u00e1lt bio alepp\u00f3i feny\u0151 ill\u00f3olaj. Gyant\u00e1s esszencia friss, f\u00e1s illattal.\",\"breadcrumb\":{\"@id\":\"https:\\\/\\\/www.boemia-aroma.com\\\/hu\\\/boemia-aruhaz\\\/illoolajok\\\/organikus-aleppo-fenyo-illoolaj\\\/#breadcrumb\"},\"inLanguage\":\"hu\",\"potentialAction\":[{\"@type\":\"ReadAction\",\"target\":[\"https:\\\/\\\/www.boemia-aroma.com\\\/hu\\\/boemia-aruhaz\\\/illoolajok\\\/organikus-aleppo-fenyo-illoolaj\\\/\"]}]},{\"@type\":\"ImageObject\",\"inLanguage\":\"hu\",\"@id\":\"https:\\\/\\\/www.boemia-aroma.com\\\/hu\\\/boemia-aruhaz\\\/illoolajok\\\/organikus-aleppo-fenyo-illoolaj\\\/#primaryimage\",\"url\":\"https:\\\/\\\/www.boemia-aroma.com\\\/wp-content\\\/uploads\\\/2023\\\/09\\\/pin-alep.webp\",\"contentUrl\":\"https:\\\/\\\/www.boemia-aroma.com\\\/wp-content\\\/uploads\\\/2023\\\/09\\\/pin-alep.webp\",\"width\":1200,\"height\":1200},{\"@type\":\"BreadcrumbList\",\"@id\":\"https:\\\/\\\/www.boemia-aroma.com\\\/hu\\\/boemia-aruhaz\\\/illoolajok\\\/organikus-aleppo-fenyo-illoolaj\\\/#breadcrumb\",\"itemListElement\":[{\"@type\":\"ListItem\",\"position\":1,\"name\":\"Kezd\u0151lap\",\"item\":\"https:\\\/\\\/www.boemia-aroma.com\\\/hu\\\/\"},{\"@type\":\"ListItem\",\"position\":2,\"name\":\"Boemia \u00c1ruh\u00e1z\",\"item\":\"https:\\\/\\\/www.boemia-aroma.com\\\/hu\\\/boemia-aruhaz\\\/\"},{\"@type\":\"ListItem\",\"position\":3,\"name\":\"Organikus Aleppo feny\u0151 ill\u00f3olaj &#8211; 5 ml\"}]},{\"@type\":\"WebSite\",\"@id\":\"https:\\\/\\\/www.boemia-aroma.com\\\/hu\\\/#website\",\"url\":\"https:\\\/\\\/www.boemia-aroma.com\\\/hu\\\/\",\"name\":\"Bo\u00e8mia Aroma\",\"description\":\"\",\"publisher\":{\"@id\":\"https:\\\/\\\/www.boemia-aroma.com\\\/hu\\\/#organization\"},\"alternateName\":\"Bo\u00e8mia Aroma\",\"potentialAction\":[{\"@type\":\"SearchAction\",\"target\":{\"@type\":\"EntryPoint\",\"urlTemplate\":\"https:\\\/\\\/www.boemia-aroma.com\\\/hu\\\/?s={search_term_string}\"},\"query-input\":{\"@type\":\"PropertyValueSpecification\",\"valueRequired\":true,\"valueName\":\"search_term_string\"}}],\"inLanguage\":\"hu\"},{\"@type\":\"Organization\",\"@id\":\"https:\\\/\\\/www.boemia-aroma.com\\\/hu\\\/#organization\",\"name\":\"Bo\u00e8mia Aroma\",\"url\":\"https:\\\/\\\/www.boemia-aroma.com\\\/hu\\\/\",\"logo\":{\"@type\":\"ImageObject\",\"inLanguage\":\"hu\",\"@id\":\"https:\\\/\\\/www.boemia-aroma.com\\\/hu\\\/#\\\/schema\\\/logo\\\/image\\\/\",\"url\":\"https:\\\/\\\/www.boemia-aroma.com\\\/wp-content\\\/uploads\\\/2023\\\/07\\\/logo-boemia-aroma.png\",\"contentUrl\":\"https:\\\/\\\/www.boemia-aroma.com\\\/wp-content\\\/uploads\\\/2023\\\/07\\\/logo-boemia-aroma.png\",\"width\":300,\"height\":176,\"caption\":\"Bo\u00e8mia Aroma\"},\"image\":{\"@id\":\"https:\\\/\\\/www.boemia-aroma.com\\\/hu\\\/#\\\/schema\\\/logo\\\/image\\\/\"}}]}<\/script>\n<!-- \/ Yoast SEO plugin. -->","yoast_head_json":{"title":"Bio Aleppo feny\u0151 ill\u00f3olaj | Bo\u00e8mia","description":"Vadon sz\u00fcretelt \u00e9s k\u00e9zzel desztill\u00e1lt bio alepp\u00f3i feny\u0151 ill\u00f3olaj. Gyant\u00e1s esszencia friss, f\u00e1s illattal.","robots":{"index":"index","follow":"follow","max-snippet":"max-snippet:-1","max-image-preview":"max-image-preview:large","max-video-preview":"max-video-preview:-1"},"canonical":"https:\/\/www.boemia-aroma.com\/hu\/boemia-aruhaz\/illoolajok\/organikus-aleppo-fenyo-illoolaj\/","og_locale":"hu_HU","og_type":"article","og_title":"Bio Aleppo feny\u0151 ill\u00f3olaj | Bo\u00e8mia","og_description":"Vadon sz\u00fcretelt \u00e9s k\u00e9zzel desztill\u00e1lt bio alepp\u00f3i feny\u0151 ill\u00f3olaj. Gyant\u00e1s esszencia friss, f\u00e1s illattal.","og_url":"https:\/\/www.boemia-aroma.com\/hu\/boemia-aruhaz\/illoolajok\/organikus-aleppo-fenyo-illoolaj\/","og_site_name":"Bo\u00e8mia Aroma","article_modified_time":"2026-03-13T08:54:48+00:00","og_image":[{"width":1200,"height":1200,"url":"https:\/\/www.boemia-aroma.com\/wp-content\/uploads\/2023\/09\/pin-alep.webp","type":"image\/webp"}],"twitter_card":"summary_large_image","twitter_misc":{"Becs\u00fclt olvas\u00e1si id\u0151":"2 perc"},"schema":{"@context":"https:\/\/schema.org","@graph":[{"@type":"WebPage","@id":"https:\/\/www.boemia-aroma.com\/hu\/boemia-aruhaz\/illoolajok\/organikus-aleppo-fenyo-illoolaj\/","url":"https:\/\/www.boemia-aroma.com\/hu\/boemia-aruhaz\/illoolajok\/organikus-aleppo-fenyo-illoolaj\/","name":"Bio Aleppo feny\u0151 ill\u00f3olaj | Bo\u00e8mia","isPartOf":{"@id":"https:\/\/www.boemia-aroma.com\/hu\/#website"},"primaryImageOfPage":{"@id":"https:\/\/www.boemia-aroma.com\/hu\/boemia-aruhaz\/illoolajok\/organikus-aleppo-fenyo-illoolaj\/#primaryimage"},"image":{"@id":"https:\/\/www.boemia-aroma.com\/hu\/boemia-aruhaz\/illoolajok\/organikus-aleppo-fenyo-illoolaj\/#primaryimage"},"thumbnailUrl":"https:\/\/www.boemia-aroma.com\/wp-content\/uploads\/2023\/09\/pin-alep.webp","datePublished":"2023-09-04T14:25:26+00:00","dateModified":"2026-03-13T08:54:48+00:00","description":"Vadon sz\u00fcretelt \u00e9s k\u00e9zzel desztill\u00e1lt bio alepp\u00f3i feny\u0151 ill\u00f3olaj. Gyant\u00e1s esszencia friss, f\u00e1s illattal.","breadcrumb":{"@id":"https:\/\/www.boemia-aroma.com\/hu\/boemia-aruhaz\/illoolajok\/organikus-aleppo-fenyo-illoolaj\/#breadcrumb"},"inLanguage":"hu","potentialAction":[{"@type":"ReadAction","target":["https:\/\/www.boemia-aroma.com\/hu\/boemia-aruhaz\/illoolajok\/organikus-aleppo-fenyo-illoolaj\/"]}]},{"@type":"ImageObject","inLanguage":"hu","@id":"https:\/\/www.boemia-aroma.com\/hu\/boemia-aruhaz\/illoolajok\/organikus-aleppo-fenyo-illoolaj\/#primaryimage","url":"https:\/\/www.boemia-aroma.com\/wp-content\/uploads\/2023\/09\/pin-alep.webp","contentUrl":"https:\/\/www.boemia-aroma.com\/wp-content\/uploads\/2023\/09\/pin-alep.webp","width":1200,"height":1200},{"@type":"BreadcrumbList","@id":"https:\/\/www.boemia-aroma.com\/hu\/boemia-aruhaz\/illoolajok\/organikus-aleppo-fenyo-illoolaj\/#breadcrumb","itemListElement":[{"@type":"ListItem","position":1,"name":"Kezd\u0151lap","item":"https:\/\/www.boemia-aroma.com\/hu\/"},{"@type":"ListItem","position":2,"name":"Boemia \u00c1ruh\u00e1z","item":"https:\/\/www.boemia-aroma.com\/hu\/boemia-aruhaz\/"},{"@type":"ListItem","position":3,"name":"Organikus Aleppo feny\u0151 ill\u00f3olaj &#8211; 5 ml"}]},{"@type":"WebSite","@id":"https:\/\/www.boemia-aroma.com\/hu\/#website","url":"https:\/\/www.boemia-aroma.com\/hu\/","name":"Bo\u00e8mia Aroma","description":"","publisher":{"@id":"https:\/\/www.boemia-aroma.com\/hu\/#organization"},"alternateName":"Bo\u00e8mia Aroma","potentialAction":[{"@type":"SearchAction","target":{"@type":"EntryPoint","urlTemplate":"https:\/\/www.boemia-aroma.com\/hu\/?s={search_term_string}"},"query-input":{"@type":"PropertyValueSpecification","valueRequired":true,"valueName":"search_term_string"}}],"inLanguage":"hu"},{"@type":"Organization","@id":"https:\/\/www.boemia-aroma.com\/hu\/#organization","name":"Bo\u00e8mia Aroma","url":"https:\/\/www.boemia-aroma.com\/hu\/","logo":{"@type":"ImageObject","inLanguage":"hu","@id":"https:\/\/www.boemia-aroma.com\/hu\/#\/schema\/logo\/image\/","url":"https:\/\/www.boemia-aroma.com\/wp-content\/uploads\/2023\/07\/logo-boemia-aroma.png","contentUrl":"https:\/\/www.boemia-aroma.com\/wp-content\/uploads\/2023\/07\/logo-boemia-aroma.png","width":300,"height":176,"caption":"Bo\u00e8mia Aroma"},"image":{"@id":"https:\/\/www.boemia-aroma.com\/hu\/#\/schema\/logo\/image\/"}}]}},"_links":{"self":[{"href":"https:\/\/www.boemia-aroma.com\/hu\/wp-json\/wp\/v2\/product\/22890","targetHints":{"allow":["GET"]}}],"collection":[{"href":"https:\/\/www.boemia-aroma.com\/hu\/wp-json\/wp\/v2\/product"}],"about":[{"href":"https:\/\/www.boemia-aroma.com\/hu\/wp-json\/wp\/v2\/types\/product"}],"replies":[{"embeddable":true,"href":"https:\/\/www.boemia-aroma.com\/hu\/wp-json\/wp\/v2\/comments?post=22890"}],"version-history":[{"count":0,"href":"https:\/\/www.boemia-aroma.com\/hu\/wp-json\/wp\/v2\/product\/22890\/revisions"}],"wp:featuredmedia":[{"embeddable":true,"href":"https:\/\/www.boemia-aroma.com\/hu\/wp-json\/wp\/v2\/media\/22893"}],"wp:attachment":[{"href":"https:\/\/www.boemia-aroma.com\/hu\/wp-json\/wp\/v2\/media?parent=22890"}],"wp:term":[{"taxonomy":"product_brand","embeddable":true,"href":"https:\/\/www.boemia-aroma.com\/hu\/wp-json\/wp\/v2\/product_brand?post=22890"},{"taxonomy":"product_cat","embeddable":true,"href":"https:\/\/www.boemia-aroma.com\/hu\/wp-json\/wp\/v2\/product_cat?post=22890"},{"taxonomy":"product_tag","embeddable":true,"href":"https:\/\/www.boemia-aroma.com\/hu\/wp-json\/wp\/v2\/product_tag?post=22890"}],"curies":[{"name":"wp","href":"https:\/\/api.w.org\/{rel}","templated":true}]}}