{"id":23693,"date":"2023-06-23T15:05:01","date_gmt":"2023-06-23T13:05:01","guid":{"rendered":"https:\/\/www.boemia-aroma.com\/politique-de-confidentialite\/"},"modified":"2026-03-12T15:35:10","modified_gmt":"2026-03-12T14:35:10","slug":"adatvedelmi-szabalyzat","status":"publish","type":"page","link":"https:\/\/www.boemia-aroma.com\/hu\/adatvedelmi-szabalyzat\/","title":{"rendered":"Adatv\u00e9delmi szab\u00e1lyzat &#8211; RGPD"},"content":{"rendered":"\t\t<div data-elementor-type=\"wp-page\" data-elementor-id=\"23693\" class=\"elementor elementor-23693 elementor-3\" data-elementor-post-type=\"page\">\n\t\t\t\t\t\t<section class=\"elementor-section elementor-top-section elementor-element elementor-element-630ec4dc elementor-section-boxed elementor-section-height-default elementor-section-height-default\" data-id=\"630ec4dc\" data-element_type=\"section\" data-e-type=\"section\">\n\t\t\t\t\t\t<div class=\"elementor-container elementor-column-gap-default\">\n\t\t\t\t\t<div class=\"elementor-column elementor-col-100 elementor-top-column elementor-element elementor-element-2c876388\" data-id=\"2c876388\" data-element_type=\"column\" data-e-type=\"column\">\n\t\t\t<div class=\"elementor-widget-wrap elementor-element-populated\">\n\t\t\t\t\t\t<div class=\"elementor-element elementor-element-c0a34de elementor-widget elementor-widget-heading\" data-id=\"c0a34de\" data-element_type=\"widget\" data-e-type=\"widget\" data-widget_type=\"heading.default\">\n\t\t\t\t<div class=\"elementor-widget-container\">\n\t\t\t\t\t<h1 class=\"elementor-heading-title elementor-size-default\">Adatv\u00e9delmi szab\u00e1lyzat - RGPD<\/h1>\t\t\t\t<\/div>\n\t\t\t\t<\/div>\n\t\t\t\t<div class=\"elementor-element elementor-element-d00c4bc elementor-widget elementor-widget-text-editor\" data-id=\"d00c4bc\" data-element_type=\"widget\" data-e-type=\"widget\" data-widget_type=\"text-editor.default\">\n\t\t\t\t<div class=\"elementor-widget-container\">\n\t\t\t\t\t\t\t\t\t\n<h2 class=\"wp-block-heading\">1. A weboldal bemutat\u00e1sa.<\/h2>\n\n<p>A digit\u00e1lis gazdas\u00e1gba vetett bizalomr\u00f3l sz\u00f3l\u00f3, 2004. j\u00fanius 21-i 2004-575. sz. francia t\u00f6rv\u00e9ny 6. cikke \u00e9rtelm\u00e9ben a <a href=\"https:\/\/www.boemia-aroma.com\/hu\/\">https:\/\/www.boemia-aroma.com<\/a> weboldal felhaszn\u00e1l\u00f3it t\u00e1j\u00e9koztatj\u00e1k a weboldal l\u00e9trehoz\u00e1s\u00e1ban \u00e9s ellen\u0151rz\u00e9s\u00e9ben r\u00e9szt vev\u0151 k\u00fcl\u00f6nb\u00f6z\u0151 felek kil\u00e9t\u00e9r\u0151l:<\/p>\n\n<p><strong>Tulajdonos<\/strong>:<\/p>\n\n<p>Bo\u00e8mia SARL<\/p>\n\n<p>17 Hameau de requi &#8211; Montlaur 11220 Val de Dagne<\/p>\n\n<p>Mobil : 06.71.10.54.52 Mail : <a href=\"mailto:boemia@outlook.fr\">boemia@outlook.fr<\/a><\/p>\n\n<p>Korl\u00e1tolt felel\u0151ss\u00e9g\u0171 t\u00e1rsas\u00e1g 10 000 EUR t\u0151k\u00e9vel SIREN 850961673 R .C .S Carcassonne<\/p>\n\n<p>SIRET 85096167300017 TVA intra com : FR37850961673<\/p>\n\n<p><strong>A k\u00f6zz\u00e9t\u00e9tel\u00e9rt felel\u0151s szem\u00e9ly<\/strong>: Julien Martre &#8211; boemia@outlook.fr<br>A k\u00f6zz\u00e9t\u00e9tel\u00e9rt felel\u0151s szem\u00e9ly term\u00e9szetes vagy jogi szem\u00e9ly.<br><strong>Webmaster<\/strong>: Martre &#8211;<strong>jeremie@boemia-aroma.fr<\/strong><br><strong>Host<\/strong>: ovh &#8211; 2 rue Kellermann 59100 Roubaix 1007<br><strong>Adatv\u00e9delmi tisztvisel\u0151<\/strong>: Martre &#8211; contact@boemia-aroma.fr<\/p>\n\n<h2 class=\"wp-block-heading\">2. Az oldal \u00e9s a k\u00edn\u00e1lt szolg\u00e1ltat\u00e1sok haszn\u00e1lat\u00e1nak \u00e1ltal\u00e1nos felt\u00e9telei.<\/h2>\n\n<p>A Honlap a francia szellemi tulajdonr\u00f3l sz\u00f3l\u00f3 t\u00f6rv\u00e9ny \u00e9s a vonatkoz\u00f3 nemzetk\u00f6zi jogszab\u00e1lyok \u00e1ltal v\u00e9dett szellemi alkot\u00e1s.<br>A Vev\u0151 semmilyen m\u00f3don nem haszn\u00e1lhatja \u00fajra, nem ruh\u00e1zhatja \u00e1t \u00e9s nem hasznos\u00edthatja saj\u00e1t sz\u00e1ml\u00e1j\u00e1ra a Honlapon tal\u00e1lhat\u00f3 elemek vagy alkot\u00e1sok eg\u00e9sz\u00e9t vagy egy r\u00e9sz\u00e9t.<\/p>\n\n<p>A https:\/\/www.boemia <a href=\"https:\/\/www.boemia-aroma.com\/hu\/\">-aroma.com<\/a> weboldal haszn\u00e1lata az al\u00e1bbi \u00e1ltal\u00e1nos felhaszn\u00e1l\u00e1si felt\u00e9telek teljes k\u00f6r\u0171 elfogad\u00e1s\u00e1t jelenti. Ezek a felhaszn\u00e1l\u00e1si felt\u00e9telek b\u00e1rmikor m\u00f3dos\u00edthat\u00f3k vagy kieg\u00e9sz\u00edthet\u0151k, ez\u00e9rt a <a href=\"https:\/\/www.boemia-aroma.com\/hu\/\">https:\/\/www.boemia-aroma.com<\/a> weboldal felhaszn\u00e1l\u00f3inak aj\u00e1nlott rendszeresen \u00e1ttanulm\u00e1nyozni azokat. <\/p>\n\n<p>Ez a weboldal \u00e1ltal\u00e1ban b\u00e1rmikor el\u00e9rhet\u0151 a felhaszn\u00e1l\u00f3k sz\u00e1m\u00e1ra. A https:\/\/www.boemia <a href=\"https:\/\/www.boemia-aroma.com\/hu\/\">-aroma.com<\/a> azonban d\u00f6nthet \u00fagy, hogy technikai karbantart\u00e1s miatt megszak\u00edtja az oldalt, \u00e9s ebben az esetben igyekszik el\u0151re t\u00e1j\u00e9koztatni a felhaszn\u00e1l\u00f3kat a beavatkoz\u00e1s id\u0151pontj\u00e1r\u00f3l.<br>A <a href=\"https:\/\/www.boemia-aroma.com\/hu\/\">https:\/\/www.boemia-aroma.com<\/a> honlapot a <a href=\"https:\/\/www.boemia-aroma.com\/hu\/\">https:\/\/www.boemia-aroma.com<\/a> rendszeresen friss\u00edti. Hasonl\u00f3k\u00e9ppen, a jogi k\u00f6zlem\u00e9nyek b\u00e1rmikor m\u00f3dosulhatnak: ezek mindazon\u00e1ltal k\u00f6telez\u0151ek a felhaszn\u00e1l\u00f3ra n\u00e9zve, aki felk\u00e9r\u00e9st kap, hogy min\u00e9l gyakrabban hivatkozzon r\u00e1juk, hogy elolvashassa \u0151ket.  <\/p>\n\n<h2 class=\"wp-block-heading\">3. A ny\u00fajtott szolg\u00e1ltat\u00e1sok le\u00edr\u00e1sa.<\/h2>\n\n<p>A https:\/\/www.boemia <a href=\"https:\/\/www.boemia-aroma.com\/hu\/\">-aroma.com<\/a> weboldal c\u00e9lja, hogy t\u00e1j\u00e9koztat\u00e1st ny\u00fajtson a v\u00e1llalat valamennyi tev\u00e9kenys\u00e9g\u00e9r\u0151l.<br>A <a href=\"https:\/\/www.boemia-aroma.com\/hu\/\">https:\/\/www.boemia-aroma.com<\/a> igyekszik a lehet\u0151 legpontosabb inform\u00e1ci\u00f3kat ny\u00fajtani a <a href=\"https:\/\/www.boemia-aroma.com\/hu\/\">https:\/\/www.boemia-aroma.com<\/a> weboldalon. Nem v\u00e1llal felel\u0151ss\u00e9get azonban az inform\u00e1ci\u00f3k hi\u00e1nyoss\u00e1gai\u00e9rt, pontatlans\u00e1gai\u00e9rt vagy friss\u00edt\u00e9s\u00e9nek elmulaszt\u00e1s\u00e1\u00e9rt, f\u00fcggetlen\u00fcl att\u00f3l, hogy ezek az \u0151 hib\u00e1j\u00e1b\u00f3l vagy az inform\u00e1ci\u00f3kat szolg\u00e1ltat\u00f3 harmadik f\u00e9l partnerek hib\u00e1j\u00e1b\u00f3l t\u00f6rt\u00e9ntek. <\/p>\n\n<p>A https:\/\/www.boemia <a href=\"https:\/\/www.boemia-aroma.com\/hu\/\">-aroma.com<\/a> weboldalon tal\u00e1lhat\u00f3 valamennyi inform\u00e1ci\u00f3 csak t\u00e1j\u00e9koztat\u00f3 jelleg\u0171, \u00e9s v\u00e1ltozhat. Tov\u00e1bb\u00e1 a <a href=\"https:\/\/www.boemia-aroma.com\/hu\/\">https:\/\/www.boemia-aroma.com<\/a> weboldalon tal\u00e1lhat\u00f3 inform\u00e1ci\u00f3k nem teljes k\u00f6r\u0171ek. Az inform\u00e1ci\u00f3k az online felhelyez\u00e9s\u00fck \u00f3ta bek\u00f6vetkezett v\u00e1ltoz\u00e1soknak vannak kit\u00e9ve.  <\/p>\n\n<h2 class=\"wp-block-heading\">4. A m\u0171szaki adatokra vonatkoz\u00f3 szerz\u0151d\u00e9ses korl\u00e1toz\u00e1sok.<\/h2>\n\n<p>Az oldal JavaScript technol\u00f3gi\u00e1t haszn\u00e1l.<\/p>\n\n<p>A weboldal nem tehet\u0151 felel\u0151ss\u00e9 az oldal haszn\u00e1lat\u00e1val kapcsolatos anyagi k\u00e1rok\u00e9rt. Ezen t\u00falmen\u0151en az oldal felhaszn\u00e1l\u00f3i v\u00e1llalj\u00e1k, hogy az oldalra \u00faj, v\u00edrusmentes eszk\u00f6z\u00f6kkel \u00e9s a leg\u00fajabb gener\u00e1ci\u00f3s, friss\u00edtett b\u00f6ng\u00e9sz\u0151vel l\u00e9pnek be:<br>A <a href=\"https:\/\/www.boemia-aroma.com\/hu\/\">https:\/\/www.boemia-aroma.com<\/a> oldalt az Eur\u00f3pai Uni\u00f3ban m\u0171k\u00f6d\u0151 szolg\u00e1ltat\u00f3 \u00fczemelteti az \u00e1ltal\u00e1nos adatv\u00e9delmi rendelet (RGPD: 2016-679. sz.) rendelkez\u00e9seinek megfelel\u0151en. <\/p>\n\n<p>A c\u00e9l olyan szolg\u00e1ltat\u00e1s ny\u00fajt\u00e1sa, amely a legmagasabb szint\u0171 hozz\u00e1f\u00e9rhet\u0151s\u00e9get biztos\u00edtja. A h\u00e1zigazda biztos\u00edtja a szolg\u00e1ltat\u00e1s folyamatoss\u00e1g\u00e1t a nap 24 \u00f3r\u00e1j\u00e1ban, az \u00e9v minden napj\u00e1n. Fenntartja azonban a jogot, hogy a lehet\u0151 legr\u00f6videbb id\u0151re megszak\u00edtsa a t\u00e1rhelyszolg\u00e1ltat\u00e1st, k\u00fcl\u00f6n\u00f6sen karbantart\u00e1s c\u00e9lj\u00e1b\u00f3l, infrastrukt\u00far\u00e1j\u00e1nak jav\u00edt\u00e1sa \u00e9rdek\u00e9ben, az infrastrukt\u00fara meghib\u00e1sod\u00e1sa eset\u00e9n, vagy ha a szolg\u00e1ltat\u00e1sok rendellenesnek \u00edt\u00e9lt forgalmat gener\u00e1lnak.  <\/p>\n\n<p>A <a href=\"https:\/\/www.boemia-aroma.com\/hu\/\">https:\/\/www.boemia-aroma.com<\/a> \u00e9s a h\u00e1zigazda nem v\u00e1llal felel\u0151ss\u00e9get az internetes h\u00e1l\u00f3zat, a telefonvonalak vagy a sz\u00e1m\u00edt\u00f3g\u00e9pes \u00e9s telefonos berendez\u00e9sek meghib\u00e1sod\u00e1sa eset\u00e9n, k\u00fcl\u00f6n\u00f6sen a szerverhez val\u00f3 hozz\u00e1f\u00e9r\u00e9st akad\u00e1lyoz\u00f3 h\u00e1l\u00f3zati torl\u00f3d\u00e1sok miatt.<\/p>\n\n<h2 class=\"wp-block-heading\">5. Szellemi tulajdon \u00e9s hamis\u00edt\u00e1s.<\/h2>\n\n<p>A https:\/\/www.boemia<a href=\"https:\/\/www.boemia-aroma.com\/hu\/\">-aroma.com<\/a> a szellemi tulajdonjogok tulajdonosa \u00e9s a weboldalon el\u00e9rhet\u0151 valamennyi elem, k\u00fcl\u00f6n\u00f6sen a sz\u00f6vegek, k\u00e9pek, grafik\u00e1k, log\u00f3k, vide\u00f3k, ikonok \u00e9s hangok felhaszn\u00e1l\u00e1si jogainak birtokosa.<br>A weboldal elemeinek eg\u00e9sz\u00e9nek vagy egy r\u00e9sz\u00e9nek b\u00e1rmilyen m\u00f3don vagy elj\u00e1r\u00e1ssal t\u00f6rt\u00e9n\u0151 reproduk\u00e1l\u00e1sa, megjelen\u00edt\u00e9se, m\u00f3dos\u00edt\u00e1sa, k\u00f6zz\u00e9t\u00e9tele, adapt\u00e1l\u00e1sa tilos, kiv\u00e9ve a <a href=\"https:\/\/www.boemia-aroma.com\/hu\/\">https:\/\/www.boemia-aroma.com<\/a> el\u0151zetes \u00edr\u00e1sbeli enged\u00e9ly\u00e9vel.<\/p>\n\n<p>Az oldal vagy a rajta tal\u00e1lhat\u00f3 b\u00e1rmely elem jogosulatlan haszn\u00e1lata jogs\u00e9rt\u00e9snek min\u0151s\u00fcl, \u00e9s a francia szellemi tulajdonr\u00f3l sz\u00f3l\u00f3 t\u00f6rv\u00e9nyk\u00f6nyv L.335-2. \u00e9s azt k\u00f6vet\u0151 cikkeinek rendelkez\u00e9sei szerint b\u00fcntet\u0151elj\u00e1r\u00e1s indul.<\/p>\n\n<h2 class=\"wp-block-heading\">6. A felel\u0151ss\u00e9g korl\u00e1toz\u00e1sa.<\/h2>\n\n<p>A <a href=\"https:\/\/www.boemia-aroma.com\/hu\/\">https:\/\/www.boemia-aroma.com<\/a> az oldal kiad\u00f3jak\u00e9nt m\u0171k\u00f6dik <a href=\"https:\/\/www.boemia-aroma.com\/hu\/\">. A https:\/\/www.boemia-aroma.com<\/a> felel\u0151s az \u00e1ltala k\u00f6zz\u00e9tett Tartalom min\u0151s\u00e9g\u00e9\u00e9rt \u00e9s pontoss\u00e1g\u00e1\u00e9rt.<\/p>\n\n<p>A <a href=\"https:\/\/www.boemia-aroma.com\/hu\/\">https:\/\/www.boemia-aroma.com<\/a> nem tehet\u0151 felel\u0151ss\u00e9 a felhaszn\u00e1l\u00f3 berendez\u00e9s\u00e9ben a <a href=\"https:\/\/www.boemia-aroma.com\/hu\/\">https:\/\/www.boemia-aroma.com<\/a> weboldalhoz val\u00f3 hozz\u00e1f\u00e9r\u00e9s sor\u00e1n okozott k\u00f6zvetlen vagy k\u00f6zvetett k\u00e1rok\u00e9rt, amelyek a 4. pontban megjel\u00f6lt specifik\u00e1ci\u00f3knak nem megfelel\u0151 berendez\u00e9s haszn\u00e1lat\u00e1b\u00f3l, illetve hiba vagy inkompatibilit\u00e1s megjelen\u00e9s\u00e9b\u0151l erednek.<\/p>\n\n<p>A <a href=\"https:\/\/www.boemia-aroma.com\/hu\/\">https:\/\/www.boemia-aroma.com<\/a> nem vonhat\u00f3 felel\u0151ss\u00e9gre a <a href=\"https:\/\/www.boemia-aroma.com\/hu\/\">https:\/\/www.boemia-aroma.com weboldal haszn\u00e1lat\u00e1b\u00f3l ered\u0151 k\u00f6zvetett k\u00e1rok\u00e9rt (p\u00e9ld\u00e1ul piacveszt\u00e9s vagy elvesztett lehet\u0151s\u00e9g) .<\/a> A<br>Interakt\u00edv ter\u00fcletek (k\u00e9rd\u00e9sfeltev\u00e9si lehet\u0151s\u00e9g a kapcsolatfelv\u00e9teli ter\u00fcleten) \u00e1llnak a felhaszn\u00e1l\u00f3k rendelkez\u00e9s\u00e9re <a href=\"https:\/\/www.boemia-aroma.com\/hu\/\">. A https:\/\/www.boemia-aroma.com<\/a> fenntartja a jogot, hogy el\u0151zetes \u00e9rtes\u00edt\u00e9s n\u00e9lk\u00fcl t\u00f6r\u00f6lje az e ter\u00fcleten k\u00f6zz\u00e9tett olyan tartalmakat, amelyek s\u00e9rtik a Franciaorsz\u00e1gban alkalmazand\u00f3 jogszab\u00e1lyokat, k\u00fcl\u00f6n\u00f6sen az adatv\u00e9delemre vonatkoz\u00f3 rendelkez\u00e9seket. Adott esetben a <a href=\"https:\/\/www.boemia-aroma.com\/hu\/\">https:\/\/www.boemia-aroma.com<\/a> fenntartja mag\u00e1nak a jogot, hogy a felhaszn\u00e1l\u00f3t polg\u00e1ri \u00e9s\/vagy b\u00fcntet\u0151jogi felel\u0151ss\u00e9gre vonja, k\u00fcl\u00f6n\u00f6sen a rasszista, s\u00e9rt\u0151, r\u00e1galmaz\u00f3 vagy pornogr\u00e1f jelleg\u0171 \u00fczenetek eset\u00e9ben, f\u00fcggetlen\u00fcl a felhaszn\u00e1lt m\u00e9diumt\u00f3l (sz\u00f6veg, f\u00e9nyk\u00e9p stb.). <\/p>\n\n<h2 class=\"wp-block-heading\">7. Szem\u00e9lyes adatok kezel\u00e9se.<\/h2>\n\n<p>Az \u00dcgyf\u00e9l t\u00e1j\u00e9koztat\u00e1st kap a marketingkommunik\u00e1ci\u00f3ra vonatkoz\u00f3 el\u0151\u00edr\u00e1sokr\u00f3l, a digit\u00e1lis gazdas\u00e1gba vetett bizalomr\u00f3l sz\u00f3l\u00f3 2014. j\u00fanius 21-i t\u00f6rv\u00e9nyr\u0151l, a 2004. augusztus 06-i adatv\u00e9delmi t\u00f6rv\u00e9nyr\u0151l \u00e9s az \u00e1ltal\u00e1nos adatv\u00e9delmi rendeletr\u0151l (RGPD: n\u00b0 2016-679).<\/p>\n\n<h3 class=\"wp-block-heading\">7.1 A szem\u00e9lyes adatok gy\u0171jt\u00e9s\u00e9\u00e9rt felel\u0151s szem\u00e9lyek<\/h3>\n\n<p>A Felhaszn\u00e1l\u00f3 szem\u00e9lyes fi\u00f3kj\u00e1nak l\u00e9trehoz\u00e1sa \u00e9s a Honlapon val\u00f3 b\u00f6ng\u00e9sz\u00e9s sor\u00e1n gy\u0171jt\u00f6tt Szem\u00e9lyes adatok eset\u00e9ben a Szem\u00e9lyes adatok feldolgoz\u00e1s\u00e1\u00e9rt felel\u0151s szem\u00e9ly: Julien Martre. <a href=\"https:\/\/www.boemia-aroma.com\/hu\/\">https:\/\/www.boemia-aroma.comest<\/a>, akit Martre, a jogi k\u00e9pvisel\u0151je k\u00e9pvisel.<\/p>\n\n<p>Az \u00e1ltala gy\u0171jt\u00f6tt adatok feldolgoz\u00e1s\u00e1\u00e9rt felel\u0151s f\u00e9lk\u00e9nt a <a href=\"https:\/\/www.boemia-aroma.com\/hu\/\">https:\/\/www.boemia-aroma.com<\/a> v\u00e1llalja, hogy betartja a hat\u00e1lyos jogi rendelkez\u00e9seket. K\u00fcl\u00f6n\u00f6sen az \u00dcgyf\u00e9l felel\u0151ss\u00e9ge, hogy meghat\u00e1rozza az adatfeldolgoz\u00e1s c\u00e9ljait, hogy a hozz\u00e1j\u00e1rul\u00e1suk begy\u0171jt\u00e9s\u00e9t\u0151l kezdve teljes k\u00f6r\u0171 t\u00e1j\u00e9koztat\u00e1st ny\u00fajtson az \u00e9rdekl\u0151d\u0151knek \u00e9s \u00fcgyfeleinek a szem\u00e9lyes adataik feldolgoz\u00e1s\u00e1r\u00f3l, \u00e9s hogy pontos nyilv\u00e1ntart\u00e1st vezessen a feldolgoz\u00e1sr\u00f3l.<br>Amikor <a href=\"https:\/\/www.boemia-aroma.com\/hu\/\">a https:\/\/www.boemia-aroma.com<\/a> szem\u00e9lyes adatokat dolgoz fel, <a href=\"https:\/\/www.boemia-aroma.com\/hu\/\">a https:\/\/www.boemia-aroma.com<\/a> minden \u00e9sszer\u0171 l\u00e9p\u00e9st megtesz annak \u00e9rdek\u00e9ben, hogy a szem\u00e9lyes adatok pontosak \u00e9s relev\u00e1nsak legyenek a <a href=\"https:\/\/www.boemia-aroma.com\/hu\/\">https:\/\/www.boemia-aroma.com<\/a> feldolgoz\u00e1s\u00e1nak c\u00e9ljai szempontj\u00e1b\u00f3l. <\/p>\n\n<h3 class=\"wp-block-heading\">7.2 Az \u00f6sszegy\u0171jt\u00f6tt adatok c\u00e9lja<\/h3>\n\n<p>A <a href=\"https:\/\/www.boemia-aroma.com\/hu\/\">https:\/\/www.boemia-aroma.com<\/a> a k\u00f6vetkez\u0151 adatok egy r\u00e9sz\u00e9t vagy mindegyik\u00e9t feldolgozhatja:<\/p>\n\n<ul>\n<li>a Honlapon val\u00f3 b\u00f6ng\u00e9sz\u00e9s, valamint a felhaszn\u00e1l\u00f3 \u00e1ltal megrendelt szolg\u00e1ltat\u00e1sok kezel\u00e9se \u00e9s nyomon k\u00f6vethet\u0151s\u00e9ge: Honlaphoz val\u00f3 csatlakoz\u00e1s \u00e9s haszn\u00e1lati adatok, sz\u00e1ml\u00e1z\u00e1s, rendel\u00e9si el\u0151zm\u00e9nyek stb.<\/li>\n<\/ul>\n\n<ul>\n<li>a sz\u00e1m\u00edt\u00f3g\u00e9pes csal\u00e1sok (spamel\u00e9s, hackel\u00e9s stb.) megel\u0151z\u00e9se \u00e9s lek\u00fczd\u00e9se \u00e9rdek\u00e9ben: a b\u00f6ng\u00e9sz\u00e9shez haszn\u00e1lt sz\u00e1m\u00edt\u00f3g\u00e9pes eszk\u00f6z\u00f6k, IP-c\u00edm, jelsz\u00f3 (hashed) stb.<\/li>\n<\/ul>\n\n<ul>\n<li>a Webhelyen val\u00f3 b\u00f6ng\u00e9sz\u00e9s jav\u00edt\u00e1sa: kapcsol\u00f3d\u00e1si \u00e9s haszn\u00e1lati adatok<\/li>\n<\/ul>\n\n<ul>\n<li>a https:\/\/www.boemia <a href=\"https:\/\/www.boemia-aroma.com\/hu\/\">-aroma.com weboldalon v\u00e1laszthat\u00f3 el\u00e9gedetts\u00e9gi felm\u00e9r\u00e9sek elv\u00e9gz\u00e9s\u00e9hez :<\/a> e-mail c\u00edm<\/li>\n\n<li>kommunik\u00e1ci\u00f3s kamp\u00e1nyok (sms, e-mail) lefuttat\u00e1s\u00e1hoz: telefonsz\u00e1m, e-mail-c\u00edm<\/li>\n<\/ul>\n\n<p>A <a href=\"https:\/\/www.boemia-aroma.com\/hu\/\">https:\/\/www.boemia-aroma.com<\/a> nem \u00e9rt\u00e9kes\u00edti az \u00d6n szem\u00e9lyes adatait, ez\u00e9rt azokat csak sz\u00fcks\u00e9g eset\u00e9n, illetve statisztikai \u00e9s elemz\u00e9si c\u00e9lokra haszn\u00e1ljuk fel.<\/p>\n\n<h3 class=\"wp-block-heading\">7.3 Hozz\u00e1f\u00e9r\u00e9si, helyesb\u00edt\u00e9si \u00e9s tiltakoz\u00e1si jog<\/h3>\n\n<p>A hat\u00e1lyos eur\u00f3pai szab\u00e1lyoz\u00e1sokkal \u00f6sszhangban a <a href=\"https:\/\/www.boemia-aroma.com\/hu\/\">https:\/\/www.boemia-aroma.com<\/a> felhaszn\u00e1l\u00f3it a k\u00f6vetkez\u0151 jogok illetik meg:<\/p>\n\n<ul>\n<li>a hozz\u00e1f\u00e9r\u00e9si jog (az \u00e1ltal\u00e1nos adatv\u00e9delmi rendelet 15. cikke), a helyesb\u00edt\u00e9shez (az \u00e1ltal\u00e1nos adatv\u00e9delmi rendelet 16. cikke), a Felhaszn\u00e1l\u00f3k adatainak friss\u00edt\u00e9s\u00e9hez \u00e9s teljess\u00e9g\u00e9hez val\u00f3 jog a Felhaszn\u00e1l\u00f3k szem\u00e9lyes adatainak z\u00e1rol\u00e1s\u00e1hoz vagy t\u00f6rl\u00e9s\u00e9hez val\u00f3 jog (az \u00e1ltal\u00e1nos adatv\u00e9delmi rendelet 17. cikke), amennyiben az ilyen adatok pontatlanok, hi\u00e1nyosak, nem egy\u00e9rtelm\u0171ek, elavultak, vagy ha az adatok gy\u0171jt\u00e9se, felhaszn\u00e1l\u00e1sa, tov\u00e1bb\u00edt\u00e1sa vagy t\u00e1rol\u00e1sa tilos.<\/li>\n<\/ul>\n\n<ul>\n<li>a hozz\u00e1j\u00e1rul\u00e1s b\u00e1rmikor t\u00f6rt\u00e9n\u0151 visszavon\u00e1s\u00e1nak joga (az ir\u00e1nyelv 13-2c. cikke)<\/li>\n<\/ul>\n\n<ul>\n<li>a Felhaszn\u00e1l\u00f3k adatainak feldolgoz\u00e1s\u00e1t korl\u00e1tozni (az RGPD 18. cikke)<\/li>\n<\/ul>\n\n<ul>\n<li>a Felhaszn\u00e1l\u00f3k adatainak feldolgoz\u00e1sa elleni tiltakoz\u00e1s joga (az RGPD 21. cikke)<\/li>\n<\/ul>\n\n<ul>\n<li>a felhaszn\u00e1l\u00f3k \u00e1ltal megadott adatok hordozhat\u00f3s\u00e1g\u00e1hoz val\u00f3 jog, amennyiben az ilyen adatok automatiz\u00e1lt feldolgoz\u00e1s t\u00e1rgy\u00e1t k\u00e9pezik a felhaszn\u00e1l\u00f3k hozz\u00e1j\u00e1rul\u00e1s\u00e1n vagy szerz\u0151d\u00e9sen alapul\u00f3 adatkezel\u00e9s sor\u00e1n (az RGPD 20. cikke).<\/li>\n<\/ul>\n\n<ul>\n<li>a Felhaszn\u00e1l\u00f3 joga meghat\u00e1rozni, hogy mi t\u00f6rt\u00e9njen a Felhaszn\u00e1l\u00f3 adataival hal\u00e1la ut\u00e1n, \u00e9s megv\u00e1laszthatja, hogy <a href=\"https:\/\/www.boemia-aroma.com\/hu\/\">a https:\/\/www.boemia-aroma.comdevra<\/a>kinek adja \u00e1t (vagy nem adja \u00e1t) az adatait az \u00e1ltala el\u0151zetesen megjel\u00f6lt harmadik f\u00e9lnek.<\/li>\n<\/ul>\n\n<p>Amint <a href=\"https:\/\/www.boemia-aroma.com\/hu\/\">a https:\/\/www.boemia-aroma.com<\/a> tudom\u00e1st szerez a Felhaszn\u00e1l\u00f3 hal\u00e1l\u00e1r\u00f3l, \u00e9s a Felhaszn\u00e1l\u00f3 utas\u00edt\u00e1s\u00e1nak hi\u00e1ny\u00e1ban a <a href=\"https:\/\/www.boemia-aroma.com\/hu\/\">https:\/\/www.boemia-aroma.com<\/a> v\u00e1llalja, hogy megsemmis\u00edti a Felhaszn\u00e1l\u00f3 adatait, kiv\u00e9ve, ha azokat bizony\u00edt\u00e1si c\u00e9lb\u00f3l vagy jogi k\u00f6telezetts\u00e9g teljes\u00edt\u00e9se miatt meg kell \u0151rizni.<\/p>\n\n<p>Ha a Felhaszn\u00e1l\u00f3 szeretn\u00e9 tudni, hogy <a href=\"https:\/\/www.boemia-aroma.com\/hu\/\">a https:\/\/www.boemia-aroma.com<\/a> hogyan haszn\u00e1lja fel szem\u00e9lyes adatait, k\u00e9ri azok helyesb\u00edt\u00e9s\u00e9t vagy tiltakozik azok feldolgoz\u00e1sa ellen, a Felhaszn\u00e1l\u00f3 \u00edr\u00e1sban fordulhat a <a href=\"https:\/\/www.boemia-aroma.com\/hu\/\">https:\/\/www.boemia-aroma.com<\/a> c\u00edmre a k\u00f6vetkez\u0151 c\u00edmen<\/p>\n\n<p>Julien Martre &#8211; DPO, Martre<br>17 Hameau de R\u00e9qui 11220 Montlaur.<br>Ebben az esetben a felhaszn\u00e1l\u00f3nak meg kell jel\u00f6lnie azokat a szem\u00e9lyes adatokat, amelyeket a <a href=\"https:\/\/www.boemia-aroma.com\/hu\/\">https:\/\/www.boemia-aroma.comcorrige<\/a>friss\u00edteni vagy t\u00f6r\u00f6lni k\u00edv\u00e1n, \u00e9s szem\u00e9lyazonos\u00edt\u00f3 okm\u00e1ny m\u00e1solat\u00e1val (szem\u00e9lyi igazolv\u00e1ny vagy \u00fatlev\u00e9l) pontosan azonos\u00edtania kell mag\u00e1t.<\/p>\n\n<p>A szem\u00e9lyes adatok t\u00f6rl\u00e9s\u00e9re ir\u00e1nyul\u00f3 k\u00e9relmekre a <a href=\"https:\/\/www.boemia-aroma.com\/hu\/\">https:\/\/www.boemia-aroma.com honlapra<\/a> vonatkoz\u00f3 t\u00f6rv\u00e9nyi k\u00f6telezetts\u00e9gek vonatkoznak, k\u00fcl\u00f6n\u00f6sen a dokumentumok meg\u0151rz\u00e9se vagy archiv\u00e1l\u00e1sa tekintet\u00e9ben. V\u00e9g\u00fcl a <a href=\"https:\/\/www.boemia-aroma.com\/hu\/\">https:\/\/www.boemia-aroma.com<\/a> felhaszn\u00e1l\u00f3i panaszt tehetnek a fel\u00fcgyeleti hat\u00f3s\u00e1gokn\u00e1l, k\u00fcl\u00f6n\u00f6sen a CNIL-n\u00e9l (https:\/\/www.cnil.fr\/fr\/plaintes). <\/p>\n\n<h3 class=\"wp-block-heading\">7.4 A szem\u00e9lyes adatok nyilv\u00e1noss\u00e1gra hozatal\u00e1nak tilalma<\/h3>\n\n<p>A <a href=\"https:\/\/www.boemia-aroma.com\/hu\/\">https:\/\/www.boemia-aroma.com<\/a> v\u00e1llalja, hogy az \u00dcgyfelekt\u0151l gy\u0171jt\u00f6tt adatokat nem dolgozza fel, nem t\u00e1rolja \u00e9s nem tov\u00e1bb\u00edtja az Eur\u00f3pai Uni\u00f3n k\u00edv\u00fcli vagy az Eur\u00f3pai Bizotts\u00e1g \u00e1ltal &#8222;nem megfelel\u0151nek&#8221; min\u0151s\u00edtett orsz\u00e1gba an\u00e9lk\u00fcl, hogy err\u0151l az \u00dcgyfelet el\u0151zetesen t\u00e1j\u00e9koztatn\u00e1. A https:\/\/www.boemia <a href=\"https:\/\/www.boemia-aroma.com\/hu\/\">-aroma.com<\/a> azonban tov\u00e1bbra is szabadon v\u00e1laszthatja meg technikai \u00e9s kereskedelmi alv\u00e1llalkoz\u00f3it, felt\u00e9ve, hogy azok megfelel\u0151 garanci\u00e1kat ny\u00fajtanak az \u00e1ltal\u00e1nos adatv\u00e9delmi rendelet (GDPR: 2016-679. sz.) k\u00f6vetelm\u00e9nyei tekintet\u00e9ben. <\/p>\n\n<p>A <a href=\"https:\/\/www.boemia-aroma.com\/hu\/\">https:\/\/www.boemia-aroma.com<\/a> v\u00e1llalja, hogy megtesz minden sz\u00fcks\u00e9ges \u00f3vint\u00e9zked\u00e9st az inform\u00e1ci\u00f3k biztons\u00e1g\u00e1nak meg\u0151rz\u00e9se \u00e9rdek\u00e9ben, \u00e9s k\u00fcl\u00f6n\u00f6sen annak biztos\u00edt\u00e1s\u00e1ra, hogy azokat ne adj\u00e1k \u00e1t illet\u00e9ktelen szem\u00e9lyeknek. Ha azonban az \u00dcgyf\u00e9l inform\u00e1ci\u00f3inak integrit\u00e1s\u00e1t vagy bizalmas jelleg\u00e9t \u00e9rint\u0151 incidens jut a <a href=\"https:\/\/www.boemia-aroma.com\/hu\/\">https:\/\/www.boemia-aroma.com<\/a> tudom\u00e1s\u00e1ra, a https:\/\/www.boemia-aroma.com k\u00f6teles a lehet\u0151 leghamarabb t\u00e1j\u00e9koztatni az \u00dcgyfelet, \u00e9s t\u00e1j\u00e9koztatni \u0151t a megtett korrekci\u00f3s int\u00e9zked\u00e9sekr\u0151l. Tov\u00e1bb\u00e1 a <a href=\"https:\/\/www.boemia-aroma.com\/hu\/\">https:\/\/www.boemia-aroma.com<\/a> nem gy\u0171jt &#8222;\u00e9rz\u00e9keny adatokat&#8221;.  <\/p>\n\n<p>A Felhaszn\u00e1l\u00f3 szem\u00e9lyes adatait a <a href=\"https:\/\/www.boemia-aroma.com\/hu\/\">https:\/\/www.boemia-aroma.com<\/a> le\u00e1nyv\u00e1llalatai \u00e9s alv\u00e1llalkoz\u00f3i (szolg\u00e1ltat\u00f3k) kiz\u00e1r\u00f3lag a jelen szab\u00e1lyzat c\u00e9ljainak el\u00e9r\u00e9se \u00e9rdek\u00e9ben kezelhetik.<\/p>\n\n<p>A fentiekben meghat\u00e1rozott hat\u00e1sk\u00f6r\u00fck keretein bel\u00fcl \u00e9s a fentiekben meghat\u00e1rozott c\u00e9lokb\u00f3l a <a href=\"https:\/\/www.boemia-aroma.com\/hu\/\">https:\/\/www.boemia-aroma.com<\/a> weboldalon a felhaszn\u00e1l\u00f3k adataihoz val\u00f3sz\u00edn\u0171leg els\u0151sorban az \u00fcgyf\u00e9lszolg\u00e1lati munkat\u00e1rsaink f\u00e9rhetnek hozz\u00e1.<\/p>\n\n<h2 class=\"wp-block-heading\">8. \u00c9rtes\u00edt\u00e9s az incidensr\u0151l<\/h2>\n\n<p>Minden igyekezet\u00fcnk ellen\u00e9re az interneten kereszt\u00fcl t\u00f6rt\u00e9n\u0151 tov\u00e1bb\u00edt\u00e1s \u00e9s az elektronikus t\u00e1rol\u00e1s egyetlen m\u00f3dszere sem teljesen biztons\u00e1gos. Ennek eredm\u00e9nyek\u00e9ppen nem tudjuk garant\u00e1lni az abszol\u00fat biztons\u00e1got.<br>Ha tudom\u00e1st szerz\u00fcnk a biztons\u00e1g megs\u00e9rt\u00e9s\u00e9r\u0151l, \u00e9rtes\u00edtj\u00fck az \u00e9rintett felhaszn\u00e1l\u00f3kat, hogy megtegy\u00e9k a megfelel\u0151 l\u00e9p\u00e9seket. Az incidensr\u0151l sz\u00f3l\u00f3 \u00e9rtes\u00edt\u00e9si elj\u00e1r\u00e1saink figyelembe veszik a nemzeti vagy eur\u00f3pai szint\u0171 jogi k\u00f6telezetts\u00e9geinket. Elk\u00f6telezettek vagyunk amellett, hogy \u00fcgyfeleinket teljes k\u00f6r\u0171en t\u00e1j\u00e9koztassuk a sz\u00e1ml\u00e1juk biztons\u00e1g\u00e1val kapcsolatos minden k\u00e9rd\u00e9sr\u0151l, \u00e9s hogy minden sz\u00fcks\u00e9ges inform\u00e1ci\u00f3t megadjunk nekik ahhoz, hogy seg\u00edts\u00fck \u0151ket saj\u00e1t szab\u00e1lyoz\u00e1si jelent\u00e9si k\u00f6telezetts\u00e9geik teljes\u00edt\u00e9s\u00e9ben.   <\/p>\n\n<p>A https:\/\/www.boemia <a href=\"https:\/\/www.boemia-aroma.com\/hu\/\">-aroma.com<\/a> oldal felhaszn\u00e1l\u00f3j\u00e1nak szem\u00e9lyes adatait a felhaszn\u00e1l\u00f3 tudta n\u00e9lk\u00fcl nem hozz\u00e1k nyilv\u00e1noss\u00e1gra, nem cser\u00e9lik, nem adj\u00e1k \u00e1t, nem ruh\u00e1zz\u00e1k \u00e1t \u00e9s nem adj\u00e1k el harmadik f\u00e9lnek semmilyen m\u00f3don. Kiz\u00e1r\u00f3lag a <a href=\"https:\/\/www.boemia-aroma.com\/hu\/\">https:\/\/www.boemia-aroma.com<\/a> \u00e9s jogainak visszav\u00e1s\u00e1rl\u00e1s\u00e1nak v\u00e1llal\u00e1sa tenn\u00e9 lehet\u0151v\u00e9 a fent eml\u00edtett inform\u00e1ci\u00f3k tov\u00e1bb\u00edt\u00e1s\u00e1t a lehets\u00e9ges v\u00e1s\u00e1rl\u00f3nak, akit viszont a <a href=\"https:\/\/www.boemia-aroma.com\/hu\/\">https:\/\/www.boemia-aroma.com<\/a> oldal felhaszn\u00e1l\u00f3j\u00e1ra vonatkoz\u00f3an ugyanaz a k\u00f6telezetts\u00e9g terheli az adatok meg\u0151rz\u00e9s\u00e9re \u00e9s m\u00f3dos\u00edt\u00e1s\u00e1ra vonatkoz\u00f3an. <\/p>\n\n<h3 class=\"wp-block-heading\">Biztons\u00e1g<\/h3>\n\n<p>A szem\u00e9lyes adatok \u00e9s a szem\u00e9lyes eg\u00e9szs\u00e9g\u00fcgyi adatok biztons\u00e1g\u00e1nak \u00e9s bizalmas jelleg\u00e9nek biztos\u00edt\u00e1sa \u00e9rdek\u00e9ben a <a href=\"https:\/\/www.boemia-aroma.com\/hu\/\">https:\/\/www.boemia-aroma.com<\/a> szabv\u00e1nyos eszk\u00f6z\u00f6kkel, p\u00e9ld\u00e1ul t\u0171zfalakkal, \u00e1lneves\u00edt\u00e9ssel, titkos\u00edt\u00e1ssal \u00e9s jelszavakkal v\u00e9dett h\u00e1l\u00f3zatokat haszn\u00e1l.<\/p>\n\n<p>A szem\u00e9lyes adatok feldolgoz\u00e1sa sor\u00e1n a <a href=\"https:\/\/www.boemia-aroma.com\/hu\/\">https:\/\/www.boemia-aroma.comprend<\/a>minden \u00e9sszer\u0171 l\u00e9p\u00e9st megtesz annak \u00e9rdek\u00e9ben, hogy megv\u00e9dje azokat az elveszt\u00e9s, vissza\u00e9l\u00e9s, jogosulatlan hozz\u00e1f\u00e9r\u00e9s, nyilv\u00e1noss\u00e1gra hozatal, megv\u00e1ltoztat\u00e1s vagy megsemmis\u00edt\u00e9s ellen.<\/p>\n\n<h2 class=\"wp-block-heading\">9. Hipertext linkek, s\u00fctik \u00e9s internetes c\u00edmk\u00e9k<\/h2>\n\n<p>A https:\/\/www.boemia <a href=\"https:\/\/www.boemia-aroma.com\/hu\/\">-aroma.com<\/a> weboldal sz\u00e1mos hipertext linket tartalmaz m\u00e1s oldalakra, amelyeket a <a href=\"https:\/\/www.boemia-aroma.com\/hu\/\">https:\/\/www.boemia-aroma.com<\/a> enged\u00e9ly\u00e9vel hoztak l\u00e9tre. A https:\/\/www.boemia <a href=\"https:\/\/www.boemia-aroma.com\/hu\/\">-aroma.com<\/a> azonban nincs abban a helyzetben, hogy ellen\u0151rizze az ilyen m\u00f3don megl\u00e1togatott oldalak tartalm\u00e1t, \u00e9s k\u00f6vetkez\u00e9sk\u00e9ppen nem v\u00e1llal felel\u0151ss\u00e9get e tekintetben. <\/p>\n\n<p>Hacsak nem d\u00f6nt \u00fagy, hogy kikapcsolja a s\u00fctiket, elfogadja, hogy a webhely haszn\u00e1lhatja azokat. Ezeket a cookie-kat b\u00e1rmikor ingyenesen kikapcsolhatja az \u00d6n sz\u00e1m\u00e1ra felk\u00edn\u00e1lt \u00e9s al\u00e1bb ismertetett kikapcsol\u00e1si lehet\u0151s\u00e9gek seg\u00edts\u00e9g\u00e9vel, figyelembe v\u00e9ve, hogy ez korl\u00e1tozhatja vagy megakad\u00e1lyozhatja a webhely \u00e1ltal k\u00edn\u00e1lt szolg\u00e1ltat\u00e1sok eg\u00e9sz\u00e9hez vagy egy r\u00e9sz\u00e9hez val\u00f3 hozz\u00e1f\u00e9r\u00e9st. <\/p>\n\n<h3 class=\"wp-block-heading\">9.1. &#8222;COOKIES<\/h3>\n\n<p>A &#8222;cookie&#8221; egy kis inform\u00e1ci\u00f3s f\u00e1jl, amelyet a Felhaszn\u00e1l\u00f3 b\u00f6ng\u00e9sz\u0151je k\u00fcld, \u00e9s amelyet a Felhaszn\u00e1l\u00f3 termin\u00e1lja (pl. sz\u00e1m\u00edt\u00f3g\u00e9p, okostelefon) t\u00e1rol (a tov\u00e1bbiakban: &#8222;cookie-k&#8221;). Ez a f\u00e1jl olyan inform\u00e1ci\u00f3kat tartalmaz, mint a Felhaszn\u00e1l\u00f3 domainneve, a Felhaszn\u00e1l\u00f3 internetszolg\u00e1ltat\u00f3ja, a Felhaszn\u00e1l\u00f3 oper\u00e1ci\u00f3s rendszere, valamint a hozz\u00e1f\u00e9r\u00e9s d\u00e1tuma \u00e9s id\u0151pontja. A s\u00fctik semmilyen m\u00f3don nem alkalmasak arra, hogy k\u00e1rt okozzanak a Felhaszn\u00e1l\u00f3 termin\u00e1lj\u00e1ban.  <\/p>\n\n<p>A <a href=\"https:\/\/www.boemia-aroma.com\/hu\/\">https:\/\/www.boemia-aroma.com<\/a> val\u00f3sz\u00edn\u0171leg feldolgozza a Felhaszn\u00e1l\u00f3knak a Webhelyen tett l\u00e1togat\u00e1saira vonatkoz\u00f3 inform\u00e1ci\u00f3kat, p\u00e9ld\u00e1ul a felkeresett oldalakat \u00e9s az elv\u00e9gzett keres\u00e9seket. Ezek az inform\u00e1ci\u00f3k lehet\u0151v\u00e9 teszik a <a href=\"https:\/\/www.boemia-aroma.com\/hu\/\">https:\/\/www.boemia-aroma.comd sz\u00e1m\u00e1ra, hogy jav\u00edtsa<\/a>a Webhely tartalm\u00e1t \u00e9s a Felhaszn\u00e1l\u00f3 b\u00f6ng\u00e9sz\u00e9si \u00e9lm\u00e9ny\u00e9t. <\/p>\n\n<p>Mivel a s\u00fctik megk\u00f6nny\u00edtik a b\u00f6ng\u00e9sz\u00e9st \u00e9s\/vagy a Webhely \u00e1ltal k\u00edn\u00e1lt szolg\u00e1ltat\u00e1sok ny\u00fajt\u00e1s\u00e1t, a Felhaszn\u00e1l\u00f3k \u00fagy konfigur\u00e1lhatj\u00e1k b\u00f6ng\u00e9sz\u0151j\u00fcket, hogy eld\u00f6nthess\u00e9k, elfogadj\u00e1k-e azokat vagy sem, \u00edgy a s\u00fctik a termin\u00e1lon t\u00e1rol\u00f3dnak, vagy \u00e9ppen ellenkez\u0151leg, elutas\u00edt\u00e1sra ker\u00fclnek, ak\u00e1r szisztematikusan, ak\u00e1r a felad\u00f3t\u00f3l f\u00fcgg\u0151en. A felhaszn\u00e1l\u00f3k \u00fagy is be\u00e1ll\u00edthatj\u00e1k b\u00f6ng\u00e9sz\u0151szoftver\u00fcket, hogy id\u0151r\u0151l id\u0151re felaj\u00e1nlj\u00e1k nekik a Cookie-k elfogad\u00e1s\u00e1nak vagy elutas\u00edt\u00e1s\u00e1nak lehet\u0151s\u00e9g\u00e9t, miel\u0151tt egy Cookie val\u00f3sz\u00edn\u0171leg a termin\u00e1ljukon t\u00e1rol\u00e1sra ker\u00fclne <a href=\"https:\/\/www.boemia-aroma.com\/hu\/\">. A https:\/\/www.boemia-aroma.com<\/a> t\u00e1j\u00e9koztatja a felhaszn\u00e1l\u00f3kat, hogy ebben az esetben el\u0151fordulhat, hogy a b\u00f6ng\u00e9sz\u0151szoftver\u00fck funkci\u00f3i nem mind \u00e1llnak rendelkez\u00e9sre. <\/p>\n\n<p>Ha a Felhaszn\u00e1l\u00f3 megtagadja a s\u00fctik t\u00e1rol\u00e1s\u00e1t a termin\u00e1lj\u00e1n vagy b\u00f6ng\u00e9sz\u0151j\u00e9ben, vagy ha a Felhaszn\u00e1l\u00f3 t\u00f6rli a mentett s\u00fctiket, a Felhaszn\u00e1l\u00f3 t\u00e1j\u00e9koztatva van arr\u00f3l, hogy a b\u00f6ng\u00e9sz\u00e9se \u00e9s a Webhelyen val\u00f3 haszn\u00e1lata korl\u00e1tozott lehet. Ez akkor is el\u0151fordulhat, ha <a href=\"https:\/\/www.boemia-aroma.com\/hu\/\">a https:\/\/www.boemia-aroma.com<\/a> vagy valamelyik szolg\u00e1ltat\u00f3ja technikai kompatibilit\u00e1si okokb\u00f3l nem tudja felismerni a termin\u00e1l \u00e1ltal haszn\u00e1lt b\u00f6ng\u00e9sz\u0151 t\u00edpus\u00e1t, a nyelvi \u00e9s megjelen\u00edt\u00e9si be\u00e1ll\u00edt\u00e1sokat vagy azt az orsz\u00e1got, ahonnan a termin\u00e1l az internethez csatlakozni l\u00e1tszik. <\/p>\n\n<p>Adott esetben a <a href=\"https:\/\/www.boemia-aroma.com\/hu\/\">https:\/\/www.boemia-aroma.com<\/a> elutas\u00edt minden felel\u0151ss\u00e9get a Webhely \u00e9s a <a href=\"https:\/\/www.boemia-aroma.com\/hu\/\">https:\/\/www.boemia-aroma.com<\/a> \u00e1ltal k\u00edn\u00e1lt b\u00e1rmely szolg\u00e1ltat\u00e1s cs\u00f6kkent m\u0171k\u00f6d\u00e9s\u00e9hez kapcsol\u00f3d\u00f3 k\u00f6vetkezm\u00e9nyek\u00e9rt, amelyek (i) a cookie-k Felhaszn\u00e1l\u00f3 \u00e1ltali elutas\u00edt\u00e1s\u00e1b\u00f3l (ii) a <a href=\"https:\/\/www.boemia-aroma.com\/hu\/\">https:\/\/www.boemia-aroma.com<\/a> sz\u00e1m\u00e1ra a m\u0171k\u00f6d\u00e9shez sz\u00fcks\u00e9ges cookie-k r\u00f6gz\u00edt\u00e9s\u00e9nek vagy megtekint\u00e9s\u00e9nek a Felhaszn\u00e1l\u00f3 v\u00e1laszt\u00e1sa miatti lehetetlens\u00e9g\u00e9b\u0151l erednek. A Cookie-k kezel\u00e9se \u00e9s a Felhaszn\u00e1l\u00f3 v\u00e1laszt\u00e1sa tekintet\u00e9ben az egyes b\u00f6ng\u00e9sz\u0151k konfigur\u00e1ci\u00f3ja elt\u00e9r\u0151. Ezt a b\u00f6ng\u00e9sz\u0151 s\u00fag\u00f3men\u00fcje \u00edrja le, amely jelzi, hogy a Felhaszn\u00e1l\u00f3 hogyan m\u00f3dos\u00edthatja a Cookie-kkal kapcsolatos k\u00edv\u00e1ns\u00e1gait.    <\/p>\n\n<p>A felhaszn\u00e1l\u00f3k b\u00e1rmikor kifejezhetik \u00e9s m\u00f3dos\u00edthatj\u00e1k a s\u00fctikkel kapcsolatos k\u00edv\u00e1ns\u00e1gaikat <a href=\"https:\/\/www.boemia-aroma.com\/hu\/\">. A https:\/\/www.boemia-aroma.com<\/a> k\u00fcls\u0151 szolg\u00e1ltat\u00f3k szolg\u00e1ltat\u00e1sait is ig\u00e9nybe veheti, hogy seg\u00edtsenek az ebben a szakaszban le\u00edrt inform\u00e1ci\u00f3k gy\u0171jt\u00e9s\u00e9ben \u00e9s feldolgoz\u00e1s\u00e1ban.<\/p>\n\n<p>V\u00e9g\u00fcl, a <a href=\"https:\/\/www.boemia-aroma.com\/hu\/\">https:\/\/www.boemia-aroma.com<\/a> weboldalon vagy annak mobilalkalmaz\u00e1s\u00e1ban megjelen\u0151 Twitter, Facebook, Linkedin \u00e9s Google Plus k\u00f6z\u00f6ss\u00e9gi h\u00e1l\u00f3zatok ikonjaira kattintva, \u00e9s amennyiben a Felhaszn\u00e1l\u00f3 a <a href=\"https:\/\/www.boemia-aroma.com\/hu\/\">https:\/\/www.boemia-aroma.com<\/a> weboldal vagy mobilalkalmaz\u00e1s tov\u00e1bbi b\u00f6ng\u00e9sz\u00e9s\u00e9vel elfogadta a s\u00fctik elhelyez\u00e9s\u00e9t, a Twitter, Facebook, Linkedin \u00e9s Google Plus szint\u00e9n elhelyezhet s\u00fctiket az \u00d6n v\u00e9gberendez\u00e9sein (sz\u00e1m\u00edt\u00f3g\u00e9p, t\u00e1blag\u00e9p, mobiltelefon).<\/p>\n\n<p>Az ilyen t\u00edpus\u00fa s\u00fctik csak akkor ker\u00fclnek az \u00d6n termin\u00e1ljaira, ha \u00d6n a <a href=\"https:\/\/www.boemia-aroma.com\/hu\/\">https:\/\/www.boemia-aroma.com<\/a> weboldal vagy mobilalkalmaz\u00e1s tov\u00e1bbi b\u00f6ng\u00e9sz\u00e9s\u00e9vel hozz\u00e1j\u00e1rul\u00e1s\u00e1t adja. A Felhaszn\u00e1l\u00f3k azonban b\u00e1rmikor visszavonhatj\u00e1k a <a href=\"https:\/\/www.boemia-aroma.com\/hu\/\">https:\/\/www.boemia-aroma.com oldal<\/a> ra adott hozz\u00e1j\u00e1rul\u00e1sukat az ilyen t\u00edpus\u00fa cookie-k elhelyez\u00e9s\u00e9hez. <\/p>\n\n<h3 class=\"wp-block-heading\">9.2. cikk. INTERNET-C\u00cdMK\u00c9K <\/h3>\n\n<p>A <a href=\"https:\/\/www.boemia-aroma.com\/hu\/\">https:\/\/www.boemia-aroma.com<\/a> alkalmank\u00e9nt webjelz\u0151ket (m\u00e1s n\u00e9ven &#8222;c\u00edmk\u00e9ket&#8221;, akci\u00f3c\u00edmk\u00e9ket, egypixeles GIF-eket, tiszta GIF-eket, l\u00e1thatatlan GIF-eket \u00e9s egy az egyhez GIF-eket) haszn\u00e1lhat, \u00e9s ezeket egy speci\u00e1lis webanalitikai partneren kereszt\u00fcl telep\u00edti, amely egy k\u00fclf\u00f6ldi orsz\u00e1gban tal\u00e1lhat\u00f3 (\u00e9s ez\u00e9rt t\u00e1rolja a kapcsol\u00f3d\u00f3 inform\u00e1ci\u00f3kat, bele\u00e9rtve a Felhaszn\u00e1l\u00f3 IP-c\u00edm\u00e9t).<\/p>\n\n<p>Ezeket a jelz\u0151f\u00e9nyeket mind az online hirdet\u00e9sekben, amelyek lehet\u0151v\u00e9 teszik az internetfelhaszn\u00e1l\u00f3k sz\u00e1m\u00e1ra a Honlaphoz val\u00f3 hozz\u00e1f\u00e9r\u00e9st, mind a Honlap k\u00fcl\u00f6nb\u00f6z\u0151 oldalain elhelyezz\u00fck.<br>Ez a technol\u00f3gia lehet\u0151v\u00e9 teszi <a href=\"https:\/\/www.boemia-aroma.com\/hu\/\">a https:\/\/www.boemia-aroma.com<\/a> sz\u00e1m\u00e1ra, hogy \u00e9rt\u00e9kelje a l\u00e1togat\u00f3k Honlapra adott reakci\u00f3it \u00e9s a m\u0171veletek hat\u00e9konys\u00e1g\u00e1t (p\u00e9ld\u00e1ul egy oldal megnyit\u00e1s\u00e1nak sz\u00e1m\u00e1t \u00e9s a megtekintett inform\u00e1ci\u00f3k sz\u00e1m\u00e1t), valamint a Honlapnak a Felhaszn\u00e1l\u00f3 \u00e1ltali haszn\u00e1lat\u00e1t.<\/p>\n\n<p>A k\u00fcls\u0151 szolg\u00e1ltat\u00f3 ezen c\u00edmk\u00e9k seg\u00edts\u00e9g\u00e9vel inform\u00e1ci\u00f3kat gy\u0171jthet a Webhely \u00e9s m\u00e1s weboldalak l\u00e1togat\u00f3ir\u00f3l, jelent\u00e9seket k\u00e9sz\u00edthet a Webhely tev\u00e9kenys\u00e9g\u00e9r\u0151l a <a href=\"https:\/\/www.boemia-aroma.com\/hu\/\">https:\/\/www.boemia-aroma.com<\/a> sz\u00e1m\u00e1ra, \u00e9s egy\u00e9b, a Webhely \u00e9s az internet haszn\u00e1lat\u00e1val kapcsolatos szolg\u00e1ltat\u00e1sokat ny\u00fajthat.<\/p>\n\n<h2 class=\"wp-block-heading\">10. Alkalmazand\u00f3 jog \u00e9s joghat\u00f3s\u00e1g.<\/h2>\n\n<p>A https:\/\/www.boemia <a href=\"https:\/\/www.boemia-aroma.com\/hu\/\">-aroma.com<\/a> weboldal haszn\u00e1lat\u00e1b\u00f3l ered\u0151 vagy azzal kapcsolatos minden jogvit\u00e1ra a francia jog az ir\u00e1nyad\u00f3.<br>Amennyiben a t\u00f6rv\u00e9ny nem tiltja, a carcassonne-i b\u00edr\u00f3s\u00e1gok rendelkeznek kiz\u00e1r\u00f3lagos joghat\u00f3s\u00e1ggal.<\/p>\n\t\t\t\t\t\t\t\t<\/div>\n\t\t\t\t<\/div>\n\t\t\t\t\t<\/div>\n\t\t<\/div>\n\t\t\t\t\t<\/div>\n\t\t<\/section>\n\t\t\t\t<\/div>\n\t\t","protected":false},"excerpt":{"rendered":"<p>Adatv\u00e9delmi szab\u00e1lyzat &#8211; RGPD 1. A weboldal bemutat\u00e1sa. A digit\u00e1lis gazdas\u00e1gba vetett bizalomr\u00f3l sz\u00f3l\u00f3, 2004. j\u00fanius 21-i 2004-575. sz. francia t\u00f6rv\u00e9ny 6. cikke \u00e9rtelm\u00e9ben a https:\/\/www.boemia-aroma.com weboldal felhaszn\u00e1l\u00f3it t\u00e1j\u00e9koztatj\u00e1k a weboldal l\u00e9trehoz\u00e1s\u00e1ban \u00e9s ellen\u0151rz\u00e9s\u00e9ben r\u00e9szt vev\u0151 k\u00fcl\u00f6nb\u00f6z\u0151 felek kil\u00e9t\u00e9r\u0151l: Tulajdonos: Bo\u00e8mia SARL 17 Hameau de requi &#8211; Montlaur 11220 Val de Dagne Mobil : 06.71.10.54.52&hellip;<\/p>\n","protected":false},"author":2045,"featured_media":0,"parent":0,"menu_order":0,"comment_status":"closed","ping_status":"open","template":"","meta":{"_acf_changed":false,"footnotes":""},"class_list":["post-23693","page","type-page","status-publish","hentry"],"acf":[],"yoast_head":"<!-- This site is optimized with the Yoast SEO plugin v27.4 - https:\/\/yoast.com\/product\/yoast-seo-wordpress\/ -->\n<title>Adatv\u00e9delmi szab\u00e1lyzat - RGPD - Bo\u00e8mia Aroma<\/title>\n<meta name=\"robots\" content=\"index, follow, max-snippet:-1, max-image-preview:large, max-video-preview:-1\" \/>\n<link rel=\"canonical\" href=\"https:\/\/www.boemia-aroma.com\/hu\/adatvedelmi-szabalyzat\/\" \/>\n<meta property=\"og:locale\" content=\"hu_HU\" \/>\n<meta property=\"og:type\" content=\"article\" \/>\n<meta property=\"og:title\" content=\"Adatv\u00e9delmi szab\u00e1lyzat - RGPD - Bo\u00e8mia Aroma\" \/>\n<meta property=\"og:description\" content=\"Adatv\u00e9delmi szab\u00e1lyzat &#8211; RGPD 1. A weboldal bemutat\u00e1sa. A digit\u00e1lis gazdas\u00e1gba vetett bizalomr\u00f3l sz\u00f3l\u00f3, 2004. j\u00fanius 21-i 2004-575. sz. francia t\u00f6rv\u00e9ny 6. cikke \u00e9rtelm\u00e9ben a https:\/\/www.boemia-aroma.com weboldal felhaszn\u00e1l\u00f3it t\u00e1j\u00e9koztatj\u00e1k a weboldal l\u00e9trehoz\u00e1s\u00e1ban \u00e9s ellen\u0151rz\u00e9s\u00e9ben r\u00e9szt vev\u0151 k\u00fcl\u00f6nb\u00f6z\u0151 felek kil\u00e9t\u00e9r\u0151l: Tulajdonos: Bo\u00e8mia SARL 17 Hameau de requi &#8211; Montlaur 11220 Val de Dagne Mobil : 06.71.10.54.52&hellip;\" \/>\n<meta property=\"og:url\" content=\"https:\/\/www.boemia-aroma.com\/hu\/adatvedelmi-szabalyzat\/\" \/>\n<meta property=\"og:site_name\" content=\"Bo\u00e8mia Aroma\" \/>\n<meta property=\"article:modified_time\" content=\"2026-03-12T14:35:10+00:00\" \/>\n<meta name=\"twitter:card\" content=\"summary_large_image\" \/>\n<meta name=\"twitter:label1\" content=\"Becs\u00fclt olvas\u00e1si id\u0151\" \/>\n\t<meta name=\"twitter:data1\" content=\"21 perc\" \/>\n<script type=\"application\/ld+json\" class=\"yoast-schema-graph\">{\"@context\":\"https:\\\/\\\/schema.org\",\"@graph\":[{\"@type\":\"WebPage\",\"@id\":\"https:\\\/\\\/www.boemia-aroma.com\\\/hu\\\/adatvedelmi-szabalyzat\\\/\",\"url\":\"https:\\\/\\\/www.boemia-aroma.com\\\/hu\\\/adatvedelmi-szabalyzat\\\/\",\"name\":\"Adatv\u00e9delmi szab\u00e1lyzat - RGPD - Bo\u00e8mia Aroma\",\"isPartOf\":{\"@id\":\"https:\\\/\\\/www.boemia-aroma.com\\\/hu\\\/#website\"},\"datePublished\":\"2023-06-23T13:05:01+00:00\",\"dateModified\":\"2026-03-12T14:35:10+00:00\",\"breadcrumb\":{\"@id\":\"https:\\\/\\\/www.boemia-aroma.com\\\/hu\\\/adatvedelmi-szabalyzat\\\/#breadcrumb\"},\"inLanguage\":\"hu\",\"potentialAction\":[{\"@type\":\"ReadAction\",\"target\":[\"https:\\\/\\\/www.boemia-aroma.com\\\/hu\\\/adatvedelmi-szabalyzat\\\/\"]}]},{\"@type\":\"BreadcrumbList\",\"@id\":\"https:\\\/\\\/www.boemia-aroma.com\\\/hu\\\/adatvedelmi-szabalyzat\\\/#breadcrumb\",\"itemListElement\":[{\"@type\":\"ListItem\",\"position\":1,\"name\":\"Kezd\u0151lap\",\"item\":\"https:\\\/\\\/www.boemia-aroma.com\\\/hu\\\/\"},{\"@type\":\"ListItem\",\"position\":2,\"name\":\"Adatv\u00e9delmi szab\u00e1lyzat &#8211; RGPD\"}]},{\"@type\":\"WebSite\",\"@id\":\"https:\\\/\\\/www.boemia-aroma.com\\\/hu\\\/#website\",\"url\":\"https:\\\/\\\/www.boemia-aroma.com\\\/hu\\\/\",\"name\":\"Bo\u00e8mia Aroma\",\"description\":\"\",\"publisher\":{\"@id\":\"https:\\\/\\\/www.boemia-aroma.com\\\/hu\\\/#organization\"},\"alternateName\":\"Bo\u00e8mia Aroma\",\"potentialAction\":[{\"@type\":\"SearchAction\",\"target\":{\"@type\":\"EntryPoint\",\"urlTemplate\":\"https:\\\/\\\/www.boemia-aroma.com\\\/hu\\\/?s={search_term_string}\"},\"query-input\":{\"@type\":\"PropertyValueSpecification\",\"valueRequired\":true,\"valueName\":\"search_term_string\"}}],\"inLanguage\":\"hu\"},{\"@type\":\"Organization\",\"@id\":\"https:\\\/\\\/www.boemia-aroma.com\\\/hu\\\/#organization\",\"name\":\"Bo\u00e8mia Aroma\",\"url\":\"https:\\\/\\\/www.boemia-aroma.com\\\/hu\\\/\",\"logo\":{\"@type\":\"ImageObject\",\"inLanguage\":\"hu\",\"@id\":\"https:\\\/\\\/www.boemia-aroma.com\\\/hu\\\/#\\\/schema\\\/logo\\\/image\\\/\",\"url\":\"https:\\\/\\\/www.boemia-aroma.com\\\/wp-content\\\/uploads\\\/2023\\\/07\\\/logo-boemia-aroma.png\",\"contentUrl\":\"https:\\\/\\\/www.boemia-aroma.com\\\/wp-content\\\/uploads\\\/2023\\\/07\\\/logo-boemia-aroma.png\",\"width\":300,\"height\":176,\"caption\":\"Bo\u00e8mia Aroma\"},\"image\":{\"@id\":\"https:\\\/\\\/www.boemia-aroma.com\\\/hu\\\/#\\\/schema\\\/logo\\\/image\\\/\"}}]}<\/script>\n<!-- \/ Yoast SEO plugin. -->","yoast_head_json":{"title":"Adatv\u00e9delmi szab\u00e1lyzat - RGPD - Bo\u00e8mia Aroma","robots":{"index":"index","follow":"follow","max-snippet":"max-snippet:-1","max-image-preview":"max-image-preview:large","max-video-preview":"max-video-preview:-1"},"canonical":"https:\/\/www.boemia-aroma.com\/hu\/adatvedelmi-szabalyzat\/","og_locale":"hu_HU","og_type":"article","og_title":"Adatv\u00e9delmi szab\u00e1lyzat - RGPD - Bo\u00e8mia Aroma","og_description":"Adatv\u00e9delmi szab\u00e1lyzat &#8211; RGPD 1. A weboldal bemutat\u00e1sa. A digit\u00e1lis gazdas\u00e1gba vetett bizalomr\u00f3l sz\u00f3l\u00f3, 2004. j\u00fanius 21-i 2004-575. sz. francia t\u00f6rv\u00e9ny 6. cikke \u00e9rtelm\u00e9ben a https:\/\/www.boemia-aroma.com weboldal felhaszn\u00e1l\u00f3it t\u00e1j\u00e9koztatj\u00e1k a weboldal l\u00e9trehoz\u00e1s\u00e1ban \u00e9s ellen\u0151rz\u00e9s\u00e9ben r\u00e9szt vev\u0151 k\u00fcl\u00f6nb\u00f6z\u0151 felek kil\u00e9t\u00e9r\u0151l: Tulajdonos: Bo\u00e8mia SARL 17 Hameau de requi &#8211; Montlaur 11220 Val de Dagne Mobil : 06.71.10.54.52&hellip;","og_url":"https:\/\/www.boemia-aroma.com\/hu\/adatvedelmi-szabalyzat\/","og_site_name":"Bo\u00e8mia Aroma","article_modified_time":"2026-03-12T14:35:10+00:00","twitter_card":"summary_large_image","twitter_misc":{"Becs\u00fclt olvas\u00e1si id\u0151":"21 perc"},"schema":{"@context":"https:\/\/schema.org","@graph":[{"@type":"WebPage","@id":"https:\/\/www.boemia-aroma.com\/hu\/adatvedelmi-szabalyzat\/","url":"https:\/\/www.boemia-aroma.com\/hu\/adatvedelmi-szabalyzat\/","name":"Adatv\u00e9delmi szab\u00e1lyzat - RGPD - Bo\u00e8mia Aroma","isPartOf":{"@id":"https:\/\/www.boemia-aroma.com\/hu\/#website"},"datePublished":"2023-06-23T13:05:01+00:00","dateModified":"2026-03-12T14:35:10+00:00","breadcrumb":{"@id":"https:\/\/www.boemia-aroma.com\/hu\/adatvedelmi-szabalyzat\/#breadcrumb"},"inLanguage":"hu","potentialAction":[{"@type":"ReadAction","target":["https:\/\/www.boemia-aroma.com\/hu\/adatvedelmi-szabalyzat\/"]}]},{"@type":"BreadcrumbList","@id":"https:\/\/www.boemia-aroma.com\/hu\/adatvedelmi-szabalyzat\/#breadcrumb","itemListElement":[{"@type":"ListItem","position":1,"name":"Kezd\u0151lap","item":"https:\/\/www.boemia-aroma.com\/hu\/"},{"@type":"ListItem","position":2,"name":"Adatv\u00e9delmi szab\u00e1lyzat &#8211; RGPD"}]},{"@type":"WebSite","@id":"https:\/\/www.boemia-aroma.com\/hu\/#website","url":"https:\/\/www.boemia-aroma.com\/hu\/","name":"Bo\u00e8mia Aroma","description":"","publisher":{"@id":"https:\/\/www.boemia-aroma.com\/hu\/#organization"},"alternateName":"Bo\u00e8mia Aroma","potentialAction":[{"@type":"SearchAction","target":{"@type":"EntryPoint","urlTemplate":"https:\/\/www.boemia-aroma.com\/hu\/?s={search_term_string}"},"query-input":{"@type":"PropertyValueSpecification","valueRequired":true,"valueName":"search_term_string"}}],"inLanguage":"hu"},{"@type":"Organization","@id":"https:\/\/www.boemia-aroma.com\/hu\/#organization","name":"Bo\u00e8mia Aroma","url":"https:\/\/www.boemia-aroma.com\/hu\/","logo":{"@type":"ImageObject","inLanguage":"hu","@id":"https:\/\/www.boemia-aroma.com\/hu\/#\/schema\/logo\/image\/","url":"https:\/\/www.boemia-aroma.com\/wp-content\/uploads\/2023\/07\/logo-boemia-aroma.png","contentUrl":"https:\/\/www.boemia-aroma.com\/wp-content\/uploads\/2023\/07\/logo-boemia-aroma.png","width":300,"height":176,"caption":"Bo\u00e8mia Aroma"},"image":{"@id":"https:\/\/www.boemia-aroma.com\/hu\/#\/schema\/logo\/image\/"}}]}},"_links":{"self":[{"href":"https:\/\/www.boemia-aroma.com\/hu\/wp-json\/wp\/v2\/pages\/23693","targetHints":{"allow":["GET"]}}],"collection":[{"href":"https:\/\/www.boemia-aroma.com\/hu\/wp-json\/wp\/v2\/pages"}],"about":[{"href":"https:\/\/www.boemia-aroma.com\/hu\/wp-json\/wp\/v2\/types\/page"}],"author":[{"embeddable":true,"href":"https:\/\/www.boemia-aroma.com\/hu\/wp-json\/wp\/v2\/users\/2045"}],"replies":[{"embeddable":true,"href":"https:\/\/www.boemia-aroma.com\/hu\/wp-json\/wp\/v2\/comments?post=23693"}],"version-history":[{"count":0,"href":"https:\/\/www.boemia-aroma.com\/hu\/wp-json\/wp\/v2\/pages\/23693\/revisions"}],"wp:attachment":[{"href":"https:\/\/www.boemia-aroma.com\/hu\/wp-json\/wp\/v2\/media?parent=23693"}],"curies":[{"name":"wp","href":"https:\/\/api.w.org\/{rel}","templated":true}]}}