{"id":23690,"date":"2020-09-27T15:07:34","date_gmt":"2020-09-27T13:07:34","guid":{"rendered":"https:\/\/www.boemia-aroma.com\/conditions-generales-de-vente\/"},"modified":"2026-03-12T15:10:33","modified_gmt":"2026-03-12T14:10:33","slug":"az-ertekesites-feltetelei","status":"publish","type":"page","link":"https:\/\/www.boemia-aroma.com\/hu\/az-ertekesites-feltetelei\/","title":{"rendered":"Az \u00e9rt\u00e9kes\u00edt\u00e9s felt\u00e9telei"},"content":{"rendered":"\t\t<div data-elementor-type=\"wp-page\" data-elementor-id=\"23690\" class=\"elementor elementor-23690 elementor-2385\" data-elementor-post-type=\"page\">\n\t\t\t\t\t\t<section class=\"elementor-section elementor-top-section elementor-element elementor-element-0f4a400 elementor-section-boxed elementor-section-height-default elementor-section-height-default\" data-id=\"0f4a400\" data-element_type=\"section\" data-e-type=\"section\">\n\t\t\t\t\t\t<div class=\"elementor-container elementor-column-gap-wider\">\n\t\t\t\t\t<div class=\"elementor-column elementor-col-100 elementor-top-column elementor-element elementor-element-b0c11ed\" data-id=\"b0c11ed\" data-element_type=\"column\" data-e-type=\"column\">\n\t\t\t<div class=\"elementor-widget-wrap elementor-element-populated\">\n\t\t\t\t\t\t<div class=\"elementor-element elementor-element-b092721 elementor-widget elementor-widget-text-editor\" data-id=\"b092721\" data-element_type=\"widget\" data-e-type=\"widget\" data-widget_type=\"text-editor.default\">\n\t\t\t\t<div class=\"elementor-widget-container\">\n\t\t\t\t\t\t\t\t\t<h1>Az \u00e9rt\u00e9kes\u00edt\u00e9s felt\u00e9telei<\/h1><hr class=\"the7-p-gap\" style=\"padding-bottom: 25px;\"><p>Az ezen az oldalon tal\u00e1lhat\u00f3 inform\u00e1lis tartalom \u00e9s k\u00e9pek a Julien Martre \u00e1ltal k\u00e9pviselt SARL Bo\u00e8mia tulajdon\u00e1t k\u00e9pezik, ahogyan az \u00f6sszes kapcsol\u00f3d\u00f3 jog is. A sz\u00f6vegek vagy f\u00e9nyk\u00e9pek teljes vagy r\u00e9szleges reproduk\u00e1l\u00e1sa rendszeresen a SARL Bo\u00e8mia enged\u00e9ly\u00e9hez k\u00f6t\u00f6tt. <\/p><p>A bemutatott term\u00e9kek ter\u00e1pi\u00e1s javallatai mind a &#8222;bibliogr\u00e1fiai forr\u00e1sok&#8221; oldalon felt\u00fcntetett k\u00f6nyvekb\u0151l sz\u00e1rmaznak. A SARL Bo\u00e8mia semmilyen k\u00f6r\u00fclm\u00e9nyek k\u00f6z\u00f6tt nem tehet\u0151 felel\u0151ss\u00e9 ezek\u00e9rt a javallatok\u00e9rt. Az ill\u00f3olajok \u00e9s az ezen az oldalon \u00e9rt\u00e9kes\u00edtett arom\u00e1s \u00e9s gy\u00f3gyn\u00f6v\u00e9nyeken alapul\u00f3 b\u00e1rmely term\u00e9k helyes haszn\u00e1lata a v\u00e1s\u00e1rl\u00f3 felel\u0151ss\u00e9ge, akinek el\u0151sz\u00f6r orvosi tan\u00e1csot kell k\u00e9rnie.  <\/p><h3><strong>1 &#8211; A felt\u00e9telek elfogad\u00e1sa  <\/strong><\/h3><p>A v\u00e1s\u00e1rl\u00f3 elismeri, hogy a megrendel\u00e9s lead\u00e1sakor elolvasta az ezen az oldalon meghat\u00e1rozott k\u00fcl\u00f6nleges \u00e9rt\u00e9kes\u00edt\u00e9si felt\u00e9teleket, \u00e9s kifejezetten kijelenti, hogy azokat fenntart\u00e1s n\u00e9lk\u00fcl elfogadja.<br>A jelen \u00e1ltal\u00e1nos \u00e9rt\u00e9kes\u00edt\u00e9si felt\u00e9telek szab\u00e1lyozz\u00e1k a SARL Bo\u00e8mia \u00e9s a v\u00e1s\u00e1rl\u00f3 k\u00f6z\u00f6tti szerz\u0151d\u00e9ses kapcsolatot, \u00e9s mindk\u00e9t f\u00e9l fenntart\u00e1s n\u00e9lk\u00fcl elfogadja azokat. Ezek az \u00e1ltal\u00e1nos \u00e9rt\u00e9kes\u00edt\u00e9si felt\u00e9telek els\u0151bbs\u00e9get \u00e9lveznek b\u00e1rmely m\u00e1s dokumentumban szerepl\u0151 b\u00e1rmely m\u00e1s felt\u00e9tellel szemben, kiv\u00e9ve, ha ett\u0151l el\u0151zetesen, kifejezetten \u00e9s \u00edr\u00e1sban elt\u00e9r\u00e9st enged\u00e9lyeztek. <\/p><h3><strong>2 &#8211; Term\u00e9kek  <\/strong><\/h3><p>A Bo\u00e8mia SARL tulajdon\u00e1t k\u00e9pez\u0151 \u00e9s szerz\u0151i jogv\u00e9delem alatt \u00e1ll\u00f3, a term\u00e9keket illusztr\u00e1l\u00f3 f\u00e9nyk\u00e9pek nem k\u00e9pezik a szerz\u0151d\u00e9s r\u00e9sz\u00e9t. A Bo\u00e8mia SARL nem tehet\u0151 felel\u0151ss\u00e9 az esetleges hib\u00e1k\u00e9rt. <\/p><h3><strong>3 &#8211; Rendel\u00e9s  <\/strong><\/h3><p>Az online rendel\u00e9st leadni k\u00edv\u00e1n\u00f3 \u00fcgyf\u00e9l a SARL Bo\u00e8mia weboldal\u00e1n erre a c\u00e9lra rendelkez\u00e9sre \u00e1ll\u00f3 b\u00e1rmely eszk\u00f6zzel fizet. A megrendel\u00e9s lead\u00e1s\u00e1t k\u00f6vet\u0151en a SARL Bo\u00e8mia v\u00e1llalja, hogy a megrendel\u00e9st a lehet\u0151 leghamarabb elk\u00fcldi. A SARL Bo\u00e8mia fenntartja mag\u00e1nak a jogot, hogy t\u00f6r\u00f6lje azon v\u00e1s\u00e1rl\u00f3 b\u00e1rmely megrendel\u00e9s\u00e9t, akivel egy kor\u00e1bbi megrendel\u00e9s kifizet\u00e9s\u00e9vel kapcsolatban vita mer\u00fclt fel. A vev\u0151 \u00e1ltal a megrendel\u00e9s felv\u00e9telekor megadott adatok a vev\u0151re n\u00e9zve k\u00f6telez\u0151ek: a c\u00edmzett adatainak hib\u00e1s megfogalmaz\u00e1sa eset\u00e9n az elad\u00f3 nem tehet\u0151 felel\u0151ss\u00e9 a term\u00e9k kisz\u00e1ll\u00edt\u00e1s\u00e1nak lehetetlens\u00e9g\u00e9\u00e9rt.   <\/p><h3><strong>4 &#8211; Sz\u00e1ll\u00edt\u00e1s  <\/strong><\/h3><p>A megrendel\u00e9s visszaigazol\u00e1s\u00e1t k\u00f6vet\u0151en a SARL Bo\u00e8mia v\u00e1llalja, hogy a vev\u0151 \u00e1ltal megrendelt referenci\u00e1kat legfeljebb 10 napon bel\u00fcl lesz\u00e1ll\u00edtja a fuvaroz\u00f3j\u00e1nak. Ez a fuvaroz\u00f3 szerz\u0151d\u00e9sben v\u00e1llalja a SARL Bo\u00e8mia-val, hogy a megrendel\u00e9st a vev\u0151 \u00e1ltal megadott c\u00edmre sz\u00e1ll\u00edtja.<br>A Franciaorsz\u00e1g kontinent\u00e1lis r\u00e9sz\u00e9n k\u00edv\u00fclre t\u00f6rt\u00e9n\u0151 sz\u00e1ll\u00edt\u00e1s eset\u00e9n a vev\u0151 v\u00e1llalja, hogy megfizeti a term\u00e9kek behozatal\u00e1ra vonatkoz\u00f3 \u00f6sszes ad\u00f3t, v\u00e1mot, hozz\u00e1adott\u00e9rt\u00e9k-ad\u00f3t \u00e9s minden egy\u00e9b ad\u00f3t, amely a megrendel\u00e9s \u00e1tv\u00e9tele szerinti orsz\u00e1g t\u00f6rv\u00e9nyei szerint esed\u00e9kes. A SARL Bo\u00e8mia v\u00e1llalatn\u00e1l leadott valamennyi megrendel\u00e9s az \u00fcgyfelek szem\u00e9lyes haszn\u00e1lat\u00e1ra sz\u00f3l. A v\u00e1s\u00e1rl\u00f3knak vagy a term\u00e9kek c\u00edmzettjeinek tilos a term\u00e9kek eg\u00e9sz\u00e9t vagy egy r\u00e9sz\u00e9t tov\u00e1bb\u00e9rt\u00e9kes\u00edteni. A SARL Bo\u00e8mia elutas\u00edt minden jogi felel\u0151ss\u00e9get, ha az \u00fcgyf\u00e9l elmulasztja az ad\u00f3fizet\u00e9st.<br>A sz\u00e1ll\u00edt\u00e1s az \u00fcgyf\u00e9llel egyeztetett hat\u00e1rid\u0151n bel\u00fcl t\u00f6rt\u00e9nik a term\u00e9knek k\u00f6zvetlen\u00fcl a megadott c\u00edmzettnek, vagy t\u00e1voll\u00e9t eset\u00e9n az \u00fcgyf\u00e9l \u00e1ltal meghatalmazott m\u00e1s szem\u00e9lynek t\u00f6rt\u00e9n\u0151 \u00e1tad\u00e1s\u00e1val. Az esetleges k\u00e9sedelem nem jogos\u00edtja fel a vev\u0151t k\u00e1rt\u00e9r\u00edt\u00e9si ig\u00e9nyre.     <br>Az Eur\u00f3pai Uni\u00f3n bel\u00fcli k\u00e9zbes\u00edt\u00e9seket a La Poste in colissimo suivi Europe v\u00e9gzi a megrendel\u0151 al\u00e1\u00edr\u00e1sa ellen\u00e9ben; az Eur\u00f3pai Uni\u00f3n k\u00edv\u00fcli k\u00e9zbes\u00edt\u00e9seket a nemzetk\u00f6zi posta v\u00e9gzi a megrendel\u0151 al\u00e1\u00edr\u00e1sa ellen\u00e9ben.<br>M\u0171szaki term\u00e9k eset\u00e9n a v\u00e1s\u00e1rl\u00f3nak k\u00fcl\u00f6n\u00f6s gondoss\u00e1ggal kell ellen\u0151riznie, hogy a lesz\u00e1ll\u00edtott k\u00e9sz\u00fcl\u00e9k megfelel\u0151en m\u0171k\u00f6dik-e, \u00e9s el kell olvasnia a mell\u00e9kelt haszn\u00e1lati utas\u00edt\u00e1st.<br>Nyilv\u00e1nval\u00f3 hiba eset\u00e9n a v\u00e1s\u00e1rl\u00f3t a jelen dokumentumban meghat\u00e1rozott felt\u00e9telek szerint visszav\u00e9teli jog illeti meg.<br>A h\u00e1bor\u00fa, a l\u00e1zad\u00e1s, a t\u0171z, a sztr\u00e1jk, a baleset \u00e9s a beszerz\u00e9s lehetetlens\u00e9ge vis maiornak min\u0151s\u00fcl, amely mentes\u00edti az elad\u00f3t a sz\u00e1ll\u00edt\u00e1si k\u00f6telezetts\u00e9ge al\u00f3l. Az \u00e1ruk sz\u00e1ll\u00edt\u00e1sa mindig a c\u00edmzett kock\u00e1zat\u00e1ra t\u00f6rt\u00e9nik. \u00c9rkez\u00e9skor mindig ellen\u0151rizze a csomagot. Hi\u00e1ny vagy s\u00e9r\u00fcl\u00e9s eset\u00e9n 48 \u00f3ra \u00e1ll rendelkez\u00e9s\u00e9re, hogy a fuvaroz\u00f3nak fenntart\u00e1sokat tegyen.<br>A rendelkez\u00e9sre \u00e1ll\u00e1s miatt el\u0151fordulhat, hogy a megrendel\u00e9s t\u00f6bb r\u00e9szletben ker\u00fcl kisz\u00e1ll\u00edt\u00e1sra a vev\u0151nek. Ebben az esetben az \u00fcgyf\u00e9l csak egyszer fizeti a sz\u00e1ll\u00edt\u00e1si k\u00f6lts\u00e9geket. Ha az \u00fcgyf\u00e9l 2 sz\u00e1ll\u00edt\u00e1si helysz\u00ednt ig\u00e9nyel, akkor 2 megrendel\u00e9st kell leadnia, a kapcsol\u00f3d\u00f3 sz\u00e1ll\u00edt\u00e1si k\u00f6lts\u00e9gekkel egy\u00fctt.     <\/p><h3><strong>5 &#8211; Visszavon\u00e1s  <\/strong><\/h3><p>Az \u00fcgyf\u00e9lnek a t\u00e9telek \u00e1tv\u00e9tel\u00e9t\u0151l sz\u00e1m\u00edtott 14 nap \u00e1ll rendelkez\u00e9s\u00e9re a visszav\u00e9telre. Csere vagy visszat\u00e9r\u00edt\u00e9s eset\u00e9n az \u00faj term\u00e9k(ek)et eredeti csomagol\u00e1sban, s\u00e9rtetlen\u00fcl, a tartoz\u00e9kokkal, haszn\u00e1lati utas\u00edt\u00e1sokkal \u00e9s dokument\u00e1ci\u00f3val egy\u00fctt kell visszak\u00fcldeni\u00fck az al\u00e1bbi c\u00edmre: <\/p><p>Julien Martre<br>Bo\u00e8mia SARL<br>17 hameau de requi 11220 Montlaur<br>Franciaorsz\u00e1g<\/p><p>Az el\u00e1ll\u00e1si jog gyakorl\u00e1sa eset\u00e9n a SARL Bo\u00e8mia k\u00f6teles a v\u00e1s\u00e1rl\u00f3 \u00e1ltal kifizetett \u00f6sszegeket t\u00e9r\u00edteni, az \u00e1ru visszak\u00fcld\u00e9s\u00e9nek k\u00f6lts\u00e9gei kiv\u00e9tel\u00e9vel. Ebben az esetben a visszat\u00e9r\u00edt\u00e9sre legfeljebb 15 napon bel\u00fcl ker\u00fcl sor. <\/p><h3><strong>6 &#8211; \u00c1rak  <\/strong><\/h3><p>Az \u00e1rak eur\u00f3ban \u00e9rtend\u0151k.<br>A term\u00e9k ikonjain felt\u00fcntetett \u00e1rak nem tartalmazz\u00e1k a sz\u00e1ll\u00edt\u00e1st.<br>A megrendel\u00e9s visszaigazol\u00e1s\u00e1ban felt\u00fcntetett \u00e1r a v\u00e9gleges \u00e1r, minden ad\u00f3t \u00e9s \u00c1FA-t is bele\u00e9rtve Franciaorsz\u00e1g \u00e9s az Eur\u00f3pai Uni\u00f3 orsz\u00e1gai eset\u00e9ben. Ez az \u00e1r tartalmazza a term\u00e9kek \u00e1r\u00e1t, a term\u00e9kek kezel\u00e9s\u00e9nek, csomagol\u00e1s\u00e1nak \u00e9s tart\u00f3s\u00edt\u00e1s\u00e1nak k\u00f6lts\u00e9geit, a sz\u00e1ll\u00edt\u00e1si \u00e9s \u00fczembe helyez\u00e9si k\u00f6lts\u00e9geket. <\/p><h3><strong>7 &#8211; Fizet\u00e9s  <\/strong><\/h3><p>Az \u00fcgyf\u00e9l \u00e1ltal \u00e9rv\u00e9nyes\u00edtett megrendel\u00e9s csak a megrendel\u00e9s \u00f6sszeg\u00e9nek kifizet\u00e9se ut\u00e1n v\u00e1lik \u00e9rv\u00e9nyess\u00e9. A SARL Bo\u00e8mia fenntartja tov\u00e1bb\u00e1 a jogot, hogy visszautas\u00edtsa az olyan v\u00e1s\u00e1rl\u00f3 megrendel\u00e9s\u00e9t, akivel vita van. <\/p><h3><strong>8 &#8211; Vit\u00e1k  <\/strong><\/h3><p>A jelen szerz\u0151d\u00e9s a francia jog hat\u00e1lya al\u00e1 tartozik. A SARL Bo\u00e8mia nem v\u00e1llal felel\u0151ss\u00e9get semmilyen anyagi, nem anyagi vagy fizikai k\u00e1r\u00e9rt, amely az eladott term\u00e9kek hib\u00e1s m\u0171k\u00f6d\u00e9s\u00e9b\u0151l vagy helytelen haszn\u00e1lat\u00e1b\u00f3l eredhet. Ugyanez vonatkozik a gy\u00e1rt\u00f3k \u00e1ltal a term\u00e9keken v\u00e9grehajtott m\u00f3dos\u00edt\u00e1sokra is. A SARL Bo\u00e8mia felel\u0151ss\u00e9ge mindenesetre a megrendel\u00e9s \u00f6sszeg\u00e9re korl\u00e1toz\u00f3dik, \u00e9s nem vonhat\u00f3 felel\u0151ss\u00e9gre olyan egyszer\u0171 hib\u00e1k\u00e9rt vagy mulaszt\u00e1sok\u00e9rt, amelyek a term\u00e9kek bemutat\u00e1sa sor\u00e1n tett minden \u00f3vint\u00e9zked\u00e9s ellen\u00e9re el\u0151fordulhatnak.<br>A jelen szerz\u0151d\u00e9s alkalmaz\u00e1sa sor\u00e1n felmer\u00fcl\u0151 neh\u00e9zs\u00e9gek eset\u00e9n a v\u00e1s\u00e1rl\u00f3nak lehet\u0151s\u00e9ge van arra, hogy minden jogi l\u00e9p\u00e9s el\u0151tt b\u00e9k\u00e9s megold\u00e1st keressen, k\u00fcl\u00f6n\u00f6sen az \u00e1gazat szakmai sz\u00f6vets\u00e9g\u00e9nek, fogyaszt\u00f3i sz\u00f6vets\u00e9g\u00e9nek vagy b\u00e1rmely m\u00e1s, \u00e1ltala v\u00e1lasztott tan\u00e1csad\u00f3nak a seg\u00edts\u00e9g\u00e9vel. Felh\u00edvjuk figyelm\u00e9t, hogy a b\u00e9k\u00e9s megold\u00e1s keres\u00e9se nem szak\u00edtja meg a jogi garancia &#8222;r\u00f6vid id\u0151tartam\u00e1t&#8221;, sem a szerz\u0151d\u00e9ses garancia id\u0151tartam\u00e1t. \u00c1ltal\u00e1nos szab\u00e1lyk\u00e9nt \u00e9s a b\u00edr\u00f3s\u00e1gok \u00e9rt\u00e9kel\u00e9s\u00e9t\u0151l f\u00fcgg\u0151en a szerz\u0151d\u00e9ses garanci\u00e1ra vonatkoz\u00f3 rendelkez\u00e9sek betart\u00e1sa azt felt\u00e9telezi, hogy a vev\u0151 teljes\u00edti az elad\u00f3val szemben v\u00e1llalt p\u00e9nz\u00fcgyi k\u00f6telezetts\u00e9geit.<br>A panaszokat vagy jogvit\u00e1kat mindig figyelmes j\u00f3indulattal fogadjuk, \u00e9s mindig j\u00f3hiszem\u0171s\u00e9get felt\u00e9telez\u00fcnk azokkal szemben, akik veszik a f\u00e1rads\u00e1got, hogy elmagyar\u00e1zz\u00e1k helyzet\u00fcket. Vita eset\u00e9n a vev\u0151 el\u0151sz\u00f6r a v\u00e1llalathoz fordul, hogy b\u00e9k\u00e9s megold\u00e1st tal\u00e1ljon.      <\/p><h3><strong>9 &#8211; Garancia  <\/strong><\/h3><p>A SARL Bo\u00e8mia garant\u00e1lja, hogy minden \u00e1ltala kiv\u00e1lasztott term\u00e9k a francia biogazd\u00e1lkod\u00e1si el\u0151\u00edr\u00e1soknak megfelel\u0151en tan\u00fas\u00edtott \u00f6kol\u00f3giai termeszt\u00e9sb\u0151l sz\u00e1rmazik. A SARL Bo\u00e8mia \u00fagy d\u00f6nt\u00f6tt, hogy term\u00e9keit az ECOCERT jel\u00f6l\u00e9ssel l\u00e1tja el. A SARL Bo\u00e8mia garant\u00e1lja term\u00e9kei \u00f6kol\u00f3giai min\u0151s\u00e9g\u00e9t. Az Ecocert tan\u00fas\u00edt\u00e1si tan\u00fas\u00edtv\u00e1nyok, valamint az ill\u00f3olajok kemot\u00edpusainak elemz\u00e9sei k\u00e9r\u00e9sre rendelkez\u00e9sre \u00e1llnak. A v\u00e1s\u00e1rl\u00f3nak figyelembe kell vennie a DDM minim\u00e1lis min\u0151s\u00e9gmeg\u0151rz\u00e9si d\u00e1tumokat.<br>A SARL Bo\u00e8mia minden esetben nem v\u00e1llal felel\u0151ss\u00e9get az \u00e1tvev\u0151 orsz\u00e1g hat\u00e1lyos el\u0151\u00edr\u00e1sainak \u00e9s jogszab\u00e1lyainak be nem tart\u00e1s\u00e1\u00e9rt. A SARL Bo\u00e8mia felel\u0151ss\u00e9ge rendszeresen a k\u00e9rd\u00e9ses term\u00e9k \u00e9rt\u00e9k\u00e9re korl\u00e1toz\u00f3dik, az \u00e9rt\u00e9kes\u00edt\u00e9s id\u0151pontj\u00e1ban \u00e9rv\u00e9nyes \u00e9rt\u00e9kre, \u00e9s mindezt a term\u00e9ket el\u0151\u00e1ll\u00edt\u00f3 m\u00e1rk\u00e1val vagy c\u00e9ggel szembeni b\u00e1rmilyen jogorvoslati lehet\u0151s\u00e9g n\u00e9lk\u00fcl.<br>A v\u00e1s\u00e1rl\u00f3 minden esetben r\u00e9szes\u00fcl a kilakoltat\u00e1s \u00e9s a rejtett hib\u00e1k jogi garanci\u00e1j\u00e1ban (a Polg\u00e1ri T\u00f6rv\u00e9nyk\u00f6nyv 1625. \u00e9s k\u00f6vetkez\u0151 cikkei). Felt\u00e9ve, hogy a vev\u0151 bizony\u00edtja a rejtett hib\u00e1t, az elad\u00f3 k\u00f6teles jogszer\u0171en kijav\u00edtani minden k\u00f6vetkezm\u00e9nyt (a Polg\u00e1ri T\u00f6rv\u00e9nyk\u00f6nyv 1641. \u00e9s k\u00f6vetkez\u0151 cikke); ha a vev\u0151 b\u00edr\u00f3s\u00e1ghoz fordul, akkor ezt a rejtett hiba felfedez\u00e9s\u00e9t\u0151l sz\u00e1m\u00edtott &#8222;r\u00f6vid hat\u00e1rid\u0151n&#8221; bel\u00fcl kell megtennie (a Polg\u00e1ri T\u00f6rv\u00e9nyk\u00f6nyv 1648. cikke). Az \u00fcgyf\u00e9lszolg\u00e1lattal kapcsolatba l\u00e9phet: a h\u00e9t 6 napj\u00e1n (h\u00e9tf\u0151t\u0151l szombatig bez\u00e1r\u00f3lag) a 06.71.10.54.52-es telefonsz\u00e1mon vagy a boemia@outlook.fr e-mail c\u00edmen (v\u00e1lasz 72 \u00f3r\u00e1n bel\u00fcl).       <\/p><h3><strong>10 &#8211; Jogi inform\u00e1ci\u00f3k  <\/strong><\/h3><p>A t\u00e1v\u00e9rt\u00e9kes\u00edt\u00e9s c\u00e9lj\u00e1b\u00f3l gy\u0171jt\u00f6tt szem\u00e9lyes adatok k\u00f6telez\u0151ek, mivel ezek az adatok elengedhetetlenek a megrendel\u00e9sek feldolgoz\u00e1s\u00e1hoz \u00e9s kisz\u00e1ll\u00edt\u00e1s\u00e1hoz, a sz\u00e1ml\u00e1k \u00e9s a garanci\u00e1lis szerz\u0151d\u00e9sek elk\u00e9sz\u00edt\u00e9s\u00e9hez. Ezen adatok megad\u00e1s\u00e1nak elmulaszt\u00e1sa a megrendel\u00e9s \u00e9rv\u00e9nytelen\u00edt\u00e9s\u00e9t eredm\u00e9nyezi. A francia adatv\u00e9delmi t\u00f6rv\u00e9nynek (Loi Informatique et Libert\u00e9s) megfelel\u0151en az \u00fcgyfelekre vonatkoz\u00f3 szem\u00e9lyes adatok feldolgoz\u00e1s\u00e1t bejelentett\u00e9k a francia adatv\u00e9delmi hat\u00f3s\u00e1gnak (Commission Nationale de l&#8217;Informatique et des Libert\u00e9s &#8211; CNIL). Az \u00fcgyf\u00e9lnek joga van (az 1978. janu\u00e1r 6-i t\u00f6rv\u00e9ny 34. cikke) a r\u00e1 vonatkoz\u00f3 adatokhoz val\u00f3 hozz\u00e1f\u00e9r\u00e9shez, azok m\u00f3dos\u00edt\u00e1s\u00e1hoz, helyesb\u00edt\u00e9s\u00e9hez \u00e9s t\u00f6rl\u00e9s\u00e9hez, amelyet a SARL Bo\u00e8mia c\u00e9ghez fordulva gyakorolhat. A SARL Bo\u00e8mia v\u00e1llalja tov\u00e1bb\u00e1, hogy sem ingyenesen, sem fizet\u00e9s ellen\u00e9ben nem adja \u00e1t harmadik f\u00e9lnek \u00fcgyfelei el\u00e9rhet\u0151s\u00e9gi adatait. Tov\u00e1bbi inform\u00e1ci\u00f3: <span style=\"color: #ff0000;\">RGPD (link)<\/span>     <\/p><p>Kiskor\u00faak: az 1959. janu\u00e1r 7-i 59-107. sz\u00e1m\u00fa rendelet \u00e9s az 1974. j\u00falius 5-i 74-631. sz\u00e1m\u00fa t\u00f6rv\u00e9ny \u00e9rtelm\u00e9ben tilos alkoholt \u00e1rus\u00edtani 16 \u00e9ven aluliaknak. A SARL Bo\u00e8mia-t\u00f3l bort, s\u00f6rt vagy b\u00e1rmilyen alkoholtartalm\u00fa italt rendel\u0151 szem\u00e9ly ez\u00e9rt v\u00e1llalja, hogy a rendel\u00e9s id\u0151pontj\u00e1ban legal\u00e1bb 16 \u00e9ves. Az alkoholfogyaszt\u00e1s vesz\u00e9lyes az eg\u00e9szs\u00e9gre. K\u00e9rj\u00fck, hogy m\u00e9rt\u00e9kkel fogyassza.   <\/p>\t\t\t\t\t\t\t\t<\/div>\n\t\t\t\t<\/div>\n\t\t\t\t\t<\/div>\n\t\t<\/div>\n\t\t\t\t\t<\/div>\n\t\t<\/section>\n\t\t\t\t<\/div>\n\t\t","protected":false},"excerpt":{"rendered":"<p>Az \u00e9rt\u00e9kes\u00edt\u00e9s felt\u00e9telei Az ezen az oldalon tal\u00e1lhat\u00f3 inform\u00e1lis tartalom \u00e9s k\u00e9pek a Julien Martre \u00e1ltal k\u00e9pviselt SARL Bo\u00e8mia tulajdon\u00e1t k\u00e9pezik, ahogyan az \u00f6sszes kapcsol\u00f3d\u00f3 jog is. A sz\u00f6vegek vagy f\u00e9nyk\u00e9pek teljes vagy r\u00e9szleges reproduk\u00e1l\u00e1sa rendszeresen a SARL Bo\u00e8mia enged\u00e9ly\u00e9hez k\u00f6t\u00f6tt. A bemutatott term\u00e9kek ter\u00e1pi\u00e1s javallatai mind a &#8222;bibliogr\u00e1fiai forr\u00e1sok&#8221; oldalon felt\u00fcntetett k\u00f6nyvekb\u0151l sz\u00e1rmaznak. A&hellip;<\/p>\n","protected":false},"author":2045,"featured_media":0,"parent":0,"menu_order":910,"comment_status":"closed","ping_status":"closed","template":"","meta":{"_acf_changed":false,"footnotes":""},"class_list":["post-23690","page","type-page","status-publish","hentry"],"acf":[],"yoast_head":"<!-- This site is optimized with the Yoast SEO plugin v27.4 - https:\/\/yoast.com\/product\/yoast-seo-wordpress\/ -->\n<title>Az \u00e9rt\u00e9kes\u00edt\u00e9s felt\u00e9telei - Bo\u00e8mia Aroma<\/title>\n<meta name=\"description\" content=\"L\u00e1sd az \u00e1ltal\u00e1nos \u00e9rt\u00e9kes\u00edt\u00e9si felt\u00e9teleket k\u00f6zvetlen\u00fcl az online \u00e1ruh\u00e1zunkban. Bo\u00e8mia\" \/>\n<meta name=\"robots\" content=\"index, follow, max-snippet:-1, max-image-preview:large, max-video-preview:-1\" \/>\n<link rel=\"canonical\" href=\"https:\/\/www.boemia-aroma.com\/hu\/az-ertekesites-feltetelei\/\" \/>\n<meta property=\"og:locale\" content=\"hu_HU\" \/>\n<meta property=\"og:type\" content=\"article\" \/>\n<meta property=\"og:title\" content=\"Az \u00e9rt\u00e9kes\u00edt\u00e9s felt\u00e9telei - Bo\u00e8mia Aroma\" \/>\n<meta property=\"og:description\" content=\"L\u00e1sd az \u00e1ltal\u00e1nos \u00e9rt\u00e9kes\u00edt\u00e9si felt\u00e9teleket k\u00f6zvetlen\u00fcl az online \u00e1ruh\u00e1zunkban. Bo\u00e8mia\" \/>\n<meta property=\"og:url\" content=\"https:\/\/www.boemia-aroma.com\/hu\/az-ertekesites-feltetelei\/\" \/>\n<meta property=\"og:site_name\" content=\"Bo\u00e8mia Aroma\" \/>\n<meta property=\"article:modified_time\" content=\"2026-03-12T14:10:33+00:00\" \/>\n<meta name=\"twitter:card\" content=\"summary_large_image\" \/>\n<meta name=\"twitter:label1\" content=\"Becs\u00fclt olvas\u00e1si id\u0151\" \/>\n\t<meta name=\"twitter:data1\" content=\"11 perc\" \/>\n<script type=\"application\/ld+json\" class=\"yoast-schema-graph\">{\"@context\":\"https:\\\/\\\/schema.org\",\"@graph\":[{\"@type\":\"WebPage\",\"@id\":\"https:\\\/\\\/www.boemia-aroma.com\\\/hu\\\/az-ertekesites-feltetelei\\\/\",\"url\":\"https:\\\/\\\/www.boemia-aroma.com\\\/hu\\\/az-ertekesites-feltetelei\\\/\",\"name\":\"Az \u00e9rt\u00e9kes\u00edt\u00e9s felt\u00e9telei - Bo\u00e8mia Aroma\",\"isPartOf\":{\"@id\":\"https:\\\/\\\/www.boemia-aroma.com\\\/hu\\\/#website\"},\"datePublished\":\"2020-09-27T13:07:34+00:00\",\"dateModified\":\"2026-03-12T14:10:33+00:00\",\"description\":\"L\u00e1sd az \u00e1ltal\u00e1nos \u00e9rt\u00e9kes\u00edt\u00e9si felt\u00e9teleket k\u00f6zvetlen\u00fcl az online \u00e1ruh\u00e1zunkban. Bo\u00e8mia\",\"breadcrumb\":{\"@id\":\"https:\\\/\\\/www.boemia-aroma.com\\\/hu\\\/az-ertekesites-feltetelei\\\/#breadcrumb\"},\"inLanguage\":\"hu\",\"potentialAction\":[{\"@type\":\"ReadAction\",\"target\":[\"https:\\\/\\\/www.boemia-aroma.com\\\/hu\\\/az-ertekesites-feltetelei\\\/\"]}]},{\"@type\":\"BreadcrumbList\",\"@id\":\"https:\\\/\\\/www.boemia-aroma.com\\\/hu\\\/az-ertekesites-feltetelei\\\/#breadcrumb\",\"itemListElement\":[{\"@type\":\"ListItem\",\"position\":1,\"name\":\"Kezd\u0151lap\",\"item\":\"https:\\\/\\\/www.boemia-aroma.com\\\/hu\\\/\"},{\"@type\":\"ListItem\",\"position\":2,\"name\":\"Az \u00e9rt\u00e9kes\u00edt\u00e9s felt\u00e9telei\"}]},{\"@type\":\"WebSite\",\"@id\":\"https:\\\/\\\/www.boemia-aroma.com\\\/hu\\\/#website\",\"url\":\"https:\\\/\\\/www.boemia-aroma.com\\\/hu\\\/\",\"name\":\"Bo\u00e8mia Aroma\",\"description\":\"\",\"publisher\":{\"@id\":\"https:\\\/\\\/www.boemia-aroma.com\\\/hu\\\/#organization\"},\"alternateName\":\"Bo\u00e8mia Aroma\",\"potentialAction\":[{\"@type\":\"SearchAction\",\"target\":{\"@type\":\"EntryPoint\",\"urlTemplate\":\"https:\\\/\\\/www.boemia-aroma.com\\\/hu\\\/?s={search_term_string}\"},\"query-input\":{\"@type\":\"PropertyValueSpecification\",\"valueRequired\":true,\"valueName\":\"search_term_string\"}}],\"inLanguage\":\"hu\"},{\"@type\":\"Organization\",\"@id\":\"https:\\\/\\\/www.boemia-aroma.com\\\/hu\\\/#organization\",\"name\":\"Bo\u00e8mia Aroma\",\"url\":\"https:\\\/\\\/www.boemia-aroma.com\\\/hu\\\/\",\"logo\":{\"@type\":\"ImageObject\",\"inLanguage\":\"hu\",\"@id\":\"https:\\\/\\\/www.boemia-aroma.com\\\/hu\\\/#\\\/schema\\\/logo\\\/image\\\/\",\"url\":\"https:\\\/\\\/www.boemia-aroma.com\\\/wp-content\\\/uploads\\\/2023\\\/07\\\/logo-boemia-aroma.png\",\"contentUrl\":\"https:\\\/\\\/www.boemia-aroma.com\\\/wp-content\\\/uploads\\\/2023\\\/07\\\/logo-boemia-aroma.png\",\"width\":300,\"height\":176,\"caption\":\"Bo\u00e8mia Aroma\"},\"image\":{\"@id\":\"https:\\\/\\\/www.boemia-aroma.com\\\/hu\\\/#\\\/schema\\\/logo\\\/image\\\/\"}}]}<\/script>\n<!-- \/ Yoast SEO plugin. -->","yoast_head_json":{"title":"Az \u00e9rt\u00e9kes\u00edt\u00e9s felt\u00e9telei - Bo\u00e8mia Aroma","description":"L\u00e1sd az \u00e1ltal\u00e1nos \u00e9rt\u00e9kes\u00edt\u00e9si felt\u00e9teleket k\u00f6zvetlen\u00fcl az online \u00e1ruh\u00e1zunkban. Bo\u00e8mia","robots":{"index":"index","follow":"follow","max-snippet":"max-snippet:-1","max-image-preview":"max-image-preview:large","max-video-preview":"max-video-preview:-1"},"canonical":"https:\/\/www.boemia-aroma.com\/hu\/az-ertekesites-feltetelei\/","og_locale":"hu_HU","og_type":"article","og_title":"Az \u00e9rt\u00e9kes\u00edt\u00e9s felt\u00e9telei - Bo\u00e8mia Aroma","og_description":"L\u00e1sd az \u00e1ltal\u00e1nos \u00e9rt\u00e9kes\u00edt\u00e9si felt\u00e9teleket k\u00f6zvetlen\u00fcl az online \u00e1ruh\u00e1zunkban. Bo\u00e8mia","og_url":"https:\/\/www.boemia-aroma.com\/hu\/az-ertekesites-feltetelei\/","og_site_name":"Bo\u00e8mia Aroma","article_modified_time":"2026-03-12T14:10:33+00:00","twitter_card":"summary_large_image","twitter_misc":{"Becs\u00fclt olvas\u00e1si id\u0151":"11 perc"},"schema":{"@context":"https:\/\/schema.org","@graph":[{"@type":"WebPage","@id":"https:\/\/www.boemia-aroma.com\/hu\/az-ertekesites-feltetelei\/","url":"https:\/\/www.boemia-aroma.com\/hu\/az-ertekesites-feltetelei\/","name":"Az \u00e9rt\u00e9kes\u00edt\u00e9s felt\u00e9telei - Bo\u00e8mia Aroma","isPartOf":{"@id":"https:\/\/www.boemia-aroma.com\/hu\/#website"},"datePublished":"2020-09-27T13:07:34+00:00","dateModified":"2026-03-12T14:10:33+00:00","description":"L\u00e1sd az \u00e1ltal\u00e1nos \u00e9rt\u00e9kes\u00edt\u00e9si felt\u00e9teleket k\u00f6zvetlen\u00fcl az online \u00e1ruh\u00e1zunkban. Bo\u00e8mia","breadcrumb":{"@id":"https:\/\/www.boemia-aroma.com\/hu\/az-ertekesites-feltetelei\/#breadcrumb"},"inLanguage":"hu","potentialAction":[{"@type":"ReadAction","target":["https:\/\/www.boemia-aroma.com\/hu\/az-ertekesites-feltetelei\/"]}]},{"@type":"BreadcrumbList","@id":"https:\/\/www.boemia-aroma.com\/hu\/az-ertekesites-feltetelei\/#breadcrumb","itemListElement":[{"@type":"ListItem","position":1,"name":"Kezd\u0151lap","item":"https:\/\/www.boemia-aroma.com\/hu\/"},{"@type":"ListItem","position":2,"name":"Az \u00e9rt\u00e9kes\u00edt\u00e9s felt\u00e9telei"}]},{"@type":"WebSite","@id":"https:\/\/www.boemia-aroma.com\/hu\/#website","url":"https:\/\/www.boemia-aroma.com\/hu\/","name":"Bo\u00e8mia Aroma","description":"","publisher":{"@id":"https:\/\/www.boemia-aroma.com\/hu\/#organization"},"alternateName":"Bo\u00e8mia Aroma","potentialAction":[{"@type":"SearchAction","target":{"@type":"EntryPoint","urlTemplate":"https:\/\/www.boemia-aroma.com\/hu\/?s={search_term_string}"},"query-input":{"@type":"PropertyValueSpecification","valueRequired":true,"valueName":"search_term_string"}}],"inLanguage":"hu"},{"@type":"Organization","@id":"https:\/\/www.boemia-aroma.com\/hu\/#organization","name":"Bo\u00e8mia Aroma","url":"https:\/\/www.boemia-aroma.com\/hu\/","logo":{"@type":"ImageObject","inLanguage":"hu","@id":"https:\/\/www.boemia-aroma.com\/hu\/#\/schema\/logo\/image\/","url":"https:\/\/www.boemia-aroma.com\/wp-content\/uploads\/2023\/07\/logo-boemia-aroma.png","contentUrl":"https:\/\/www.boemia-aroma.com\/wp-content\/uploads\/2023\/07\/logo-boemia-aroma.png","width":300,"height":176,"caption":"Bo\u00e8mia Aroma"},"image":{"@id":"https:\/\/www.boemia-aroma.com\/hu\/#\/schema\/logo\/image\/"}}]}},"_links":{"self":[{"href":"https:\/\/www.boemia-aroma.com\/hu\/wp-json\/wp\/v2\/pages\/23690","targetHints":{"allow":["GET"]}}],"collection":[{"href":"https:\/\/www.boemia-aroma.com\/hu\/wp-json\/wp\/v2\/pages"}],"about":[{"href":"https:\/\/www.boemia-aroma.com\/hu\/wp-json\/wp\/v2\/types\/page"}],"author":[{"embeddable":true,"href":"https:\/\/www.boemia-aroma.com\/hu\/wp-json\/wp\/v2\/users\/2045"}],"replies":[{"embeddable":true,"href":"https:\/\/www.boemia-aroma.com\/hu\/wp-json\/wp\/v2\/comments?post=23690"}],"version-history":[{"count":0,"href":"https:\/\/www.boemia-aroma.com\/hu\/wp-json\/wp\/v2\/pages\/23690\/revisions"}],"wp:attachment":[{"href":"https:\/\/www.boemia-aroma.com\/hu\/wp-json\/wp\/v2\/media?parent=23690"}],"curies":[{"name":"wp","href":"https:\/\/api.w.org\/{rel}","templated":true}]}}