{"id":23676,"date":"2023-10-13T12:19:48","date_gmt":"2023-10-13T10:19:48","guid":{"rendered":"https:\/\/www.boemia-aroma.com\/aide\/"},"modified":"2026-03-12T16:08:32","modified_gmt":"2026-03-12T15:08:32","slug":"segitseg","status":"publish","type":"page","link":"https:\/\/www.boemia-aroma.com\/hu\/segitseg\/","title":{"rendered":"Seg\u00edts\u00e9g"},"content":{"rendered":"\t\t<div data-elementor-type=\"wp-page\" data-elementor-id=\"23676\" class=\"elementor elementor-23676 elementor-10962\" data-elementor-post-type=\"page\">\n\t\t\t\t\t\t<section class=\"elementor-section elementor-top-section elementor-element elementor-element-9023f6c elementor-section-content-middle elementor-section-boxed elementor-section-height-default elementor-section-height-default elementor-invisible\" data-id=\"9023f6c\" data-element_type=\"section\" data-e-type=\"section\" data-settings=\"{&quot;animation&quot;:&quot;fadeIn&quot;,&quot;background_background&quot;:&quot;classic&quot;}\">\n\t\t\t\t\t\t<div class=\"elementor-container elementor-column-gap-no\">\n\t\t\t\t\t<div class=\"elementor-column elementor-col-50 elementor-top-column elementor-element elementor-element-470947b\" data-id=\"470947b\" data-element_type=\"column\" data-e-type=\"column\">\n\t\t\t<div class=\"elementor-widget-wrap elementor-element-populated\">\n\t\t\t\t\t\t<div class=\"elementor-element elementor-element-b45faac animated-slow elementor-invisible elementor-widget elementor-widget-heading\" data-id=\"b45faac\" data-element_type=\"widget\" data-e-type=\"widget\" data-settings=\"{&quot;_animation&quot;:&quot;fadeIn&quot;}\" data-widget_type=\"heading.default\">\n\t\t\t\t<div class=\"elementor-widget-container\">\n\t\t\t\t\t<h1 class=\"elementor-heading-title elementor-size-default\">\u00dcdv\u00f6z\u00f6lj\u00fck<br>a<br>oldalon gyakran ism\u00e9telt k\u00e9rd\u00e9seinket.<\/h1>\t\t\t\t<\/div>\n\t\t\t\t<\/div>\n\t\t\t\t<div class=\"elementor-element elementor-element-d5ffe04 elementor-widget elementor-widget-spacer\" data-id=\"d5ffe04\" data-element_type=\"widget\" data-e-type=\"widget\" data-widget_type=\"spacer.default\">\n\t\t\t\t<div class=\"elementor-widget-container\">\n\t\t\t\t\t\t\t<div class=\"elementor-spacer\">\n\t\t\t<div class=\"elementor-spacer-inner\"><\/div>\n\t\t<\/div>\n\t\t\t\t\t\t<\/div>\n\t\t\t\t<\/div>\n\t\t\t\t<div class=\"elementor-element elementor-element-c9b6195 animated-slow elementor-invisible elementor-widget elementor-widget-text-editor\" data-id=\"c9b6195\" data-element_type=\"widget\" data-e-type=\"widget\" data-settings=\"{&quot;_animation&quot;:&quot;fadeIn&quot;}\" data-widget_type=\"text-editor.default\">\n\t\t\t\t<div class=\"elementor-widget-container\">\n\t\t\t\t\t\t\t\t\t<p>Itt minden k\u00e9rd\u00e9s\u00e9re v\u00e1laszt kaphat. Ezt az oldalt naponta friss\u00edtj\u00fck.  Ha tov\u00e1bbi k\u00e9rd\u00e9se van, k\u00e9rj\u00fck, l\u00e9pjen kapcsolatba vel\u00fcnk a kapcsolatfelv\u00e9teli \u0171rlapunkon kereszt\u00fcl.  <\/p>\t\t\t\t\t\t\t\t<\/div>\n\t\t\t\t<\/div>\n\t\t\t\t<div class=\"elementor-element elementor-element-8a8b62c elementor-widget elementor-widget-spacer\" data-id=\"8a8b62c\" data-element_type=\"widget\" data-e-type=\"widget\" data-widget_type=\"spacer.default\">\n\t\t\t\t<div class=\"elementor-widget-container\">\n\t\t\t\t\t\t\t<div class=\"elementor-spacer\">\n\t\t\t<div class=\"elementor-spacer-inner\"><\/div>\n\t\t<\/div>\n\t\t\t\t\t\t<\/div>\n\t\t\t\t<\/div>\n\t\t\t\t<div class=\"elementor-element elementor-element-3c94766 elementor-widget elementor-widget-the7_button_widget\" data-id=\"3c94766\" data-element_type=\"widget\" data-e-type=\"widget\" data-widget_type=\"the7_button_widget.default\">\n\t\t\t\t<div class=\"elementor-widget-container\">\n\t\t\t\t\t<div class=\"elementor-button-wrapper\"><a href=\"http:\/\/www.boemia-aroma.com\/contact\/\" class=\"box-button elementor-button elementor-size-md\">Kapcsolatfelv\u00e9tel<\/a><\/div>\t\t\t\t<\/div>\n\t\t\t\t<\/div>\n\t\t\t\t\t<\/div>\n\t\t<\/div>\n\t\t\t\t<div class=\"elementor-column elementor-col-50 elementor-top-column elementor-element elementor-element-b67d215\" data-id=\"b67d215\" data-element_type=\"column\" data-e-type=\"column\">\n\t\t\t<div class=\"elementor-widget-wrap elementor-element-populated\">\n\t\t\t\t\t\t<div class=\"elementor-element elementor-element-a56cb52 elementor-view-default elementor-widget elementor-widget-icon\" data-id=\"a56cb52\" data-element_type=\"widget\" data-e-type=\"widget\" data-widget_type=\"icon.default\">\n\t\t\t\t<div class=\"elementor-widget-container\">\n\t\t\t\t\t\t\t<div class=\"elementor-icon-wrapper\">\n\t\t\t<div class=\"elementor-icon\">\n\t\t\t<i aria-hidden=\"true\" class=\"the7remix- the7-remix-question-fill\"><\/i>\t\t\t<\/div>\n\t\t<\/div>\n\t\t\t\t\t\t<\/div>\n\t\t\t\t<\/div>\n\t\t\t\t\t<\/div>\n\t\t<\/div>\n\t\t\t\t\t<\/div>\n\t\t<\/section>\n\t\t\t\t<section class=\"elementor-section elementor-top-section elementor-element elementor-element-161c9f7 elementor-section-boxed elementor-section-height-default elementor-section-height-default\" data-id=\"161c9f7\" data-element_type=\"section\" data-e-type=\"section\" data-settings=\"{&quot;background_background&quot;:&quot;classic&quot;}\">\n\t\t\t\t\t\t<div class=\"elementor-container elementor-column-gap-narrow\">\n\t\t\t\t\t<div class=\"elementor-column elementor-col-100 elementor-top-column elementor-element elementor-element-c3bb9b2\" data-id=\"c3bb9b2\" data-element_type=\"column\" data-e-type=\"column\" data-settings=\"{&quot;background_background&quot;:&quot;classic&quot;}\">\n\t\t\t<div class=\"elementor-widget-wrap elementor-element-populated\">\n\t\t\t\t\t\t<div class=\"elementor-element elementor-element-09787bb elementor-widget elementor-widget-heading\" data-id=\"09787bb\" data-element_type=\"widget\" data-e-type=\"widget\" data-widget_type=\"heading.default\">\n\t\t\t\t<div class=\"elementor-widget-container\">\n\t\t\t\t\t<h2 class=\"elementor-heading-title elementor-size-default\">Rendel\u00e9s \u00e9s sz\u00e1ll\u00edt\u00e1s<\/h2>\t\t\t\t<\/div>\n\t\t\t\t<\/div>\n\t\t\t\t<div class=\"elementor-element elementor-element-6dfa634 elementor-widget elementor-widget-spacer\" data-id=\"6dfa634\" data-element_type=\"widget\" data-e-type=\"widget\" data-widget_type=\"spacer.default\">\n\t\t\t\t<div class=\"elementor-widget-container\">\n\t\t\t\t\t\t\t<div class=\"elementor-spacer\">\n\t\t\t<div class=\"elementor-spacer-inner\"><\/div>\n\t\t<\/div>\n\t\t\t\t\t\t<\/div>\n\t\t\t\t<\/div>\n\t\t\t\t<div class=\"elementor-element elementor-element-6f12fe1 elementor-widget elementor-widget-spacer\" data-id=\"6f12fe1\" data-element_type=\"widget\" data-e-type=\"widget\" data-widget_type=\"spacer.default\">\n\t\t\t\t<div class=\"elementor-widget-container\">\n\t\t\t\t\t\t\t<div class=\"elementor-spacer\">\n\t\t\t<div class=\"elementor-spacer-inner\"><\/div>\n\t\t<\/div>\n\t\t\t\t\t\t<\/div>\n\t\t\t\t<\/div>\n\t\t\t\t<div class=\"elementor-element elementor-element-21d73c4 elementor-widget elementor-widget-toggle\" data-id=\"21d73c4\" data-element_type=\"widget\" data-e-type=\"widget\" data-widget_type=\"toggle.default\">\n\t\t\t\t<div class=\"elementor-widget-container\">\n\t\t\t\t\t\t\t<div class=\"elementor-toggle\">\n\t\t\t\t\t\t\t<div class=\"elementor-toggle-item\">\n\t\t\t\t\t<div id=\"elementor-tab-title-3541\" class=\"elementor-tab-title\" data-tab=\"1\" role=\"button\" aria-controls=\"elementor-tab-content-3541\" aria-expanded=\"false\">\n\t\t\t\t\t\t\t\t\t\t\t\t<span class=\"elementor-toggle-icon elementor-toggle-icon-right\" aria-hidden=\"true\">\n\t\t\t\t\t\t\t\t\t\t\t\t\t\t\t<span class=\"elementor-toggle-icon-closed\"><i class=\"fas fa-caret-right\"><\/i><\/span>\n\t\t\t\t\t\t\t\t<span class=\"elementor-toggle-icon-opened\"><i class=\"elementor-toggle-icon-opened fas fa-caret-up\"><\/i><\/span>\n\t\t\t\t\t\t\t\t\t\t\t\t\t<\/span>\n\t\t\t\t\t\t\t\t\t\t\t\t<a class=\"elementor-toggle-title\" tabindex=\"0\">Szeretn\u00e9k sz\u00e1ml\u00e1t kapni a megrendel\u00e9semr\u0151l, hogyan kell ezt megtennem?<\/a>\n\t\t\t\t\t<\/div>\n\n\t\t\t\t\t<div id=\"elementor-tab-content-3541\" class=\"elementor-tab-content elementor-clearfix\" data-tab=\"1\" role=\"region\" aria-labelledby=\"elementor-tab-title-3541\"><p><span data-sheets-value=\"{\"1\":2,\"2\":\"Apr\u00e8s avoir pass\u00e9 votre commande, une facture est automatiquement g\u00e9n\u00e9r\u00e9e et envoy\u00e9e \u00e0 l'adresse e-mail que vous avez fournie lors de votre achat. Si vous n'avez pas re\u00e7u votre facture, n'h\u00e9sitez pas \u00e0 nous contacter et nous vous l'enverrons dans les plus brefs d\u00e9lais.\"}\" data-sheets-userformat=\"{\"2\":513,\"3\":{\"1\":0},\"12\":0}\">Miut\u00e1n leadta megrendel\u00e9s\u00e9t, a rendszer automatikusan sz\u00e1ml\u00e1t \u00e1ll\u00edt ki, \u00e9s azt elk\u00fcldi a v\u00e1s\u00e1rl\u00e1skor megadott e-mail c\u00edmre. Ha nem kapta meg a sz\u00e1ml\u00e1t, k\u00e9rj\u00fck, l\u00e9pjen kapcsolatba vel\u00fcnk, \u00e9s mi a lehet\u0151 leghamarabb elk\u00fcldj\u00fck \u00d6nnek. <\/span><\/p>\n<\/div>\n\t\t\t\t<\/div>\n\t\t\t\t\t\t\t<div class=\"elementor-toggle-item\">\n\t\t\t\t\t<div id=\"elementor-tab-title-3542\" class=\"elementor-tab-title\" data-tab=\"2\" role=\"button\" aria-controls=\"elementor-tab-content-3542\" aria-expanded=\"false\">\n\t\t\t\t\t\t\t\t\t\t\t\t<span class=\"elementor-toggle-icon elementor-toggle-icon-right\" aria-hidden=\"true\">\n\t\t\t\t\t\t\t\t\t\t\t\t\t\t\t<span class=\"elementor-toggle-icon-closed\"><i class=\"fas fa-caret-right\"><\/i><\/span>\n\t\t\t\t\t\t\t\t<span class=\"elementor-toggle-icon-opened\"><i class=\"elementor-toggle-icon-opened fas fa-caret-up\"><\/i><\/span>\n\t\t\t\t\t\t\t\t\t\t\t\t\t<\/span>\n\t\t\t\t\t\t\t\t\t\t\t\t<a class=\"elementor-toggle-title\" tabindex=\"0\">Sz\u00e1ll\u00edtanak Franciaorsz\u00e1gon k\u00edv\u00fclre is?  <\/a>\n\t\t\t\t\t<\/div>\n\n\t\t\t\t\t<div id=\"elementor-tab-content-3542\" class=\"elementor-tab-content elementor-clearfix\" data-tab=\"2\" role=\"region\" aria-labelledby=\"elementor-tab-title-3542\"><p><span data-sheets-value=\"{\"1\":2,\"2\":\"Oui, nous livrons \u00e0 l'international ! Les frais de port seront ajust\u00e9s en fonction de la destination lors de votre commande. Ainsi, que vous soyez en Europe, aux \u00c9tats-Unis, en Asie ou ailleurs, vous pourrez profiter de nos produits.\"}\" data-sheets-userformat=\"{\"2\":513,\"3\":{\"1\":0},\"12\":0}\">Igen, nemzetk\u00f6zi kisz\u00e1ll\u00edt\u00e1s! A sz\u00e1ll\u00edt\u00e1si k\u00f6lts\u00e9geket a megrendel\u00e9s lead\u00e1sakor a c\u00e9l\u00e1llom\u00e1snak megfelel\u0151en m\u00f3dos\u00edtjuk. \u00cdgy ak\u00e1r Eur\u00f3p\u00e1ban, az Egyes\u00fclt \u00c1llamokban, \u00c1zsi\u00e1ban vagy m\u00e1shol tart\u00f3zkodik, \u00e9lvezheti term\u00e9keinket.  <\/span><\/p>\n<\/div>\n\t\t\t\t<\/div>\n\t\t\t\t\t\t\t<div class=\"elementor-toggle-item\">\n\t\t\t\t\t<div id=\"elementor-tab-title-3543\" class=\"elementor-tab-title\" data-tab=\"3\" role=\"button\" aria-controls=\"elementor-tab-content-3543\" aria-expanded=\"false\">\n\t\t\t\t\t\t\t\t\t\t\t\t<span class=\"elementor-toggle-icon elementor-toggle-icon-right\" aria-hidden=\"true\">\n\t\t\t\t\t\t\t\t\t\t\t\t\t\t\t<span class=\"elementor-toggle-icon-closed\"><i class=\"fas fa-caret-right\"><\/i><\/span>\n\t\t\t\t\t\t\t\t<span class=\"elementor-toggle-icon-opened\"><i class=\"elementor-toggle-icon-opened fas fa-caret-up\"><\/i><\/span>\n\t\t\t\t\t\t\t\t\t\t\t\t\t<\/span>\n\t\t\t\t\t\t\t\t\t\t\t\t<a class=\"elementor-toggle-title\" tabindex=\"0\">Mik a sz\u00e1ll\u00edt\u00e1si hat\u00e1rid\u0151k \u00e9s k\u00f6lts\u00e9gek?<\/a>\n\t\t\t\t\t<\/div>\n\n\t\t\t\t\t<div id=\"elementor-tab-content-3543\" class=\"elementor-tab-content elementor-clearfix\" data-tab=\"3\" role=\"region\" aria-labelledby=\"elementor-tab-title-3543\"><p><span data-sheets-value=\"{\"1\":2,\"2\":\"Les d\u00e9lais et les frais de livraison d\u00e9pendent de votre localisation. Ils sont clairement indiqu\u00e9s au moment de la commande.\"}\" data-sheets-userformat=\"{\"2\":513,\"3\":{\"1\":0},\"12\":0}\">A sz\u00e1ll\u00edt\u00e1si id\u0151 \u00e9s a k\u00f6lts\u00e9gek az \u00d6n tart\u00f3zkod\u00e1si hely\u00e9t\u0151l f\u00fcggnek. Ezeket a megrendel\u00e9s lead\u00e1sakor egy\u00e9rtelm\u0171en jelezz\u00fck. <\/span><\/p>\n<\/div>\n\t\t\t\t<\/div>\n\t\t\t\t\t\t\t\t\t\t<script type=\"application\/ld+json\">{\"@context\":\"https:\\\/\\\/schema.org\",\"@type\":\"FAQPage\",\"mainEntity\":[{\"@type\":\"Question\",\"name\":\"Szeretn\\u00e9k sz\\u00e1ml\\u00e1t kapni a megrendel\\u00e9semr\\u0151l, hogyan kell ezt megtennem?\",\"acceptedAnswer\":{\"@type\":\"Answer\",\"text\":\"<p><span data-sheets-value=\\\"{\\\"1\\\":2,\\\"2\\\":\\\"Apr\\u00e8s avoir pass\\u00e9 votre commande, une facture est automatiquement g\\u00e9n\\u00e9r\\u00e9e et envoy\\u00e9e \\u00e0 l'adresse e-mail que vous avez fournie lors de votre achat. Si vous n'avez pas re\\u00e7u votre facture, n'h\\u00e9sitez pas \\u00e0 nous contacter et nous vous l'enverrons dans les plus brefs d\\u00e9lais.\\\"}\\\" data-sheets-userformat=\\\"{\\\"2\\\":513,\\\"3\\\":{\\\"1\\\":0},\\\"12\\\":0}\\\">Miut\\u00e1n leadta megrendel\\u00e9s\\u00e9t, a rendszer automatikusan sz\\u00e1ml\\u00e1t \\u00e1ll\\u00edt ki, \\u00e9s azt elk\\u00fcldi a v\\u00e1s\\u00e1rl\\u00e1skor megadott e-mail c\\u00edmre. Ha nem kapta meg a sz\\u00e1ml\\u00e1t, k\\u00e9rj\\u00fck, l\\u00e9pjen kapcsolatba vel\\u00fcnk, \\u00e9s mi a lehet\\u0151 leghamarabb elk\\u00fcldj\\u00fck \\u00d6nnek. <\\\/span><\\\/p>\\n\"}},{\"@type\":\"Question\",\"name\":\"Sz\\u00e1ll\\u00edtanak Franciaorsz\\u00e1gon k\\u00edv\\u00fclre is?\",\"acceptedAnswer\":{\"@type\":\"Answer\",\"text\":\"<p><span data-sheets-value=\\\"{\\\"1\\\":2,\\\"2\\\":\\\"Oui, nous livrons \\u00e0 l'international ! Les frais de port seront ajust\\u00e9s en fonction de la destination lors de votre commande. Ainsi, que vous soyez en Europe, aux \\u00c9tats-Unis, en Asie ou ailleurs, vous pourrez profiter de nos produits.\\\"}\\\" data-sheets-userformat=\\\"{\\\"2\\\":513,\\\"3\\\":{\\\"1\\\":0},\\\"12\\\":0}\\\">Igen, nemzetk\\u00f6zi kisz\\u00e1ll\\u00edt\\u00e1s! A sz\\u00e1ll\\u00edt\\u00e1si k\\u00f6lts\\u00e9geket a megrendel\\u00e9s lead\\u00e1sakor a c\\u00e9l\\u00e1llom\\u00e1snak megfelel\\u0151en m\\u00f3dos\\u00edtjuk. \\u00cdgy ak\\u00e1r Eur\\u00f3p\\u00e1ban, az Egyes\\u00fclt \\u00c1llamokban, \\u00c1zsi\\u00e1ban vagy m\\u00e1shol tart\\u00f3zkodik, \\u00e9lvezheti term\\u00e9keinket.  <\\\/span><\\\/p>\\n\"}},{\"@type\":\"Question\",\"name\":\"Mik a sz\\u00e1ll\\u00edt\\u00e1si hat\\u00e1rid\\u0151k \\u00e9s k\\u00f6lts\\u00e9gek?\",\"acceptedAnswer\":{\"@type\":\"Answer\",\"text\":\"<p><span data-sheets-value=\\\"{\\\"1\\\":2,\\\"2\\\":\\\"Les d\\u00e9lais et les frais de livraison d\\u00e9pendent de votre localisation. Ils sont clairement indiqu\\u00e9s au moment de la commande.\\\"}\\\" data-sheets-userformat=\\\"{\\\"2\\\":513,\\\"3\\\":{\\\"1\\\":0},\\\"12\\\":0}\\\">A sz\\u00e1ll\\u00edt\\u00e1si id\\u0151 \\u00e9s a k\\u00f6lts\\u00e9gek az \\u00d6n tart\\u00f3zkod\\u00e1si hely\\u00e9t\\u0151l f\\u00fcggnek. Ezeket a megrendel\\u00e9s lead\\u00e1sakor egy\\u00e9rtelm\\u0171en jelezz\\u00fck. <\\\/span><\\\/p>\\n\"}}]}<\/script>\n\t\t\t\t\t<\/div>\n\t\t\t\t\t\t<\/div>\n\t\t\t\t<\/div>\n\t\t\t\t<div class=\"elementor-element elementor-element-0969b88 elementor-widget elementor-widget-spacer\" data-id=\"0969b88\" data-element_type=\"widget\" data-e-type=\"widget\" data-widget_type=\"spacer.default\">\n\t\t\t\t<div class=\"elementor-widget-container\">\n\t\t\t\t\t\t\t<div class=\"elementor-spacer\">\n\t\t\t<div class=\"elementor-spacer-inner\"><\/div>\n\t\t<\/div>\n\t\t\t\t\t\t<\/div>\n\t\t\t\t<\/div>\n\t\t\t\t\t<\/div>\n\t\t<\/div>\n\t\t\t\t\t<\/div>\n\t\t<\/section>\n\t\t\t\t<section class=\"elementor-section elementor-top-section elementor-element elementor-element-e9aa315 elementor-section-boxed elementor-section-height-default elementor-section-height-default\" data-id=\"e9aa315\" data-element_type=\"section\" data-e-type=\"section\" data-settings=\"{&quot;background_background&quot;:&quot;classic&quot;}\">\n\t\t\t\t\t\t<div class=\"elementor-container elementor-column-gap-narrow\">\n\t\t\t\t\t<div class=\"elementor-column elementor-col-100 elementor-top-column elementor-element elementor-element-f1fecf8\" data-id=\"f1fecf8\" data-element_type=\"column\" data-e-type=\"column\" data-settings=\"{&quot;background_background&quot;:&quot;classic&quot;}\">\n\t\t\t<div class=\"elementor-widget-wrap elementor-element-populated\">\n\t\t\t\t\t\t<div class=\"elementor-element elementor-element-6fc674e elementor-widget elementor-widget-heading\" data-id=\"6fc674e\" data-element_type=\"widget\" data-e-type=\"widget\" data-widget_type=\"heading.default\">\n\t\t\t\t<div class=\"elementor-widget-container\">\n\t\t\t\t\t<h2 class=\"elementor-heading-title elementor-size-default\">\u00c1ltal\u00e1nos<\/h2>\t\t\t\t<\/div>\n\t\t\t\t<\/div>\n\t\t\t\t<div class=\"elementor-element elementor-element-f9354ec elementor-widget elementor-widget-spacer\" data-id=\"f9354ec\" data-element_type=\"widget\" data-e-type=\"widget\" data-widget_type=\"spacer.default\">\n\t\t\t\t<div class=\"elementor-widget-container\">\n\t\t\t\t\t\t\t<div class=\"elementor-spacer\">\n\t\t\t<div class=\"elementor-spacer-inner\"><\/div>\n\t\t<\/div>\n\t\t\t\t\t\t<\/div>\n\t\t\t\t<\/div>\n\t\t\t\t<div class=\"elementor-element elementor-element-633abd9 elementor-widget elementor-widget-spacer\" data-id=\"633abd9\" data-element_type=\"widget\" data-e-type=\"widget\" data-widget_type=\"spacer.default\">\n\t\t\t\t<div class=\"elementor-widget-container\">\n\t\t\t\t\t\t\t<div class=\"elementor-spacer\">\n\t\t\t<div class=\"elementor-spacer-inner\"><\/div>\n\t\t<\/div>\n\t\t\t\t\t\t<\/div>\n\t\t\t\t<\/div>\n\t\t\t\t<div class=\"elementor-element elementor-element-53d68c2 elementor-widget elementor-widget-toggle\" data-id=\"53d68c2\" data-element_type=\"widget\" data-e-type=\"widget\" data-widget_type=\"toggle.default\">\n\t\t\t\t<div class=\"elementor-widget-container\">\n\t\t\t\t\t\t\t<div class=\"elementor-toggle\">\n\t\t\t\t\t\t\t<div class=\"elementor-toggle-item\">\n\t\t\t\t\t<div id=\"elementor-tab-title-8791\" class=\"elementor-tab-title\" data-tab=\"1\" role=\"button\" aria-controls=\"elementor-tab-content-8791\" aria-expanded=\"false\">\n\t\t\t\t\t\t\t\t\t\t\t\t<span class=\"elementor-toggle-icon elementor-toggle-icon-right\" aria-hidden=\"true\">\n\t\t\t\t\t\t\t\t\t\t\t\t\t\t\t<span class=\"elementor-toggle-icon-closed\"><i class=\"fas fa-caret-right\"><\/i><\/span>\n\t\t\t\t\t\t\t\t<span class=\"elementor-toggle-icon-opened\"><i class=\"elementor-toggle-icon-opened fas fa-caret-up\"><\/i><\/span>\n\t\t\t\t\t\t\t\t\t\t\t\t\t<\/span>\n\t\t\t\t\t\t\t\t\t\t\t\t<a class=\"elementor-toggle-title\" tabindex=\"0\">Hogyan kezeli a k\u00fclf\u00f6ldi eredet\u0171 ill\u00f3olajokat, p\u00e9ld\u00e1ul a madagaszk\u00e1ri Ravintsara ill\u00f3olajat?<\/a>\n\t\t\t\t\t<\/div>\n\n\t\t\t\t\t<div id=\"elementor-tab-content-8791\" class=\"elementor-tab-content elementor-clearfix\" data-tab=\"1\" role=\"region\" aria-labelledby=\"elementor-tab-title-8791\"><p><span data-sheets-value=\"{\"1\":2,\"2\":\"Nous travaillons avec des producteurs locaux de confiance dans chaque pays d'origine de nos huiles essentielles. Ces producteurs sont s\u00e9lectionn\u00e9s pour leur engagement envers la qualit\u00e9 et l'\u00e9thique. \"}\" data-sheets-userformat=\"{\"2\":513,\"3\":{\"1\":0},\"12\":0}\">Ill\u00f3olajaink sz\u00e1rmaz\u00e1si orsz\u00e1gaiban megb\u00edzhat\u00f3 helyi termel\u0151kkel dolgozunk egy\u00fctt. Ezeket a termel\u0151ket a min\u0151s\u00e9g \u00e9s az etika ir\u00e1nti elk\u00f6telezetts\u00e9g\u00fck alapj\u00e1n v\u00e1lasztottuk ki.  <\/span><\/p>\n<\/div>\n\t\t\t\t<\/div>\n\t\t\t\t\t\t\t<div class=\"elementor-toggle-item\">\n\t\t\t\t\t<div id=\"elementor-tab-title-8792\" class=\"elementor-tab-title\" data-tab=\"2\" role=\"button\" aria-controls=\"elementor-tab-content-8792\" aria-expanded=\"false\">\n\t\t\t\t\t\t\t\t\t\t\t\t<span class=\"elementor-toggle-icon elementor-toggle-icon-right\" aria-hidden=\"true\">\n\t\t\t\t\t\t\t\t\t\t\t\t\t\t\t<span class=\"elementor-toggle-icon-closed\"><i class=\"fas fa-caret-right\"><\/i><\/span>\n\t\t\t\t\t\t\t\t<span class=\"elementor-toggle-icon-opened\"><i class=\"elementor-toggle-icon-opened fas fa-caret-up\"><\/i><\/span>\n\t\t\t\t\t\t\t\t\t\t\t\t\t<\/span>\n\t\t\t\t\t\t\t\t\t\t\t\t<a class=\"elementor-toggle-title\" tabindex=\"0\">Mi\u00e9rt nincs adagol\u00e1si inform\u00e1ci\u00f3 a palackokon?<\/a>\n\t\t\t\t\t<\/div>\n\n\t\t\t\t\t<div id=\"elementor-tab-content-8792\" class=\"elementor-tab-content elementor-clearfix\" data-tab=\"2\" role=\"region\" aria-labelledby=\"elementor-tab-title-8792\"><p><span data-sheets-value=\"{\"1\":2,\"2\":\"La l\u00e9gislation en vigueur ne nous permet pas de donner des conseils de posologie sur nos bouteilles d'huiles essentielles. Nous vous recommandons de consulter un professionnel de sant\u00e9 ou un ouvrage sp\u00e9cialis\u00e9 pour conna\u00eetre les dosages appropri\u00e9s.\"}\" data-sheets-userformat=\"{\"2\":513,\"3\":{\"1\":0},\"12\":0}\">A jelenlegi jogszab\u00e1lyok nem teszik lehet\u0151v\u00e9, hogy adagol\u00e1si tan\u00e1csokat adjunk az ill\u00f3olajos \u00fcvegeken. Javasoljuk, hogy a megfelel\u0151 adagol\u00e1s meg\u00e1llap\u00edt\u00e1s\u00e1hoz forduljon eg\u00e9szs\u00e9g\u00fcgyi szakemberhez vagy szakk\u00f6nyvh\u00f6z. <\/span><\/p>\n<\/div>\n\t\t\t\t<\/div>\n\t\t\t\t\t\t\t<div class=\"elementor-toggle-item\">\n\t\t\t\t\t<div id=\"elementor-tab-title-8793\" class=\"elementor-tab-title\" data-tab=\"3\" role=\"button\" aria-controls=\"elementor-tab-content-8793\" aria-expanded=\"false\">\n\t\t\t\t\t\t\t\t\t\t\t\t<span class=\"elementor-toggle-icon elementor-toggle-icon-right\" aria-hidden=\"true\">\n\t\t\t\t\t\t\t\t\t\t\t\t\t\t\t<span class=\"elementor-toggle-icon-closed\"><i class=\"fas fa-caret-right\"><\/i><\/span>\n\t\t\t\t\t\t\t\t<span class=\"elementor-toggle-icon-opened\"><i class=\"elementor-toggle-icon-opened fas fa-caret-up\"><\/i><\/span>\n\t\t\t\t\t\t\t\t\t\t\t\t\t<\/span>\n\t\t\t\t\t\t\t\t\t\t\t\t<a class=\"elementor-toggle-title\" tabindex=\"0\">Hogyan haszn\u00e1lhatom a hidroszolt?<\/a>\n\t\t\t\t\t<\/div>\n\n\t\t\t\t\t<div id=\"elementor-tab-content-8793\" class=\"elementor-tab-content elementor-clearfix\" data-tab=\"3\" role=\"region\" aria-labelledby=\"elementor-tab-title-8793\"><p><span data-sheets-value=\"{\"1\":2,\"2\":\"Les hydrolats peuvent \u00eatre utilis\u00e9s de diff\u00e9rentes fa\u00e7ons. Vous pouvez les vaporiser sur votre peau comme tonique, les ajouter \u00e0 votre bain, ou m\u00eame les utiliser en cuisine. Comme toujours, assurez-vous de respecter les recommandations d'usage et de dosage.\"}\" data-sheets-userformat=\"{\"2\":513,\"3\":{\"1\":0},\"12\":0}\">A hidroszolok sokf\u00e9lek\u00e9ppen haszn\u00e1lhat\u00f3k. F\u00fajhatod \u0151ket a b\u0151r\u00f6dre tonikusk\u00e9nt, adhatod a f\u00fcrd\u0151dh\u00f6z, vagy ak\u00e1r a f\u0151z\u00e9shez is haszn\u00e1lhatod \u0151ket. Mint mindig, most is \u00fcgyeljen arra, hogy k\u00f6vesse a haszn\u00e1latra \u00e9s az adagol\u00e1sra vonatkoz\u00f3 aj\u00e1nl\u00e1sokat.  <\/span><\/p>\n<\/div>\n\t\t\t\t<\/div>\n\t\t\t\t\t\t\t<div class=\"elementor-toggle-item\">\n\t\t\t\t\t<div id=\"elementor-tab-title-8794\" class=\"elementor-tab-title\" data-tab=\"4\" role=\"button\" aria-controls=\"elementor-tab-content-8794\" aria-expanded=\"false\">\n\t\t\t\t\t\t\t\t\t\t\t\t<span class=\"elementor-toggle-icon elementor-toggle-icon-right\" aria-hidden=\"true\">\n\t\t\t\t\t\t\t\t\t\t\t\t\t\t\t<span class=\"elementor-toggle-icon-closed\"><i class=\"fas fa-caret-right\"><\/i><\/span>\n\t\t\t\t\t\t\t\t<span class=\"elementor-toggle-icon-opened\"><i class=\"elementor-toggle-icon-opened fas fa-caret-up\"><\/i><\/span>\n\t\t\t\t\t\t\t\t\t\t\t\t\t<\/span>\n\t\t\t\t\t\t\t\t\t\t\t\t<a class=\"elementor-toggle-title\" tabindex=\"0\">Hogyan haszn\u00e1ljak ill\u00f3olajat?<\/a>\n\t\t\t\t\t<\/div>\n\n\t\t\t\t\t<div id=\"elementor-tab-content-8794\" class=\"elementor-tab-content elementor-clearfix\" data-tab=\"4\" role=\"region\" aria-labelledby=\"elementor-tab-title-8794\"><p><span data-sheets-value=\"{\"1\":2,\"2\":\"Les huiles essentielles peuvent \u00eatre diffus\u00e9es, appliqu\u00e9es sur la peau (toujours dilu\u00e9es) , ing\u00e9r\u00e9es, ou utilis\u00e9es en inhalation. L'utilisation pr\u00e9cise d\u00e9pend de l'huile essentielle et de votre besoin sp\u00e9cifique. Nous vous recommandons de consulter un professionnel de sant\u00e9 ou un livre sp\u00e9cialis\u00e9 avant utilisation.\"}\" data-sheets-userformat=\"{\"2\":513,\"3\":{\"1\":0},\"12\":0}\">Az ill\u00f3olajok diff\u00fazan, b\u0151rre kenve (mindig h\u00edg\u00edtva), lenyelve vagy bel\u00e9legezve is haszn\u00e1lhat\u00f3k. A pontos felhaszn\u00e1l\u00e1s az ill\u00f3olajt\u00f3l \u00e9s az \u00d6n konkr\u00e9t ig\u00e9nyeit\u0151l f\u00fcgg. Javasoljuk, hogy haszn\u00e1lat el\u0151tt konzult\u00e1ljon eg\u00e9szs\u00e9g\u00fcgyi szakemberrel vagy szakk\u00f6nyvvel.  <\/span><\/p>\n<\/div>\n\t\t\t\t<\/div>\n\t\t\t\t\t\t\t<div class=\"elementor-toggle-item\">\n\t\t\t\t\t<div id=\"elementor-tab-title-8795\" class=\"elementor-tab-title\" data-tab=\"5\" role=\"button\" aria-controls=\"elementor-tab-content-8795\" aria-expanded=\"false\">\n\t\t\t\t\t\t\t\t\t\t\t\t<span class=\"elementor-toggle-icon elementor-toggle-icon-right\" aria-hidden=\"true\">\n\t\t\t\t\t\t\t\t\t\t\t\t\t\t\t<span class=\"elementor-toggle-icon-closed\"><i class=\"fas fa-caret-right\"><\/i><\/span>\n\t\t\t\t\t\t\t\t<span class=\"elementor-toggle-icon-opened\"><i class=\"elementor-toggle-icon-opened fas fa-caret-up\"><\/i><\/span>\n\t\t\t\t\t\t\t\t\t\t\t\t\t<\/span>\n\t\t\t\t\t\t\t\t\t\t\t\t<a class=\"elementor-toggle-title\" tabindex=\"0\">Ihatok hidrol\u00e1tumot?<\/a>\n\t\t\t\t\t<\/div>\n\n\t\t\t\t\t<div id=\"elementor-tab-content-8795\" class=\"elementor-tab-content elementor-clearfix\" data-tab=\"5\" role=\"region\" aria-labelledby=\"elementor-tab-title-8795\"><p><span data-sheets-value=\"{\"1\":2,\"2\":\"Oui, la plupart des hydrolats peuvent \u00eatre consomm\u00e9s en interne, mais toujours en suivant les recommandations de dosage. Cependant, il est pr\u00e9f\u00e9rable de v\u00e9rifier pour chaque hydrolat sp\u00e9cifique.\"}\" data-sheets-userformat=\"{\"2\":513,\"3\":{\"1\":0},\"12\":0}\">Igen, a legt\u00f6bb hidrol\u00e1tum bels\u0151leg is bevehet\u0151, de mindig k\u00f6vesse az adagol\u00e1si aj\u00e1nl\u00e1sokat. A legjobb azonban, ha minden egyes hidrol\u00e1tum eset\u00e9ben ut\u00e1nan\u00e9z. <\/span><\/p>\n<\/div>\n\t\t\t\t<\/div>\n\t\t\t\t\t\t\t<div class=\"elementor-toggle-item\">\n\t\t\t\t\t<div id=\"elementor-tab-title-8796\" class=\"elementor-tab-title\" data-tab=\"6\" role=\"button\" aria-controls=\"elementor-tab-content-8796\" aria-expanded=\"false\">\n\t\t\t\t\t\t\t\t\t\t\t\t<span class=\"elementor-toggle-icon elementor-toggle-icon-right\" aria-hidden=\"true\">\n\t\t\t\t\t\t\t\t\t\t\t\t\t\t\t<span class=\"elementor-toggle-icon-closed\"><i class=\"fas fa-caret-right\"><\/i><\/span>\n\t\t\t\t\t\t\t\t<span class=\"elementor-toggle-icon-opened\"><i class=\"elementor-toggle-icon-opened fas fa-caret-up\"><\/i><\/span>\n\t\t\t\t\t\t\t\t\t\t\t\t\t<\/span>\n\t\t\t\t\t\t\t\t\t\t\t\t<a class=\"elementor-toggle-title\" tabindex=\"0\">Mi az az ill\u00f3olaj \u00e9s hogyan haszn\u00e1lom?<\/a>\n\t\t\t\t\t<\/div>\n\n\t\t\t\t\t<div id=\"elementor-tab-content-8796\" class=\"elementor-tab-content elementor-clearfix\" data-tab=\"6\" role=\"region\" aria-labelledby=\"elementor-tab-title-8796\"><p><span data-sheets-value=\"{\"1\":2,\"2\":\"Les huiles essentielles sont des extraits de plantes tr\u00e8s concentr\u00e9s obtenus par distillation \u00e0 la vapeur. Elles peuvent \u00eatre utilis\u00e9es de diff\u00e9rentes mani\u00e8res : diffusion, application cutan\u00e9e (toujours dilu\u00e9es dans une huile v\u00e9g\u00e9tale), inhalation, etc.\"}\" data-sheets-userformat=\"{\"2\":513,\"3\":{\"1\":0},\"12\":0}\">Az ill\u00f3olajok magas koncentr\u00e1ci\u00f3j\u00fa n\u00f6v\u00e9nyi kivonatok, amelyeket v\u00edzg\u0151z-desztill\u00e1ci\u00f3val nyernek. T\u00f6bbf\u00e9lek\u00e9ppen haszn\u00e1lhat\u00f3k: diff\u00fazi\u00f3, b\u0151rre t\u00f6rt\u00e9n\u0151 alkalmaz\u00e1s (mindig n\u00f6v\u00e9nyi olajban h\u00edg\u00edtva), inhal\u00e1l\u00e1s stb. <\/span><\/p>\n<\/div>\n\t\t\t\t<\/div>\n\t\t\t\t\t\t\t<div class=\"elementor-toggle-item\">\n\t\t\t\t\t<div id=\"elementor-tab-title-8797\" class=\"elementor-tab-title\" data-tab=\"7\" role=\"button\" aria-controls=\"elementor-tab-content-8797\" aria-expanded=\"false\">\n\t\t\t\t\t\t\t\t\t\t\t\t<span class=\"elementor-toggle-icon elementor-toggle-icon-right\" aria-hidden=\"true\">\n\t\t\t\t\t\t\t\t\t\t\t\t\t\t\t<span class=\"elementor-toggle-icon-closed\"><i class=\"fas fa-caret-right\"><\/i><\/span>\n\t\t\t\t\t\t\t\t<span class=\"elementor-toggle-icon-opened\"><i class=\"elementor-toggle-icon-opened fas fa-caret-up\"><\/i><\/span>\n\t\t\t\t\t\t\t\t\t\t\t\t\t<\/span>\n\t\t\t\t\t\t\t\t\t\t\t\t<a class=\"elementor-toggle-title\" tabindex=\"0\">Hogyan v\u00e1lasszam ki a megfelel\u0151 ill\u00f3olajat az ig\u00e9nyeimnek megfelel\u0151en?<\/a>\n\t\t\t\t\t<\/div>\n\n\t\t\t\t\t<div id=\"elementor-tab-content-8797\" class=\"elementor-tab-content elementor-clearfix\" data-tab=\"7\" role=\"region\" aria-labelledby=\"elementor-tab-title-8797\"><p><span data-sheets-value=\"{\"1\":2,\"2\":\"Choisir la bonne huile essentielle pour r\u00e9pondre \u00e0 vos besoins peut parfois sembler complexe, mais ne vous inqui\u00e9tez pas, il existe plusieurs ressources \u00e0 votre disposition. Des ouvrages de r\u00e9f\u00e9rence aux formations sp\u00e9cialis\u00e9es, en passant par les conseils de professionnels de sant\u00e9 qualifi\u00e9s, vous disposez d'une multitude d'outils pour vous aider dans votre choix. Il est important de trouver la formule qui vous convient le mieux et correspond \u00e0 vos besoins sp\u00e9cifiques. N'oubliez pas que chaque individu est unique et que l'aromath\u00e9rapie doit \u00eatre adapt\u00e9e en fonction de cela.\"}\" data-sheets-userformat=\"{\"2\":513,\"3\":{\"1\":0},\"12\":0}\">A megfelel\u0151 ill\u00f3olaj kiv\u00e1laszt\u00e1sa az \u00d6n ig\u00e9nyeinek megfelel\u0151en n\u00e9ha bonyolultnak t\u0171nhet, de ne agg\u00f3djon, rengeteg forr\u00e1s \u00e1ll az \u00d6n rendelkez\u00e9s\u00e9re. A szakk\u00f6nyvekt\u0151l kezdve a speci\u00e1lis k\u00e9pz\u00e9seken \u00e1t a k\u00e9pzett eg\u00e9szs\u00e9g\u00fcgyi szakemberek tan\u00e1csaiig rengeteg eszk\u00f6z \u00e1ll rendelkez\u00e9sre, hogy seg\u00edtsen \u00d6nnek a v\u00e1laszt\u00e1sban. Fontos, hogy megtal\u00e1lja azt a csomagot, amelyik a legjobban megfelel \u00d6nnek \u00e9s az \u00d6n egyedi ig\u00e9nyeinek. Ne felejtse el, hogy minden egy\u00e9n egyedi, \u00e9s az aromater\u00e1pi\u00e1t ehhez kell igaz\u00edtani.   <\/span><\/p>\n<\/div>\n\t\t\t\t<\/div>\n\t\t\t\t\t\t\t<div class=\"elementor-toggle-item\">\n\t\t\t\t\t<div id=\"elementor-tab-title-8798\" class=\"elementor-tab-title\" data-tab=\"8\" role=\"button\" aria-controls=\"elementor-tab-content-8798\" aria-expanded=\"false\">\n\t\t\t\t\t\t\t\t\t\t\t\t<span class=\"elementor-toggle-icon elementor-toggle-icon-right\" aria-hidden=\"true\">\n\t\t\t\t\t\t\t\t\t\t\t\t\t\t\t<span class=\"elementor-toggle-icon-closed\"><i class=\"fas fa-caret-right\"><\/i><\/span>\n\t\t\t\t\t\t\t\t<span class=\"elementor-toggle-icon-opened\"><i class=\"elementor-toggle-icon-opened fas fa-caret-up\"><\/i><\/span>\n\t\t\t\t\t\t\t\t\t\t\t\t\t<\/span>\n\t\t\t\t\t\t\t\t\t\t\t\t<a class=\"elementor-toggle-title\" tabindex=\"0\">Mi a k\u00fcl\u00f6nbs\u00e9g az ill\u00f3olaj \u00e9s a n\u00f6v\u00e9nyi olaj k\u00f6z\u00f6tt?<\/a>\n\t\t\t\t\t<\/div>\n\n\t\t\t\t\t<div id=\"elementor-tab-content-8798\" class=\"elementor-tab-content elementor-clearfix\" data-tab=\"8\" role=\"region\" aria-labelledby=\"elementor-tab-title-8798\"><p><span data-sheets-value=\"{\"1\":2,\"2\":\"Une huile essentielle est un produit concentr\u00e9 obtenu par distillation \u00e0 la vapeur d'eau de plantes aromatiques. Une huile v\u00e9g\u00e9tale est obtenue par pression \u00e0 froid de parties de plantes riches en corps gras, comme les graines ou les noix. Elle est essentiellement compos\u00e9e de lipides et sert de base nutritive et hydratante pour la peau, elle peut \u00e9galement \u00eatre utilis\u00e9e comme support pour diluer les huiles essentielles lors d'une application cutan\u00e9e.\"}\" data-sheets-userformat=\"{\"2\":513,\"3\":{\"1\":0},\"12\":0}\">Az ill\u00f3olaj arom\u00e1s n\u00f6v\u00e9nyek v\u00edzg\u0151z-desztill\u00e1ci\u00f3j\u00e1val nyert koncentr\u00e1lt term\u00e9k. A n\u00f6v\u00e9nyi olajat zs\u00edrokban gazdag n\u00f6v\u00e9nyek, p\u00e9ld\u00e1ul magvak vagy di\u00f3f\u00e9l\u00e9k hideg sajtol\u00e1s\u00e1val nyerik. Alapvet\u0151en lipidekb\u0151l \u00e1ll, \u00e9s t\u00e1pl\u00e1l\u00f3 \u00e9s hidrat\u00e1l\u00f3 alapanyagk\u00e9nt szolg\u00e1l a b\u0151r sz\u00e1m\u00e1ra. A b\u0151rre kenve hordoz\u00f3k\u00e9nt is haszn\u00e1lhat\u00f3 az ill\u00f3olajok h\u00edg\u00edt\u00e1s\u00e1ra.  <\/span><\/p>\n<\/div>\n\t\t\t\t<\/div>\n\t\t\t\t\t\t\t<div class=\"elementor-toggle-item\">\n\t\t\t\t\t<div id=\"elementor-tab-title-8799\" class=\"elementor-tab-title\" data-tab=\"9\" role=\"button\" aria-controls=\"elementor-tab-content-8799\" aria-expanded=\"false\">\n\t\t\t\t\t\t\t\t\t\t\t\t<span class=\"elementor-toggle-icon elementor-toggle-icon-right\" aria-hidden=\"true\">\n\t\t\t\t\t\t\t\t\t\t\t\t\t\t\t<span class=\"elementor-toggle-icon-closed\"><i class=\"fas fa-caret-right\"><\/i><\/span>\n\t\t\t\t\t\t\t\t<span class=\"elementor-toggle-icon-opened\"><i class=\"elementor-toggle-icon-opened fas fa-caret-up\"><\/i><\/span>\n\t\t\t\t\t\t\t\t\t\t\t\t\t<\/span>\n\t\t\t\t\t\t\t\t\t\t\t\t<a class=\"elementor-toggle-title\" tabindex=\"0\">Biztons\u00e1gosak-e az ill\u00f3olajok a gyermekek \u00e9s a terhes n\u0151k sz\u00e1m\u00e1ra?<\/a>\n\t\t\t\t\t<\/div>\n\n\t\t\t\t\t<div id=\"elementor-tab-content-8799\" class=\"elementor-tab-content elementor-clearfix\" data-tab=\"9\" role=\"region\" aria-labelledby=\"elementor-tab-title-8799\"><p><span data-sheets-value=\"{\"1\":2,\"2\":\"Certaines huiles essentielles sont adapt\u00e9es pour les enfants mais d'autres sont \u00e0 \u00e9viter. Il est important de v\u00e9rifier les informations sur chaque huile avant utilisation et de demander conseil \u00e0 un professionnel de sant\u00e9. Par principe de pr\u00e9caution, l'usage des huiles essentielles est d\u00e9conseill\u00e9 chez la femme enceinte,\"}\" data-sheets-userformat=\"{\"2\":513,\"3\":{\"1\":0},\"12\":0}\">Egyes ill\u00f3olajok alkalmasak gyermekek sz\u00e1m\u00e1ra, m\u00e1sok viszont ker\u00fclend\u0151k. Fontos, hogy haszn\u00e1lat el\u0151tt ellen\u0151rizze az egyes olajokon tal\u00e1lhat\u00f3 inform\u00e1ci\u00f3kat, \u00e9s k\u00e9rjen tan\u00e1csot eg\u00e9szs\u00e9g\u00fcgyi szakembert\u0151l. \u00d3vint\u00e9zked\u00e9sk\u00e9nt az ill\u00f3olajokat terhes n\u0151k nem haszn\u00e1lhatj\u00e1k,  <\/span><\/p>\n<\/div>\n\t\t\t\t<\/div>\n\t\t\t\t\t\t\t<div class=\"elementor-toggle-item\">\n\t\t\t\t\t<div id=\"elementor-tab-title-87910\" class=\"elementor-tab-title\" data-tab=\"10\" role=\"button\" aria-controls=\"elementor-tab-content-87910\" aria-expanded=\"false\">\n\t\t\t\t\t\t\t\t\t\t\t\t<span class=\"elementor-toggle-icon elementor-toggle-icon-right\" aria-hidden=\"true\">\n\t\t\t\t\t\t\t\t\t\t\t\t\t\t\t<span class=\"elementor-toggle-icon-closed\"><i class=\"fas fa-caret-right\"><\/i><\/span>\n\t\t\t\t\t\t\t\t<span class=\"elementor-toggle-icon-opened\"><i class=\"elementor-toggle-icon-opened fas fa-caret-up\"><\/i><\/span>\n\t\t\t\t\t\t\t\t\t\t\t\t\t<\/span>\n\t\t\t\t\t\t\t\t\t\t\t\t<a class=\"elementor-toggle-title\" tabindex=\"0\">Hogyan t\u00e1roljam megfelel\u0151en az ill\u00f3olajokat?<\/a>\n\t\t\t\t\t<\/div>\n\n\t\t\t\t\t<div id=\"elementor-tab-content-87910\" class=\"elementor-tab-content elementor-clearfix\" data-tab=\"10\" role=\"region\" aria-labelledby=\"elementor-tab-title-87910\"><p><span data-sheets-value=\"{\"1\":2,\"2\":\"Les huiles essentielles doivent \u00eatre conserv\u00e9es \u00e0 l'abri de la lumi\u00e8re, de la chaleur et de l'humidit\u00e9 pour conserver toutes leurs propri\u00e9t\u00e9s.\"}\" data-sheets-userformat=\"{\"2\":513,\"3\":{\"1\":0},\"12\":0}\">Az ill\u00f3olajokat f\u00e9nyt\u0151l, h\u0151t\u0151l \u00e9s nedvess\u00e9gt\u0151l t\u00e1vol kell tartani, hogy meg\u0151rizz\u00e9k minden tulajdons\u00e1gukat.<\/span><\/p>\n<\/div>\n\t\t\t\t<\/div>\n\t\t\t\t\t\t\t<div class=\"elementor-toggle-item\">\n\t\t\t\t\t<div id=\"elementor-tab-title-87911\" class=\"elementor-tab-title\" data-tab=\"11\" role=\"button\" aria-controls=\"elementor-tab-content-87911\" aria-expanded=\"false\">\n\t\t\t\t\t\t\t\t\t\t\t\t<span class=\"elementor-toggle-icon elementor-toggle-icon-right\" aria-hidden=\"true\">\n\t\t\t\t\t\t\t\t\t\t\t\t\t\t\t<span class=\"elementor-toggle-icon-closed\"><i class=\"fas fa-caret-right\"><\/i><\/span>\n\t\t\t\t\t\t\t\t<span class=\"elementor-toggle-icon-opened\"><i class=\"elementor-toggle-icon-opened fas fa-caret-up\"><\/i><\/span>\n\t\t\t\t\t\t\t\t\t\t\t\t\t<\/span>\n\t\t\t\t\t\t\t\t\t\t\t\t<a class=\"elementor-toggle-title\" tabindex=\"0\">Mi az a hidrol\u00e1t \u00e9s hogyan kell haszn\u00e1lni?<\/a>\n\t\t\t\t\t<\/div>\n\n\t\t\t\t\t<div id=\"elementor-tab-content-87911\" class=\"elementor-tab-content elementor-clearfix\" data-tab=\"11\" role=\"region\" aria-labelledby=\"elementor-tab-title-87911\"><p><span data-sheets-value=\"{\"1\":2,\"2\":\"Un hydrolat est l'eau de distillation des plantes, recueillie en m\u00eame temps que l'huile essentielle. Il est moins concentr\u00e9 en principes actifs que l'huile essentielle et peut \u00eatre utilis\u00e9 en lotion pour le visage, dans le bain, en cuisine...\"}\" data-sheets-userformat=\"{\"2\":513,\"3\":{\"1\":0},\"12\":0}\">A hidrol a n\u00f6v\u00e9nyekb\u0151l desztill\u00e1lt v\u00edz, amelyet az ill\u00f3olajjal egy id\u0151ben gy\u0171jtenek. Kevesebb hat\u00f3anyagot tartalmaz, mint az ill\u00f3olaj, \u00e9s haszn\u00e1lhat\u00f3 arckr\u00e9mk\u00e9nt, f\u00fcrd\u0151k\u00e1dban, f\u0151z\u00e9shez stb. <\/span><\/p>\n<\/div>\n\t\t\t\t<\/div>\n\t\t\t\t\t\t\t<div class=\"elementor-toggle-item\">\n\t\t\t\t\t<div id=\"elementor-tab-title-87912\" class=\"elementor-tab-title\" data-tab=\"12\" role=\"button\" aria-controls=\"elementor-tab-content-87912\" aria-expanded=\"false\">\n\t\t\t\t\t\t\t\t\t\t\t\t<span class=\"elementor-toggle-icon elementor-toggle-icon-right\" aria-hidden=\"true\">\n\t\t\t\t\t\t\t\t\t\t\t\t\t\t\t<span class=\"elementor-toggle-icon-closed\"><i class=\"fas fa-caret-right\"><\/i><\/span>\n\t\t\t\t\t\t\t\t<span class=\"elementor-toggle-icon-opened\"><i class=\"elementor-toggle-icon-opened fas fa-caret-up\"><\/i><\/span>\n\t\t\t\t\t\t\t\t\t\t\t\t\t<\/span>\n\t\t\t\t\t\t\t\t\t\t\t\t<a class=\"elementor-toggle-title\" tabindex=\"0\">Hogyan desztill\u00e1lja az ill\u00f3olajokat?<\/a>\n\t\t\t\t\t<\/div>\n\n\t\t\t\t\t<div id=\"elementor-tab-content-87912\" class=\"elementor-tab-content elementor-clearfix\" data-tab=\"12\" role=\"region\" aria-labelledby=\"elementor-tab-title-87912\"><p><span data-sheets-value=\"{\"1\":2,\"2\":\"Nous distillons nos huiles essentielles en respectant un proc\u00e9d\u00e9 traditionnel de distillation \u00e0 la vapeur d'eau. Cela permet d'obtenir une huile de tr\u00e8s haute qualit\u00e9, riche en principes actifs et authentique.\"}\" data-sheets-userformat=\"{\"2\":513,\"3\":{\"1\":0},\"12\":0}\">Ill\u00f3olajainkat hagyom\u00e1nyos v\u00edzg\u0151z-desztill\u00e1ci\u00f3s elj\u00e1r\u00e1ssal desztill\u00e1ljuk. Ez nagyon j\u00f3 min\u0151s\u00e9g\u0171, hat\u00f3anyagokban gazdag \u00e9s hiteles olajat eredm\u00e9nyez. <\/span><\/p>\n<\/div>\n\t\t\t\t<\/div>\n\t\t\t\t\t\t\t<div class=\"elementor-toggle-item\">\n\t\t\t\t\t<div id=\"elementor-tab-title-87913\" class=\"elementor-tab-title\" data-tab=\"13\" role=\"button\" aria-controls=\"elementor-tab-content-87913\" aria-expanded=\"false\">\n\t\t\t\t\t\t\t\t\t\t\t\t<span class=\"elementor-toggle-icon elementor-toggle-icon-right\" aria-hidden=\"true\">\n\t\t\t\t\t\t\t\t\t\t\t\t\t\t\t<span class=\"elementor-toggle-icon-closed\"><i class=\"fas fa-caret-right\"><\/i><\/span>\n\t\t\t\t\t\t\t\t<span class=\"elementor-toggle-icon-opened\"><i class=\"elementor-toggle-icon-opened fas fa-caret-up\"><\/i><\/span>\n\t\t\t\t\t\t\t\t\t\t\t\t\t<\/span>\n\t\t\t\t\t\t\t\t\t\t\t\t<a class=\"elementor-toggle-title\" tabindex=\"0\">Term\u00e9kei bio- \u00e9s k\u00f6rnyezetbar\u00e1tok?<\/a>\n\t\t\t\t\t<\/div>\n\n\t\t\t\t\t<div id=\"elementor-tab-content-87913\" class=\"elementor-tab-content elementor-clearfix\" data-tab=\"13\" role=\"region\" aria-labelledby=\"elementor-tab-title-87913\"><p><span data-sheets-value=\"{\"1\":2,\"2\":\"Oui, tous nos produits sont bio et respectueux de l'environnement. Nous nous engageons \u00e0 respecter la nature et \u00e0 pratiquer une agriculture biologique.\"}\" data-sheets-userformat=\"{\"2\":513,\"3\":{\"1\":0},\"12\":0}\">Igen, minden term\u00e9k\u00fcnk bio \u00e9s k\u00f6rnyezetbar\u00e1t. Elk\u00f6telezettek vagyunk a term\u00e9szet tisztelete \u00e9s a biogazd\u00e1lkod\u00e1s gyakorl\u00e1sa mellett. <\/span><\/p>\n<\/div>\n\t\t\t\t<\/div>\n\t\t\t\t\t\t\t<div class=\"elementor-toggle-item\">\n\t\t\t\t\t<div id=\"elementor-tab-title-87914\" class=\"elementor-tab-title\" data-tab=\"14\" role=\"button\" aria-controls=\"elementor-tab-content-87914\" aria-expanded=\"false\">\n\t\t\t\t\t\t\t\t\t\t\t\t<span class=\"elementor-toggle-icon elementor-toggle-icon-right\" aria-hidden=\"true\">\n\t\t\t\t\t\t\t\t\t\t\t\t\t\t\t<span class=\"elementor-toggle-icon-closed\"><i class=\"fas fa-caret-right\"><\/i><\/span>\n\t\t\t\t\t\t\t\t<span class=\"elementor-toggle-icon-opened\"><i class=\"elementor-toggle-icon-opened fas fa-caret-up\"><\/i><\/span>\n\t\t\t\t\t\t\t\t\t\t\t\t\t<\/span>\n\t\t\t\t\t\t\t\t\t\t\t\t<a class=\"elementor-toggle-title\" tabindex=\"0\">Mit kell tennem, ha allergi\u00e1s reakci\u00f3t tapasztalok valamelyik term\u00e9k\u00fckre?<\/a>\n\t\t\t\t\t<\/div>\n\n\t\t\t\t\t<div id=\"elementor-tab-content-87914\" class=\"elementor-tab-content elementor-clearfix\" data-tab=\"14\" role=\"region\" aria-labelledby=\"elementor-tab-title-87914\"><p><span data-sheets-value=\"{\"1\":2,\"2\":\"Si vous avez une r\u00e9action allergique \u00e0 l'un de nos produits, arr\u00eatez imm\u00e9diatement son utilisation et consultez un professionnel de sant\u00e9. N'h\u00e9sitez pas \u00e0 nous contacter pour nous informer de la situation.\"}\" data-sheets-userformat=\"{\"2\":513,\"3\":{\"1\":0},\"12\":0}\">Ha b\u00e1rmelyik term\u00e9k\u00fcnkre allergi\u00e1s reakci\u00f3t tapasztal, azonnal hagyja abba a haszn\u00e1lat\u00e1t, \u00e9s forduljon eg\u00e9szs\u00e9g\u00fcgyi szakemberhez. Ne habozzon kapcsolatba l\u00e9pni vel\u00fcnk, hogy t\u00e1j\u00e9koztasson minket a helyzetr\u0151l. <\/span><\/p>\n<\/div>\n\t\t\t\t<\/div>\n\t\t\t\t\t\t\t<div class=\"elementor-toggle-item\">\n\t\t\t\t\t<div id=\"elementor-tab-title-87915\" class=\"elementor-tab-title\" data-tab=\"15\" role=\"button\" aria-controls=\"elementor-tab-content-87915\" aria-expanded=\"false\">\n\t\t\t\t\t\t\t\t\t\t\t\t<span class=\"elementor-toggle-icon elementor-toggle-icon-right\" aria-hidden=\"true\">\n\t\t\t\t\t\t\t\t\t\t\t\t\t\t\t<span class=\"elementor-toggle-icon-closed\"><i class=\"fas fa-caret-right\"><\/i><\/span>\n\t\t\t\t\t\t\t\t<span class=\"elementor-toggle-icon-opened\"><i class=\"elementor-toggle-icon-opened fas fa-caret-up\"><\/i><\/span>\n\t\t\t\t\t\t\t\t\t\t\t\t\t<\/span>\n\t\t\t\t\t\t\t\t\t\t\t\t<a class=\"elementor-toggle-title\" tabindex=\"0\">Hogyan vehetek r\u00e9szt valamelyik desztill\u00e1l\u00f3 vagy gy\u00f3gyn\u00f6v\u00e9ny-felfedez\u0151 workshopon?<\/a>\n\t\t\t\t\t<\/div>\n\n\t\t\t\t\t<div id=\"elementor-tab-content-87915\" class=\"elementor-tab-content elementor-clearfix\" data-tab=\"15\" role=\"region\" aria-labelledby=\"elementor-tab-title-87915\"><p><span data-sheets-value=\"{\"1\":2,\"2\":\"Pour participer \u00e0 nos ateliers, vous pouvez vous inscrire directement sur notre site internet ou nous contacter par email. Les dates et les d\u00e9tails des ateliers sont r\u00e9guli\u00e8rement mis \u00e0 jour sur notre site.\"}\" data-sheets-userformat=\"{\"2\":513,\"3\":{\"1\":0},\"12\":0}\">Ha r\u00e9szt szeretne venni m\u0171helymunk\u00e1inkon, regisztr\u00e1ljon k\u00f6zvetlen\u00fcl a weboldalunkon, vagy l\u00e9pjen kapcsolatba vel\u00fcnk e-mailben. A workshopok id\u0151pontjait \u00e9s r\u00e9szleteit rendszeresen friss\u00edtj\u00fck weboldalunkon. <\/span><\/p>\n<\/div>\n\t\t\t\t<\/div>\n\t\t\t\t\t\t\t<div class=\"elementor-toggle-item\">\n\t\t\t\t\t<div id=\"elementor-tab-title-87916\" class=\"elementor-tab-title\" data-tab=\"16\" role=\"button\" aria-controls=\"elementor-tab-content-87916\" aria-expanded=\"false\">\n\t\t\t\t\t\t\t\t\t\t\t\t<span class=\"elementor-toggle-icon elementor-toggle-icon-right\" aria-hidden=\"true\">\n\t\t\t\t\t\t\t\t\t\t\t\t\t\t\t<span class=\"elementor-toggle-icon-closed\"><i class=\"fas fa-caret-right\"><\/i><\/span>\n\t\t\t\t\t\t\t\t<span class=\"elementor-toggle-icon-opened\"><i class=\"elementor-toggle-icon-opened fas fa-caret-up\"><\/i><\/span>\n\t\t\t\t\t\t\t\t\t\t\t\t\t<\/span>\n\t\t\t\t\t\t\t\t\t\t\t\t<a class=\"elementor-toggle-title\" tabindex=\"0\">Hogyan haszn\u00e1lhatok prom\u00f3ci\u00f3s k\u00f3dot az oldalukon?<\/a>\n\t\t\t\t\t<\/div>\n\n\t\t\t\t\t<div id=\"elementor-tab-content-87916\" class=\"elementor-tab-content elementor-clearfix\" data-tab=\"16\" role=\"region\" aria-labelledby=\"elementor-tab-title-87916\"><p><span data-sheets-value=\"{\"1\":2,\"2\":\"Pour utiliser un code promo, il suffit de le saisir dans le champ pr\u00e9vu \u00e0 cet effet lors de la validation de votre commande.\"}\" data-sheets-userformat=\"{\"2\":513,\"3\":{\"1\":0},\"12\":0}\">A prom\u00f3ci\u00f3s k\u00f3d haszn\u00e1lat\u00e1hoz egyszer\u0171en \u00edrja be azt a megrendel\u00e9s \u00e9rv\u00e9nyes\u00edt\u00e9sekor a megadott mez\u0151be.<\/span><\/p>\n<\/div>\n\t\t\t\t<\/div>\n\t\t\t\t\t\t\t<div class=\"elementor-toggle-item\">\n\t\t\t\t\t<div id=\"elementor-tab-title-87917\" class=\"elementor-tab-title\" data-tab=\"17\" role=\"button\" aria-controls=\"elementor-tab-content-87917\" aria-expanded=\"false\">\n\t\t\t\t\t\t\t\t\t\t\t\t<span class=\"elementor-toggle-icon elementor-toggle-icon-right\" aria-hidden=\"true\">\n\t\t\t\t\t\t\t\t\t\t\t\t\t\t\t<span class=\"elementor-toggle-icon-closed\"><i class=\"fas fa-caret-right\"><\/i><\/span>\n\t\t\t\t\t\t\t\t<span class=\"elementor-toggle-icon-opened\"><i class=\"elementor-toggle-icon-opened fas fa-caret-up\"><\/i><\/span>\n\t\t\t\t\t\t\t\t\t\t\t\t\t<\/span>\n\t\t\t\t\t\t\t\t\t\t\t\t<a class=\"elementor-toggle-title\" tabindex=\"0\">K\u00edn\u00e1l szem\u00e9lyre szabott aromater\u00e1pi\u00e1s tan\u00e1csad\u00e1st?<\/a>\n\t\t\t\t\t<\/div>\n\n\t\t\t\t\t<div id=\"elementor-tab-content-87917\" class=\"elementor-tab-content elementor-clearfix\" data-tab=\"17\" role=\"region\" aria-labelledby=\"elementor-tab-title-87917\"><p><span data-sheets-value=\"{\"1\":2,\"2\":\"Oui, chez Boemia, nous comprenons que chaque individu a des besoins sp\u00e9cifiques en mati\u00e8re de bien-\u00eatre. Bien que nous ne soyons pas en mesure de fournir des conseils personnalis\u00e9s en aromath\u00e9rapie directement, nous avons \u00e9tabli des partenariats avec des th\u00e9rapeutes qualifi\u00e9s dans le domaine. Ils pourront vous aider \u00e0 explorer comment les huiles essentielles peuvent r\u00e9pondre \u00e0 vos besoins personnels de sant\u00e9 et de bien-\u00eatre. Si vous souhaitez un conseil personnalis\u00e9, n'h\u00e9sitez pas \u00e0 nous contacter.\"}\" data-sheets-userformat=\"{\"2\":513,\"3\":{\"1\":0},\"12\":0}\">Igen, a Boemi\u00e1n\u00e1l meg\u00e9rtj\u00fck, hogy minden egy\u00e9nnek saj\u00e1tos wellness ig\u00e9nyei vannak. B\u00e1r k\u00f6zvetlen\u00fcl nem tudunk szem\u00e9lyre szabott aromater\u00e1pi\u00e1s tan\u00e1csad\u00e1st ny\u00fajtani, a ter\u00fcleten k\u00e9pzett terapeut\u00e1kkal k\u00f6t\u00f6tt\u00fcnk partners\u00e9get. \u0150k seg\u00edteni tudnak \u00d6nnek felfedezni, hogy az ill\u00f3olajok hogyan felelhetnek meg az \u00d6n szem\u00e9lyes eg\u00e9szs\u00e9g\u00fcgyi \u00e9s j\u00f3ll\u00e9ti ig\u00e9nyeinek. Ha szem\u00e9lyre szabott tan\u00e1csad\u00e1st szeretne, k\u00e9rj\u00fck, forduljon hozz\u00e1nk bizalommal.   <\/span><\/p>\n<\/div>\n\t\t\t\t<\/div>\n\t\t\t\t\t\t\t<div class=\"elementor-toggle-item\">\n\t\t\t\t\t<div id=\"elementor-tab-title-87918\" class=\"elementor-tab-title\" data-tab=\"18\" role=\"button\" aria-controls=\"elementor-tab-content-87918\" aria-expanded=\"false\">\n\t\t\t\t\t\t\t\t\t\t\t\t<span class=\"elementor-toggle-icon elementor-toggle-icon-right\" aria-hidden=\"true\">\n\t\t\t\t\t\t\t\t\t\t\t\t\t\t\t<span class=\"elementor-toggle-icon-closed\"><i class=\"fas fa-caret-right\"><\/i><\/span>\n\t\t\t\t\t\t\t\t<span class=\"elementor-toggle-icon-opened\"><i class=\"elementor-toggle-icon-opened fas fa-caret-up\"><\/i><\/span>\n\t\t\t\t\t\t\t\t\t\t\t\t\t<\/span>\n\t\t\t\t\t\t\t\t\t\t\t\t<a class=\"elementor-toggle-title\" tabindex=\"0\">Hogyan haszn\u00e1lhatok prom\u00f3ci\u00f3s k\u00f3dot az oldalukon?<\/a>\n\t\t\t\t\t<\/div>\n\n\t\t\t\t\t<div id=\"elementor-tab-content-87918\" class=\"elementor-tab-content elementor-clearfix\" data-tab=\"18\" role=\"region\" aria-labelledby=\"elementor-tab-title-87918\"><p><span data-sheets-value=\"{\"1\":2,\"2\":\"Pour utiliser un code promo, il suffit de le saisir dans le champ pr\u00e9vu \u00e0 cet effet lors de la validation de votre commande.\"}\" data-sheets-userformat=\"{\"2\":513,\"3\":{\"1\":0},\"12\":0}\">A prom\u00f3ci\u00f3s k\u00f3d haszn\u00e1lat\u00e1hoz egyszer\u0171en \u00edrja be azt a megrendel\u00e9s \u00e9rv\u00e9nyes\u00edt\u00e9sekor a megadott mez\u0151be.<\/span><\/p>\n<\/div>\n\t\t\t\t<\/div>\n\t\t\t\t\t\t\t<div class=\"elementor-toggle-item\">\n\t\t\t\t\t<div id=\"elementor-tab-title-87919\" class=\"elementor-tab-title\" data-tab=\"19\" role=\"button\" aria-controls=\"elementor-tab-content-87919\" aria-expanded=\"false\">\n\t\t\t\t\t\t\t\t\t\t\t\t<span class=\"elementor-toggle-icon elementor-toggle-icon-right\" aria-hidden=\"true\">\n\t\t\t\t\t\t\t\t\t\t\t\t\t\t\t<span class=\"elementor-toggle-icon-closed\"><i class=\"fas fa-caret-right\"><\/i><\/span>\n\t\t\t\t\t\t\t\t<span class=\"elementor-toggle-icon-opened\"><i class=\"elementor-toggle-icon-opened fas fa-caret-up\"><\/i><\/span>\n\t\t\t\t\t\t\t\t\t\t\t\t\t<\/span>\n\t\t\t\t\t\t\t\t\t\t\t\t<a class=\"elementor-toggle-title\" tabindex=\"0\">K\u00edn\u00e1l szem\u00e9lyre szabott aromater\u00e1pi\u00e1s tan\u00e1csad\u00e1st?<\/a>\n\t\t\t\t\t<\/div>\n\n\t\t\t\t\t<div id=\"elementor-tab-content-87919\" class=\"elementor-tab-content elementor-clearfix\" data-tab=\"19\" role=\"region\" aria-labelledby=\"elementor-tab-title-87919\"><p><span data-sheets-value=\"{\"1\":2,\"2\":\"Oui, chez Boemia, nous comprenons que chaque individu a des besoins sp\u00e9cifiques en mati\u00e8re de bien-\u00eatre. Bien que nous ne soyons pas en mesure de fournir des conseils personnalis\u00e9s en aromath\u00e9rapie directement, nous avons \u00e9tabli des partenariats avec des th\u00e9rapeutes qualifi\u00e9s dans le domaine. Ils pourront vous aider \u00e0 explorer comment les huiles essentielles peuvent r\u00e9pondre \u00e0 vos besoins personnels de sant\u00e9 et de bien-\u00eatre. Si vous souhaitez un conseil personnalis\u00e9, n'h\u00e9sitez pas \u00e0 nous contacter.\"}\" data-sheets-userformat=\"{\"2\":513,\"3\":{\"1\":0},\"12\":0}\">Igen, a Boemi\u00e1n\u00e1l meg\u00e9rtj\u00fck, hogy minden egy\u00e9nnek saj\u00e1tos wellness ig\u00e9nyei vannak. B\u00e1r k\u00f6zvetlen\u00fcl nem tudunk szem\u00e9lyre szabott aromater\u00e1pi\u00e1s tan\u00e1csad\u00e1st ny\u00fajtani, a ter\u00fcleten k\u00e9pzett terapeut\u00e1kkal k\u00f6t\u00f6tt\u00fcnk partners\u00e9get. \u0150k seg\u00edteni tudnak \u00d6nnek felfedezni, hogy az ill\u00f3olajok hogyan felelhetnek meg az \u00d6n szem\u00e9lyes eg\u00e9szs\u00e9g\u00fcgyi \u00e9s j\u00f3ll\u00e9ti ig\u00e9nyeinek. Ha szem\u00e9lyre szabott tan\u00e1csad\u00e1st szeretne, k\u00e9rj\u00fck, forduljon hozz\u00e1nk bizalommal.   <\/span><\/p>\n<\/div>\n\t\t\t\t<\/div>\n\t\t\t\t\t\t\t<div class=\"elementor-toggle-item\">\n\t\t\t\t\t<div id=\"elementor-tab-title-87920\" class=\"elementor-tab-title\" data-tab=\"20\" role=\"button\" aria-controls=\"elementor-tab-content-87920\" aria-expanded=\"false\">\n\t\t\t\t\t\t\t\t\t\t\t\t<span class=\"elementor-toggle-icon elementor-toggle-icon-right\" aria-hidden=\"true\">\n\t\t\t\t\t\t\t\t\t\t\t\t\t\t\t<span class=\"elementor-toggle-icon-closed\"><i class=\"fas fa-caret-right\"><\/i><\/span>\n\t\t\t\t\t\t\t\t<span class=\"elementor-toggle-icon-opened\"><i class=\"elementor-toggle-icon-opened fas fa-caret-up\"><\/i><\/span>\n\t\t\t\t\t\t\t\t\t\t\t\t\t<\/span>\n\t\t\t\t\t\t\t\t\t\t\t\t<a class=\"elementor-toggle-title\" tabindex=\"0\">Hol tal\u00e1lhat\u00f3 a szeszf\u0151zde, \u00e9s l\u00e1togathat\u00f3-e?<\/a>\n\t\t\t\t\t<\/div>\n\n\t\t\t\t\t<div id=\"elementor-tab-content-87920\" class=\"elementor-tab-content elementor-clearfix\" data-tab=\"20\" role=\"region\" aria-labelledby=\"elementor-tab-title-87920\"><p><span data-sheets-value=\"{\"1\":2,\"2\":\"Notre distillerie est situ\u00e9e \u00e0 Montlaur, \u00e0 30 minutes de Carcassonne et 1h de Narbonne. Vous pouvez la visiter lors de nos ateliers ou sur rendez-vous.\"}\" data-sheets-userformat=\"{\"2\":513,\"3\":{\"1\":0},\"12\":0}\">P\u00e1rlat\u00fczem\u00fcnk Montlaurban tal\u00e1lhat\u00f3, 30 percre Carcassonne-t\u00f3l \u00e9s 1 \u00f3r\u00e1ra Narbonne-t\u00f3l. Megl\u00e1togathatja m\u0171helyeink alatt vagy el\u0151zetes bejelentkez\u00e9s alapj\u00e1n. <\/span><\/p>\n<\/div>\n\t\t\t\t<\/div>\n\t\t\t\t\t\t\t\t\t\t<script type=\"application\/ld+json\">{\"@context\":\"https:\\\/\\\/schema.org\",\"@type\":\"FAQPage\",\"mainEntity\":[{\"@type\":\"Question\",\"name\":\"Hogyan kezeli a k\\u00fclf\\u00f6ldi eredet\\u0171 ill\\u00f3olajokat, p\\u00e9ld\\u00e1ul a madagaszk\\u00e1ri Ravintsara ill\\u00f3olajat?\",\"acceptedAnswer\":{\"@type\":\"Answer\",\"text\":\"<p><span data-sheets-value=\\\"{\\\"1\\\":2,\\\"2\\\":\\\"Nous travaillons avec des producteurs locaux de confiance dans chaque pays d'origine de nos huiles essentielles. Ces producteurs sont s\\u00e9lectionn\\u00e9s pour leur engagement envers la qualit\\u00e9 et l'\\u00e9thique. \\\"}\\\" data-sheets-userformat=\\\"{\\\"2\\\":513,\\\"3\\\":{\\\"1\\\":0},\\\"12\\\":0}\\\">Ill\\u00f3olajaink sz\\u00e1rmaz\\u00e1si orsz\\u00e1gaiban megb\\u00edzhat\\u00f3 helyi termel\\u0151kkel dolgozunk egy\\u00fctt. Ezeket a termel\\u0151ket a min\\u0151s\\u00e9g \\u00e9s az etika ir\\u00e1nti elk\\u00f6telezetts\\u00e9g\\u00fck alapj\\u00e1n v\\u00e1lasztottuk ki.  <\\\/span><\\\/p>\\n\"}},{\"@type\":\"Question\",\"name\":\"Mi\\u00e9rt nincs adagol\\u00e1si inform\\u00e1ci\\u00f3 a palackokon?\",\"acceptedAnswer\":{\"@type\":\"Answer\",\"text\":\"<p><span data-sheets-value=\\\"{\\\"1\\\":2,\\\"2\\\":\\\"La l\\u00e9gislation en vigueur ne nous permet pas de donner des conseils de posologie sur nos bouteilles d'huiles essentielles. Nous vous recommandons de consulter un professionnel de sant\\u00e9 ou un ouvrage sp\\u00e9cialis\\u00e9 pour conna\\u00eetre les dosages appropri\\u00e9s.\\\"}\\\" data-sheets-userformat=\\\"{\\\"2\\\":513,\\\"3\\\":{\\\"1\\\":0},\\\"12\\\":0}\\\">A jelenlegi jogszab\\u00e1lyok nem teszik lehet\\u0151v\\u00e9, hogy adagol\\u00e1si tan\\u00e1csokat adjunk az ill\\u00f3olajos \\u00fcvegeken. Javasoljuk, hogy a megfelel\\u0151 adagol\\u00e1s meg\\u00e1llap\\u00edt\\u00e1s\\u00e1hoz forduljon eg\\u00e9szs\\u00e9g\\u00fcgyi szakemberhez vagy szakk\\u00f6nyvh\\u00f6z. <\\\/span><\\\/p>\\n\"}},{\"@type\":\"Question\",\"name\":\"Hogyan haszn\\u00e1lhatom a hidroszolt?\",\"acceptedAnswer\":{\"@type\":\"Answer\",\"text\":\"<p><span data-sheets-value=\\\"{\\\"1\\\":2,\\\"2\\\":\\\"Les hydrolats peuvent \\u00eatre utilis\\u00e9s de diff\\u00e9rentes fa\\u00e7ons. Vous pouvez les vaporiser sur votre peau comme tonique, les ajouter \\u00e0 votre bain, ou m\\u00eame les utiliser en cuisine. Comme toujours, assurez-vous de respecter les recommandations d'usage et de dosage.\\\"}\\\" data-sheets-userformat=\\\"{\\\"2\\\":513,\\\"3\\\":{\\\"1\\\":0},\\\"12\\\":0}\\\">A hidroszolok sokf\\u00e9lek\\u00e9ppen haszn\\u00e1lhat\\u00f3k. F\\u00fajhatod \\u0151ket a b\\u0151r\\u00f6dre tonikusk\\u00e9nt, adhatod a f\\u00fcrd\\u0151dh\\u00f6z, vagy ak\\u00e1r a f\\u0151z\\u00e9shez is haszn\\u00e1lhatod \\u0151ket. Mint mindig, most is \\u00fcgyeljen arra, hogy k\\u00f6vesse a haszn\\u00e1latra \\u00e9s az adagol\\u00e1sra vonatkoz\\u00f3 aj\\u00e1nl\\u00e1sokat.  <\\\/span><\\\/p>\\n\"}},{\"@type\":\"Question\",\"name\":\"Hogyan haszn\\u00e1ljak ill\\u00f3olajat?\",\"acceptedAnswer\":{\"@type\":\"Answer\",\"text\":\"<p><span data-sheets-value=\\\"{\\\"1\\\":2,\\\"2\\\":\\\"Les huiles essentielles peuvent \\u00eatre diffus\\u00e9es, appliqu\\u00e9es sur la peau (toujours dilu\\u00e9es) , ing\\u00e9r\\u00e9es, ou utilis\\u00e9es en inhalation. L'utilisation pr\\u00e9cise d\\u00e9pend de l'huile essentielle et de votre besoin sp\\u00e9cifique. Nous vous recommandons de consulter un professionnel de sant\\u00e9 ou un livre sp\\u00e9cialis\\u00e9 avant utilisation.\\\"}\\\" data-sheets-userformat=\\\"{\\\"2\\\":513,\\\"3\\\":{\\\"1\\\":0},\\\"12\\\":0}\\\">Az ill\\u00f3olajok diff\\u00fazan, b\\u0151rre kenve (mindig h\\u00edg\\u00edtva), lenyelve vagy bel\\u00e9legezve is haszn\\u00e1lhat\\u00f3k. A pontos felhaszn\\u00e1l\\u00e1s az ill\\u00f3olajt\\u00f3l \\u00e9s az \\u00d6n konkr\\u00e9t ig\\u00e9nyeit\\u0151l f\\u00fcgg. Javasoljuk, hogy haszn\\u00e1lat el\\u0151tt konzult\\u00e1ljon eg\\u00e9szs\\u00e9g\\u00fcgyi szakemberrel vagy szakk\\u00f6nyvvel.  <\\\/span><\\\/p>\\n\"}},{\"@type\":\"Question\",\"name\":\"Ihatok hidrol\\u00e1tumot?\",\"acceptedAnswer\":{\"@type\":\"Answer\",\"text\":\"<p><span data-sheets-value=\\\"{\\\"1\\\":2,\\\"2\\\":\\\"Oui, la plupart des hydrolats peuvent \\u00eatre consomm\\u00e9s en interne, mais toujours en suivant les recommandations de dosage. Cependant, il est pr\\u00e9f\\u00e9rable de v\\u00e9rifier pour chaque hydrolat sp\\u00e9cifique.\\\"}\\\" data-sheets-userformat=\\\"{\\\"2\\\":513,\\\"3\\\":{\\\"1\\\":0},\\\"12\\\":0}\\\">Igen, a legt\\u00f6bb hidrol\\u00e1tum bels\\u0151leg is bevehet\\u0151, de mindig k\\u00f6vesse az adagol\\u00e1si aj\\u00e1nl\\u00e1sokat. A legjobb azonban, ha minden egyes hidrol\\u00e1tum eset\\u00e9ben ut\\u00e1nan\\u00e9z. <\\\/span><\\\/p>\\n\"}},{\"@type\":\"Question\",\"name\":\"Mi az az ill\\u00f3olaj \\u00e9s hogyan haszn\\u00e1lom?\",\"acceptedAnswer\":{\"@type\":\"Answer\",\"text\":\"<p><span data-sheets-value=\\\"{\\\"1\\\":2,\\\"2\\\":\\\"Les huiles essentielles sont des extraits de plantes tr\\u00e8s concentr\\u00e9s obtenus par distillation \\u00e0 la vapeur. Elles peuvent \\u00eatre utilis\\u00e9es de diff\\u00e9rentes mani\\u00e8res : diffusion, application cutan\\u00e9e (toujours dilu\\u00e9es dans une huile v\\u00e9g\\u00e9tale), inhalation, etc.\\\"}\\\" data-sheets-userformat=\\\"{\\\"2\\\":513,\\\"3\\\":{\\\"1\\\":0},\\\"12\\\":0}\\\">Az ill\\u00f3olajok magas koncentr\\u00e1ci\\u00f3j\\u00fa n\\u00f6v\\u00e9nyi kivonatok, amelyeket v\\u00edzg\\u0151z-desztill\\u00e1ci\\u00f3val nyernek. T\\u00f6bbf\\u00e9lek\\u00e9ppen haszn\\u00e1lhat\\u00f3k: diff\\u00fazi\\u00f3, b\\u0151rre t\\u00f6rt\\u00e9n\\u0151 alkalmaz\\u00e1s (mindig n\\u00f6v\\u00e9nyi olajban h\\u00edg\\u00edtva), inhal\\u00e1l\\u00e1s stb. <\\\/span><\\\/p>\\n\"}},{\"@type\":\"Question\",\"name\":\"Hogyan v\\u00e1lasszam ki a megfelel\\u0151 ill\\u00f3olajat az ig\\u00e9nyeimnek megfelel\\u0151en?\",\"acceptedAnswer\":{\"@type\":\"Answer\",\"text\":\"<p><span data-sheets-value=\\\"{\\\"1\\\":2,\\\"2\\\":\\\"Choisir la bonne huile essentielle pour r\\u00e9pondre \\u00e0 vos besoins peut parfois sembler complexe, mais ne vous inqui\\u00e9tez pas, il existe plusieurs ressources \\u00e0 votre disposition. Des ouvrages de r\\u00e9f\\u00e9rence aux formations sp\\u00e9cialis\\u00e9es, en passant par les conseils de professionnels de sant\\u00e9 qualifi\\u00e9s, vous disposez d'une multitude d'outils pour vous aider dans votre choix. Il est important de trouver la formule qui vous convient le mieux et correspond \\u00e0 vos besoins sp\\u00e9cifiques. N'oubliez pas que chaque individu est unique et que l'aromath\\u00e9rapie doit \\u00eatre adapt\\u00e9e en fonction de cela.\\\"}\\\" data-sheets-userformat=\\\"{\\\"2\\\":513,\\\"3\\\":{\\\"1\\\":0},\\\"12\\\":0}\\\">A megfelel\\u0151 ill\\u00f3olaj kiv\\u00e1laszt\\u00e1sa az \\u00d6n ig\\u00e9nyeinek megfelel\\u0151en n\\u00e9ha bonyolultnak t\\u0171nhet, de ne agg\\u00f3djon, rengeteg forr\\u00e1s \\u00e1ll az \\u00d6n rendelkez\\u00e9s\\u00e9re. A szakk\\u00f6nyvekt\\u0151l kezdve a speci\\u00e1lis k\\u00e9pz\\u00e9seken \\u00e1t a k\\u00e9pzett eg\\u00e9szs\\u00e9g\\u00fcgyi szakemberek tan\\u00e1csaiig rengeteg eszk\\u00f6z \\u00e1ll rendelkez\\u00e9sre, hogy seg\\u00edtsen \\u00d6nnek a v\\u00e1laszt\\u00e1sban. Fontos, hogy megtal\\u00e1lja azt a csomagot, amelyik a legjobban megfelel \\u00d6nnek \\u00e9s az \\u00d6n egyedi ig\\u00e9nyeinek. Ne felejtse el, hogy minden egy\\u00e9n egyedi, \\u00e9s az aromater\\u00e1pi\\u00e1t ehhez kell igaz\\u00edtani.   <\\\/span><\\\/p>\\n\"}},{\"@type\":\"Question\",\"name\":\"Mi a k\\u00fcl\\u00f6nbs\\u00e9g az ill\\u00f3olaj \\u00e9s a n\\u00f6v\\u00e9nyi olaj k\\u00f6z\\u00f6tt?\",\"acceptedAnswer\":{\"@type\":\"Answer\",\"text\":\"<p><span data-sheets-value=\\\"{\\\"1\\\":2,\\\"2\\\":\\\"Une huile essentielle est un produit concentr\\u00e9 obtenu par distillation \\u00e0 la vapeur d'eau de plantes aromatiques. Une huile v\\u00e9g\\u00e9tale est obtenue par pression \\u00e0 froid de parties de plantes riches en corps gras, comme les graines ou les noix. Elle est essentiellement compos\\u00e9e de lipides et sert de base nutritive et hydratante pour la peau, elle peut \\u00e9galement \\u00eatre utilis\\u00e9e comme support pour diluer les huiles essentielles lors d'une application cutan\\u00e9e.\\\"}\\\" data-sheets-userformat=\\\"{\\\"2\\\":513,\\\"3\\\":{\\\"1\\\":0},\\\"12\\\":0}\\\">Az ill\\u00f3olaj arom\\u00e1s n\\u00f6v\\u00e9nyek v\\u00edzg\\u0151z-desztill\\u00e1ci\\u00f3j\\u00e1val nyert koncentr\\u00e1lt term\\u00e9k. A n\\u00f6v\\u00e9nyi olajat zs\\u00edrokban gazdag n\\u00f6v\\u00e9nyek, p\\u00e9ld\\u00e1ul magvak vagy di\\u00f3f\\u00e9l\\u00e9k hideg sajtol\\u00e1s\\u00e1val nyerik. Alapvet\\u0151en lipidekb\\u0151l \\u00e1ll, \\u00e9s t\\u00e1pl\\u00e1l\\u00f3 \\u00e9s hidrat\\u00e1l\\u00f3 alapanyagk\\u00e9nt szolg\\u00e1l a b\\u0151r sz\\u00e1m\\u00e1ra. A b\\u0151rre kenve hordoz\\u00f3k\\u00e9nt is haszn\\u00e1lhat\\u00f3 az ill\\u00f3olajok h\\u00edg\\u00edt\\u00e1s\\u00e1ra.  <\\\/span><\\\/p>\\n\"}},{\"@type\":\"Question\",\"name\":\"Biztons\\u00e1gosak-e az ill\\u00f3olajok a gyermekek \\u00e9s a terhes n\\u0151k sz\\u00e1m\\u00e1ra?\",\"acceptedAnswer\":{\"@type\":\"Answer\",\"text\":\"<p><span data-sheets-value=\\\"{\\\"1\\\":2,\\\"2\\\":\\\"Certaines huiles essentielles sont adapt\\u00e9es pour les enfants mais d'autres sont \\u00e0 \\u00e9viter. Il est important de v\\u00e9rifier les informations sur chaque huile avant utilisation et de demander conseil \\u00e0 un professionnel de sant\\u00e9. Par principe de pr\\u00e9caution, l'usage des huiles essentielles est d\\u00e9conseill\\u00e9 chez la femme enceinte,\\\"}\\\" data-sheets-userformat=\\\"{\\\"2\\\":513,\\\"3\\\":{\\\"1\\\":0},\\\"12\\\":0}\\\">Egyes ill\\u00f3olajok alkalmasak gyermekek sz\\u00e1m\\u00e1ra, m\\u00e1sok viszont ker\\u00fclend\\u0151k. Fontos, hogy haszn\\u00e1lat el\\u0151tt ellen\\u0151rizze az egyes olajokon tal\\u00e1lhat\\u00f3 inform\\u00e1ci\\u00f3kat, \\u00e9s k\\u00e9rjen tan\\u00e1csot eg\\u00e9szs\\u00e9g\\u00fcgyi szakembert\\u0151l. \\u00d3vint\\u00e9zked\\u00e9sk\\u00e9nt az ill\\u00f3olajokat terhes n\\u0151k nem haszn\\u00e1lhatj\\u00e1k,  <\\\/span><\\\/p>\\n\"}},{\"@type\":\"Question\",\"name\":\"Hogyan t\\u00e1roljam megfelel\\u0151en az ill\\u00f3olajokat?\",\"acceptedAnswer\":{\"@type\":\"Answer\",\"text\":\"<p><span data-sheets-value=\\\"{\\\"1\\\":2,\\\"2\\\":\\\"Les huiles essentielles doivent \\u00eatre conserv\\u00e9es \\u00e0 l'abri de la lumi\\u00e8re, de la chaleur et de l'humidit\\u00e9 pour conserver toutes leurs propri\\u00e9t\\u00e9s.\\\"}\\\" data-sheets-userformat=\\\"{\\\"2\\\":513,\\\"3\\\":{\\\"1\\\":0},\\\"12\\\":0}\\\">Az ill\\u00f3olajokat f\\u00e9nyt\\u0151l, h\\u0151t\\u0151l \\u00e9s nedvess\\u00e9gt\\u0151l t\\u00e1vol kell tartani, hogy meg\\u0151rizz\\u00e9k minden tulajdons\\u00e1gukat.<\\\/span><\\\/p>\\n\"}},{\"@type\":\"Question\",\"name\":\"Mi az a hidrol\\u00e1t \\u00e9s hogyan kell haszn\\u00e1lni?\",\"acceptedAnswer\":{\"@type\":\"Answer\",\"text\":\"<p><span data-sheets-value=\\\"{\\\"1\\\":2,\\\"2\\\":\\\"Un hydrolat est l'eau de distillation des plantes, recueillie en m\\u00eame temps que l'huile essentielle. Il est moins concentr\\u00e9 en principes actifs que l'huile essentielle et peut \\u00eatre utilis\\u00e9 en lotion pour le visage, dans le bain, en cuisine...\\\"}\\\" data-sheets-userformat=\\\"{\\\"2\\\":513,\\\"3\\\":{\\\"1\\\":0},\\\"12\\\":0}\\\">A hidrol a n\\u00f6v\\u00e9nyekb\\u0151l desztill\\u00e1lt v\\u00edz, amelyet az ill\\u00f3olajjal egy id\\u0151ben gy\\u0171jtenek. Kevesebb hat\\u00f3anyagot tartalmaz, mint az ill\\u00f3olaj, \\u00e9s haszn\\u00e1lhat\\u00f3 arckr\\u00e9mk\\u00e9nt, f\\u00fcrd\\u0151k\\u00e1dban, f\\u0151z\\u00e9shez stb. <\\\/span><\\\/p>\\n\"}},{\"@type\":\"Question\",\"name\":\"Hogyan desztill\\u00e1lja az ill\\u00f3olajokat?\",\"acceptedAnswer\":{\"@type\":\"Answer\",\"text\":\"<p><span data-sheets-value=\\\"{\\\"1\\\":2,\\\"2\\\":\\\"Nous distillons nos huiles essentielles en respectant un proc\\u00e9d\\u00e9 traditionnel de distillation \\u00e0 la vapeur d'eau. Cela permet d'obtenir une huile de tr\\u00e8s haute qualit\\u00e9, riche en principes actifs et authentique.\\\"}\\\" data-sheets-userformat=\\\"{\\\"2\\\":513,\\\"3\\\":{\\\"1\\\":0},\\\"12\\\":0}\\\">Ill\\u00f3olajainkat hagyom\\u00e1nyos v\\u00edzg\\u0151z-desztill\\u00e1ci\\u00f3s elj\\u00e1r\\u00e1ssal desztill\\u00e1ljuk. Ez nagyon j\\u00f3 min\\u0151s\\u00e9g\\u0171, hat\\u00f3anyagokban gazdag \\u00e9s hiteles olajat eredm\\u00e9nyez. <\\\/span><\\\/p>\\n\"}},{\"@type\":\"Question\",\"name\":\"Term\\u00e9kei bio- \\u00e9s k\\u00f6rnyezetbar\\u00e1tok?\",\"acceptedAnswer\":{\"@type\":\"Answer\",\"text\":\"<p><span data-sheets-value=\\\"{\\\"1\\\":2,\\\"2\\\":\\\"Oui, tous nos produits sont bio et respectueux de l'environnement. Nous nous engageons \\u00e0 respecter la nature et \\u00e0 pratiquer une agriculture biologique.\\\"}\\\" data-sheets-userformat=\\\"{\\\"2\\\":513,\\\"3\\\":{\\\"1\\\":0},\\\"12\\\":0}\\\">Igen, minden term\\u00e9k\\u00fcnk bio \\u00e9s k\\u00f6rnyezetbar\\u00e1t. Elk\\u00f6telezettek vagyunk a term\\u00e9szet tisztelete \\u00e9s a biogazd\\u00e1lkod\\u00e1s gyakorl\\u00e1sa mellett. <\\\/span><\\\/p>\\n\"}},{\"@type\":\"Question\",\"name\":\"Mit kell tennem, ha allergi\\u00e1s reakci\\u00f3t tapasztalok valamelyik term\\u00e9k\\u00fckre?\",\"acceptedAnswer\":{\"@type\":\"Answer\",\"text\":\"<p><span data-sheets-value=\\\"{\\\"1\\\":2,\\\"2\\\":\\\"Si vous avez une r\\u00e9action allergique \\u00e0 l'un de nos produits, arr\\u00eatez imm\\u00e9diatement son utilisation et consultez un professionnel de sant\\u00e9. N'h\\u00e9sitez pas \\u00e0 nous contacter pour nous informer de la situation.\\\"}\\\" data-sheets-userformat=\\\"{\\\"2\\\":513,\\\"3\\\":{\\\"1\\\":0},\\\"12\\\":0}\\\">Ha b\\u00e1rmelyik term\\u00e9k\\u00fcnkre allergi\\u00e1s reakci\\u00f3t tapasztal, azonnal hagyja abba a haszn\\u00e1lat\\u00e1t, \\u00e9s forduljon eg\\u00e9szs\\u00e9g\\u00fcgyi szakemberhez. Ne habozzon kapcsolatba l\\u00e9pni vel\\u00fcnk, hogy t\\u00e1j\\u00e9koztasson minket a helyzetr\\u0151l. <\\\/span><\\\/p>\\n\"}},{\"@type\":\"Question\",\"name\":\"Hogyan vehetek r\\u00e9szt valamelyik desztill\\u00e1l\\u00f3 vagy gy\\u00f3gyn\\u00f6v\\u00e9ny-felfedez\\u0151 workshopon?\",\"acceptedAnswer\":{\"@type\":\"Answer\",\"text\":\"<p><span data-sheets-value=\\\"{\\\"1\\\":2,\\\"2\\\":\\\"Pour participer \\u00e0 nos ateliers, vous pouvez vous inscrire directement sur notre site internet ou nous contacter par email. Les dates et les d\\u00e9tails des ateliers sont r\\u00e9guli\\u00e8rement mis \\u00e0 jour sur notre site.\\\"}\\\" data-sheets-userformat=\\\"{\\\"2\\\":513,\\\"3\\\":{\\\"1\\\":0},\\\"12\\\":0}\\\">Ha r\\u00e9szt szeretne venni m\\u0171helymunk\\u00e1inkon, regisztr\\u00e1ljon k\\u00f6zvetlen\\u00fcl a weboldalunkon, vagy l\\u00e9pjen kapcsolatba vel\\u00fcnk e-mailben. A workshopok id\\u0151pontjait \\u00e9s r\\u00e9szleteit rendszeresen friss\\u00edtj\\u00fck weboldalunkon. <\\\/span><\\\/p>\\n\"}},{\"@type\":\"Question\",\"name\":\"Hogyan haszn\\u00e1lhatok prom\\u00f3ci\\u00f3s k\\u00f3dot az oldalukon?\",\"acceptedAnswer\":{\"@type\":\"Answer\",\"text\":\"<p><span data-sheets-value=\\\"{\\\"1\\\":2,\\\"2\\\":\\\"Pour utiliser un code promo, il suffit de le saisir dans le champ pr\\u00e9vu \\u00e0 cet effet lors de la validation de votre commande.\\\"}\\\" data-sheets-userformat=\\\"{\\\"2\\\":513,\\\"3\\\":{\\\"1\\\":0},\\\"12\\\":0}\\\">A prom\\u00f3ci\\u00f3s k\\u00f3d haszn\\u00e1lat\\u00e1hoz egyszer\\u0171en \\u00edrja be azt a megrendel\\u00e9s \\u00e9rv\\u00e9nyes\\u00edt\\u00e9sekor a megadott mez\\u0151be.<\\\/span><\\\/p>\\n\"}},{\"@type\":\"Question\",\"name\":\"K\\u00edn\\u00e1l szem\\u00e9lyre szabott aromater\\u00e1pi\\u00e1s tan\\u00e1csad\\u00e1st?\",\"acceptedAnswer\":{\"@type\":\"Answer\",\"text\":\"<p><span data-sheets-value=\\\"{\\\"1\\\":2,\\\"2\\\":\\\"Oui, chez Boemia, nous comprenons que chaque individu a des besoins sp\\u00e9cifiques en mati\\u00e8re de bien-\\u00eatre. Bien que nous ne soyons pas en mesure de fournir des conseils personnalis\\u00e9s en aromath\\u00e9rapie directement, nous avons \\u00e9tabli des partenariats avec des th\\u00e9rapeutes qualifi\\u00e9s dans le domaine. Ils pourront vous aider \\u00e0 explorer comment les huiles essentielles peuvent r\\u00e9pondre \\u00e0 vos besoins personnels de sant\\u00e9 et de bien-\\u00eatre. Si vous souhaitez un conseil personnalis\\u00e9, n'h\\u00e9sitez pas \\u00e0 nous contacter.\\\"}\\\" data-sheets-userformat=\\\"{\\\"2\\\":513,\\\"3\\\":{\\\"1\\\":0},\\\"12\\\":0}\\\">Igen, a Boemi\\u00e1n\\u00e1l meg\\u00e9rtj\\u00fck, hogy minden egy\\u00e9nnek saj\\u00e1tos wellness ig\\u00e9nyei vannak. B\\u00e1r k\\u00f6zvetlen\\u00fcl nem tudunk szem\\u00e9lyre szabott aromater\\u00e1pi\\u00e1s tan\\u00e1csad\\u00e1st ny\\u00fajtani, a ter\\u00fcleten k\\u00e9pzett terapeut\\u00e1kkal k\\u00f6t\\u00f6tt\\u00fcnk partners\\u00e9get. \\u0150k seg\\u00edteni tudnak \\u00d6nnek felfedezni, hogy az ill\\u00f3olajok hogyan felelhetnek meg az \\u00d6n szem\\u00e9lyes eg\\u00e9szs\\u00e9g\\u00fcgyi \\u00e9s j\\u00f3ll\\u00e9ti ig\\u00e9nyeinek. Ha szem\\u00e9lyre szabott tan\\u00e1csad\\u00e1st szeretne, k\\u00e9rj\\u00fck, forduljon hozz\\u00e1nk bizalommal.   <\\\/span><\\\/p>\\n\"}},{\"@type\":\"Question\",\"name\":\"Hogyan haszn\\u00e1lhatok prom\\u00f3ci\\u00f3s k\\u00f3dot az oldalukon?\",\"acceptedAnswer\":{\"@type\":\"Answer\",\"text\":\"<p><span data-sheets-value=\\\"{\\\"1\\\":2,\\\"2\\\":\\\"Pour utiliser un code promo, il suffit de le saisir dans le champ pr\\u00e9vu \\u00e0 cet effet lors de la validation de votre commande.\\\"}\\\" data-sheets-userformat=\\\"{\\\"2\\\":513,\\\"3\\\":{\\\"1\\\":0},\\\"12\\\":0}\\\">A prom\\u00f3ci\\u00f3s k\\u00f3d haszn\\u00e1lat\\u00e1hoz egyszer\\u0171en \\u00edrja be azt a megrendel\\u00e9s \\u00e9rv\\u00e9nyes\\u00edt\\u00e9sekor a megadott mez\\u0151be.<\\\/span><\\\/p>\\n\"}},{\"@type\":\"Question\",\"name\":\"K\\u00edn\\u00e1l szem\\u00e9lyre szabott aromater\\u00e1pi\\u00e1s tan\\u00e1csad\\u00e1st?\",\"acceptedAnswer\":{\"@type\":\"Answer\",\"text\":\"<p><span data-sheets-value=\\\"{\\\"1\\\":2,\\\"2\\\":\\\"Oui, chez Boemia, nous comprenons que chaque individu a des besoins sp\\u00e9cifiques en mati\\u00e8re de bien-\\u00eatre. Bien que nous ne soyons pas en mesure de fournir des conseils personnalis\\u00e9s en aromath\\u00e9rapie directement, nous avons \\u00e9tabli des partenariats avec des th\\u00e9rapeutes qualifi\\u00e9s dans le domaine. Ils pourront vous aider \\u00e0 explorer comment les huiles essentielles peuvent r\\u00e9pondre \\u00e0 vos besoins personnels de sant\\u00e9 et de bien-\\u00eatre. Si vous souhaitez un conseil personnalis\\u00e9, n'h\\u00e9sitez pas \\u00e0 nous contacter.\\\"}\\\" data-sheets-userformat=\\\"{\\\"2\\\":513,\\\"3\\\":{\\\"1\\\":0},\\\"12\\\":0}\\\">Igen, a Boemi\\u00e1n\\u00e1l meg\\u00e9rtj\\u00fck, hogy minden egy\\u00e9nnek saj\\u00e1tos wellness ig\\u00e9nyei vannak. B\\u00e1r k\\u00f6zvetlen\\u00fcl nem tudunk szem\\u00e9lyre szabott aromater\\u00e1pi\\u00e1s tan\\u00e1csad\\u00e1st ny\\u00fajtani, a ter\\u00fcleten k\\u00e9pzett terapeut\\u00e1kkal k\\u00f6t\\u00f6tt\\u00fcnk partners\\u00e9get. \\u0150k seg\\u00edteni tudnak \\u00d6nnek felfedezni, hogy az ill\\u00f3olajok hogyan felelhetnek meg az \\u00d6n szem\\u00e9lyes eg\\u00e9szs\\u00e9g\\u00fcgyi \\u00e9s j\\u00f3ll\\u00e9ti ig\\u00e9nyeinek. Ha szem\\u00e9lyre szabott tan\\u00e1csad\\u00e1st szeretne, k\\u00e9rj\\u00fck, forduljon hozz\\u00e1nk bizalommal.   <\\\/span><\\\/p>\\n\"}},{\"@type\":\"Question\",\"name\":\"Hol tal\\u00e1lhat\\u00f3 a szeszf\\u0151zde, \\u00e9s l\\u00e1togathat\\u00f3-e?\",\"acceptedAnswer\":{\"@type\":\"Answer\",\"text\":\"<p><span data-sheets-value=\\\"{\\\"1\\\":2,\\\"2\\\":\\\"Notre distillerie est situ\\u00e9e \\u00e0 Montlaur, \\u00e0 30 minutes de Carcassonne et 1h de Narbonne. Vous pouvez la visiter lors de nos ateliers ou sur rendez-vous.\\\"}\\\" data-sheets-userformat=\\\"{\\\"2\\\":513,\\\"3\\\":{\\\"1\\\":0},\\\"12\\\":0}\\\">P\\u00e1rlat\\u00fczem\\u00fcnk Montlaurban tal\\u00e1lhat\\u00f3, 30 percre Carcassonne-t\\u00f3l \\u00e9s 1 \\u00f3r\\u00e1ra Narbonne-t\\u00f3l. Megl\\u00e1togathatja m\\u0171helyeink alatt vagy el\\u0151zetes bejelentkez\\u00e9s alapj\\u00e1n. <\\\/span><\\\/p>\\n\"}}]}<\/script>\n\t\t\t\t\t<\/div>\n\t\t\t\t\t\t<\/div>\n\t\t\t\t<\/div>\n\t\t\t\t<div class=\"elementor-element elementor-element-e552be0 elementor-widget elementor-widget-spacer\" data-id=\"e552be0\" data-element_type=\"widget\" data-e-type=\"widget\" data-widget_type=\"spacer.default\">\n\t\t\t\t<div class=\"elementor-widget-container\">\n\t\t\t\t\t\t\t<div class=\"elementor-spacer\">\n\t\t\t<div class=\"elementor-spacer-inner\"><\/div>\n\t\t<\/div>\n\t\t\t\t\t\t<\/div>\n\t\t\t\t<\/div>\n\t\t\t\t\t<\/div>\n\t\t<\/div>\n\t\t\t\t\t<\/div>\n\t\t<\/section>\n\t\t\t\t<section class=\"elementor-section elementor-top-section elementor-element elementor-element-873f5e2 elementor-section-boxed elementor-section-height-default elementor-section-height-default\" data-id=\"873f5e2\" data-element_type=\"section\" data-e-type=\"section\" data-settings=\"{&quot;background_background&quot;:&quot;classic&quot;}\">\n\t\t\t\t\t\t<div class=\"elementor-container elementor-column-gap-narrow\">\n\t\t\t\t\t<div class=\"elementor-column elementor-col-100 elementor-top-column elementor-element elementor-element-f584bd1\" data-id=\"f584bd1\" data-element_type=\"column\" data-e-type=\"column\">\n\t\t\t<div class=\"elementor-widget-wrap elementor-element-populated\">\n\t\t\t\t\t\t<div class=\"elementor-element elementor-element-6403362 elementor-widget elementor-widget-heading\" data-id=\"6403362\" data-element_type=\"widget\" data-e-type=\"widget\" data-widget_type=\"heading.default\">\n\t\t\t\t<div class=\"elementor-widget-container\">\n\t\t\t\t\t<h2 class=\"elementor-heading-title elementor-size-default\">Fedezze fel kateg\u00f3ri\u00e1inkat<\/h2>\t\t\t\t<\/div>\n\t\t\t\t<\/div>\n\t\t\t\t<div class=\"elementor-element elementor-element-732b1bc elementor-widget elementor-widget-spacer\" data-id=\"732b1bc\" data-element_type=\"widget\" data-e-type=\"widget\" data-widget_type=\"spacer.default\">\n\t\t\t\t<div class=\"elementor-widget-container\">\n\t\t\t\t\t\t\t<div class=\"elementor-spacer\">\n\t\t\t<div class=\"elementor-spacer-inner\"><\/div>\n\t\t<\/div>\n\t\t\t\t\t\t<\/div>\n\t\t\t\t<\/div>\n\t\t\t\t<div class=\"elementor-element elementor-element-ad7c697 elementor-align-center elementor-widget__width-auto anchor-link elementor-widget elementor-widget-the7_button_widget\" data-id=\"ad7c697\" data-element_type=\"widget\" data-e-type=\"widget\" data-settings=\"{&quot;_animation&quot;:&quot;none&quot;,&quot;_animation_delay&quot;:1500}\" data-widget_type=\"the7_button_widget.default\">\n\t\t\t\t<div class=\"elementor-widget-container\">\n\t\t\t\t\t<div class=\"elementor-button-wrapper\"><a href=\"http:\/\/www.boemia-aroma.com\/boutique-boemia\/\" class=\"box-button elementor-button elementor-size-md\">L\u00e1sd mindet  <\/a><\/div>\t\t\t\t<\/div>\n\t\t\t\t<\/div>\n\t\t\t\t<div class=\"elementor-element elementor-element-2f0d6be elementor-widget elementor-widget-spacer\" data-id=\"2f0d6be\" data-element_type=\"widget\" data-e-type=\"widget\" data-widget_type=\"spacer.default\">\n\t\t\t\t<div class=\"elementor-widget-container\">\n\t\t\t\t\t\t\t<div class=\"elementor-spacer\">\n\t\t\t<div class=\"elementor-spacer-inner\"><\/div>\n\t\t<\/div>\n\t\t\t\t\t\t<\/div>\n\t\t\t\t<\/div>\n\t\t\t\t<div class=\"elementor-element elementor-element-e2dcbec content-align-mobile-center content-align-center icon-box-vertical-align-top icon-vertical-align-start elementor-widget elementor-widget-the7_image_box_grid_widget\" data-id=\"e2dcbec\" data-element_type=\"widget\" data-e-type=\"widget\" data-widget_type=\"the7_image_box_grid_widget.default\">\n\t\t\t\t<div class=\"elementor-widget-container\">\n\t\t\t\t\t<div class=\"the7-box-grid-wrapper the7-elementor-widget loading-effect-none the7_image_box_grid_widget-e2dcbec\">\t\t\t<div class=\"dt-css-grid\">\n\t\t\t\t\t\t\t\t\t<div class=\"wf-cell shown\">\n\t\t\t\t\t\t<a class=\"the7-image-box-wrapper the7-box-wrapper the7-elementor-widget box-hover\" href=\"http:\/\/www.boemia-aroma.com\/boutique\/huile-essentielle\/\">\t\t\t\t\t\t\t<div class=\"box-content-wrapper\">\n\n\t\t\t\t\t\t\t\t\t\t\t\t\t\t\t\t\t<div class=\"elementor-image-div \">\n\t\t\t\t\t\t\t\t\t\t<div class=\"post-thumbnail-rollover layzr-bg img-css-resize-wrapper\"><img fetchpriority=\"high\" decoding=\"async\" width=\"900\" height=\"900\" src=\"data:image\/svg+xml,%3Csvg%20xmlns%3D&#039;http%3A%2F%2Fwww.w3.org%2F2000%2Fsvg&#039;%20viewBox%3D&#039;0%200%20900%20900&#039;%2F%3E\" class=\"attachment-full size-full preload-me aspect lazy lazy-load\" alt=\"\" sizes=\"(max-width: 900px) 100vw, 900px\" style=\"--ratio: 900 \/ 900;\" data-src=\"https:\/\/www.boemia-aroma.com\/wp-content\/uploads\/2024\/01\/categorie-huile-essentielle-e1764256784343.jpg\" loading=\"eager\" data-srcset=\"https:\/\/www.boemia-aroma.com\/wp-content\/uploads\/2024\/01\/categorie-huile-essentielle-e1764256784343.jpg 900w, https:\/\/www.boemia-aroma.com\/wp-content\/uploads\/2024\/01\/categorie-huile-essentielle-e1764256784343-200x200.jpg 200w, https:\/\/www.boemia-aroma.com\/wp-content\/uploads\/2024\/01\/categorie-huile-essentielle-e1764256784343-150x150.jpg 150w, https:\/\/www.boemia-aroma.com\/wp-content\/uploads\/2024\/01\/categorie-huile-essentielle-e1764256784343-300x300.jpg 300w, https:\/\/www.boemia-aroma.com\/wp-content\/uploads\/2024\/01\/categorie-huile-essentielle-e1764256784343-768x768.jpg 768w\" \/><\/div>\t\t\t\t\t\t\t\t\t<\/div>\n\t\t\t\t\t\t\t\t\t\t\t\t\t\t\t\t<div class=\"box-content\">\n\t\t\t\t\t\t\t\t\t<h4 class=\"box-heading\">Ill\u00f3olajok<\/h4>\t\t\t\t\t\t\t\t<\/div>\n\t\t\t\t\t\t\t<\/div>\n\t\t\t\t\t\t<\/a>\t\t\t\t\t<\/div>\n\t\t\t\t\t\t\t\t\t\t<div class=\"wf-cell shown\">\n\t\t\t\t\t\t<a class=\"the7-image-box-wrapper the7-box-wrapper the7-elementor-widget box-hover\" href=\"http:\/\/www.boemia-aroma.com\/boutique\/eaux-florales-hydrolats\/\">\t\t\t\t\t\t\t<div class=\"box-content-wrapper\">\n\n\t\t\t\t\t\t\t\t\t\t\t\t\t\t\t\t\t<div class=\"elementor-image-div \">\n\t\t\t\t\t\t\t\t\t\t<div class=\"post-thumbnail-rollover layzr-bg img-css-resize-wrapper\"><img decoding=\"async\" width=\"900\" height=\"900\" src=\"data:image\/svg+xml,%3Csvg%20xmlns%3D&#039;http%3A%2F%2Fwww.w3.org%2F2000%2Fsvg&#039;%20viewBox%3D&#039;0%200%20900%20900&#039;%2F%3E\" class=\"attachment-full size-full preload-me aspect lazy lazy-load\" alt=\"\" sizes=\"(max-width: 900px) 100vw, 900px\" style=\"--ratio: 900 \/ 900;\" data-src=\"https:\/\/www.boemia-aroma.com\/wp-content\/uploads\/2024\/01\/categorie-hydrolat-e1764256865737.jpg\" loading=\"eager\" data-srcset=\"https:\/\/www.boemia-aroma.com\/wp-content\/uploads\/2024\/01\/categorie-hydrolat-e1764256865737.jpg 900w, https:\/\/www.boemia-aroma.com\/wp-content\/uploads\/2024\/01\/categorie-hydrolat-e1764256865737-200x200.jpg 200w, https:\/\/www.boemia-aroma.com\/wp-content\/uploads\/2024\/01\/categorie-hydrolat-e1764256865737-150x150.jpg 150w, https:\/\/www.boemia-aroma.com\/wp-content\/uploads\/2024\/01\/categorie-hydrolat-e1764256865737-300x300.jpg 300w, https:\/\/www.boemia-aroma.com\/wp-content\/uploads\/2024\/01\/categorie-hydrolat-e1764256865737-768x768.jpg 768w\" \/><\/div>\t\t\t\t\t\t\t\t\t<\/div>\n\t\t\t\t\t\t\t\t\t\t\t\t\t\t\t\t<div class=\"box-content\">\n\t\t\t\t\t\t\t\t\t<h4 class=\"box-heading\">Hydrolats<\/h4>\t\t\t\t\t\t\t\t<\/div>\n\t\t\t\t\t\t\t<\/div>\n\t\t\t\t\t\t<\/a>\t\t\t\t\t<\/div>\n\t\t\t\t\t\t\t\t\t\t<div class=\"wf-cell shown\">\n\t\t\t\t\t\t<a class=\"the7-image-box-wrapper the7-box-wrapper the7-elementor-widget box-hover\" href=\"http:\/\/www.boemia-aroma.com\/boutique\/huiles-vegetales\/\">\t\t\t\t\t\t\t<div class=\"box-content-wrapper\">\n\n\t\t\t\t\t\t\t\t\t\t\t\t\t\t\t\t\t<div class=\"elementor-image-div \">\n\t\t\t\t\t\t\t\t\t\t<div class=\"post-thumbnail-rollover layzr-bg img-css-resize-wrapper\"><img decoding=\"async\" width=\"900\" height=\"900\" src=\"data:image\/svg+xml,%3Csvg%20xmlns%3D&#039;http%3A%2F%2Fwww.w3.org%2F2000%2Fsvg&#039;%20viewBox%3D&#039;0%200%20900%20900&#039;%2F%3E\" class=\"attachment-full size-full preload-me aspect lazy lazy-load\" alt=\"\" sizes=\"(max-width: 900px) 100vw, 900px\" style=\"--ratio: 900 \/ 900;\" data-src=\"https:\/\/www.boemia-aroma.com\/wp-content\/uploads\/2024\/01\/categorie-huile-vegetale-e1764256941848.jpg\" loading=\"eager\" data-srcset=\"https:\/\/www.boemia-aroma.com\/wp-content\/uploads\/2024\/01\/categorie-huile-vegetale-e1764256941848.jpg 900w, https:\/\/www.boemia-aroma.com\/wp-content\/uploads\/2024\/01\/categorie-huile-vegetale-e1764256941848-300x300.jpg 300w, https:\/\/www.boemia-aroma.com\/wp-content\/uploads\/2024\/01\/categorie-huile-vegetale-e1764256941848-150x150.jpg 150w, https:\/\/www.boemia-aroma.com\/wp-content\/uploads\/2024\/01\/categorie-huile-vegetale-e1764256941848-768x768.jpg 768w, https:\/\/www.boemia-aroma.com\/wp-content\/uploads\/2024\/01\/categorie-huile-vegetale-e1764256941848-200x200.jpg 200w\" \/><\/div>\t\t\t\t\t\t\t\t\t<\/div>\n\t\t\t\t\t\t\t\t\t\t\t\t\t\t\t\t<div class=\"box-content\">\n\t\t\t\t\t\t\t\t\t<h4 class=\"box-heading\">N\u00f6v\u00e9nyi olajok<\/h4>\t\t\t\t\t\t\t\t<\/div>\n\t\t\t\t\t\t\t<\/div>\n\t\t\t\t\t\t<\/a>\t\t\t\t\t<\/div>\n\t\t\t\t\t\t\t\t\t\t<div class=\"wf-cell shown\">\n\t\t\t\t\t\t<a class=\"the7-image-box-wrapper the7-box-wrapper the7-elementor-widget box-hover\" href=\"http:\/\/www.boemia-aroma.com\/boutique\/coffret-boemia\/\">\t\t\t\t\t\t\t<div class=\"box-content-wrapper\">\n\n\t\t\t\t\t\t\t\t\t\t\t\t\t\t\t\t\t<div class=\"elementor-image-div \">\n\t\t\t\t\t\t\t\t\t\t<div class=\"post-thumbnail-rollover layzr-bg img-css-resize-wrapper\"><img decoding=\"async\" width=\"900\" height=\"1200\" src=\"data:image\/svg+xml,%3Csvg%20xmlns%3D&#039;http%3A%2F%2Fwww.w3.org%2F2000%2Fsvg&#039;%20viewBox%3D&#039;0%200%20900%201200&#039;%2F%3E\" class=\"attachment-full size-full preload-me aspect lazy lazy-load\" alt=\"\" sizes=\"(max-width: 900px) 100vw, 900px\" style=\"--ratio: 900 \/ 1200;\" data-src=\"https:\/\/www.boemia-aroma.com\/wp-content\/uploads\/2024\/01\/massage-detente.jpg\" loading=\"eager\" data-srcset=\"https:\/\/www.boemia-aroma.com\/wp-content\/uploads\/2024\/01\/massage-detente.jpg 900w, https:\/\/www.boemia-aroma.com\/wp-content\/uploads\/2024\/01\/massage-detente-225x300.jpg 225w, https:\/\/www.boemia-aroma.com\/wp-content\/uploads\/2024\/01\/massage-detente-768x1024.jpg 768w\" \/><\/div>\t\t\t\t\t\t\t\t\t<\/div>\n\t\t\t\t\t\t\t\t\t\t\t\t\t\t\t\t<div class=\"box-content\">\n\t\t\t\t\t\t\t\t\t<h4 class=\"box-heading\">Dobozok<\/h4>\t\t\t\t\t\t\t\t<\/div>\n\t\t\t\t\t\t\t<\/div>\n\t\t\t\t\t\t<\/a>\t\t\t\t\t<\/div>\n\t\t\t\t\t\t\t\t\t\t<div class=\"wf-cell shown\">\n\t\t\t\t\t\t<a class=\"the7-image-box-wrapper the7-box-wrapper the7-elementor-widget box-hover\" href=\"https:\/\/www.boemia-aroma.com\/hu\/aruhaz\/infuziok\/\">\t\t\t\t\t\t\t<div class=\"box-content-wrapper\">\n\n\t\t\t\t\t\t\t\t\t\t\t\t\t\t\t\t\t<div class=\"elementor-image-div \">\n\t\t\t\t\t\t\t\t\t\t<div class=\"post-thumbnail-rollover layzr-bg img-css-resize-wrapper\"><img decoding=\"async\" width=\"900\" height=\"1200\" src=\"data:image\/svg+xml,%3Csvg%20xmlns%3D&#039;http%3A%2F%2Fwww.w3.org%2F2000%2Fsvg&#039;%20viewBox%3D&#039;0%200%20900%201200&#039;%2F%3E\" class=\"attachment-full size-full preload-me aspect lazy lazy-load\" alt=\"\" style=\"--ratio: 900 \/ 1200;\" data-src=\"https:\/\/www.boemia-aroma.com\/wp-content\/uploads\/2024\/01\/categorie-infusion-900x1200-1.png\" loading=\"eager\" \/><\/div>\t\t\t\t\t\t\t\t\t<\/div>\n\t\t\t\t\t\t\t\t\t\t\t\t\t\t\t\t<div class=\"box-content\">\n\t\t\t\t\t\t\t\t\t<h4 class=\"box-heading\">Inf\u00fazi\u00f3k<\/h4>\t\t\t\t\t\t\t\t<\/div>\n\t\t\t\t\t\t\t<\/div>\n\t\t\t\t\t\t<\/a>\t\t\t\t\t<\/div>\n\t\t\t\t\t\t\t\t<\/div>\n\t\t\t<\/div>\t\t\t\t<\/div>\n\t\t\t\t<\/div>\n\t\t\t\t<div class=\"elementor-element elementor-element-33e453f elementor-widget elementor-widget-spacer\" data-id=\"33e453f\" data-element_type=\"widget\" data-e-type=\"widget\" data-widget_type=\"spacer.default\">\n\t\t\t\t<div class=\"elementor-widget-container\">\n\t\t\t\t\t\t\t<div class=\"elementor-spacer\">\n\t\t\t<div class=\"elementor-spacer-inner\"><\/div>\n\t\t<\/div>\n\t\t\t\t\t\t<\/div>\n\t\t\t\t<\/div>\n\t\t\t\t\t<\/div>\n\t\t<\/div>\n\t\t\t\t\t<\/div>\n\t\t<\/section>\n\t\t\t\t<\/div>\n\t\t","protected":false},"excerpt":{"rendered":"<p>\u00dcdv\u00f6z\u00f6lj\u00fckaoldalon gyakran ism\u00e9telt k\u00e9rd\u00e9seinket. Itt minden k\u00e9rd\u00e9s\u00e9re v\u00e1laszt kaphat. Ezt az oldalt naponta friss\u00edtj\u00fck. Ha tov\u00e1bbi k\u00e9rd\u00e9se van, k\u00e9rj\u00fck, l\u00e9pjen kapcsolatba vel\u00fcnk a kapcsolatfelv\u00e9teli \u0171rlapunkon kereszt\u00fcl. Kapcsolatfelv\u00e9tel Rendel\u00e9s \u00e9s sz\u00e1ll\u00edt\u00e1s Szeretn\u00e9k sz\u00e1ml\u00e1t kapni a megrendel\u00e9semr\u0151l, hogyan kell ezt megtennem? Miut\u00e1n leadta megrendel\u00e9s\u00e9t, a rendszer automatikusan sz\u00e1ml\u00e1t \u00e1ll\u00edt ki, \u00e9s azt elk\u00fcldi a v\u00e1s\u00e1rl\u00e1skor megadott e-mail&hellip;<\/p>\n","protected":false},"author":2045,"featured_media":0,"parent":0,"menu_order":0,"comment_status":"closed","ping_status":"closed","template":"","meta":{"_acf_changed":false,"footnotes":""},"class_list":["post-23676","page","type-page","status-publish","hentry"],"acf":[],"yoast_head":"<!-- This site is optimized with the Yoast SEO plugin v27.4 - https:\/\/yoast.com\/product\/yoast-seo-wordpress\/ -->\n<title>Seg\u00edts\u00e9g - Bo\u00e8mia Aroma<\/title>\n<meta name=\"description\" content=\"Fedezze fel a gyakran ism\u00e9telt k\u00e9rd\u00e9seket a Bo\u00e8mia Aroma weboldal\u00e1n.\" \/>\n<meta name=\"robots\" content=\"index, follow, max-snippet:-1, max-image-preview:large, max-video-preview:-1\" \/>\n<link rel=\"canonical\" href=\"https:\/\/www.boemia-aroma.com\/hu\/segitseg\/\" \/>\n<meta property=\"og:locale\" content=\"hu_HU\" \/>\n<meta property=\"og:type\" content=\"article\" \/>\n<meta property=\"og:title\" content=\"Seg\u00edts\u00e9g - Bo\u00e8mia Aroma\" \/>\n<meta property=\"og:description\" content=\"Fedezze fel a gyakran ism\u00e9telt k\u00e9rd\u00e9seket a Bo\u00e8mia Aroma weboldal\u00e1n.\" \/>\n<meta property=\"og:url\" content=\"https:\/\/www.boemia-aroma.com\/hu\/segitseg\/\" \/>\n<meta property=\"og:site_name\" content=\"Bo\u00e8mia Aroma\" \/>\n<meta property=\"article:modified_time\" content=\"2026-03-12T15:08:32+00:00\" \/>\n<meta name=\"twitter:card\" content=\"summary_large_image\" \/>\n<meta name=\"twitter:label1\" content=\"Becs\u00fclt olvas\u00e1si id\u0151\" \/>\n\t<meta name=\"twitter:data1\" content=\"7 perc\" \/>\n<script type=\"application\/ld+json\" class=\"yoast-schema-graph\">{\"@context\":\"https:\\\/\\\/schema.org\",\"@graph\":[{\"@type\":\"WebPage\",\"@id\":\"https:\\\/\\\/www.boemia-aroma.com\\\/hu\\\/segitseg\\\/\",\"url\":\"https:\\\/\\\/www.boemia-aroma.com\\\/hu\\\/segitseg\\\/\",\"name\":\"Seg\u00edts\u00e9g - Bo\u00e8mia Aroma\",\"isPartOf\":{\"@id\":\"https:\\\/\\\/www.boemia-aroma.com\\\/hu\\\/#website\"},\"datePublished\":\"2023-10-13T10:19:48+00:00\",\"dateModified\":\"2026-03-12T15:08:32+00:00\",\"description\":\"Fedezze fel a gyakran ism\u00e9telt k\u00e9rd\u00e9seket a Bo\u00e8mia Aroma weboldal\u00e1n.\",\"breadcrumb\":{\"@id\":\"https:\\\/\\\/www.boemia-aroma.com\\\/hu\\\/segitseg\\\/#breadcrumb\"},\"inLanguage\":\"hu\",\"potentialAction\":[{\"@type\":\"ReadAction\",\"target\":[\"https:\\\/\\\/www.boemia-aroma.com\\\/hu\\\/segitseg\\\/\"]}]},{\"@type\":\"BreadcrumbList\",\"@id\":\"https:\\\/\\\/www.boemia-aroma.com\\\/hu\\\/segitseg\\\/#breadcrumb\",\"itemListElement\":[{\"@type\":\"ListItem\",\"position\":1,\"name\":\"Kezd\u0151lap\",\"item\":\"https:\\\/\\\/www.boemia-aroma.com\\\/hu\\\/\"},{\"@type\":\"ListItem\",\"position\":2,\"name\":\"Seg\u00edts\u00e9g\"}]},{\"@type\":\"WebSite\",\"@id\":\"https:\\\/\\\/www.boemia-aroma.com\\\/hu\\\/#website\",\"url\":\"https:\\\/\\\/www.boemia-aroma.com\\\/hu\\\/\",\"name\":\"Bo\u00e8mia Aroma\",\"description\":\"\",\"publisher\":{\"@id\":\"https:\\\/\\\/www.boemia-aroma.com\\\/hu\\\/#organization\"},\"alternateName\":\"Bo\u00e8mia Aroma\",\"potentialAction\":[{\"@type\":\"SearchAction\",\"target\":{\"@type\":\"EntryPoint\",\"urlTemplate\":\"https:\\\/\\\/www.boemia-aroma.com\\\/hu\\\/?s={search_term_string}\"},\"query-input\":{\"@type\":\"PropertyValueSpecification\",\"valueRequired\":true,\"valueName\":\"search_term_string\"}}],\"inLanguage\":\"hu\"},{\"@type\":\"Organization\",\"@id\":\"https:\\\/\\\/www.boemia-aroma.com\\\/hu\\\/#organization\",\"name\":\"Bo\u00e8mia Aroma\",\"url\":\"https:\\\/\\\/www.boemia-aroma.com\\\/hu\\\/\",\"logo\":{\"@type\":\"ImageObject\",\"inLanguage\":\"hu\",\"@id\":\"https:\\\/\\\/www.boemia-aroma.com\\\/hu\\\/#\\\/schema\\\/logo\\\/image\\\/\",\"url\":\"https:\\\/\\\/www.boemia-aroma.com\\\/wp-content\\\/uploads\\\/2023\\\/07\\\/logo-boemia-aroma.png\",\"contentUrl\":\"https:\\\/\\\/www.boemia-aroma.com\\\/wp-content\\\/uploads\\\/2023\\\/07\\\/logo-boemia-aroma.png\",\"width\":300,\"height\":176,\"caption\":\"Bo\u00e8mia Aroma\"},\"image\":{\"@id\":\"https:\\\/\\\/www.boemia-aroma.com\\\/hu\\\/#\\\/schema\\\/logo\\\/image\\\/\"}}]}<\/script>\n<!-- \/ Yoast SEO plugin. -->","yoast_head_json":{"title":"Seg\u00edts\u00e9g - Bo\u00e8mia Aroma","description":"Fedezze fel a gyakran ism\u00e9telt k\u00e9rd\u00e9seket a Bo\u00e8mia Aroma weboldal\u00e1n.","robots":{"index":"index","follow":"follow","max-snippet":"max-snippet:-1","max-image-preview":"max-image-preview:large","max-video-preview":"max-video-preview:-1"},"canonical":"https:\/\/www.boemia-aroma.com\/hu\/segitseg\/","og_locale":"hu_HU","og_type":"article","og_title":"Seg\u00edts\u00e9g - Bo\u00e8mia Aroma","og_description":"Fedezze fel a gyakran ism\u00e9telt k\u00e9rd\u00e9seket a Bo\u00e8mia Aroma weboldal\u00e1n.","og_url":"https:\/\/www.boemia-aroma.com\/hu\/segitseg\/","og_site_name":"Bo\u00e8mia Aroma","article_modified_time":"2026-03-12T15:08:32+00:00","twitter_card":"summary_large_image","twitter_misc":{"Becs\u00fclt olvas\u00e1si id\u0151":"7 perc"},"schema":{"@context":"https:\/\/schema.org","@graph":[{"@type":"WebPage","@id":"https:\/\/www.boemia-aroma.com\/hu\/segitseg\/","url":"https:\/\/www.boemia-aroma.com\/hu\/segitseg\/","name":"Seg\u00edts\u00e9g - Bo\u00e8mia Aroma","isPartOf":{"@id":"https:\/\/www.boemia-aroma.com\/hu\/#website"},"datePublished":"2023-10-13T10:19:48+00:00","dateModified":"2026-03-12T15:08:32+00:00","description":"Fedezze fel a gyakran ism\u00e9telt k\u00e9rd\u00e9seket a Bo\u00e8mia Aroma weboldal\u00e1n.","breadcrumb":{"@id":"https:\/\/www.boemia-aroma.com\/hu\/segitseg\/#breadcrumb"},"inLanguage":"hu","potentialAction":[{"@type":"ReadAction","target":["https:\/\/www.boemia-aroma.com\/hu\/segitseg\/"]}]},{"@type":"BreadcrumbList","@id":"https:\/\/www.boemia-aroma.com\/hu\/segitseg\/#breadcrumb","itemListElement":[{"@type":"ListItem","position":1,"name":"Kezd\u0151lap","item":"https:\/\/www.boemia-aroma.com\/hu\/"},{"@type":"ListItem","position":2,"name":"Seg\u00edts\u00e9g"}]},{"@type":"WebSite","@id":"https:\/\/www.boemia-aroma.com\/hu\/#website","url":"https:\/\/www.boemia-aroma.com\/hu\/","name":"Bo\u00e8mia Aroma","description":"","publisher":{"@id":"https:\/\/www.boemia-aroma.com\/hu\/#organization"},"alternateName":"Bo\u00e8mia Aroma","potentialAction":[{"@type":"SearchAction","target":{"@type":"EntryPoint","urlTemplate":"https:\/\/www.boemia-aroma.com\/hu\/?s={search_term_string}"},"query-input":{"@type":"PropertyValueSpecification","valueRequired":true,"valueName":"search_term_string"}}],"inLanguage":"hu"},{"@type":"Organization","@id":"https:\/\/www.boemia-aroma.com\/hu\/#organization","name":"Bo\u00e8mia Aroma","url":"https:\/\/www.boemia-aroma.com\/hu\/","logo":{"@type":"ImageObject","inLanguage":"hu","@id":"https:\/\/www.boemia-aroma.com\/hu\/#\/schema\/logo\/image\/","url":"https:\/\/www.boemia-aroma.com\/wp-content\/uploads\/2023\/07\/logo-boemia-aroma.png","contentUrl":"https:\/\/www.boemia-aroma.com\/wp-content\/uploads\/2023\/07\/logo-boemia-aroma.png","width":300,"height":176,"caption":"Bo\u00e8mia Aroma"},"image":{"@id":"https:\/\/www.boemia-aroma.com\/hu\/#\/schema\/logo\/image\/"}}]}},"_links":{"self":[{"href":"https:\/\/www.boemia-aroma.com\/hu\/wp-json\/wp\/v2\/pages\/23676","targetHints":{"allow":["GET"]}}],"collection":[{"href":"https:\/\/www.boemia-aroma.com\/hu\/wp-json\/wp\/v2\/pages"}],"about":[{"href":"https:\/\/www.boemia-aroma.com\/hu\/wp-json\/wp\/v2\/types\/page"}],"author":[{"embeddable":true,"href":"https:\/\/www.boemia-aroma.com\/hu\/wp-json\/wp\/v2\/users\/2045"}],"replies":[{"embeddable":true,"href":"https:\/\/www.boemia-aroma.com\/hu\/wp-json\/wp\/v2\/comments?post=23676"}],"version-history":[{"count":0,"href":"https:\/\/www.boemia-aroma.com\/hu\/wp-json\/wp\/v2\/pages\/23676\/revisions"}],"wp:attachment":[{"href":"https:\/\/www.boemia-aroma.com\/hu\/wp-json\/wp\/v2\/media?parent=23676"}],"curies":[{"name":"wp","href":"https:\/\/api.w.org\/{rel}","templated":true}]}}